{"id":18924,"date":"2022-02-16T13:32:48","date_gmt":"2022-02-16T13:32:48","guid":{"rendered":"http:\/\/www.evropskakuca.me\/?post_type=project&amp;p=18924"},"modified":"2022-02-16T13:32:48","modified_gmt":"2022-02-16T13:32:48","slug":"jacanje-kapaciteta-nadzora-nad-covid-19-u-crnoj-gori","status":"publish","type":"project","link":"https:\/\/www.evropskakuca.me\/me\/project\/jacanje-kapaciteta-nadzora-nad-covid-19-u-crnoj-gori\/","title":{"rendered":"Ja\u010danje kapaciteta nadzora nad COVID-19 u Crnoj Gori"},"content":{"rendered":"<p>Pandemija COVID-19 predstavljala veliki stres za zdravstvene sisteme \u0161irom svijeta. Najbolji rezultati u borbi protiv koronavirusa postignuti su u onim sistemima koji su poja\u010dali nadzor, testiranje i prac\u0301enje kontakata.<\/p>\n<p>Ovaj projekat ima za cilj povec\u0301anje kapaciteta crnogorskog zdravstvenog sistema za prevenciju, otkrivanje i prac\u0301enje slu\u010dajeva infekcije virusom SARS-CoV-2. Ovaj devetomjese\u010dni projekat vrijedan je 300.000 eura, a sprovodi ga Kancelarija Svjetske zdravstvene organizacije (SZO) u Crnoj Gori.<\/p>\n<p><iframe title=\"EU stoji uz Crnu Goru od po\u010detka pandemije covid19\" width=\"800\" height=\"450\" src=\"https:\/\/www.youtube.com\/embed\/zivJBVr_cIA?feature=oembed\" frameborder=\"0\" allow=\"accelerometer; autoplay; clipboard-write; encrypted-media; gyroscope; picture-in-picture; web-share\" referrerpolicy=\"strict-origin-when-cross-origin\" allowfullscreen><\/iframe><\/p>\n<p>Stru\u010dnjaci Svjetske zdravstvene organizacije c\u0301e pomoc\u0301i u sna\u017eenju nacionalnih kapaciteta za istra\u017eivanje slu\u010dajeva bolesti COVID-19, kao i u prac\u0301enju i nadgledanju kontakata. Na taj na\u010din bi trebalo da se unaprijedi prikupljanje i analiza podataka, kao i da se omoguc\u0301i Ministarstvu zdravlja da blagovremeno donosi odluke o efikasnim mjerama javnog zdravlja, smanji stope prenosa, infekcije i hospitalizacije. Pored toga, ovaj projekat c\u0301e doprinijeti cilju Ekonomskog i investicionog plana za Zapadni Balkan da podr\u017ei zemlje regiona u ja\u010danju otpornosti zdravstvenih sistema.<\/p>\n","protected":false},"featured_media":37806,"parent":0,"template":"","meta":{"_acf_changed":false},"project_tags":[411,414,356],"sector":[435],"class_list":["post-18924","project","type-project","status-publish","has-post-thumbnail","hentry","project_tags-modernizacija-zdravstvenog-sistema","project_tags-podrska-borbi-protiv-covid-19","project_tags-zdravstvena-zastita","sector-covid-19-me"],"acf":[],"yoast_head":"<!-- This site is optimized with the Yoast SEO plugin v27.3 - https:\/\/yoast.com\/product\/yoast-seo-wordpress\/ -->\n<title>Ja\u010danje kapaciteta nadzora nad COVID-19 u Crnoj Gori - Europe House<\/title>\n<meta name=\"robots\" content=\"index, follow, max-snippet:-1, max-image-preview:large, max-video-preview:-1\" \/>\n<link rel=\"canonical\" href=\"https:\/\/www.evropskakuca.me\/me\/project\/jacanje-kapaciteta-nadzora-nad-covid-19-u-crnoj-gori\/\" \/>\n<meta property=\"og:locale\" content=\"en_US\" \/>\n<meta property=\"og:type\" content=\"article\" \/>\n<meta property=\"og:title\" content=\"Ja\u010danje kapaciteta nadzora nad COVID-19 u Crnoj Gori - Europe House\" \/>\n<meta property=\"og:description\" content=\"Pandemija COVID-19 predstavljala veliki stres za zdravstvene sisteme \u0161irom svijeta. Najbolji rezultati u borbi protiv koronavirusa postignuti su u onim sistemima koji su poja\u010dali nadzor, testiranje i prac\u0301enje kontakata. Ovaj projekat ima za cilj povec\u0301anje kapaciteta crnogorskog zdravstvenog sistema za prevenciju, otkrivanje i prac\u0301enje slu\u010dajeva infekcije virusom SARS-CoV-2. Ovaj devetomjese\u010dni projekat vrijedan je 300.000 eura, [&hellip;]\" \/>\n<meta property=\"og:url\" content=\"https:\/\/www.evropskakuca.me\/me\/project\/jacanje-kapaciteta-nadzora-nad-covid-19-u-crnoj-gori\/\" \/>\n<meta property=\"og:site_name\" content=\"Europe House\" \/>\n<meta property=\"article:publisher\" content=\"https:\/\/www.facebook.com\/evropska.kuca\" \/>\n<meta property=\"og:image\" content=\"https:\/\/www.evropskakuca.me\/wp-content\/uploads\/2022\/02\/1639055149-BOJOVIC-OBRADA.jpg\" \/>\n\t<meta property=\"og:image:width\" content=\"800\" \/>\n\t<meta property=\"og:image:height\" content=\"450\" \/>\n\t<meta property=\"og:image:type\" content=\"image\/jpeg\" \/>\n<meta name=\"twitter:card\" content=\"summary_large_image\" \/>\n<meta name=\"twitter:site\" content=\"@evropska_kuca\" \/>\n<meta name=\"twitter:label1\" content=\"Est. reading time\" \/>\n\t<meta name=\"twitter:data1\" content=\"1 minute\" \/>\n<script type=\"application\/ld+json\" class=\"yoast-schema-graph\">{\"@context\":\"https:\\\/\\\/schema.org\",\"@graph\":[{\"@type\":\"WebPage\",\"@id\":\"https:\\\/\\\/www.evropskakuca.me\\\/me\\\/project\\\/jacanje-kapaciteta-nadzora-nad-covid-19-u-crnoj-gori\\\/\",\"url\":\"https:\\\/\\\/www.evropskakuca.me\\\/me\\\/project\\\/jacanje-kapaciteta-nadzora-nad-covid-19-u-crnoj-gori\\\/\",\"name\":\"Ja\u010danje kapaciteta nadzora nad COVID-19 u Crnoj Gori - Europe House\",\"isPartOf\":{\"@id\":\"https:\\\/\\\/www.evropskakuca.me\\\/me\\\/#website\"},\"primaryImageOfPage\":{\"@id\":\"https:\\\/\\\/www.evropskakuca.me\\\/me\\\/project\\\/jacanje-kapaciteta-nadzora-nad-covid-19-u-crnoj-gori\\\/#primaryimage\"},\"image\":{\"@id\":\"https:\\\/\\\/www.evropskakuca.me\\\/me\\\/project\\\/jacanje-kapaciteta-nadzora-nad-covid-19-u-crnoj-gori\\\/#primaryimage\"},\"thumbnailUrl\":\"https:\\\/\\\/www.evropskakuca.me\\\/wp-content\\\/uploads\\\/2022\\\/02\\\/1639055149-BOJOVIC-OBRADA.jpg\",\"datePublished\":\"2022-02-16T13:32:48+00:00\",\"breadcrumb\":{\"@id\":\"https:\\\/\\\/www.evropskakuca.me\\\/me\\\/project\\\/jacanje-kapaciteta-nadzora-nad-covid-19-u-crnoj-gori\\\/#breadcrumb\"},\"inLanguage\":\"me-ME\",\"potentialAction\":[{\"@type\":\"ReadAction\",\"target\":[\"https:\\\/\\\/www.evropskakuca.me\\\/me\\\/project\\\/jacanje-kapaciteta-nadzora-nad-covid-19-u-crnoj-gori\\\/\"]}]},{\"@type\":\"ImageObject\",\"inLanguage\":\"me-ME\",\"@id\":\"https:\\\/\\\/www.evropskakuca.me\\\/me\\\/project\\\/jacanje-kapaciteta-nadzora-nad-covid-19-u-crnoj-gori\\\/#primaryimage\",\"url\":\"https:\\\/\\\/www.evropskakuca.me\\\/wp-content\\\/uploads\\\/2022\\\/02\\\/1639055149-BOJOVIC-OBRADA.jpg\",\"contentUrl\":\"https:\\\/\\\/www.evropskakuca.me\\\/wp-content\\\/uploads\\\/2022\\\/02\\\/1639055149-BOJOVIC-OBRADA.jpg\",\"width\":800,\"height\":450},{\"@type\":\"BreadcrumbList\",\"@id\":\"https:\\\/\\\/www.evropskakuca.me\\\/me\\\/project\\\/jacanje-kapaciteta-nadzora-nad-covid-19-u-crnoj-gori\\\/#breadcrumb\",\"itemListElement\":[{\"@type\":\"ListItem\",\"position\":1,\"name\":\"Home\",\"item\":\"https:\\\/\\\/www.evropskakuca.me\\\/me\\\/\"},{\"@type\":\"ListItem\",\"position\":2,\"name\":\"Projects\",\"item\":\"https:\\\/\\\/www.evropskakuca.me\\\/me\\\/project\\\/\"},{\"@type\":\"ListItem\",\"position\":3,\"name\":\"Ja\u010danje kapaciteta nadzora nad COVID-19 u Crnoj Gori\"}]},{\"@type\":\"WebSite\",\"@id\":\"https:\\\/\\\/www.evropskakuca.me\\\/me\\\/#website\",\"url\":\"https:\\\/\\\/www.evropskakuca.me\\\/me\\\/\",\"name\":\"Evropean house\",\"description\":\"\",\"publisher\":{\"@id\":\"https:\\\/\\\/www.evropskakuca.me\\\/me\\\/#organization\"},\"potentialAction\":[{\"@type\":\"SearchAction\",\"target\":{\"@type\":\"EntryPoint\",\"urlTemplate\":\"https:\\\/\\\/www.evropskakuca.me\\\/me\\\/?s={search_term_string}\"},\"query-input\":{\"@type\":\"PropertyValueSpecification\",\"valueRequired\":true,\"valueName\":\"search_term_string\"}}],\"inLanguage\":\"me-ME\"},{\"@type\":\"Organization\",\"@id\":\"https:\\\/\\\/www.evropskakuca.me\\\/me\\\/#organization\",\"name\":\"Evropean house\",\"url\":\"https:\\\/\\\/www.evropskakuca.me\\\/me\\\/\",\"logo\":{\"@type\":\"ImageObject\",\"inLanguage\":\"me-ME\",\"@id\":\"https:\\\/\\\/www.evropskakuca.me\\\/me\\\/#\\\/schema\\\/logo\\\/image\\\/\",\"url\":\"https:\\\/\\\/www.evropskakuca.me\\\/wp-content\\\/uploads\\\/2025\\\/01\\\/evropska-kuca-logo-1.png\",\"contentUrl\":\"https:\\\/\\\/www.evropskakuca.me\\\/wp-content\\\/uploads\\\/2025\\\/01\\\/evropska-kuca-logo-1.png\",\"width\":425,\"height\":312,\"caption\":\"Evropean house\"},\"image\":{\"@id\":\"https:\\\/\\\/www.evropskakuca.me\\\/me\\\/#\\\/schema\\\/logo\\\/image\\\/\"},\"sameAs\":[\"https:\\\/\\\/www.facebook.com\\\/evropska.kuca\",\"https:\\\/\\\/x.com\\\/evropska_kuca\",\"https:\\\/\\\/www.instagram.com\\\/evropska_kuca\"]}]}<\/script>\n<!-- \/ Yoast SEO plugin. -->","yoast_head_json":{"title":"Ja\u010danje kapaciteta nadzora nad COVID-19 u Crnoj Gori - Europe House","robots":{"index":"index","follow":"follow","max-snippet":"max-snippet:-1","max-image-preview":"max-image-preview:large","max-video-preview":"max-video-preview:-1"},"canonical":"https:\/\/www.evropskakuca.me\/me\/project\/jacanje-kapaciteta-nadzora-nad-covid-19-u-crnoj-gori\/","og_locale":"en_US","og_type":"article","og_title":"Ja\u010danje kapaciteta nadzora nad COVID-19 u Crnoj Gori - Europe House","og_description":"Pandemija COVID-19 predstavljala veliki stres za zdravstvene sisteme \u0161irom svijeta. Najbolji rezultati u borbi protiv koronavirusa postignuti su u onim sistemima koji su poja\u010dali nadzor, testiranje i prac\u0301enje kontakata. Ovaj projekat ima za cilj povec\u0301anje kapaciteta crnogorskog zdravstvenog sistema za prevenciju, otkrivanje i prac\u0301enje slu\u010dajeva infekcije virusom SARS-CoV-2. Ovaj devetomjese\u010dni projekat vrijedan je 300.000 eura, [&hellip;]","og_url":"https:\/\/www.evropskakuca.me\/me\/project\/jacanje-kapaciteta-nadzora-nad-covid-19-u-crnoj-gori\/","og_site_name":"Europe House","article_publisher":"https:\/\/www.facebook.com\/evropska.kuca","og_image":[{"width":800,"height":450,"url":"https:\/\/www.evropskakuca.me\/wp-content\/uploads\/2022\/02\/1639055149-BOJOVIC-OBRADA.jpg","type":"image\/jpeg"}],"twitter_card":"summary_large_image","twitter_site":"@evropska_kuca","twitter_misc":{"Est. reading time":"1 minute"},"schema":{"@context":"https:\/\/schema.org","@graph":[{"@type":"WebPage","@id":"https:\/\/www.evropskakuca.me\/me\/project\/jacanje-kapaciteta-nadzora-nad-covid-19-u-crnoj-gori\/","url":"https:\/\/www.evropskakuca.me\/me\/project\/jacanje-kapaciteta-nadzora-nad-covid-19-u-crnoj-gori\/","name":"Ja\u010danje kapaciteta nadzora nad COVID-19 u Crnoj Gori - Europe House","isPartOf":{"@id":"https:\/\/www.evropskakuca.me\/me\/#website"},"primaryImageOfPage":{"@id":"https:\/\/www.evropskakuca.me\/me\/project\/jacanje-kapaciteta-nadzora-nad-covid-19-u-crnoj-gori\/#primaryimage"},"image":{"@id":"https:\/\/www.evropskakuca.me\/me\/project\/jacanje-kapaciteta-nadzora-nad-covid-19-u-crnoj-gori\/#primaryimage"},"thumbnailUrl":"https:\/\/www.evropskakuca.me\/wp-content\/uploads\/2022\/02\/1639055149-BOJOVIC-OBRADA.jpg","datePublished":"2022-02-16T13:32:48+00:00","breadcrumb":{"@id":"https:\/\/www.evropskakuca.me\/me\/project\/jacanje-kapaciteta-nadzora-nad-covid-19-u-crnoj-gori\/#breadcrumb"},"inLanguage":"me-ME","potentialAction":[{"@type":"ReadAction","target":["https:\/\/www.evropskakuca.me\/me\/project\/jacanje-kapaciteta-nadzora-nad-covid-19-u-crnoj-gori\/"]}]},{"@type":"ImageObject","inLanguage":"me-ME","@id":"https:\/\/www.evropskakuca.me\/me\/project\/jacanje-kapaciteta-nadzora-nad-covid-19-u-crnoj-gori\/#primaryimage","url":"https:\/\/www.evropskakuca.me\/wp-content\/uploads\/2022\/02\/1639055149-BOJOVIC-OBRADA.jpg","contentUrl":"https:\/\/www.evropskakuca.me\/wp-content\/uploads\/2022\/02\/1639055149-BOJOVIC-OBRADA.jpg","width":800,"height":450},{"@type":"BreadcrumbList","@id":"https:\/\/www.evropskakuca.me\/me\/project\/jacanje-kapaciteta-nadzora-nad-covid-19-u-crnoj-gori\/#breadcrumb","itemListElement":[{"@type":"ListItem","position":1,"name":"Home","item":"https:\/\/www.evropskakuca.me\/me\/"},{"@type":"ListItem","position":2,"name":"Projects","item":"https:\/\/www.evropskakuca.me\/me\/project\/"},{"@type":"ListItem","position":3,"name":"Ja\u010danje kapaciteta nadzora nad COVID-19 u Crnoj Gori"}]},{"@type":"WebSite","@id":"https:\/\/www.evropskakuca.me\/me\/#website","url":"https:\/\/www.evropskakuca.me\/me\/","name":"Evropean house","description":"","publisher":{"@id":"https:\/\/www.evropskakuca.me\/me\/#organization"},"potentialAction":[{"@type":"SearchAction","target":{"@type":"EntryPoint","urlTemplate":"https:\/\/www.evropskakuca.me\/me\/?s={search_term_string}"},"query-input":{"@type":"PropertyValueSpecification","valueRequired":true,"valueName":"search_term_string"}}],"inLanguage":"me-ME"},{"@type":"Organization","@id":"https:\/\/www.evropskakuca.me\/me\/#organization","name":"Evropean house","url":"https:\/\/www.evropskakuca.me\/me\/","logo":{"@type":"ImageObject","inLanguage":"me-ME","@id":"https:\/\/www.evropskakuca.me\/me\/#\/schema\/logo\/image\/","url":"https:\/\/www.evropskakuca.me\/wp-content\/uploads\/2025\/01\/evropska-kuca-logo-1.png","contentUrl":"https:\/\/www.evropskakuca.me\/wp-content\/uploads\/2025\/01\/evropska-kuca-logo-1.png","width":425,"height":312,"caption":"Evropean house"},"image":{"@id":"https:\/\/www.evropskakuca.me\/me\/#\/schema\/logo\/image\/"},"sameAs":["https:\/\/www.facebook.com\/evropska.kuca","https:\/\/x.com\/evropska_kuca","https:\/\/www.instagram.com\/evropska_kuca"]}]}},"_links":{"self":[{"href":"https:\/\/www.evropskakuca.me\/me\/wp-json\/wp\/v2\/project\/18924","targetHints":{"allow":["GET"]}}],"collection":[{"href":"https:\/\/www.evropskakuca.me\/me\/wp-json\/wp\/v2\/project"}],"about":[{"href":"https:\/\/www.evropskakuca.me\/me\/wp-json\/wp\/v2\/types\/project"}],"wp:featuredmedia":[{"embeddable":true,"href":"https:\/\/www.evropskakuca.me\/me\/wp-json\/wp\/v2\/media\/37806"}],"wp:attachment":[{"href":"https:\/\/www.evropskakuca.me\/me\/wp-json\/wp\/v2\/media?parent=18924"}],"wp:term":[{"taxonomy":"project_tags","embeddable":true,"href":"https:\/\/www.evropskakuca.me\/me\/wp-json\/wp\/v2\/project_tags?post=18924"},{"taxonomy":"sector","embeddable":true,"href":"https:\/\/www.evropskakuca.me\/me\/wp-json\/wp\/v2\/sector?post=18924"}],"curies":[{"name":"wp","href":"https:\/\/api.w.org\/{rel}","templated":true}]}}