{"id":18916,"date":"2022-02-16T13:23:14","date_gmt":"2022-02-16T13:23:14","guid":{"rendered":"http:\/\/www.evropskakuca.me\/?post_type=project&amp;p=18916"},"modified":"2022-02-16T13:23:14","modified_gmt":"2022-02-16T13:23:14","slug":"podrska-odgovoru-na-krizu-izazvanu-covid-19-u-crnoj-gori","status":"publish","type":"project","link":"https:\/\/www.evropskakuca.me\/me\/project\/podrska-odgovoru-na-krizu-izazvanu-covid-19-u-crnoj-gori\/","title":{"rendered":"Podr\u0161ka odgovoru na krizu izazvanu pandemijom COVID-19 u Crnoj Gori"},"content":{"rendered":"<p>Pandemija COVID-19 je ozbiljno uticala na ekonomiju i produbila socijalnu ranjivost u zemljama \u0161irom svijeta, uklju\u010dujuc\u0301i i Crnu Goru. O\u010dekuje se da c\u0301e se posledice pandemije osjec\u0301ati u godinama koje dolaze, ali i da \u0107e se postojec\u0301e ranjivosti dodatno povec\u0301avati. U tom smislu, kako bi se ubla\u017eile negativne posledice pandemije, potrebne su mjere podr\u0161ke preduzec\u0301ima i pojedincima.<\/p>\n<p>Ovaj program bud\u017eetske podr\u0161ke usmjeren je na ubla\u017eavanje uticaja krize koju je izazvala pandemija bolesti COVID-19 u Crnoj Gori. Ima tri specifi\u010dna cilja:<\/p>\n<ul>\n<li>smanjenje negativnih efekata krize na privredu;<\/li>\n<li>za\u0161tita ugro\u017eenih dru\u0161tvenih grupa od razornih efekata krize i garantovanje kontinuiranog pristupa osnovnim socijalnim uslugama;<\/li>\n<li>i omogu\u0107avanje ve\u0107eg pristupa ranjivih preduzec\u0301a paketima ekonomske pomoc\u0301i.<\/li>\n<\/ul>\n<p><iframe title=\"EU stoji uz Crnu Goru od po\u010detka pandemije covid19\" width=\"800\" height=\"450\" src=\"https:\/\/www.youtube.com\/embed\/zivJBVr_cIA?feature=oembed\" frameborder=\"0\" allow=\"accelerometer; autoplay; clipboard-write; encrypted-media; gyroscope; picture-in-picture; web-share\" referrerpolicy=\"strict-origin-when-cross-origin\" allowfullscreen><\/iframe><\/p>\n<p>Me\u0111utim, mjere podr\u0161ke za preduzec\u0301a ne bi trebalo da negativno uti\u010du na napore za suo\u010davanje sa tekuc\u0301im izazovima u oblasti \u017eivotne sredine. I ekonomska i ekolo\u0161ka odr\u017eivost su va\u017ene za opstanak preduzec\u0301a na du\u017ei rok. Oporavak nakon pandemije COVID-19 mora odra\u017eavati principe odr\u017eivosti, otpornosti i klimatske neutralnosti koji olak\u0161avaju prelazak na resursno efikasnu i kru\u017enu ekonomiju, integri\u0161uc\u0301i na taj na\u010din na\u010dela koja su u osnovi Evropskog zelenog sporazuma.<\/p>\n","protected":false},"featured_media":36974,"parent":0,"template":"","meta":{"_acf_changed":false},"project_tags":[411,414,392,356],"sector":[435],"class_list":["post-18916","project","type-project","status-publish","has-post-thumbnail","hentry","project_tags-modernizacija-zdravstvenog-sistema","project_tags-podrska-borbi-protiv-covid-19","project_tags-reforma-javne-uprave","project_tags-zdravstvena-zastita","sector-covid-19-me"],"acf":[],"yoast_head":"<!-- This site is optimized with the Yoast SEO plugin v27.3 - https:\/\/yoast.com\/product\/yoast-seo-wordpress\/ -->\n<title>Podr\u0161ka odgovoru na krizu izazvanu pandemijom COVID-19 u Crnoj Gori - Europe House<\/title>\n<meta name=\"robots\" content=\"index, follow, max-snippet:-1, max-image-preview:large, max-video-preview:-1\" \/>\n<link rel=\"canonical\" href=\"https:\/\/www.evropskakuca.me\/me\/project\/podrska-odgovoru-na-krizu-izazvanu-covid-19-u-crnoj-gori\/\" \/>\n<meta property=\"og:locale\" content=\"en_US\" \/>\n<meta property=\"og:type\" content=\"article\" \/>\n<meta property=\"og:title\" content=\"Podr\u0161ka odgovoru na krizu izazvanu pandemijom COVID-19 u Crnoj Gori - Europe House\" \/>\n<meta property=\"og:description\" content=\"Pandemija COVID-19 je ozbiljno uticala na ekonomiju i produbila socijalnu ranjivost u zemljama \u0161irom svijeta, uklju\u010dujuc\u0301i i Crnu Goru. O\u010dekuje se da c\u0301e se posledice pandemije osjec\u0301ati u godinama koje dolaze, ali i da \u0107e se postojec\u0301e ranjivosti dodatno povec\u0301avati. U tom smislu, kako bi se ubla\u017eile negativne posledice pandemije, potrebne su mjere podr\u0161ke preduzec\u0301ima [&hellip;]\" \/>\n<meta property=\"og:url\" content=\"https:\/\/www.evropskakuca.me\/me\/project\/podrska-odgovoru-na-krizu-izazvanu-covid-19-u-crnoj-gori\/\" \/>\n<meta property=\"og:site_name\" content=\"Europe House\" \/>\n<meta property=\"article:publisher\" content=\"https:\/\/www.facebook.com\/evropska.kuca\" \/>\n<meta property=\"og:image\" content=\"https:\/\/www.evropskakuca.me\/wp-content\/uploads\/2021\/07\/iStock-1253358164-scaled.jpg\" \/>\n\t<meta property=\"og:image:width\" content=\"2560\" \/>\n\t<meta property=\"og:image:height\" content=\"1767\" \/>\n\t<meta property=\"og:image:type\" content=\"image\/jpeg\" \/>\n<meta name=\"twitter:card\" content=\"summary_large_image\" \/>\n<meta name=\"twitter:site\" content=\"@evropska_kuca\" \/>\n<meta name=\"twitter:label1\" content=\"Est. reading time\" \/>\n\t<meta name=\"twitter:data1\" content=\"1 minute\" \/>\n<script type=\"application\/ld+json\" class=\"yoast-schema-graph\">{\"@context\":\"https:\\\/\\\/schema.org\",\"@graph\":[{\"@type\":\"WebPage\",\"@id\":\"https:\\\/\\\/www.evropskakuca.me\\\/me\\\/project\\\/podrska-odgovoru-na-krizu-izazvanu-covid-19-u-crnoj-gori\\\/\",\"url\":\"https:\\\/\\\/www.evropskakuca.me\\\/me\\\/project\\\/podrska-odgovoru-na-krizu-izazvanu-covid-19-u-crnoj-gori\\\/\",\"name\":\"Podr\u0161ka odgovoru na krizu izazvanu pandemijom COVID-19 u Crnoj Gori - Europe House\",\"isPartOf\":{\"@id\":\"https:\\\/\\\/www.evropskakuca.me\\\/me\\\/#website\"},\"primaryImageOfPage\":{\"@id\":\"https:\\\/\\\/www.evropskakuca.me\\\/me\\\/project\\\/podrska-odgovoru-na-krizu-izazvanu-covid-19-u-crnoj-gori\\\/#primaryimage\"},\"image\":{\"@id\":\"https:\\\/\\\/www.evropskakuca.me\\\/me\\\/project\\\/podrska-odgovoru-na-krizu-izazvanu-covid-19-u-crnoj-gori\\\/#primaryimage\"},\"thumbnailUrl\":\"https:\\\/\\\/www.evropskakuca.me\\\/wp-content\\\/uploads\\\/2021\\\/07\\\/iStock-1253358164-scaled.jpg\",\"datePublished\":\"2022-02-16T13:23:14+00:00\",\"breadcrumb\":{\"@id\":\"https:\\\/\\\/www.evropskakuca.me\\\/me\\\/project\\\/podrska-odgovoru-na-krizu-izazvanu-covid-19-u-crnoj-gori\\\/#breadcrumb\"},\"inLanguage\":\"me-ME\",\"potentialAction\":[{\"@type\":\"ReadAction\",\"target\":[\"https:\\\/\\\/www.evropskakuca.me\\\/me\\\/project\\\/podrska-odgovoru-na-krizu-izazvanu-covid-19-u-crnoj-gori\\\/\"]}]},{\"@type\":\"ImageObject\",\"inLanguage\":\"me-ME\",\"@id\":\"https:\\\/\\\/www.evropskakuca.me\\\/me\\\/project\\\/podrska-odgovoru-na-krizu-izazvanu-covid-19-u-crnoj-gori\\\/#primaryimage\",\"url\":\"https:\\\/\\\/www.evropskakuca.me\\\/wp-content\\\/uploads\\\/2021\\\/07\\\/iStock-1253358164-scaled.jpg\",\"contentUrl\":\"https:\\\/\\\/www.evropskakuca.me\\\/wp-content\\\/uploads\\\/2021\\\/07\\\/iStock-1253358164-scaled.jpg\",\"width\":2560,\"height\":1767},{\"@type\":\"BreadcrumbList\",\"@id\":\"https:\\\/\\\/www.evropskakuca.me\\\/me\\\/project\\\/podrska-odgovoru-na-krizu-izazvanu-covid-19-u-crnoj-gori\\\/#breadcrumb\",\"itemListElement\":[{\"@type\":\"ListItem\",\"position\":1,\"name\":\"Home\",\"item\":\"https:\\\/\\\/www.evropskakuca.me\\\/me\\\/\"},{\"@type\":\"ListItem\",\"position\":2,\"name\":\"Projects\",\"item\":\"https:\\\/\\\/www.evropskakuca.me\\\/me\\\/project\\\/\"},{\"@type\":\"ListItem\",\"position\":3,\"name\":\"Podr\u0161ka odgovoru na krizu izazvanu pandemijom COVID-19 u Crnoj Gori\"}]},{\"@type\":\"WebSite\",\"@id\":\"https:\\\/\\\/www.evropskakuca.me\\\/me\\\/#website\",\"url\":\"https:\\\/\\\/www.evropskakuca.me\\\/me\\\/\",\"name\":\"Evropean house\",\"description\":\"\",\"publisher\":{\"@id\":\"https:\\\/\\\/www.evropskakuca.me\\\/me\\\/#organization\"},\"potentialAction\":[{\"@type\":\"SearchAction\",\"target\":{\"@type\":\"EntryPoint\",\"urlTemplate\":\"https:\\\/\\\/www.evropskakuca.me\\\/me\\\/?s={search_term_string}\"},\"query-input\":{\"@type\":\"PropertyValueSpecification\",\"valueRequired\":true,\"valueName\":\"search_term_string\"}}],\"inLanguage\":\"me-ME\"},{\"@type\":\"Organization\",\"@id\":\"https:\\\/\\\/www.evropskakuca.me\\\/me\\\/#organization\",\"name\":\"Evropean house\",\"url\":\"https:\\\/\\\/www.evropskakuca.me\\\/me\\\/\",\"logo\":{\"@type\":\"ImageObject\",\"inLanguage\":\"me-ME\",\"@id\":\"https:\\\/\\\/www.evropskakuca.me\\\/me\\\/#\\\/schema\\\/logo\\\/image\\\/\",\"url\":\"https:\\\/\\\/www.evropskakuca.me\\\/wp-content\\\/uploads\\\/2025\\\/01\\\/evropska-kuca-logo-1.png\",\"contentUrl\":\"https:\\\/\\\/www.evropskakuca.me\\\/wp-content\\\/uploads\\\/2025\\\/01\\\/evropska-kuca-logo-1.png\",\"width\":425,\"height\":312,\"caption\":\"Evropean house\"},\"image\":{\"@id\":\"https:\\\/\\\/www.evropskakuca.me\\\/me\\\/#\\\/schema\\\/logo\\\/image\\\/\"},\"sameAs\":[\"https:\\\/\\\/www.facebook.com\\\/evropska.kuca\",\"https:\\\/\\\/x.com\\\/evropska_kuca\",\"https:\\\/\\\/www.instagram.com\\\/evropska_kuca\"]}]}<\/script>\n<!-- \/ Yoast SEO plugin. -->","yoast_head_json":{"title":"Podr\u0161ka odgovoru na krizu izazvanu pandemijom COVID-19 u Crnoj Gori - Europe House","robots":{"index":"index","follow":"follow","max-snippet":"max-snippet:-1","max-image-preview":"max-image-preview:large","max-video-preview":"max-video-preview:-1"},"canonical":"https:\/\/www.evropskakuca.me\/me\/project\/podrska-odgovoru-na-krizu-izazvanu-covid-19-u-crnoj-gori\/","og_locale":"en_US","og_type":"article","og_title":"Podr\u0161ka odgovoru na krizu izazvanu pandemijom COVID-19 u Crnoj Gori - Europe House","og_description":"Pandemija COVID-19 je ozbiljno uticala na ekonomiju i produbila socijalnu ranjivost u zemljama \u0161irom svijeta, uklju\u010dujuc\u0301i i Crnu Goru. O\u010dekuje se da c\u0301e se posledice pandemije osjec\u0301ati u godinama koje dolaze, ali i da \u0107e se postojec\u0301e ranjivosti dodatno povec\u0301avati. U tom smislu, kako bi se ubla\u017eile negativne posledice pandemije, potrebne su mjere podr\u0161ke preduzec\u0301ima [&hellip;]","og_url":"https:\/\/www.evropskakuca.me\/me\/project\/podrska-odgovoru-na-krizu-izazvanu-covid-19-u-crnoj-gori\/","og_site_name":"Europe House","article_publisher":"https:\/\/www.facebook.com\/evropska.kuca","og_image":[{"width":2560,"height":1767,"url":"https:\/\/www.evropskakuca.me\/wp-content\/uploads\/2021\/07\/iStock-1253358164-scaled.jpg","type":"image\/jpeg"}],"twitter_card":"summary_large_image","twitter_site":"@evropska_kuca","twitter_misc":{"Est. reading time":"1 minute"},"schema":{"@context":"https:\/\/schema.org","@graph":[{"@type":"WebPage","@id":"https:\/\/www.evropskakuca.me\/me\/project\/podrska-odgovoru-na-krizu-izazvanu-covid-19-u-crnoj-gori\/","url":"https:\/\/www.evropskakuca.me\/me\/project\/podrska-odgovoru-na-krizu-izazvanu-covid-19-u-crnoj-gori\/","name":"Podr\u0161ka odgovoru na krizu izazvanu pandemijom COVID-19 u Crnoj Gori - Europe House","isPartOf":{"@id":"https:\/\/www.evropskakuca.me\/me\/#website"},"primaryImageOfPage":{"@id":"https:\/\/www.evropskakuca.me\/me\/project\/podrska-odgovoru-na-krizu-izazvanu-covid-19-u-crnoj-gori\/#primaryimage"},"image":{"@id":"https:\/\/www.evropskakuca.me\/me\/project\/podrska-odgovoru-na-krizu-izazvanu-covid-19-u-crnoj-gori\/#primaryimage"},"thumbnailUrl":"https:\/\/www.evropskakuca.me\/wp-content\/uploads\/2021\/07\/iStock-1253358164-scaled.jpg","datePublished":"2022-02-16T13:23:14+00:00","breadcrumb":{"@id":"https:\/\/www.evropskakuca.me\/me\/project\/podrska-odgovoru-na-krizu-izazvanu-covid-19-u-crnoj-gori\/#breadcrumb"},"inLanguage":"me-ME","potentialAction":[{"@type":"ReadAction","target":["https:\/\/www.evropskakuca.me\/me\/project\/podrska-odgovoru-na-krizu-izazvanu-covid-19-u-crnoj-gori\/"]}]},{"@type":"ImageObject","inLanguage":"me-ME","@id":"https:\/\/www.evropskakuca.me\/me\/project\/podrska-odgovoru-na-krizu-izazvanu-covid-19-u-crnoj-gori\/#primaryimage","url":"https:\/\/www.evropskakuca.me\/wp-content\/uploads\/2021\/07\/iStock-1253358164-scaled.jpg","contentUrl":"https:\/\/www.evropskakuca.me\/wp-content\/uploads\/2021\/07\/iStock-1253358164-scaled.jpg","width":2560,"height":1767},{"@type":"BreadcrumbList","@id":"https:\/\/www.evropskakuca.me\/me\/project\/podrska-odgovoru-na-krizu-izazvanu-covid-19-u-crnoj-gori\/#breadcrumb","itemListElement":[{"@type":"ListItem","position":1,"name":"Home","item":"https:\/\/www.evropskakuca.me\/me\/"},{"@type":"ListItem","position":2,"name":"Projects","item":"https:\/\/www.evropskakuca.me\/me\/project\/"},{"@type":"ListItem","position":3,"name":"Podr\u0161ka odgovoru na krizu izazvanu pandemijom COVID-19 u Crnoj Gori"}]},{"@type":"WebSite","@id":"https:\/\/www.evropskakuca.me\/me\/#website","url":"https:\/\/www.evropskakuca.me\/me\/","name":"Evropean house","description":"","publisher":{"@id":"https:\/\/www.evropskakuca.me\/me\/#organization"},"potentialAction":[{"@type":"SearchAction","target":{"@type":"EntryPoint","urlTemplate":"https:\/\/www.evropskakuca.me\/me\/?s={search_term_string}"},"query-input":{"@type":"PropertyValueSpecification","valueRequired":true,"valueName":"search_term_string"}}],"inLanguage":"me-ME"},{"@type":"Organization","@id":"https:\/\/www.evropskakuca.me\/me\/#organization","name":"Evropean house","url":"https:\/\/www.evropskakuca.me\/me\/","logo":{"@type":"ImageObject","inLanguage":"me-ME","@id":"https:\/\/www.evropskakuca.me\/me\/#\/schema\/logo\/image\/","url":"https:\/\/www.evropskakuca.me\/wp-content\/uploads\/2025\/01\/evropska-kuca-logo-1.png","contentUrl":"https:\/\/www.evropskakuca.me\/wp-content\/uploads\/2025\/01\/evropska-kuca-logo-1.png","width":425,"height":312,"caption":"Evropean house"},"image":{"@id":"https:\/\/www.evropskakuca.me\/me\/#\/schema\/logo\/image\/"},"sameAs":["https:\/\/www.facebook.com\/evropska.kuca","https:\/\/x.com\/evropska_kuca","https:\/\/www.instagram.com\/evropska_kuca"]}]}},"_links":{"self":[{"href":"https:\/\/www.evropskakuca.me\/me\/wp-json\/wp\/v2\/project\/18916","targetHints":{"allow":["GET"]}}],"collection":[{"href":"https:\/\/www.evropskakuca.me\/me\/wp-json\/wp\/v2\/project"}],"about":[{"href":"https:\/\/www.evropskakuca.me\/me\/wp-json\/wp\/v2\/types\/project"}],"wp:featuredmedia":[{"embeddable":true,"href":"https:\/\/www.evropskakuca.me\/me\/wp-json\/wp\/v2\/media\/36974"}],"wp:attachment":[{"href":"https:\/\/www.evropskakuca.me\/me\/wp-json\/wp\/v2\/media?parent=18916"}],"wp:term":[{"taxonomy":"project_tags","embeddable":true,"href":"https:\/\/www.evropskakuca.me\/me\/wp-json\/wp\/v2\/project_tags?post=18916"},{"taxonomy":"sector","embeddable":true,"href":"https:\/\/www.evropskakuca.me\/me\/wp-json\/wp\/v2\/sector?post=18916"}],"curies":[{"name":"wp","href":"https:\/\/api.w.org\/{rel}","templated":true}]}}