{"id":15067,"date":"2021-09-15T06:51:23","date_gmt":"2021-09-15T06:51:23","guid":{"rendered":"http:\/\/www.evropskakuca.me\/?post_type=project&amp;p=15067"},"modified":"2021-09-15T06:51:23","modified_gmt":"2021-09-15T06:51:23","slug":"regional-programme-ending-violence-against-women-in-the-western-balkans-and-turkey-implementing-norms-changing-minds-2","status":"publish","type":"project","link":"https:\/\/www.evropskakuca.me\/me\/project\/regional-programme-ending-violence-against-women-in-the-western-balkans-and-turkey-implementing-norms-changing-minds-2\/","title":{"rendered":"Regionalni program: Zaustavljanje nasilja nad \u017eenama na zapadnom Balkanu i u Turskoj (primjena zakona, mijenjanje stavova)"},"content":{"rendered":"<p>Nasilje nad \u017eenama i djevoj\u010dicama jedan je od najzastupljenijih oblika kr\u0161enja ljudskih prava \u0161irom svijeta. Zato je me\u0111u glavnim prioritetima Evropske unije zaustavljanje rodno zasnovanog nasilja, kao i promovisanje rodne ravnopravnosti unutar i izvan njenih granica.<\/p>\n<p>Ovaj program ima za cilj zaustavljanje rodno zasnovane diskriminacije i nasilja nad \u017eenama i djevoj\u010dicama na Zapadnom Balkanu i u Turskoj, sa posebnim fokusom na najugro\u017eenije grupe \u017eena. Tokom implementacije, program \u0107e pomoc\u0301i u stvaranju povoljnog zakonodavnog i politi\u010dkog okru\u017eenja, u skladu sa me\u0111unarodnim standardima o zaustavljanju nasilja nad \u017eenama i svih oblika diskriminacije. Programom \u0107e se podr\u017eati \u017eenske nevladine organizacije u zalaganju za razvoj i primjenu zakona i politika, koji c\u0301e biti uskla\u0111eni sa me\u0111unarodnim standardima koji se odnose na ljudska prava.<\/p>\n<p>Nadalje, programom c\u0301e se podic\u0301i svijest o va\u017enosti transformacije rodno diskriminatornih stereotipa. To c\u0301e doprinijeti promociji povoljnih dru\u0161tvenih normi i stavova, kao i osna\u017eivanju \u017eena i djevoj\u010dica koje su do\u017eivjele diskriminaciju ili nasilje, uklju\u010dujuc\u0301i i one iz grupa u nepovoljnom polo\u017eaju, da se zala\u017eu i koriste dostupne, pristupa\u010dne i kvalitetne usluge.<\/p>\n<p>Kroz program c\u0301e se finansirati razli\u010diti ugovori o tehni\u010dkoj pomoc\u0301i i \u0161eme grantova za organizacije civilnog dru\u0161tva koje se bave pravima \u017eena.<\/p>\n","protected":false},"featured_media":37364,"parent":0,"template":"","meta":{"_acf_changed":false},"project_tags":[311,313,314,312],"sector":[309],"class_list":["post-15067","project","type-project","status-publish","has-post-thumbnail","hentry","project_tags-podrska-izbjeglicama-i-irl","project_tags-prava-zena","project_tags-rodna-ravnopravnost","project_tags-stop-nasilju-nad-zenama","sector-ljudska-prava-me"],"acf":[],"yoast_head":"<!-- This site is optimized with the Yoast SEO plugin v27.3 - https:\/\/yoast.com\/product\/yoast-seo-wordpress\/ -->\n<title>Regionalni program: Zaustavljanje nasilja nad \u017eenama na zapadnom Balkanu i u Turskoj (primjena zakona, mijenjanje stavova) - Europe House<\/title>\n<meta name=\"robots\" content=\"index, follow, max-snippet:-1, max-image-preview:large, max-video-preview:-1\" \/>\n<link rel=\"canonical\" href=\"https:\/\/www.evropskakuca.me\/me\/project\/regional-programme-ending-violence-against-women-in-the-western-balkans-and-turkey-implementing-norms-changing-minds-2\/\" \/>\n<meta property=\"og:locale\" content=\"en_US\" \/>\n<meta property=\"og:type\" content=\"article\" \/>\n<meta property=\"og:title\" content=\"Regionalni program: Zaustavljanje nasilja nad \u017eenama na zapadnom Balkanu i u Turskoj (primjena zakona, mijenjanje stavova) - Europe House\" \/>\n<meta property=\"og:description\" content=\"Nasilje nad \u017eenama i djevoj\u010dicama jedan je od najzastupljenijih oblika kr\u0161enja ljudskih prava \u0161irom svijeta. Zato je me\u0111u glavnim prioritetima Evropske unije zaustavljanje rodno zasnovanog nasilja, kao i promovisanje rodne ravnopravnosti unutar i izvan njenih granica. Ovaj program ima za cilj zaustavljanje rodno zasnovane diskriminacije i nasilja nad \u017eenama i djevoj\u010dicama na Zapadnom Balkanu i [&hellip;]\" \/>\n<meta property=\"og:url\" content=\"https:\/\/www.evropskakuca.me\/me\/project\/regional-programme-ending-violence-against-women-in-the-western-balkans-and-turkey-implementing-norms-changing-minds-2\/\" \/>\n<meta property=\"og:site_name\" content=\"Europe House\" \/>\n<meta property=\"article:publisher\" content=\"https:\/\/www.facebook.com\/evropska.kuca\" \/>\n<meta property=\"og:image\" content=\"https:\/\/www.evropskakuca.me\/wp-content\/uploads\/2021\/09\/Nasilje-nad-zenama.png\" \/>\n\t<meta property=\"og:image:width\" content=\"1103\" \/>\n\t<meta property=\"og:image:height\" content=\"897\" \/>\n\t<meta property=\"og:image:type\" content=\"image\/png\" \/>\n<meta name=\"twitter:card\" content=\"summary_large_image\" \/>\n<meta name=\"twitter:site\" content=\"@evropska_kuca\" \/>\n<meta name=\"twitter:label1\" content=\"Est. reading time\" \/>\n\t<meta name=\"twitter:data1\" content=\"1 minute\" \/>\n<script type=\"application\/ld+json\" class=\"yoast-schema-graph\">{\"@context\":\"https:\\\/\\\/schema.org\",\"@graph\":[{\"@type\":\"WebPage\",\"@id\":\"https:\\\/\\\/www.evropskakuca.me\\\/me\\\/project\\\/regional-programme-ending-violence-against-women-in-the-western-balkans-and-turkey-implementing-norms-changing-minds-2\\\/\",\"url\":\"https:\\\/\\\/www.evropskakuca.me\\\/me\\\/project\\\/regional-programme-ending-violence-against-women-in-the-western-balkans-and-turkey-implementing-norms-changing-minds-2\\\/\",\"name\":\"Regionalni program: Zaustavljanje nasilja nad \u017eenama na zapadnom Balkanu i u Turskoj (primjena zakona, mijenjanje stavova) - Europe House\",\"isPartOf\":{\"@id\":\"https:\\\/\\\/www.evropskakuca.me\\\/me\\\/#website\"},\"primaryImageOfPage\":{\"@id\":\"https:\\\/\\\/www.evropskakuca.me\\\/me\\\/project\\\/regional-programme-ending-violence-against-women-in-the-western-balkans-and-turkey-implementing-norms-changing-minds-2\\\/#primaryimage\"},\"image\":{\"@id\":\"https:\\\/\\\/www.evropskakuca.me\\\/me\\\/project\\\/regional-programme-ending-violence-against-women-in-the-western-balkans-and-turkey-implementing-norms-changing-minds-2\\\/#primaryimage\"},\"thumbnailUrl\":\"https:\\\/\\\/www.evropskakuca.me\\\/wp-content\\\/uploads\\\/2021\\\/09\\\/Nasilje-nad-zenama.png\",\"datePublished\":\"2021-09-15T06:51:23+00:00\",\"breadcrumb\":{\"@id\":\"https:\\\/\\\/www.evropskakuca.me\\\/me\\\/project\\\/regional-programme-ending-violence-against-women-in-the-western-balkans-and-turkey-implementing-norms-changing-minds-2\\\/#breadcrumb\"},\"inLanguage\":\"me-ME\",\"potentialAction\":[{\"@type\":\"ReadAction\",\"target\":[\"https:\\\/\\\/www.evropskakuca.me\\\/me\\\/project\\\/regional-programme-ending-violence-against-women-in-the-western-balkans-and-turkey-implementing-norms-changing-minds-2\\\/\"]}]},{\"@type\":\"ImageObject\",\"inLanguage\":\"me-ME\",\"@id\":\"https:\\\/\\\/www.evropskakuca.me\\\/me\\\/project\\\/regional-programme-ending-violence-against-women-in-the-western-balkans-and-turkey-implementing-norms-changing-minds-2\\\/#primaryimage\",\"url\":\"https:\\\/\\\/www.evropskakuca.me\\\/wp-content\\\/uploads\\\/2021\\\/09\\\/Nasilje-nad-zenama.png\",\"contentUrl\":\"https:\\\/\\\/www.evropskakuca.me\\\/wp-content\\\/uploads\\\/2021\\\/09\\\/Nasilje-nad-zenama.png\",\"width\":1103,\"height\":897},{\"@type\":\"BreadcrumbList\",\"@id\":\"https:\\\/\\\/www.evropskakuca.me\\\/me\\\/project\\\/regional-programme-ending-violence-against-women-in-the-western-balkans-and-turkey-implementing-norms-changing-minds-2\\\/#breadcrumb\",\"itemListElement\":[{\"@type\":\"ListItem\",\"position\":1,\"name\":\"Home\",\"item\":\"https:\\\/\\\/www.evropskakuca.me\\\/me\\\/\"},{\"@type\":\"ListItem\",\"position\":2,\"name\":\"Projects\",\"item\":\"https:\\\/\\\/www.evropskakuca.me\\\/me\\\/project\\\/\"},{\"@type\":\"ListItem\",\"position\":3,\"name\":\"Regionalni program: Zaustavljanje nasilja nad \u017eenama na zapadnom Balkanu i u Turskoj (primjena zakona, mijenjanje stavova)\"}]},{\"@type\":\"WebSite\",\"@id\":\"https:\\\/\\\/www.evropskakuca.me\\\/me\\\/#website\",\"url\":\"https:\\\/\\\/www.evropskakuca.me\\\/me\\\/\",\"name\":\"Evropean house\",\"description\":\"\",\"publisher\":{\"@id\":\"https:\\\/\\\/www.evropskakuca.me\\\/me\\\/#organization\"},\"potentialAction\":[{\"@type\":\"SearchAction\",\"target\":{\"@type\":\"EntryPoint\",\"urlTemplate\":\"https:\\\/\\\/www.evropskakuca.me\\\/me\\\/?s={search_term_string}\"},\"query-input\":{\"@type\":\"PropertyValueSpecification\",\"valueRequired\":true,\"valueName\":\"search_term_string\"}}],\"inLanguage\":\"me-ME\"},{\"@type\":\"Organization\",\"@id\":\"https:\\\/\\\/www.evropskakuca.me\\\/me\\\/#organization\",\"name\":\"Evropean house\",\"url\":\"https:\\\/\\\/www.evropskakuca.me\\\/me\\\/\",\"logo\":{\"@type\":\"ImageObject\",\"inLanguage\":\"me-ME\",\"@id\":\"https:\\\/\\\/www.evropskakuca.me\\\/me\\\/#\\\/schema\\\/logo\\\/image\\\/\",\"url\":\"https:\\\/\\\/www.evropskakuca.me\\\/wp-content\\\/uploads\\\/2025\\\/01\\\/evropska-kuca-logo-1.png\",\"contentUrl\":\"https:\\\/\\\/www.evropskakuca.me\\\/wp-content\\\/uploads\\\/2025\\\/01\\\/evropska-kuca-logo-1.png\",\"width\":425,\"height\":312,\"caption\":\"Evropean house\"},\"image\":{\"@id\":\"https:\\\/\\\/www.evropskakuca.me\\\/me\\\/#\\\/schema\\\/logo\\\/image\\\/\"},\"sameAs\":[\"https:\\\/\\\/www.facebook.com\\\/evropska.kuca\",\"https:\\\/\\\/x.com\\\/evropska_kuca\",\"https:\\\/\\\/www.instagram.com\\\/evropska_kuca\"]}]}<\/script>\n<!-- \/ Yoast SEO plugin. -->","yoast_head_json":{"title":"Regionalni program: Zaustavljanje nasilja nad \u017eenama na zapadnom Balkanu i u Turskoj (primjena zakona, mijenjanje stavova) - Europe House","robots":{"index":"index","follow":"follow","max-snippet":"max-snippet:-1","max-image-preview":"max-image-preview:large","max-video-preview":"max-video-preview:-1"},"canonical":"https:\/\/www.evropskakuca.me\/me\/project\/regional-programme-ending-violence-against-women-in-the-western-balkans-and-turkey-implementing-norms-changing-minds-2\/","og_locale":"en_US","og_type":"article","og_title":"Regionalni program: Zaustavljanje nasilja nad \u017eenama na zapadnom Balkanu i u Turskoj (primjena zakona, mijenjanje stavova) - Europe House","og_description":"Nasilje nad \u017eenama i djevoj\u010dicama jedan je od najzastupljenijih oblika kr\u0161enja ljudskih prava \u0161irom svijeta. Zato je me\u0111u glavnim prioritetima Evropske unije zaustavljanje rodno zasnovanog nasilja, kao i promovisanje rodne ravnopravnosti unutar i izvan njenih granica. Ovaj program ima za cilj zaustavljanje rodno zasnovane diskriminacije i nasilja nad \u017eenama i djevoj\u010dicama na Zapadnom Balkanu i [&hellip;]","og_url":"https:\/\/www.evropskakuca.me\/me\/project\/regional-programme-ending-violence-against-women-in-the-western-balkans-and-turkey-implementing-norms-changing-minds-2\/","og_site_name":"Europe House","article_publisher":"https:\/\/www.facebook.com\/evropska.kuca","og_image":[{"width":1103,"height":897,"url":"https:\/\/www.evropskakuca.me\/wp-content\/uploads\/2021\/09\/Nasilje-nad-zenama.png","type":"image\/png"}],"twitter_card":"summary_large_image","twitter_site":"@evropska_kuca","twitter_misc":{"Est. reading time":"1 minute"},"schema":{"@context":"https:\/\/schema.org","@graph":[{"@type":"WebPage","@id":"https:\/\/www.evropskakuca.me\/me\/project\/regional-programme-ending-violence-against-women-in-the-western-balkans-and-turkey-implementing-norms-changing-minds-2\/","url":"https:\/\/www.evropskakuca.me\/me\/project\/regional-programme-ending-violence-against-women-in-the-western-balkans-and-turkey-implementing-norms-changing-minds-2\/","name":"Regionalni program: Zaustavljanje nasilja nad \u017eenama na zapadnom Balkanu i u Turskoj (primjena zakona, mijenjanje stavova) - Europe House","isPartOf":{"@id":"https:\/\/www.evropskakuca.me\/me\/#website"},"primaryImageOfPage":{"@id":"https:\/\/www.evropskakuca.me\/me\/project\/regional-programme-ending-violence-against-women-in-the-western-balkans-and-turkey-implementing-norms-changing-minds-2\/#primaryimage"},"image":{"@id":"https:\/\/www.evropskakuca.me\/me\/project\/regional-programme-ending-violence-against-women-in-the-western-balkans-and-turkey-implementing-norms-changing-minds-2\/#primaryimage"},"thumbnailUrl":"https:\/\/www.evropskakuca.me\/wp-content\/uploads\/2021\/09\/Nasilje-nad-zenama.png","datePublished":"2021-09-15T06:51:23+00:00","breadcrumb":{"@id":"https:\/\/www.evropskakuca.me\/me\/project\/regional-programme-ending-violence-against-women-in-the-western-balkans-and-turkey-implementing-norms-changing-minds-2\/#breadcrumb"},"inLanguage":"me-ME","potentialAction":[{"@type":"ReadAction","target":["https:\/\/www.evropskakuca.me\/me\/project\/regional-programme-ending-violence-against-women-in-the-western-balkans-and-turkey-implementing-norms-changing-minds-2\/"]}]},{"@type":"ImageObject","inLanguage":"me-ME","@id":"https:\/\/www.evropskakuca.me\/me\/project\/regional-programme-ending-violence-against-women-in-the-western-balkans-and-turkey-implementing-norms-changing-minds-2\/#primaryimage","url":"https:\/\/www.evropskakuca.me\/wp-content\/uploads\/2021\/09\/Nasilje-nad-zenama.png","contentUrl":"https:\/\/www.evropskakuca.me\/wp-content\/uploads\/2021\/09\/Nasilje-nad-zenama.png","width":1103,"height":897},{"@type":"BreadcrumbList","@id":"https:\/\/www.evropskakuca.me\/me\/project\/regional-programme-ending-violence-against-women-in-the-western-balkans-and-turkey-implementing-norms-changing-minds-2\/#breadcrumb","itemListElement":[{"@type":"ListItem","position":1,"name":"Home","item":"https:\/\/www.evropskakuca.me\/me\/"},{"@type":"ListItem","position":2,"name":"Projects","item":"https:\/\/www.evropskakuca.me\/me\/project\/"},{"@type":"ListItem","position":3,"name":"Regionalni program: Zaustavljanje nasilja nad \u017eenama na zapadnom Balkanu i u Turskoj (primjena zakona, mijenjanje stavova)"}]},{"@type":"WebSite","@id":"https:\/\/www.evropskakuca.me\/me\/#website","url":"https:\/\/www.evropskakuca.me\/me\/","name":"Evropean house","description":"","publisher":{"@id":"https:\/\/www.evropskakuca.me\/me\/#organization"},"potentialAction":[{"@type":"SearchAction","target":{"@type":"EntryPoint","urlTemplate":"https:\/\/www.evropskakuca.me\/me\/?s={search_term_string}"},"query-input":{"@type":"PropertyValueSpecification","valueRequired":true,"valueName":"search_term_string"}}],"inLanguage":"me-ME"},{"@type":"Organization","@id":"https:\/\/www.evropskakuca.me\/me\/#organization","name":"Evropean house","url":"https:\/\/www.evropskakuca.me\/me\/","logo":{"@type":"ImageObject","inLanguage":"me-ME","@id":"https:\/\/www.evropskakuca.me\/me\/#\/schema\/logo\/image\/","url":"https:\/\/www.evropskakuca.me\/wp-content\/uploads\/2025\/01\/evropska-kuca-logo-1.png","contentUrl":"https:\/\/www.evropskakuca.me\/wp-content\/uploads\/2025\/01\/evropska-kuca-logo-1.png","width":425,"height":312,"caption":"Evropean house"},"image":{"@id":"https:\/\/www.evropskakuca.me\/me\/#\/schema\/logo\/image\/"},"sameAs":["https:\/\/www.facebook.com\/evropska.kuca","https:\/\/x.com\/evropska_kuca","https:\/\/www.instagram.com\/evropska_kuca"]}]}},"_links":{"self":[{"href":"https:\/\/www.evropskakuca.me\/me\/wp-json\/wp\/v2\/project\/15067","targetHints":{"allow":["GET"]}}],"collection":[{"href":"https:\/\/www.evropskakuca.me\/me\/wp-json\/wp\/v2\/project"}],"about":[{"href":"https:\/\/www.evropskakuca.me\/me\/wp-json\/wp\/v2\/types\/project"}],"wp:featuredmedia":[{"embeddable":true,"href":"https:\/\/www.evropskakuca.me\/me\/wp-json\/wp\/v2\/media\/37364"}],"wp:attachment":[{"href":"https:\/\/www.evropskakuca.me\/me\/wp-json\/wp\/v2\/media?parent=15067"}],"wp:term":[{"taxonomy":"project_tags","embeddable":true,"href":"https:\/\/www.evropskakuca.me\/me\/wp-json\/wp\/v2\/project_tags?post=15067"},{"taxonomy":"sector","embeddable":true,"href":"https:\/\/www.evropskakuca.me\/me\/wp-json\/wp\/v2\/sector?post=15067"}],"curies":[{"name":"wp","href":"https:\/\/api.w.org\/{rel}","templated":true}]}}