{"id":15054,"date":"2021-09-14T14:23:10","date_gmt":"2021-09-14T14:23:10","guid":{"rendered":"http:\/\/www.evropskakuca.me\/?post_type=project&amp;p=15054"},"modified":"2021-09-14T14:23:10","modified_gmt":"2021-09-14T14:23:10","slug":"reforma-nacionalnog-sistema-procjene-invalidnosti","status":"publish","type":"project","link":"https:\/\/www.evropskakuca.me\/me\/project\/reforma-nacionalnog-sistema-procjene-invalidnosti\/","title":{"rendered":"Reforma nacionalnog sistema procjene invalidnosti"},"content":{"rendered":"<p>Sva prava po osnovu invaliditeta u resorima socijalne za\u0161tite, zapo\u0161ljavanja, penzijsko-invalidskog osiguranja, obrazovanja i zdravstva direktno zavise od postavke sistema procjene\/utvr\u0111ivanja invalidnosti. Postoje\u0107i nacionalni sistem za utvr\u0111ivanja invaliditeta u Crnoj Gori dominantno se zasniva na zastarjelom, prevazi\u0111enom medicinskom modelu procjene\/utvr\u0111ivanja invalidnosti.<\/p>\n<p>Stoga ovaj projekat ima za cilj potpunu reformu nacionalnog sistema procjene invalidnosti u Crnoj Gori, u skladu sa pozitivnim doma\u0107im propisima i ratifikovanom Konvencijom Ujedinjenih nacija o pravima osoba sa invaliditetom. To c\u0301e biti prvi korak ka dru\u0161tvu u kojem su osobe sa invaliditetom bolje shvac\u0301ene, manje isklju\u010dene iz procesa i dru\u0161tveno izolovane. Nakon takve reforme, osobe sa invaliditetom ostvarivac\u0301e svoja prava na sve vrste nov\u010danih davanja i usluga na pravedniji i lak\u0161i na\u010din.<\/p>\n<p>Osim toga, ovaj projekat poma\u017ee da se ukine postojec\u0301ih 30 komisija i zamijene sa jednim nacionalnim subjektom \u2013 Zavodom za utvr\u0111ivanje invalidnosti. Nakon osnivanja, Institut c\u0301e sprovoditi postupak procjene invalidnosti, zasnovan na novoj, jedinstvenoj, nacionalnoj metodologiji za sve resore. Drugim rije\u010dima, projekat poma\u017ee u stvaranju novog sistema sa jednostavnim procedurama i podizanju svijesti u zemlji o svim moguc\u0301nostima koje imaju osobe sa invaliditetom, kao i o njihovom doprinosu crnogorskom dru\u0161tvu.<\/p>\n","protected":false},"featured_media":37384,"parent":0,"template":"","meta":{"_acf_changed":false},"project_tags":[308,416,417,311,318,319],"sector":[366],"class_list":["post-15054","project","type-project","status-publish","has-post-thumbnail","hentry","project_tags-ljudska-prava","project_tags-nacionalni-sistem-procjene-invalidnosti","project_tags-nauka-i-socijalna-politika","project_tags-podrska-izbjeglicama-i-irl","project_tags-prava-osi","project_tags-prava-osoba-sa-invaliditetom","sector-obrazovanje"],"acf":[],"yoast_head":"<!-- This site is optimized with the Yoast SEO plugin v27.3 - https:\/\/yoast.com\/product\/yoast-seo-wordpress\/ -->\n<title>Reforma nacionalnog sistema procjene invalidnosti - Europe House<\/title>\n<meta name=\"robots\" content=\"index, follow, max-snippet:-1, max-image-preview:large, max-video-preview:-1\" \/>\n<link rel=\"canonical\" href=\"https:\/\/www.evropskakuca.me\/me\/project\/reforma-nacionalnog-sistema-procjene-invalidnosti\/\" \/>\n<meta property=\"og:locale\" content=\"en_US\" \/>\n<meta property=\"og:type\" content=\"article\" \/>\n<meta property=\"og:title\" content=\"Reforma nacionalnog sistema procjene invalidnosti - Europe House\" \/>\n<meta property=\"og:description\" content=\"Sva prava po osnovu invaliditeta u resorima socijalne za\u0161tite, zapo\u0161ljavanja, penzijsko-invalidskog osiguranja, obrazovanja i zdravstva direktno zavise od postavke sistema procjene\/utvr\u0111ivanja invalidnosti. Postoje\u0107i nacionalni sistem za utvr\u0111ivanja invaliditeta u Crnoj Gori dominantno se zasniva na zastarjelom, prevazi\u0111enom medicinskom modelu procjene\/utvr\u0111ivanja invalidnosti. Stoga ovaj projekat ima za cilj potpunu reformu nacionalnog sistema procjene invalidnosti u Crnoj [&hellip;]\" \/>\n<meta property=\"og:url\" content=\"https:\/\/www.evropskakuca.me\/me\/project\/reforma-nacionalnog-sistema-procjene-invalidnosti\/\" \/>\n<meta property=\"og:site_name\" content=\"Europe House\" \/>\n<meta property=\"article:publisher\" content=\"https:\/\/www.facebook.com\/evropska.kuca\" \/>\n<meta property=\"og:image\" content=\"https:\/\/www.evropskakuca.me\/wp-content\/uploads\/2021\/09\/Reform-of-National-Disability-Determination-System-logo.jpg\" \/>\n\t<meta property=\"og:image:width\" content=\"1994\" \/>\n\t<meta property=\"og:image:height\" content=\"1995\" \/>\n\t<meta property=\"og:image:type\" content=\"image\/jpeg\" \/>\n<meta name=\"twitter:card\" content=\"summary_large_image\" \/>\n<meta name=\"twitter:site\" content=\"@evropska_kuca\" \/>\n<meta name=\"twitter:label1\" content=\"Est. reading time\" \/>\n\t<meta name=\"twitter:data1\" content=\"1 minute\" \/>\n<script type=\"application\/ld+json\" class=\"yoast-schema-graph\">{\"@context\":\"https:\\\/\\\/schema.org\",\"@graph\":[{\"@type\":\"WebPage\",\"@id\":\"https:\\\/\\\/www.evropskakuca.me\\\/me\\\/project\\\/reforma-nacionalnog-sistema-procjene-invalidnosti\\\/\",\"url\":\"https:\\\/\\\/www.evropskakuca.me\\\/me\\\/project\\\/reforma-nacionalnog-sistema-procjene-invalidnosti\\\/\",\"name\":\"Reforma nacionalnog sistema procjene invalidnosti - Europe House\",\"isPartOf\":{\"@id\":\"https:\\\/\\\/www.evropskakuca.me\\\/me\\\/#website\"},\"primaryImageOfPage\":{\"@id\":\"https:\\\/\\\/www.evropskakuca.me\\\/me\\\/project\\\/reforma-nacionalnog-sistema-procjene-invalidnosti\\\/#primaryimage\"},\"image\":{\"@id\":\"https:\\\/\\\/www.evropskakuca.me\\\/me\\\/project\\\/reforma-nacionalnog-sistema-procjene-invalidnosti\\\/#primaryimage\"},\"thumbnailUrl\":\"https:\\\/\\\/www.evropskakuca.me\\\/wp-content\\\/uploads\\\/2021\\\/09\\\/Reform-of-National-Disability-Determination-System-logo.jpg\",\"datePublished\":\"2021-09-14T14:23:10+00:00\",\"breadcrumb\":{\"@id\":\"https:\\\/\\\/www.evropskakuca.me\\\/me\\\/project\\\/reforma-nacionalnog-sistema-procjene-invalidnosti\\\/#breadcrumb\"},\"inLanguage\":\"me-ME\",\"potentialAction\":[{\"@type\":\"ReadAction\",\"target\":[\"https:\\\/\\\/www.evropskakuca.me\\\/me\\\/project\\\/reforma-nacionalnog-sistema-procjene-invalidnosti\\\/\"]}]},{\"@type\":\"ImageObject\",\"inLanguage\":\"me-ME\",\"@id\":\"https:\\\/\\\/www.evropskakuca.me\\\/me\\\/project\\\/reforma-nacionalnog-sistema-procjene-invalidnosti\\\/#primaryimage\",\"url\":\"https:\\\/\\\/www.evropskakuca.me\\\/wp-content\\\/uploads\\\/2021\\\/09\\\/Reform-of-National-Disability-Determination-System-logo.jpg\",\"contentUrl\":\"https:\\\/\\\/www.evropskakuca.me\\\/wp-content\\\/uploads\\\/2021\\\/09\\\/Reform-of-National-Disability-Determination-System-logo.jpg\",\"width\":1994,\"height\":1995},{\"@type\":\"BreadcrumbList\",\"@id\":\"https:\\\/\\\/www.evropskakuca.me\\\/me\\\/project\\\/reforma-nacionalnog-sistema-procjene-invalidnosti\\\/#breadcrumb\",\"itemListElement\":[{\"@type\":\"ListItem\",\"position\":1,\"name\":\"Home\",\"item\":\"https:\\\/\\\/www.evropskakuca.me\\\/me\\\/\"},{\"@type\":\"ListItem\",\"position\":2,\"name\":\"Projects\",\"item\":\"https:\\\/\\\/www.evropskakuca.me\\\/me\\\/project\\\/\"},{\"@type\":\"ListItem\",\"position\":3,\"name\":\"Reforma nacionalnog sistema procjene invalidnosti\"}]},{\"@type\":\"WebSite\",\"@id\":\"https:\\\/\\\/www.evropskakuca.me\\\/me\\\/#website\",\"url\":\"https:\\\/\\\/www.evropskakuca.me\\\/me\\\/\",\"name\":\"Evropean house\",\"description\":\"\",\"publisher\":{\"@id\":\"https:\\\/\\\/www.evropskakuca.me\\\/me\\\/#organization\"},\"potentialAction\":[{\"@type\":\"SearchAction\",\"target\":{\"@type\":\"EntryPoint\",\"urlTemplate\":\"https:\\\/\\\/www.evropskakuca.me\\\/me\\\/?s={search_term_string}\"},\"query-input\":{\"@type\":\"PropertyValueSpecification\",\"valueRequired\":true,\"valueName\":\"search_term_string\"}}],\"inLanguage\":\"me-ME\"},{\"@type\":\"Organization\",\"@id\":\"https:\\\/\\\/www.evropskakuca.me\\\/me\\\/#organization\",\"name\":\"Evropean house\",\"url\":\"https:\\\/\\\/www.evropskakuca.me\\\/me\\\/\",\"logo\":{\"@type\":\"ImageObject\",\"inLanguage\":\"me-ME\",\"@id\":\"https:\\\/\\\/www.evropskakuca.me\\\/me\\\/#\\\/schema\\\/logo\\\/image\\\/\",\"url\":\"https:\\\/\\\/www.evropskakuca.me\\\/wp-content\\\/uploads\\\/2025\\\/01\\\/evropska-kuca-logo-1.png\",\"contentUrl\":\"https:\\\/\\\/www.evropskakuca.me\\\/wp-content\\\/uploads\\\/2025\\\/01\\\/evropska-kuca-logo-1.png\",\"width\":425,\"height\":312,\"caption\":\"Evropean house\"},\"image\":{\"@id\":\"https:\\\/\\\/www.evropskakuca.me\\\/me\\\/#\\\/schema\\\/logo\\\/image\\\/\"},\"sameAs\":[\"https:\\\/\\\/www.facebook.com\\\/evropska.kuca\",\"https:\\\/\\\/x.com\\\/evropska_kuca\",\"https:\\\/\\\/www.instagram.com\\\/evropska_kuca\"]}]}<\/script>\n<!-- \/ Yoast SEO plugin. -->","yoast_head_json":{"title":"Reforma nacionalnog sistema procjene invalidnosti - Europe House","robots":{"index":"index","follow":"follow","max-snippet":"max-snippet:-1","max-image-preview":"max-image-preview:large","max-video-preview":"max-video-preview:-1"},"canonical":"https:\/\/www.evropskakuca.me\/me\/project\/reforma-nacionalnog-sistema-procjene-invalidnosti\/","og_locale":"en_US","og_type":"article","og_title":"Reforma nacionalnog sistema procjene invalidnosti - Europe House","og_description":"Sva prava po osnovu invaliditeta u resorima socijalne za\u0161tite, zapo\u0161ljavanja, penzijsko-invalidskog osiguranja, obrazovanja i zdravstva direktno zavise od postavke sistema procjene\/utvr\u0111ivanja invalidnosti. Postoje\u0107i nacionalni sistem za utvr\u0111ivanja invaliditeta u Crnoj Gori dominantno se zasniva na zastarjelom, prevazi\u0111enom medicinskom modelu procjene\/utvr\u0111ivanja invalidnosti. Stoga ovaj projekat ima za cilj potpunu reformu nacionalnog sistema procjene invalidnosti u Crnoj [&hellip;]","og_url":"https:\/\/www.evropskakuca.me\/me\/project\/reforma-nacionalnog-sistema-procjene-invalidnosti\/","og_site_name":"Europe House","article_publisher":"https:\/\/www.facebook.com\/evropska.kuca","og_image":[{"width":1994,"height":1995,"url":"https:\/\/www.evropskakuca.me\/wp-content\/uploads\/2021\/09\/Reform-of-National-Disability-Determination-System-logo.jpg","type":"image\/jpeg"}],"twitter_card":"summary_large_image","twitter_site":"@evropska_kuca","twitter_misc":{"Est. reading time":"1 minute"},"schema":{"@context":"https:\/\/schema.org","@graph":[{"@type":"WebPage","@id":"https:\/\/www.evropskakuca.me\/me\/project\/reforma-nacionalnog-sistema-procjene-invalidnosti\/","url":"https:\/\/www.evropskakuca.me\/me\/project\/reforma-nacionalnog-sistema-procjene-invalidnosti\/","name":"Reforma nacionalnog sistema procjene invalidnosti - Europe House","isPartOf":{"@id":"https:\/\/www.evropskakuca.me\/me\/#website"},"primaryImageOfPage":{"@id":"https:\/\/www.evropskakuca.me\/me\/project\/reforma-nacionalnog-sistema-procjene-invalidnosti\/#primaryimage"},"image":{"@id":"https:\/\/www.evropskakuca.me\/me\/project\/reforma-nacionalnog-sistema-procjene-invalidnosti\/#primaryimage"},"thumbnailUrl":"https:\/\/www.evropskakuca.me\/wp-content\/uploads\/2021\/09\/Reform-of-National-Disability-Determination-System-logo.jpg","datePublished":"2021-09-14T14:23:10+00:00","breadcrumb":{"@id":"https:\/\/www.evropskakuca.me\/me\/project\/reforma-nacionalnog-sistema-procjene-invalidnosti\/#breadcrumb"},"inLanguage":"me-ME","potentialAction":[{"@type":"ReadAction","target":["https:\/\/www.evropskakuca.me\/me\/project\/reforma-nacionalnog-sistema-procjene-invalidnosti\/"]}]},{"@type":"ImageObject","inLanguage":"me-ME","@id":"https:\/\/www.evropskakuca.me\/me\/project\/reforma-nacionalnog-sistema-procjene-invalidnosti\/#primaryimage","url":"https:\/\/www.evropskakuca.me\/wp-content\/uploads\/2021\/09\/Reform-of-National-Disability-Determination-System-logo.jpg","contentUrl":"https:\/\/www.evropskakuca.me\/wp-content\/uploads\/2021\/09\/Reform-of-National-Disability-Determination-System-logo.jpg","width":1994,"height":1995},{"@type":"BreadcrumbList","@id":"https:\/\/www.evropskakuca.me\/me\/project\/reforma-nacionalnog-sistema-procjene-invalidnosti\/#breadcrumb","itemListElement":[{"@type":"ListItem","position":1,"name":"Home","item":"https:\/\/www.evropskakuca.me\/me\/"},{"@type":"ListItem","position":2,"name":"Projects","item":"https:\/\/www.evropskakuca.me\/me\/project\/"},{"@type":"ListItem","position":3,"name":"Reforma nacionalnog sistema procjene invalidnosti"}]},{"@type":"WebSite","@id":"https:\/\/www.evropskakuca.me\/me\/#website","url":"https:\/\/www.evropskakuca.me\/me\/","name":"Evropean house","description":"","publisher":{"@id":"https:\/\/www.evropskakuca.me\/me\/#organization"},"potentialAction":[{"@type":"SearchAction","target":{"@type":"EntryPoint","urlTemplate":"https:\/\/www.evropskakuca.me\/me\/?s={search_term_string}"},"query-input":{"@type":"PropertyValueSpecification","valueRequired":true,"valueName":"search_term_string"}}],"inLanguage":"me-ME"},{"@type":"Organization","@id":"https:\/\/www.evropskakuca.me\/me\/#organization","name":"Evropean house","url":"https:\/\/www.evropskakuca.me\/me\/","logo":{"@type":"ImageObject","inLanguage":"me-ME","@id":"https:\/\/www.evropskakuca.me\/me\/#\/schema\/logo\/image\/","url":"https:\/\/www.evropskakuca.me\/wp-content\/uploads\/2025\/01\/evropska-kuca-logo-1.png","contentUrl":"https:\/\/www.evropskakuca.me\/wp-content\/uploads\/2025\/01\/evropska-kuca-logo-1.png","width":425,"height":312,"caption":"Evropean house"},"image":{"@id":"https:\/\/www.evropskakuca.me\/me\/#\/schema\/logo\/image\/"},"sameAs":["https:\/\/www.facebook.com\/evropska.kuca","https:\/\/x.com\/evropska_kuca","https:\/\/www.instagram.com\/evropska_kuca"]}]}},"_links":{"self":[{"href":"https:\/\/www.evropskakuca.me\/me\/wp-json\/wp\/v2\/project\/15054","targetHints":{"allow":["GET"]}}],"collection":[{"href":"https:\/\/www.evropskakuca.me\/me\/wp-json\/wp\/v2\/project"}],"about":[{"href":"https:\/\/www.evropskakuca.me\/me\/wp-json\/wp\/v2\/types\/project"}],"wp:featuredmedia":[{"embeddable":true,"href":"https:\/\/www.evropskakuca.me\/me\/wp-json\/wp\/v2\/media\/37384"}],"wp:attachment":[{"href":"https:\/\/www.evropskakuca.me\/me\/wp-json\/wp\/v2\/media?parent=15054"}],"wp:term":[{"taxonomy":"project_tags","embeddable":true,"href":"https:\/\/www.evropskakuca.me\/me\/wp-json\/wp\/v2\/project_tags?post=15054"},{"taxonomy":"sector","embeddable":true,"href":"https:\/\/www.evropskakuca.me\/me\/wp-json\/wp\/v2\/sector?post=15054"}],"curies":[{"name":"wp","href":"https:\/\/api.w.org\/{rel}","templated":true}]}}