{"id":14595,"date":"2021-09-09T22:24:10","date_gmt":"2021-09-09T22:24:10","guid":{"rendered":"http:\/\/www.evropskakuca.me\/?post_type=project&amp;p=14595"},"modified":"2021-09-09T22:24:10","modified_gmt":"2021-09-09T22:24:10","slug":"tehnicka-podrska-za-uskladivanje-i-sprovodenje-pravne-tekovine-evropske-unije-u-oblasti-unutrasnjeg-trzista-aim-ii","status":"publish","type":"project","link":"https:\/\/www.evropskakuca.me\/me\/project\/tehnicka-podrska-za-uskladivanje-i-sprovodenje-pravne-tekovine-evropske-unije-u-oblasti-unutrasnjeg-trzista-aim-ii\/","title":{"rendered":"Tehni\u010dka podr\u0161ka za uskla\u0111ivanje i sprovo\u0111enje pravne tekovine Evropske unije u oblasti unutra\u0161njeg tr\u017ei\u0161ta \u2013 AIM II"},"content":{"rendered":"<p>Slobodno kretanje roba je kamen temeljac evropskog unutra\u0161njeg\/jedinstvenog tr\u017ei\u0161ta, koje predstavlja jedno od najvec\u0301ih dostignuc\u0301a Evropske unije. Kao zemlja kandidat za \u010dlanstvo u Uniji, Crna Gora mora da uskladi svoje nacionalno zakonodavstvo sa evropskom pravnom tekovinom koje se odnosi na unutra\u0161nje tr\u017ei\u0161te.<\/p>\n<p>Ovim projektom se pru\u017ea podr\u0161ka relevantnim institucijama u Crnoj Gori kako bi se osiguralo efikasno uskla\u0111ivanje i implementacija pravne tekovine Evropske unije o unutra\u0161njem tr\u017ei\u0161tu u odre\u0111enim oblastima, \u0161to uklju\u010duje:<\/p>\n<ul>\n<li style=\"padding-bottom: 8px;\">Transpoziciju direktiva i regulativa novog i starog pristupa koje se odnose na medicinska sredstva, gra\u0111evinske proizvode, proizvode u okviru metrologije i nadzora tr\u017ei\u0161ta;<\/li>\n<li style=\"padding-bottom: 8px;\">Horizontalno zakonodavstvo koje se odnosi na za\u0161titu potro\u0161a\u010da, standardizaciju, metrologiju i akreditaciju.<\/li>\n<\/ul>\n<p>Drugim rije\u010dima, implementacija projektnih aktivnosti dove\u0161\u0107e do pobolj\u0161anja strate\u0161kog okvira u oblasti nadzora nad tr\u017ei\u0161tem i uskla\u0111enog nacionalnog zakonodavstva za Poglavlje 1 (Slobodno kretanje roba) i Poglavlje 28 (Za\u0161tita potro\u0161a\u010da i zdravlja).<\/p>\n<p>Projektom se organi nadle\u017eni za primjenu zakonodavstva povezuju sa donosiocima akata u jednu koherentnu cjelinu, \u0161to tako\u0111e poma\u017ee relevantnim institucijama u Crnoj Gori da izgrade svoje administrativne kapacitete. Na primjer, projektom je ve\u0107 obezbije\u0111ena tehni\u010dka pomoc\u0301 u procjeni postojec\u0301eg IT rje\u0161enja za za\u0161titu potro\u0161a\u010da i pru\u017eena savjetodavna podr\u0161ka Upravi za inspekcijske poslove u a\u017euriranju softvera radi pobolj\u0161anja njegove efikasnosti. Stoga se o\u010dekuje da c\u0301e ovaj projekat rezultirati ja\u010danjem administrativnih kapaciteta Ministarstva ekonomskog razvoja i drugih relevantnih institucija zadu\u017eenih za sprovo\u0111enje nacionalnog zakonodavstva u oblastima koje se odnose na Poglavlje 1 (Slobodno kretanje roba) i Poglavlje 28 (Za\u0161tita potro\u0161a\u010da i zdravlja).<\/p>\n","protected":false},"featured_media":36968,"parent":0,"template":"","meta":{"_acf_changed":false},"project_tags":[389,329,395,396,397,398],"sector":[391],"class_list":["post-14595","project","type-project","status-publish","has-post-thumbnail","hentry","project_tags-ekonomski-razvoj-i-inovacije","project_tags-potrosacka-prava","project_tags-potrosacka-prava-me","project_tags-slobodno-kretanje-robe","project_tags-unutrasnje-trziste","project_tags-zastita-potrosaca-i-zdravlja","sector-preduzetnistvo"],"acf":[],"yoast_head":"<!-- This site is optimized with the Yoast SEO plugin v27.3 - https:\/\/yoast.com\/product\/yoast-seo-wordpress\/ -->\n<title>Tehni\u010dka podr\u0161ka za uskla\u0111ivanje i sprovo\u0111enje pravne tekovine Evropske unije u oblasti unutra\u0161njeg tr\u017ei\u0161ta \u2013 AIM II - Europe House<\/title>\n<meta name=\"robots\" content=\"index, follow, max-snippet:-1, max-image-preview:large, max-video-preview:-1\" \/>\n<link rel=\"canonical\" href=\"https:\/\/www.evropskakuca.me\/me\/project\/tehnicka-podrska-za-uskladivanje-i-sprovodenje-pravne-tekovine-evropske-unije-u-oblasti-unutrasnjeg-trzista-aim-ii\/\" \/>\n<meta property=\"og:locale\" content=\"en_US\" \/>\n<meta property=\"og:type\" content=\"article\" \/>\n<meta property=\"og:title\" content=\"Tehni\u010dka podr\u0161ka za uskla\u0111ivanje i sprovo\u0111enje pravne tekovine Evropske unije u oblasti unutra\u0161njeg tr\u017ei\u0161ta \u2013 AIM II - Europe House\" \/>\n<meta property=\"og:description\" content=\"Slobodno kretanje roba je kamen temeljac evropskog unutra\u0161njeg\/jedinstvenog tr\u017ei\u0161ta, koje predstavlja jedno od najvec\u0301ih dostignuc\u0301a Evropske unije. Kao zemlja kandidat za \u010dlanstvo u Uniji, Crna Gora mora da uskladi svoje nacionalno zakonodavstvo sa evropskom pravnom tekovinom koje se odnosi na unutra\u0161nje tr\u017ei\u0161te. Ovim projektom se pru\u017ea podr\u0161ka relevantnim institucijama u Crnoj Gori kako bi se [&hellip;]\" \/>\n<meta property=\"og:url\" content=\"https:\/\/www.evropskakuca.me\/me\/project\/tehnicka-podrska-za-uskladivanje-i-sprovodenje-pravne-tekovine-evropske-unije-u-oblasti-unutrasnjeg-trzista-aim-ii\/\" \/>\n<meta property=\"og:site_name\" content=\"Europe House\" \/>\n<meta property=\"article:publisher\" content=\"https:\/\/www.facebook.com\/evropska.kuca\" \/>\n<meta property=\"og:image\" content=\"https:\/\/www.evropskakuca.me\/wp-content\/uploads\/2021\/07\/iStock-1178982949-2.jpg\" \/>\n\t<meta property=\"og:image:width\" content=\"2165\" \/>\n\t<meta property=\"og:image:height\" content=\"1444\" \/>\n\t<meta property=\"og:image:type\" content=\"image\/jpeg\" \/>\n<meta name=\"twitter:card\" content=\"summary_large_image\" \/>\n<meta name=\"twitter:site\" content=\"@evropska_kuca\" \/>\n<meta name=\"twitter:label1\" content=\"Est. reading time\" \/>\n\t<meta name=\"twitter:data1\" content=\"1 minute\" \/>\n<script type=\"application\/ld+json\" class=\"yoast-schema-graph\">{\"@context\":\"https:\\\/\\\/schema.org\",\"@graph\":[{\"@type\":\"WebPage\",\"@id\":\"https:\\\/\\\/www.evropskakuca.me\\\/me\\\/project\\\/tehnicka-podrska-za-uskladivanje-i-sprovodenje-pravne-tekovine-evropske-unije-u-oblasti-unutrasnjeg-trzista-aim-ii\\\/\",\"url\":\"https:\\\/\\\/www.evropskakuca.me\\\/me\\\/project\\\/tehnicka-podrska-za-uskladivanje-i-sprovodenje-pravne-tekovine-evropske-unije-u-oblasti-unutrasnjeg-trzista-aim-ii\\\/\",\"name\":\"Tehni\u010dka podr\u0161ka za uskla\u0111ivanje i sprovo\u0111enje pravne tekovine Evropske unije u oblasti unutra\u0161njeg tr\u017ei\u0161ta \u2013 AIM II - Europe House\",\"isPartOf\":{\"@id\":\"https:\\\/\\\/www.evropskakuca.me\\\/me\\\/#website\"},\"primaryImageOfPage\":{\"@id\":\"https:\\\/\\\/www.evropskakuca.me\\\/me\\\/project\\\/tehnicka-podrska-za-uskladivanje-i-sprovodenje-pravne-tekovine-evropske-unije-u-oblasti-unutrasnjeg-trzista-aim-ii\\\/#primaryimage\"},\"image\":{\"@id\":\"https:\\\/\\\/www.evropskakuca.me\\\/me\\\/project\\\/tehnicka-podrska-za-uskladivanje-i-sprovodenje-pravne-tekovine-evropske-unije-u-oblasti-unutrasnjeg-trzista-aim-ii\\\/#primaryimage\"},\"thumbnailUrl\":\"https:\\\/\\\/www.evropskakuca.me\\\/wp-content\\\/uploads\\\/2021\\\/07\\\/iStock-1178982949-2.jpg\",\"datePublished\":\"2021-09-09T22:24:10+00:00\",\"breadcrumb\":{\"@id\":\"https:\\\/\\\/www.evropskakuca.me\\\/me\\\/project\\\/tehnicka-podrska-za-uskladivanje-i-sprovodenje-pravne-tekovine-evropske-unije-u-oblasti-unutrasnjeg-trzista-aim-ii\\\/#breadcrumb\"},\"inLanguage\":\"me-ME\",\"potentialAction\":[{\"@type\":\"ReadAction\",\"target\":[\"https:\\\/\\\/www.evropskakuca.me\\\/me\\\/project\\\/tehnicka-podrska-za-uskladivanje-i-sprovodenje-pravne-tekovine-evropske-unije-u-oblasti-unutrasnjeg-trzista-aim-ii\\\/\"]}]},{\"@type\":\"ImageObject\",\"inLanguage\":\"me-ME\",\"@id\":\"https:\\\/\\\/www.evropskakuca.me\\\/me\\\/project\\\/tehnicka-podrska-za-uskladivanje-i-sprovodenje-pravne-tekovine-evropske-unije-u-oblasti-unutrasnjeg-trzista-aim-ii\\\/#primaryimage\",\"url\":\"https:\\\/\\\/www.evropskakuca.me\\\/wp-content\\\/uploads\\\/2021\\\/07\\\/iStock-1178982949-2.jpg\",\"contentUrl\":\"https:\\\/\\\/www.evropskakuca.me\\\/wp-content\\\/uploads\\\/2021\\\/07\\\/iStock-1178982949-2.jpg\",\"width\":2165,\"height\":1444},{\"@type\":\"BreadcrumbList\",\"@id\":\"https:\\\/\\\/www.evropskakuca.me\\\/me\\\/project\\\/tehnicka-podrska-za-uskladivanje-i-sprovodenje-pravne-tekovine-evropske-unije-u-oblasti-unutrasnjeg-trzista-aim-ii\\\/#breadcrumb\",\"itemListElement\":[{\"@type\":\"ListItem\",\"position\":1,\"name\":\"Home\",\"item\":\"https:\\\/\\\/www.evropskakuca.me\\\/me\\\/\"},{\"@type\":\"ListItem\",\"position\":2,\"name\":\"Projects\",\"item\":\"https:\\\/\\\/www.evropskakuca.me\\\/me\\\/project\\\/\"},{\"@type\":\"ListItem\",\"position\":3,\"name\":\"Tehni\u010dka podr\u0161ka za uskla\u0111ivanje i sprovo\u0111enje pravne tekovine Evropske unije u oblasti unutra\u0161njeg tr\u017ei\u0161ta \u2013 AIM II\"}]},{\"@type\":\"WebSite\",\"@id\":\"https:\\\/\\\/www.evropskakuca.me\\\/me\\\/#website\",\"url\":\"https:\\\/\\\/www.evropskakuca.me\\\/me\\\/\",\"name\":\"Evropean house\",\"description\":\"\",\"publisher\":{\"@id\":\"https:\\\/\\\/www.evropskakuca.me\\\/me\\\/#organization\"},\"potentialAction\":[{\"@type\":\"SearchAction\",\"target\":{\"@type\":\"EntryPoint\",\"urlTemplate\":\"https:\\\/\\\/www.evropskakuca.me\\\/me\\\/?s={search_term_string}\"},\"query-input\":{\"@type\":\"PropertyValueSpecification\",\"valueRequired\":true,\"valueName\":\"search_term_string\"}}],\"inLanguage\":\"me-ME\"},{\"@type\":\"Organization\",\"@id\":\"https:\\\/\\\/www.evropskakuca.me\\\/me\\\/#organization\",\"name\":\"Evropean house\",\"url\":\"https:\\\/\\\/www.evropskakuca.me\\\/me\\\/\",\"logo\":{\"@type\":\"ImageObject\",\"inLanguage\":\"me-ME\",\"@id\":\"https:\\\/\\\/www.evropskakuca.me\\\/me\\\/#\\\/schema\\\/logo\\\/image\\\/\",\"url\":\"https:\\\/\\\/www.evropskakuca.me\\\/wp-content\\\/uploads\\\/2025\\\/01\\\/evropska-kuca-logo-1.png\",\"contentUrl\":\"https:\\\/\\\/www.evropskakuca.me\\\/wp-content\\\/uploads\\\/2025\\\/01\\\/evropska-kuca-logo-1.png\",\"width\":425,\"height\":312,\"caption\":\"Evropean house\"},\"image\":{\"@id\":\"https:\\\/\\\/www.evropskakuca.me\\\/me\\\/#\\\/schema\\\/logo\\\/image\\\/\"},\"sameAs\":[\"https:\\\/\\\/www.facebook.com\\\/evropska.kuca\",\"https:\\\/\\\/x.com\\\/evropska_kuca\",\"https:\\\/\\\/www.instagram.com\\\/evropska_kuca\"]}]}<\/script>\n<!-- \/ Yoast SEO plugin. -->","yoast_head_json":{"title":"Tehni\u010dka podr\u0161ka za uskla\u0111ivanje i sprovo\u0111enje pravne tekovine Evropske unije u oblasti unutra\u0161njeg tr\u017ei\u0161ta \u2013 AIM II - Europe House","robots":{"index":"index","follow":"follow","max-snippet":"max-snippet:-1","max-image-preview":"max-image-preview:large","max-video-preview":"max-video-preview:-1"},"canonical":"https:\/\/www.evropskakuca.me\/me\/project\/tehnicka-podrska-za-uskladivanje-i-sprovodenje-pravne-tekovine-evropske-unije-u-oblasti-unutrasnjeg-trzista-aim-ii\/","og_locale":"en_US","og_type":"article","og_title":"Tehni\u010dka podr\u0161ka za uskla\u0111ivanje i sprovo\u0111enje pravne tekovine Evropske unije u oblasti unutra\u0161njeg tr\u017ei\u0161ta \u2013 AIM II - Europe House","og_description":"Slobodno kretanje roba je kamen temeljac evropskog unutra\u0161njeg\/jedinstvenog tr\u017ei\u0161ta, koje predstavlja jedno od najvec\u0301ih dostignuc\u0301a Evropske unije. Kao zemlja kandidat za \u010dlanstvo u Uniji, Crna Gora mora da uskladi svoje nacionalno zakonodavstvo sa evropskom pravnom tekovinom koje se odnosi na unutra\u0161nje tr\u017ei\u0161te. Ovim projektom se pru\u017ea podr\u0161ka relevantnim institucijama u Crnoj Gori kako bi se [&hellip;]","og_url":"https:\/\/www.evropskakuca.me\/me\/project\/tehnicka-podrska-za-uskladivanje-i-sprovodenje-pravne-tekovine-evropske-unije-u-oblasti-unutrasnjeg-trzista-aim-ii\/","og_site_name":"Europe House","article_publisher":"https:\/\/www.facebook.com\/evropska.kuca","og_image":[{"width":2165,"height":1444,"url":"https:\/\/www.evropskakuca.me\/wp-content\/uploads\/2021\/07\/iStock-1178982949-2.jpg","type":"image\/jpeg"}],"twitter_card":"summary_large_image","twitter_site":"@evropska_kuca","twitter_misc":{"Est. reading time":"1 minute"},"schema":{"@context":"https:\/\/schema.org","@graph":[{"@type":"WebPage","@id":"https:\/\/www.evropskakuca.me\/me\/project\/tehnicka-podrska-za-uskladivanje-i-sprovodenje-pravne-tekovine-evropske-unije-u-oblasti-unutrasnjeg-trzista-aim-ii\/","url":"https:\/\/www.evropskakuca.me\/me\/project\/tehnicka-podrska-za-uskladivanje-i-sprovodenje-pravne-tekovine-evropske-unije-u-oblasti-unutrasnjeg-trzista-aim-ii\/","name":"Tehni\u010dka podr\u0161ka za uskla\u0111ivanje i sprovo\u0111enje pravne tekovine Evropske unije u oblasti unutra\u0161njeg tr\u017ei\u0161ta \u2013 AIM II - Europe House","isPartOf":{"@id":"https:\/\/www.evropskakuca.me\/me\/#website"},"primaryImageOfPage":{"@id":"https:\/\/www.evropskakuca.me\/me\/project\/tehnicka-podrska-za-uskladivanje-i-sprovodenje-pravne-tekovine-evropske-unije-u-oblasti-unutrasnjeg-trzista-aim-ii\/#primaryimage"},"image":{"@id":"https:\/\/www.evropskakuca.me\/me\/project\/tehnicka-podrska-za-uskladivanje-i-sprovodenje-pravne-tekovine-evropske-unije-u-oblasti-unutrasnjeg-trzista-aim-ii\/#primaryimage"},"thumbnailUrl":"https:\/\/www.evropskakuca.me\/wp-content\/uploads\/2021\/07\/iStock-1178982949-2.jpg","datePublished":"2021-09-09T22:24:10+00:00","breadcrumb":{"@id":"https:\/\/www.evropskakuca.me\/me\/project\/tehnicka-podrska-za-uskladivanje-i-sprovodenje-pravne-tekovine-evropske-unije-u-oblasti-unutrasnjeg-trzista-aim-ii\/#breadcrumb"},"inLanguage":"me-ME","potentialAction":[{"@type":"ReadAction","target":["https:\/\/www.evropskakuca.me\/me\/project\/tehnicka-podrska-za-uskladivanje-i-sprovodenje-pravne-tekovine-evropske-unije-u-oblasti-unutrasnjeg-trzista-aim-ii\/"]}]},{"@type":"ImageObject","inLanguage":"me-ME","@id":"https:\/\/www.evropskakuca.me\/me\/project\/tehnicka-podrska-za-uskladivanje-i-sprovodenje-pravne-tekovine-evropske-unije-u-oblasti-unutrasnjeg-trzista-aim-ii\/#primaryimage","url":"https:\/\/www.evropskakuca.me\/wp-content\/uploads\/2021\/07\/iStock-1178982949-2.jpg","contentUrl":"https:\/\/www.evropskakuca.me\/wp-content\/uploads\/2021\/07\/iStock-1178982949-2.jpg","width":2165,"height":1444},{"@type":"BreadcrumbList","@id":"https:\/\/www.evropskakuca.me\/me\/project\/tehnicka-podrska-za-uskladivanje-i-sprovodenje-pravne-tekovine-evropske-unije-u-oblasti-unutrasnjeg-trzista-aim-ii\/#breadcrumb","itemListElement":[{"@type":"ListItem","position":1,"name":"Home","item":"https:\/\/www.evropskakuca.me\/me\/"},{"@type":"ListItem","position":2,"name":"Projects","item":"https:\/\/www.evropskakuca.me\/me\/project\/"},{"@type":"ListItem","position":3,"name":"Tehni\u010dka podr\u0161ka za uskla\u0111ivanje i sprovo\u0111enje pravne tekovine Evropske unije u oblasti unutra\u0161njeg tr\u017ei\u0161ta \u2013 AIM II"}]},{"@type":"WebSite","@id":"https:\/\/www.evropskakuca.me\/me\/#website","url":"https:\/\/www.evropskakuca.me\/me\/","name":"Evropean house","description":"","publisher":{"@id":"https:\/\/www.evropskakuca.me\/me\/#organization"},"potentialAction":[{"@type":"SearchAction","target":{"@type":"EntryPoint","urlTemplate":"https:\/\/www.evropskakuca.me\/me\/?s={search_term_string}"},"query-input":{"@type":"PropertyValueSpecification","valueRequired":true,"valueName":"search_term_string"}}],"inLanguage":"me-ME"},{"@type":"Organization","@id":"https:\/\/www.evropskakuca.me\/me\/#organization","name":"Evropean house","url":"https:\/\/www.evropskakuca.me\/me\/","logo":{"@type":"ImageObject","inLanguage":"me-ME","@id":"https:\/\/www.evropskakuca.me\/me\/#\/schema\/logo\/image\/","url":"https:\/\/www.evropskakuca.me\/wp-content\/uploads\/2025\/01\/evropska-kuca-logo-1.png","contentUrl":"https:\/\/www.evropskakuca.me\/wp-content\/uploads\/2025\/01\/evropska-kuca-logo-1.png","width":425,"height":312,"caption":"Evropean house"},"image":{"@id":"https:\/\/www.evropskakuca.me\/me\/#\/schema\/logo\/image\/"},"sameAs":["https:\/\/www.facebook.com\/evropska.kuca","https:\/\/x.com\/evropska_kuca","https:\/\/www.instagram.com\/evropska_kuca"]}]}},"_links":{"self":[{"href":"https:\/\/www.evropskakuca.me\/me\/wp-json\/wp\/v2\/project\/14595","targetHints":{"allow":["GET"]}}],"collection":[{"href":"https:\/\/www.evropskakuca.me\/me\/wp-json\/wp\/v2\/project"}],"about":[{"href":"https:\/\/www.evropskakuca.me\/me\/wp-json\/wp\/v2\/types\/project"}],"wp:featuredmedia":[{"embeddable":true,"href":"https:\/\/www.evropskakuca.me\/me\/wp-json\/wp\/v2\/media\/36968"}],"wp:attachment":[{"href":"https:\/\/www.evropskakuca.me\/me\/wp-json\/wp\/v2\/media?parent=14595"}],"wp:term":[{"taxonomy":"project_tags","embeddable":true,"href":"https:\/\/www.evropskakuca.me\/me\/wp-json\/wp\/v2\/project_tags?post=14595"},{"taxonomy":"sector","embeddable":true,"href":"https:\/\/www.evropskakuca.me\/me\/wp-json\/wp\/v2\/sector?post=14595"}],"curies":[{"name":"wp","href":"https:\/\/api.w.org\/{rel}","templated":true}]}}