{"id":13885,"date":"2021-08-01T15:22:07","date_gmt":"2021-08-01T15:22:07","guid":{"rendered":"http:\/\/www.evropskakuca.me\/?post_type=project&amp;p=13885"},"modified":"2021-08-01T15:22:07","modified_gmt":"2021-08-01T15:22:07","slug":"horizontalni-program-evropske-unije-i-savjeta-evrope-za-zapadni-balkan-i-tursku-2019-2022-dalje-unaprjedenje-zastite-ljudskih-prava-pritvorenih-i-zatvorenih-lica-u-crnoj-gori","status":"publish","type":"project","link":"https:\/\/www.evropskakuca.me\/me\/project\/horizontalni-program-evropske-unije-i-savjeta-evrope-za-zapadni-balkan-i-tursku-2019-2022-dalje-unaprjedenje-zastite-ljudskih-prava-pritvorenih-i-zatvorenih-lica-u-crnoj-gori\/","title":{"rendered":"Horizontalni program Evropske unije i Savjeta Evrope za Zapadni Balkan i Tursku 2019-2022: \u201cDalje unaprje\u0111enje za\u0161tite ljudskih prava pritvorenih i zatvorenih lica u Crnoj Gori\u201d"},"content":{"rendered":"<p>Vladavina prava, po\u0161tovanje ljudskih prava i demokratsko upravljanje su u sr\u017ei procesa pristupanja Evropskoj uniji. Da bi podr\u017eali reformske procese u ovim oblastima, Evropska unija (EU) i Savjet Evrope (SE) vec\u0301 du\u017ei niz godina blisko sara\u0111uju na Zapadnom Balkanu i u Turskoj kroz Horizontalni program.<\/p>\n<p>Ovaj projekat je usmjeren na zatvore, policijske stanice i psihijatrijske ustanove, kao i prava osoba zadr\u017eanih u tim institucijama u nekom trenutku svog \u017eivota. Projektom se nastoji pobolj\u0161ati za\u0161tita ljudskih prava pritvorenih i zatvorenih lica, kao i osigurati bolja perspektivu za uspje\u0161an povratak u dru\u0161tvo. Tako\u0111e, projekat doprinosi ja\u010danju mjera za\u0161tite protiv zlostavljanja i odgovornosti policije i zatvorskog osoblja, a sve kako bi se sprije\u010dili slu\u010dajevi zloupotrebe sile prilikom postupanja policije sa licima li\u0161enim slobode ili masom tokom protesta.<\/p>\n<p>Kroz pobolj\u0161ane uslove u zatvorenim ustanovama, a uz podr\u0161ku dodatno obrazovanih i obu\u010denih stru\u010dnjaka, korisnici i njihove porodice ima\u0107e vi\u0161e komfora i ve\u0107i osjec\u0301aj sigurnosti. To zauzvrat omogu\u0107ava bolje razumijevanje i saradnju svih aktera uklju\u010denih u procese rehabilitacije i reintegracije. Na taj na\u010din cijelo dru\u0161tvo postaje sigurnije mjesto, u kojem svi u\u017eivaju jednaka prava.<\/p>\n<p><strong>Vi\u0161e o Horizontal Facility programu<\/strong><\/p>\n<p>Prva faza programa trajala je od 2016. do 2019. godine, dok druga faza pokriva period od 2019. do 2022. godine. Iznos programa je oko 41 milion eura (85% finansira EU, 15% SE). U prvoj fazi programa bilo je \u0161est projekata koji su obuhvatili Crnu Goru, sa ukupnim bud\u017eetom od 3,33 miliona eura. U drugoj fazi izdvojeno je 4,7 miliona eura za sedam projekata, koji pokrivaju sva klju\u010dna podru\u010dja Horizontalnog programa, kao \u0161to su: reforma pravosu\u0111a, za\u0161tita ljudskih prava, reforma zatvorskog sistema i policije, borba protiv ekonomskog kriminala, borba protiv diskriminacije i inkluzivno obrazovanje.<\/p>\n","protected":false},"featured_media":0,"parent":0,"template":"","meta":{"_acf_changed":false},"project_tags":[358,308,310,362,321],"sector":[359],"class_list":["post-13885","project","type-project","status-publish","hentry","project_tags-horizontalni-program","project_tags-ljudska-prava","project_tags-osudi-diskriminaciju","project_tags-stop-diskriminaciji","project_tags-vladavina-prava","sector-vladavina-prava"],"acf":[],"yoast_head":"<!-- This site is optimized with the Yoast SEO plugin v27.3 - https:\/\/yoast.com\/product\/yoast-seo-wordpress\/ -->\n<title>Horizontalni program Evropske unije i Savjeta Evrope za Zapadni Balkan i Tursku 2019-2022: \u201cDalje unaprje\u0111enje za\u0161tite ljudskih prava pritvorenih i zatvorenih lica u Crnoj Gori\u201d - Europe House<\/title>\n<meta name=\"robots\" content=\"index, follow, max-snippet:-1, max-image-preview:large, max-video-preview:-1\" \/>\n<link rel=\"canonical\" href=\"https:\/\/www.evropskakuca.me\/me\/project\/horizontalni-program-evropske-unije-i-savjeta-evrope-za-zapadni-balkan-i-tursku-2019-2022-dalje-unaprjedenje-zastite-ljudskih-prava-pritvorenih-i-zatvorenih-lica-u-crnoj-gori\/\" \/>\n<meta property=\"og:locale\" content=\"en_US\" \/>\n<meta property=\"og:type\" content=\"article\" \/>\n<meta property=\"og:title\" content=\"Horizontalni program Evropske unije i Savjeta Evrope za Zapadni Balkan i Tursku 2019-2022: \u201cDalje unaprje\u0111enje za\u0161tite ljudskih prava pritvorenih i zatvorenih lica u Crnoj Gori\u201d - Europe House\" \/>\n<meta property=\"og:description\" content=\"Vladavina prava, po\u0161tovanje ljudskih prava i demokratsko upravljanje su u sr\u017ei procesa pristupanja Evropskoj uniji. Da bi podr\u017eali reformske procese u ovim oblastima, Evropska unija (EU) i Savjet Evrope (SE) vec\u0301 du\u017ei niz godina blisko sara\u0111uju na Zapadnom Balkanu i u Turskoj kroz Horizontalni program. Ovaj projekat je usmjeren na zatvore, policijske stanice i psihijatrijske [&hellip;]\" \/>\n<meta property=\"og:url\" content=\"https:\/\/www.evropskakuca.me\/me\/project\/horizontalni-program-evropske-unije-i-savjeta-evrope-za-zapadni-balkan-i-tursku-2019-2022-dalje-unaprjedenje-zastite-ljudskih-prava-pritvorenih-i-zatvorenih-lica-u-crnoj-gori\/\" \/>\n<meta property=\"og:site_name\" content=\"Europe House\" \/>\n<meta property=\"article:publisher\" content=\"https:\/\/www.facebook.com\/evropska.kuca\" \/>\n<meta name=\"twitter:card\" content=\"summary_large_image\" \/>\n<meta name=\"twitter:site\" content=\"@evropska_kuca\" \/>\n<meta name=\"twitter:label1\" content=\"Est. reading time\" \/>\n\t<meta name=\"twitter:data1\" content=\"2 minutes\" \/>\n<script type=\"application\/ld+json\" class=\"yoast-schema-graph\">{\"@context\":\"https:\\\/\\\/schema.org\",\"@graph\":[{\"@type\":\"WebPage\",\"@id\":\"https:\\\/\\\/www.evropskakuca.me\\\/me\\\/project\\\/horizontalni-program-evropske-unije-i-savjeta-evrope-za-zapadni-balkan-i-tursku-2019-2022-dalje-unaprjedenje-zastite-ljudskih-prava-pritvorenih-i-zatvorenih-lica-u-crnoj-gori\\\/\",\"url\":\"https:\\\/\\\/www.evropskakuca.me\\\/me\\\/project\\\/horizontalni-program-evropske-unije-i-savjeta-evrope-za-zapadni-balkan-i-tursku-2019-2022-dalje-unaprjedenje-zastite-ljudskih-prava-pritvorenih-i-zatvorenih-lica-u-crnoj-gori\\\/\",\"name\":\"Horizontalni program Evropske unije i Savjeta Evrope za Zapadni Balkan i Tursku 2019-2022: \u201cDalje unaprje\u0111enje za\u0161tite ljudskih prava pritvorenih i zatvorenih lica u Crnoj Gori\u201d - Europe House\",\"isPartOf\":{\"@id\":\"https:\\\/\\\/www.evropskakuca.me\\\/me\\\/#website\"},\"datePublished\":\"2021-08-01T15:22:07+00:00\",\"breadcrumb\":{\"@id\":\"https:\\\/\\\/www.evropskakuca.me\\\/me\\\/project\\\/horizontalni-program-evropske-unije-i-savjeta-evrope-za-zapadni-balkan-i-tursku-2019-2022-dalje-unaprjedenje-zastite-ljudskih-prava-pritvorenih-i-zatvorenih-lica-u-crnoj-gori\\\/#breadcrumb\"},\"inLanguage\":\"me-ME\",\"potentialAction\":[{\"@type\":\"ReadAction\",\"target\":[\"https:\\\/\\\/www.evropskakuca.me\\\/me\\\/project\\\/horizontalni-program-evropske-unije-i-savjeta-evrope-za-zapadni-balkan-i-tursku-2019-2022-dalje-unaprjedenje-zastite-ljudskih-prava-pritvorenih-i-zatvorenih-lica-u-crnoj-gori\\\/\"]}]},{\"@type\":\"BreadcrumbList\",\"@id\":\"https:\\\/\\\/www.evropskakuca.me\\\/me\\\/project\\\/horizontalni-program-evropske-unije-i-savjeta-evrope-za-zapadni-balkan-i-tursku-2019-2022-dalje-unaprjedenje-zastite-ljudskih-prava-pritvorenih-i-zatvorenih-lica-u-crnoj-gori\\\/#breadcrumb\",\"itemListElement\":[{\"@type\":\"ListItem\",\"position\":1,\"name\":\"Home\",\"item\":\"https:\\\/\\\/www.evropskakuca.me\\\/me\\\/\"},{\"@type\":\"ListItem\",\"position\":2,\"name\":\"Projects\",\"item\":\"https:\\\/\\\/www.evropskakuca.me\\\/me\\\/project\\\/\"},{\"@type\":\"ListItem\",\"position\":3,\"name\":\"Horizontalni program Evropske unije i Savjeta Evrope za Zapadni Balkan i Tursku 2019-2022: \u201cDalje unaprje\u0111enje za\u0161tite ljudskih prava pritvorenih i zatvorenih lica u Crnoj Gori\u201d\"}]},{\"@type\":\"WebSite\",\"@id\":\"https:\\\/\\\/www.evropskakuca.me\\\/me\\\/#website\",\"url\":\"https:\\\/\\\/www.evropskakuca.me\\\/me\\\/\",\"name\":\"Evropean house\",\"description\":\"\",\"publisher\":{\"@id\":\"https:\\\/\\\/www.evropskakuca.me\\\/me\\\/#organization\"},\"potentialAction\":[{\"@type\":\"SearchAction\",\"target\":{\"@type\":\"EntryPoint\",\"urlTemplate\":\"https:\\\/\\\/www.evropskakuca.me\\\/me\\\/?s={search_term_string}\"},\"query-input\":{\"@type\":\"PropertyValueSpecification\",\"valueRequired\":true,\"valueName\":\"search_term_string\"}}],\"inLanguage\":\"me-ME\"},{\"@type\":\"Organization\",\"@id\":\"https:\\\/\\\/www.evropskakuca.me\\\/me\\\/#organization\",\"name\":\"Evropean house\",\"url\":\"https:\\\/\\\/www.evropskakuca.me\\\/me\\\/\",\"logo\":{\"@type\":\"ImageObject\",\"inLanguage\":\"me-ME\",\"@id\":\"https:\\\/\\\/www.evropskakuca.me\\\/me\\\/#\\\/schema\\\/logo\\\/image\\\/\",\"url\":\"https:\\\/\\\/www.evropskakuca.me\\\/wp-content\\\/uploads\\\/2025\\\/01\\\/evropska-kuca-logo-1.png\",\"contentUrl\":\"https:\\\/\\\/www.evropskakuca.me\\\/wp-content\\\/uploads\\\/2025\\\/01\\\/evropska-kuca-logo-1.png\",\"width\":425,\"height\":312,\"caption\":\"Evropean house\"},\"image\":{\"@id\":\"https:\\\/\\\/www.evropskakuca.me\\\/me\\\/#\\\/schema\\\/logo\\\/image\\\/\"},\"sameAs\":[\"https:\\\/\\\/www.facebook.com\\\/evropska.kuca\",\"https:\\\/\\\/x.com\\\/evropska_kuca\",\"https:\\\/\\\/www.instagram.com\\\/evropska_kuca\"]}]}<\/script>\n<!-- \/ Yoast SEO plugin. -->","yoast_head_json":{"title":"Horizontalni program Evropske unije i Savjeta Evrope za Zapadni Balkan i Tursku 2019-2022: \u201cDalje unaprje\u0111enje za\u0161tite ljudskih prava pritvorenih i zatvorenih lica u Crnoj Gori\u201d - Europe House","robots":{"index":"index","follow":"follow","max-snippet":"max-snippet:-1","max-image-preview":"max-image-preview:large","max-video-preview":"max-video-preview:-1"},"canonical":"https:\/\/www.evropskakuca.me\/me\/project\/horizontalni-program-evropske-unije-i-savjeta-evrope-za-zapadni-balkan-i-tursku-2019-2022-dalje-unaprjedenje-zastite-ljudskih-prava-pritvorenih-i-zatvorenih-lica-u-crnoj-gori\/","og_locale":"en_US","og_type":"article","og_title":"Horizontalni program Evropske unije i Savjeta Evrope za Zapadni Balkan i Tursku 2019-2022: \u201cDalje unaprje\u0111enje za\u0161tite ljudskih prava pritvorenih i zatvorenih lica u Crnoj Gori\u201d - Europe House","og_description":"Vladavina prava, po\u0161tovanje ljudskih prava i demokratsko upravljanje su u sr\u017ei procesa pristupanja Evropskoj uniji. Da bi podr\u017eali reformske procese u ovim oblastima, Evropska unija (EU) i Savjet Evrope (SE) vec\u0301 du\u017ei niz godina blisko sara\u0111uju na Zapadnom Balkanu i u Turskoj kroz Horizontalni program. Ovaj projekat je usmjeren na zatvore, policijske stanice i psihijatrijske [&hellip;]","og_url":"https:\/\/www.evropskakuca.me\/me\/project\/horizontalni-program-evropske-unije-i-savjeta-evrope-za-zapadni-balkan-i-tursku-2019-2022-dalje-unaprjedenje-zastite-ljudskih-prava-pritvorenih-i-zatvorenih-lica-u-crnoj-gori\/","og_site_name":"Europe House","article_publisher":"https:\/\/www.facebook.com\/evropska.kuca","twitter_card":"summary_large_image","twitter_site":"@evropska_kuca","twitter_misc":{"Est. reading time":"2 minutes"},"schema":{"@context":"https:\/\/schema.org","@graph":[{"@type":"WebPage","@id":"https:\/\/www.evropskakuca.me\/me\/project\/horizontalni-program-evropske-unije-i-savjeta-evrope-za-zapadni-balkan-i-tursku-2019-2022-dalje-unaprjedenje-zastite-ljudskih-prava-pritvorenih-i-zatvorenih-lica-u-crnoj-gori\/","url":"https:\/\/www.evropskakuca.me\/me\/project\/horizontalni-program-evropske-unije-i-savjeta-evrope-za-zapadni-balkan-i-tursku-2019-2022-dalje-unaprjedenje-zastite-ljudskih-prava-pritvorenih-i-zatvorenih-lica-u-crnoj-gori\/","name":"Horizontalni program Evropske unije i Savjeta Evrope za Zapadni Balkan i Tursku 2019-2022: \u201cDalje unaprje\u0111enje za\u0161tite ljudskih prava pritvorenih i zatvorenih lica u Crnoj Gori\u201d - Europe House","isPartOf":{"@id":"https:\/\/www.evropskakuca.me\/me\/#website"},"datePublished":"2021-08-01T15:22:07+00:00","breadcrumb":{"@id":"https:\/\/www.evropskakuca.me\/me\/project\/horizontalni-program-evropske-unije-i-savjeta-evrope-za-zapadni-balkan-i-tursku-2019-2022-dalje-unaprjedenje-zastite-ljudskih-prava-pritvorenih-i-zatvorenih-lica-u-crnoj-gori\/#breadcrumb"},"inLanguage":"me-ME","potentialAction":[{"@type":"ReadAction","target":["https:\/\/www.evropskakuca.me\/me\/project\/horizontalni-program-evropske-unije-i-savjeta-evrope-za-zapadni-balkan-i-tursku-2019-2022-dalje-unaprjedenje-zastite-ljudskih-prava-pritvorenih-i-zatvorenih-lica-u-crnoj-gori\/"]}]},{"@type":"BreadcrumbList","@id":"https:\/\/www.evropskakuca.me\/me\/project\/horizontalni-program-evropske-unije-i-savjeta-evrope-za-zapadni-balkan-i-tursku-2019-2022-dalje-unaprjedenje-zastite-ljudskih-prava-pritvorenih-i-zatvorenih-lica-u-crnoj-gori\/#breadcrumb","itemListElement":[{"@type":"ListItem","position":1,"name":"Home","item":"https:\/\/www.evropskakuca.me\/me\/"},{"@type":"ListItem","position":2,"name":"Projects","item":"https:\/\/www.evropskakuca.me\/me\/project\/"},{"@type":"ListItem","position":3,"name":"Horizontalni program Evropske unije i Savjeta Evrope za Zapadni Balkan i Tursku 2019-2022: \u201cDalje unaprje\u0111enje za\u0161tite ljudskih prava pritvorenih i zatvorenih lica u Crnoj Gori\u201d"}]},{"@type":"WebSite","@id":"https:\/\/www.evropskakuca.me\/me\/#website","url":"https:\/\/www.evropskakuca.me\/me\/","name":"Evropean house","description":"","publisher":{"@id":"https:\/\/www.evropskakuca.me\/me\/#organization"},"potentialAction":[{"@type":"SearchAction","target":{"@type":"EntryPoint","urlTemplate":"https:\/\/www.evropskakuca.me\/me\/?s={search_term_string}"},"query-input":{"@type":"PropertyValueSpecification","valueRequired":true,"valueName":"search_term_string"}}],"inLanguage":"me-ME"},{"@type":"Organization","@id":"https:\/\/www.evropskakuca.me\/me\/#organization","name":"Evropean house","url":"https:\/\/www.evropskakuca.me\/me\/","logo":{"@type":"ImageObject","inLanguage":"me-ME","@id":"https:\/\/www.evropskakuca.me\/me\/#\/schema\/logo\/image\/","url":"https:\/\/www.evropskakuca.me\/wp-content\/uploads\/2025\/01\/evropska-kuca-logo-1.png","contentUrl":"https:\/\/www.evropskakuca.me\/wp-content\/uploads\/2025\/01\/evropska-kuca-logo-1.png","width":425,"height":312,"caption":"Evropean house"},"image":{"@id":"https:\/\/www.evropskakuca.me\/me\/#\/schema\/logo\/image\/"},"sameAs":["https:\/\/www.facebook.com\/evropska.kuca","https:\/\/x.com\/evropska_kuca","https:\/\/www.instagram.com\/evropska_kuca"]}]}},"_links":{"self":[{"href":"https:\/\/www.evropskakuca.me\/me\/wp-json\/wp\/v2\/project\/13885","targetHints":{"allow":["GET"]}}],"collection":[{"href":"https:\/\/www.evropskakuca.me\/me\/wp-json\/wp\/v2\/project"}],"about":[{"href":"https:\/\/www.evropskakuca.me\/me\/wp-json\/wp\/v2\/types\/project"}],"wp:attachment":[{"href":"https:\/\/www.evropskakuca.me\/me\/wp-json\/wp\/v2\/media?parent=13885"}],"wp:term":[{"taxonomy":"project_tags","embeddable":true,"href":"https:\/\/www.evropskakuca.me\/me\/wp-json\/wp\/v2\/project_tags?post=13885"},{"taxonomy":"sector","embeddable":true,"href":"https:\/\/www.evropskakuca.me\/me\/wp-json\/wp\/v2\/sector?post=13885"}],"curies":[{"name":"wp","href":"https:\/\/api.w.org\/{rel}","templated":true}]}}