{"id":13721,"date":"2021-07-22T00:28:54","date_gmt":"2021-07-22T00:28:54","guid":{"rendered":"http:\/\/www.evropskakuca.me\/?post_type=project&amp;p=13721"},"modified":"2021-07-22T00:28:54","modified_gmt":"2021-07-22T00:28:54","slug":"sve-na-jednom-mjestu-za-socijalnu-inkluziju-i-zaposljivost-mladih","status":"publish","type":"project","link":"https:\/\/www.evropskakuca.me\/me\/project\/sve-na-jednom-mjestu-za-socijalnu-inkluziju-i-zaposljivost-mladih\/","title":{"rendered":"Sve na jednom mjestu \u2013 za socijalnu inkluziju i zapo\u0161ljivost mladih"},"content":{"rendered":"<p>Usluga \u201esve na jednom mjestu\u201d predstavlja inovativan model zapo\u0161ljivosti, jer objedinjuje razli\u010dite obuke za sticanje niza vje\u0161tina koje c\u0301e olak\u0161ati prelazak mladih iz obrazovnog procesa na tr\u017ei\u0161te rada.<\/p>\n<p>Ovaj projekat ima za cilj podsticanje zapo\u0161ljivosti i socijalne inkluzije mladih iz kategorije ranjivih grupa u prekograni\u010dnom podru\u010dju Sand\u017eaka, i to kroz povec\u0301anje njihovih kompetencija za zapo\u0161ljavanje i umre\u017eavanje sa malim i srednjim preduzec\u0301ima kroz pilot program inovativne usluge \u201esve na jednom mjestu\u201c za zapo\u0161ljavanje mladih.<\/p>\n<p>O\u010dekuje se da c\u0301e ovaj projekat pomoc\u0301i u razvoju usluga koje odgovaraju lokalnim potrebama koje se odnose na zapo\u0161ljavanje mladih, \u0161to lokalne samouprave u Sand\u017eaku prepoznaju kao model dobre prakse. Projektom c\u0301e se podr\u017eati 50 mladih iz ranjivih grupa sa podru\u010dja Sand\u017eaka kako bi stekli prenosive vje\u0161tine iz oblasti informaciono-komunikacionih tehnologija (IT) i preduzetni\u0161tva i tako pobolj\u0161ali \u0161anse za zaposlenje. Osim toga, ovim projektom c\u0301e se podr\u017eati razvijanje do 20 IT poslovnih ideja, od \u010dega \u0107e za dalji razvoj biti odabrano njih 6.<\/p>\n","protected":false},"featured_media":36856,"parent":0,"template":"","meta":{"_acf_changed":false},"project_tags":[340,341,317,342],"sector":[316],"class_list":["post-13721","project","type-project","status-publish","has-post-thumbnail","hentry","project_tags-borba-protiv-nezaposlenosti","project_tags-obrazovanje-i-socijalne-politike","project_tags-prekogranicna-saradnja","project_tags-zaposljavanje-mladih","sector-prekogranicna-saradnja"],"acf":[],"yoast_head":"<!-- This site is optimized with the Yoast SEO plugin v27.3 - https:\/\/yoast.com\/product\/yoast-seo-wordpress\/ -->\n<title>Sve na jednom mjestu \u2013 za socijalnu inkluziju i zapo\u0161ljivost mladih - Europe House<\/title>\n<meta name=\"robots\" content=\"index, follow, max-snippet:-1, max-image-preview:large, max-video-preview:-1\" \/>\n<link rel=\"canonical\" href=\"https:\/\/www.evropskakuca.me\/me\/project\/sve-na-jednom-mjestu-za-socijalnu-inkluziju-i-zaposljivost-mladih\/\" \/>\n<meta property=\"og:locale\" content=\"en_US\" \/>\n<meta property=\"og:type\" content=\"article\" \/>\n<meta property=\"og:title\" content=\"Sve na jednom mjestu \u2013 za socijalnu inkluziju i zapo\u0161ljivost mladih - Europe House\" \/>\n<meta property=\"og:description\" content=\"Usluga \u201esve na jednom mjestu\u201d predstavlja inovativan model zapo\u0161ljivosti, jer objedinjuje razli\u010dite obuke za sticanje niza vje\u0161tina koje c\u0301e olak\u0161ati prelazak mladih iz obrazovnog procesa na tr\u017ei\u0161te rada. Ovaj projekat ima za cilj podsticanje zapo\u0161ljivosti i socijalne inkluzije mladih iz kategorije ranjivih grupa u prekograni\u010dnom podru\u010dju Sand\u017eaka, i to kroz povec\u0301anje njihovih kompetencija za zapo\u0161ljavanje [&hellip;]\" \/>\n<meta property=\"og:url\" content=\"https:\/\/www.evropskakuca.me\/me\/project\/sve-na-jednom-mjestu-za-socijalnu-inkluziju-i-zaposljivost-mladih\/\" \/>\n<meta property=\"og:site_name\" content=\"Europe House\" \/>\n<meta property=\"article:publisher\" content=\"https:\/\/www.facebook.com\/evropska.kuca\" \/>\n<meta property=\"og:image\" content=\"https:\/\/www.evropskakuca.me\/wp-content\/uploads\/2021\/06\/iStock-953772938-scaled.jpg\" \/>\n\t<meta property=\"og:image:width\" content=\"2560\" \/>\n\t<meta property=\"og:image:height\" content=\"1711\" \/>\n\t<meta property=\"og:image:type\" content=\"image\/jpeg\" \/>\n<meta name=\"twitter:card\" content=\"summary_large_image\" \/>\n<meta name=\"twitter:site\" content=\"@evropska_kuca\" \/>\n<meta name=\"twitter:label1\" content=\"Est. reading time\" \/>\n\t<meta name=\"twitter:data1\" content=\"1 minute\" \/>\n<script type=\"application\/ld+json\" class=\"yoast-schema-graph\">{\"@context\":\"https:\\\/\\\/schema.org\",\"@graph\":[{\"@type\":\"WebPage\",\"@id\":\"https:\\\/\\\/www.evropskakuca.me\\\/me\\\/project\\\/sve-na-jednom-mjestu-za-socijalnu-inkluziju-i-zaposljivost-mladih\\\/\",\"url\":\"https:\\\/\\\/www.evropskakuca.me\\\/me\\\/project\\\/sve-na-jednom-mjestu-za-socijalnu-inkluziju-i-zaposljivost-mladih\\\/\",\"name\":\"Sve na jednom mjestu \u2013 za socijalnu inkluziju i zapo\u0161ljivost mladih - Europe House\",\"isPartOf\":{\"@id\":\"https:\\\/\\\/www.evropskakuca.me\\\/me\\\/#website\"},\"primaryImageOfPage\":{\"@id\":\"https:\\\/\\\/www.evropskakuca.me\\\/me\\\/project\\\/sve-na-jednom-mjestu-za-socijalnu-inkluziju-i-zaposljivost-mladih\\\/#primaryimage\"},\"image\":{\"@id\":\"https:\\\/\\\/www.evropskakuca.me\\\/me\\\/project\\\/sve-na-jednom-mjestu-za-socijalnu-inkluziju-i-zaposljivost-mladih\\\/#primaryimage\"},\"thumbnailUrl\":\"https:\\\/\\\/www.evropskakuca.me\\\/wp-content\\\/uploads\\\/2021\\\/06\\\/iStock-953772938-scaled.jpg\",\"datePublished\":\"2021-07-22T00:28:54+00:00\",\"breadcrumb\":{\"@id\":\"https:\\\/\\\/www.evropskakuca.me\\\/me\\\/project\\\/sve-na-jednom-mjestu-za-socijalnu-inkluziju-i-zaposljivost-mladih\\\/#breadcrumb\"},\"inLanguage\":\"me-ME\",\"potentialAction\":[{\"@type\":\"ReadAction\",\"target\":[\"https:\\\/\\\/www.evropskakuca.me\\\/me\\\/project\\\/sve-na-jednom-mjestu-za-socijalnu-inkluziju-i-zaposljivost-mladih\\\/\"]}]},{\"@type\":\"ImageObject\",\"inLanguage\":\"me-ME\",\"@id\":\"https:\\\/\\\/www.evropskakuca.me\\\/me\\\/project\\\/sve-na-jednom-mjestu-za-socijalnu-inkluziju-i-zaposljivost-mladih\\\/#primaryimage\",\"url\":\"https:\\\/\\\/www.evropskakuca.me\\\/wp-content\\\/uploads\\\/2021\\\/06\\\/iStock-953772938-scaled.jpg\",\"contentUrl\":\"https:\\\/\\\/www.evropskakuca.me\\\/wp-content\\\/uploads\\\/2021\\\/06\\\/iStock-953772938-scaled.jpg\",\"width\":2560,\"height\":1711},{\"@type\":\"BreadcrumbList\",\"@id\":\"https:\\\/\\\/www.evropskakuca.me\\\/me\\\/project\\\/sve-na-jednom-mjestu-za-socijalnu-inkluziju-i-zaposljivost-mladih\\\/#breadcrumb\",\"itemListElement\":[{\"@type\":\"ListItem\",\"position\":1,\"name\":\"Home\",\"item\":\"https:\\\/\\\/www.evropskakuca.me\\\/me\\\/\"},{\"@type\":\"ListItem\",\"position\":2,\"name\":\"Projects\",\"item\":\"https:\\\/\\\/www.evropskakuca.me\\\/me\\\/project\\\/\"},{\"@type\":\"ListItem\",\"position\":3,\"name\":\"Sve na jednom mjestu \u2013 za socijalnu inkluziju i zapo\u0161ljivost mladih\"}]},{\"@type\":\"WebSite\",\"@id\":\"https:\\\/\\\/www.evropskakuca.me\\\/me\\\/#website\",\"url\":\"https:\\\/\\\/www.evropskakuca.me\\\/me\\\/\",\"name\":\"Evropean house\",\"description\":\"\",\"publisher\":{\"@id\":\"https:\\\/\\\/www.evropskakuca.me\\\/me\\\/#organization\"},\"potentialAction\":[{\"@type\":\"SearchAction\",\"target\":{\"@type\":\"EntryPoint\",\"urlTemplate\":\"https:\\\/\\\/www.evropskakuca.me\\\/me\\\/?s={search_term_string}\"},\"query-input\":{\"@type\":\"PropertyValueSpecification\",\"valueRequired\":true,\"valueName\":\"search_term_string\"}}],\"inLanguage\":\"me-ME\"},{\"@type\":\"Organization\",\"@id\":\"https:\\\/\\\/www.evropskakuca.me\\\/me\\\/#organization\",\"name\":\"Evropean house\",\"url\":\"https:\\\/\\\/www.evropskakuca.me\\\/me\\\/\",\"logo\":{\"@type\":\"ImageObject\",\"inLanguage\":\"me-ME\",\"@id\":\"https:\\\/\\\/www.evropskakuca.me\\\/me\\\/#\\\/schema\\\/logo\\\/image\\\/\",\"url\":\"https:\\\/\\\/www.evropskakuca.me\\\/wp-content\\\/uploads\\\/2025\\\/01\\\/evropska-kuca-logo-1.png\",\"contentUrl\":\"https:\\\/\\\/www.evropskakuca.me\\\/wp-content\\\/uploads\\\/2025\\\/01\\\/evropska-kuca-logo-1.png\",\"width\":425,\"height\":312,\"caption\":\"Evropean house\"},\"image\":{\"@id\":\"https:\\\/\\\/www.evropskakuca.me\\\/me\\\/#\\\/schema\\\/logo\\\/image\\\/\"},\"sameAs\":[\"https:\\\/\\\/www.facebook.com\\\/evropska.kuca\",\"https:\\\/\\\/x.com\\\/evropska_kuca\",\"https:\\\/\\\/www.instagram.com\\\/evropska_kuca\"]}]}<\/script>\n<!-- \/ Yoast SEO plugin. -->","yoast_head_json":{"title":"Sve na jednom mjestu \u2013 za socijalnu inkluziju i zapo\u0161ljivost mladih - Europe House","robots":{"index":"index","follow":"follow","max-snippet":"max-snippet:-1","max-image-preview":"max-image-preview:large","max-video-preview":"max-video-preview:-1"},"canonical":"https:\/\/www.evropskakuca.me\/me\/project\/sve-na-jednom-mjestu-za-socijalnu-inkluziju-i-zaposljivost-mladih\/","og_locale":"en_US","og_type":"article","og_title":"Sve na jednom mjestu \u2013 za socijalnu inkluziju i zapo\u0161ljivost mladih - Europe House","og_description":"Usluga \u201esve na jednom mjestu\u201d predstavlja inovativan model zapo\u0161ljivosti, jer objedinjuje razli\u010dite obuke za sticanje niza vje\u0161tina koje c\u0301e olak\u0161ati prelazak mladih iz obrazovnog procesa na tr\u017ei\u0161te rada. Ovaj projekat ima za cilj podsticanje zapo\u0161ljivosti i socijalne inkluzije mladih iz kategorije ranjivih grupa u prekograni\u010dnom podru\u010dju Sand\u017eaka, i to kroz povec\u0301anje njihovih kompetencija za zapo\u0161ljavanje [&hellip;]","og_url":"https:\/\/www.evropskakuca.me\/me\/project\/sve-na-jednom-mjestu-za-socijalnu-inkluziju-i-zaposljivost-mladih\/","og_site_name":"Europe House","article_publisher":"https:\/\/www.facebook.com\/evropska.kuca","og_image":[{"width":2560,"height":1711,"url":"https:\/\/www.evropskakuca.me\/wp-content\/uploads\/2021\/06\/iStock-953772938-scaled.jpg","type":"image\/jpeg"}],"twitter_card":"summary_large_image","twitter_site":"@evropska_kuca","twitter_misc":{"Est. reading time":"1 minute"},"schema":{"@context":"https:\/\/schema.org","@graph":[{"@type":"WebPage","@id":"https:\/\/www.evropskakuca.me\/me\/project\/sve-na-jednom-mjestu-za-socijalnu-inkluziju-i-zaposljivost-mladih\/","url":"https:\/\/www.evropskakuca.me\/me\/project\/sve-na-jednom-mjestu-za-socijalnu-inkluziju-i-zaposljivost-mladih\/","name":"Sve na jednom mjestu \u2013 za socijalnu inkluziju i zapo\u0161ljivost mladih - Europe House","isPartOf":{"@id":"https:\/\/www.evropskakuca.me\/me\/#website"},"primaryImageOfPage":{"@id":"https:\/\/www.evropskakuca.me\/me\/project\/sve-na-jednom-mjestu-za-socijalnu-inkluziju-i-zaposljivost-mladih\/#primaryimage"},"image":{"@id":"https:\/\/www.evropskakuca.me\/me\/project\/sve-na-jednom-mjestu-za-socijalnu-inkluziju-i-zaposljivost-mladih\/#primaryimage"},"thumbnailUrl":"https:\/\/www.evropskakuca.me\/wp-content\/uploads\/2021\/06\/iStock-953772938-scaled.jpg","datePublished":"2021-07-22T00:28:54+00:00","breadcrumb":{"@id":"https:\/\/www.evropskakuca.me\/me\/project\/sve-na-jednom-mjestu-za-socijalnu-inkluziju-i-zaposljivost-mladih\/#breadcrumb"},"inLanguage":"me-ME","potentialAction":[{"@type":"ReadAction","target":["https:\/\/www.evropskakuca.me\/me\/project\/sve-na-jednom-mjestu-za-socijalnu-inkluziju-i-zaposljivost-mladih\/"]}]},{"@type":"ImageObject","inLanguage":"me-ME","@id":"https:\/\/www.evropskakuca.me\/me\/project\/sve-na-jednom-mjestu-za-socijalnu-inkluziju-i-zaposljivost-mladih\/#primaryimage","url":"https:\/\/www.evropskakuca.me\/wp-content\/uploads\/2021\/06\/iStock-953772938-scaled.jpg","contentUrl":"https:\/\/www.evropskakuca.me\/wp-content\/uploads\/2021\/06\/iStock-953772938-scaled.jpg","width":2560,"height":1711},{"@type":"BreadcrumbList","@id":"https:\/\/www.evropskakuca.me\/me\/project\/sve-na-jednom-mjestu-za-socijalnu-inkluziju-i-zaposljivost-mladih\/#breadcrumb","itemListElement":[{"@type":"ListItem","position":1,"name":"Home","item":"https:\/\/www.evropskakuca.me\/me\/"},{"@type":"ListItem","position":2,"name":"Projects","item":"https:\/\/www.evropskakuca.me\/me\/project\/"},{"@type":"ListItem","position":3,"name":"Sve na jednom mjestu \u2013 za socijalnu inkluziju i zapo\u0161ljivost mladih"}]},{"@type":"WebSite","@id":"https:\/\/www.evropskakuca.me\/me\/#website","url":"https:\/\/www.evropskakuca.me\/me\/","name":"Evropean house","description":"","publisher":{"@id":"https:\/\/www.evropskakuca.me\/me\/#organization"},"potentialAction":[{"@type":"SearchAction","target":{"@type":"EntryPoint","urlTemplate":"https:\/\/www.evropskakuca.me\/me\/?s={search_term_string}"},"query-input":{"@type":"PropertyValueSpecification","valueRequired":true,"valueName":"search_term_string"}}],"inLanguage":"me-ME"},{"@type":"Organization","@id":"https:\/\/www.evropskakuca.me\/me\/#organization","name":"Evropean house","url":"https:\/\/www.evropskakuca.me\/me\/","logo":{"@type":"ImageObject","inLanguage":"me-ME","@id":"https:\/\/www.evropskakuca.me\/me\/#\/schema\/logo\/image\/","url":"https:\/\/www.evropskakuca.me\/wp-content\/uploads\/2025\/01\/evropska-kuca-logo-1.png","contentUrl":"https:\/\/www.evropskakuca.me\/wp-content\/uploads\/2025\/01\/evropska-kuca-logo-1.png","width":425,"height":312,"caption":"Evropean house"},"image":{"@id":"https:\/\/www.evropskakuca.me\/me\/#\/schema\/logo\/image\/"},"sameAs":["https:\/\/www.facebook.com\/evropska.kuca","https:\/\/x.com\/evropska_kuca","https:\/\/www.instagram.com\/evropska_kuca"]}]}},"_links":{"self":[{"href":"https:\/\/www.evropskakuca.me\/me\/wp-json\/wp\/v2\/project\/13721","targetHints":{"allow":["GET"]}}],"collection":[{"href":"https:\/\/www.evropskakuca.me\/me\/wp-json\/wp\/v2\/project"}],"about":[{"href":"https:\/\/www.evropskakuca.me\/me\/wp-json\/wp\/v2\/types\/project"}],"wp:featuredmedia":[{"embeddable":true,"href":"https:\/\/www.evropskakuca.me\/me\/wp-json\/wp\/v2\/media\/36856"}],"wp:attachment":[{"href":"https:\/\/www.evropskakuca.me\/me\/wp-json\/wp\/v2\/media?parent=13721"}],"wp:term":[{"taxonomy":"project_tags","embeddable":true,"href":"https:\/\/www.evropskakuca.me\/me\/wp-json\/wp\/v2\/project_tags?post=13721"},{"taxonomy":"sector","embeddable":true,"href":"https:\/\/www.evropskakuca.me\/me\/wp-json\/wp\/v2\/sector?post=13721"}],"curies":[{"name":"wp","href":"https:\/\/api.w.org\/{rel}","templated":true}]}}