{"id":13713,"date":"2021-07-22T00:15:35","date_gmt":"2021-07-22T00:15:35","guid":{"rendered":"http:\/\/www.evropskakuca.me\/?post_type=project&amp;p=13713"},"modified":"2021-07-22T00:15:35","modified_gmt":"2021-07-22T00:15:35","slug":"tematsko-putovanje-koridorom-kulturne-i-prirodne-bastine-srbije-i-crne-gore-creative-twinning","status":"publish","type":"project","link":"https:\/\/www.evropskakuca.me\/me\/project\/tematsko-putovanje-koridorom-kulturne-i-prirodne-bastine-srbije-i-crne-gore-creative-twinning\/","title":{"rendered":"Tematsko putovanje koridorom kulturne i prirodne ba\u0161tine Srbije i Crne Gore \u2013 CREATIVE TWINNING"},"content":{"rendered":"<p>Turizam je jedna od najva\u017enijih ekonomskih grana u svijetu, a turizam zasnovan na kulturnom naslje\u0111u je jedna od najbr\u017ee rastuc\u0301ih vrsta turizma na globalnom tr\u017ei\u0161tu u dana\u0161nje vrijeme.<\/p>\n<p>Ovaj projekat ima za cilj da model znanja za o\u010duvanje, valorizaciju, tuma\u010denje i integrisanje lokaliteta kulturne ba\u0161tine du\u017e staza prirode preto\u010di u sveobuhvatnu ponudu prirodnog i kulturnog turizma prekograni\u010dne oblasti Srbije i Crne Gore, kao i da ih promovi\u0161e kao zajedni\u010dki turisti\u010dki proizvod.<\/p>\n<p>U cilju kreiranja prepoznatljive tematske turisti\u010dke ponude pod nazivom \u201eCREATIVE TWINNING\u201c, projektom \u0107e se podr\u017eati formiranje prekograni\u010dnog turisti\u010dkog klastera, koji c\u0301e povezati 4 lokaliteta kulturne ba\u0161tine u Srbiji sa 4 takva mjesta u Crnoj Gori. Osim toga, tokom implementacije projekta bic\u0301e ure\u0111ena infrastruktura za posjetioce i pristupna infrastruktura za podr\u0161ku razvoju klju\u010dnih proizvoda, uklju\u010duju\u0107i postavljanje info tabli i tuma\u010denje koridora kulturne ba\u0161tine za potrebe turista. Tako\u0111e, projektom je predvi\u0111eno sprovo\u0111enje zajedni\u010dke marketin\u0161ke kampanje usmjerene na promociju ponude \u201eCREATIVE TWINNING\u201c, \u0161to c\u0301e pomoc\u0301i u pobolj\u0161anju ekonomskog i dru\u0161tvenog okru\u017eenja u prekograni\u010dnoj oblasti.<\/p>\n","protected":false},"featured_media":36856,"parent":0,"template":"","meta":{"_acf_changed":false},"project_tags":[315,317],"sector":[316],"class_list":["post-13713","project","type-project","status-publish","has-post-thumbnail","hentry","project_tags-jacanje-turisticke-ponude","project_tags-prekogranicna-saradnja","sector-prekogranicna-saradnja"],"acf":[],"yoast_head":"<!-- This site is optimized with the Yoast SEO plugin v27.3 - https:\/\/yoast.com\/product\/yoast-seo-wordpress\/ -->\n<title>Tematsko putovanje koridorom kulturne i prirodne ba\u0161tine Srbije i Crne Gore \u2013 CREATIVE TWINNING - Europe House<\/title>\n<meta name=\"robots\" content=\"index, follow, max-snippet:-1, max-image-preview:large, max-video-preview:-1\" \/>\n<link rel=\"canonical\" href=\"https:\/\/www.evropskakuca.me\/me\/project\/tematsko-putovanje-koridorom-kulturne-i-prirodne-bastine-srbije-i-crne-gore-creative-twinning\/\" \/>\n<meta property=\"og:locale\" content=\"en_US\" \/>\n<meta property=\"og:type\" content=\"article\" \/>\n<meta property=\"og:title\" content=\"Tematsko putovanje koridorom kulturne i prirodne ba\u0161tine Srbije i Crne Gore \u2013 CREATIVE TWINNING - Europe House\" \/>\n<meta property=\"og:description\" content=\"Turizam je jedna od najva\u017enijih ekonomskih grana u svijetu, a turizam zasnovan na kulturnom naslje\u0111u je jedna od najbr\u017ee rastuc\u0301ih vrsta turizma na globalnom tr\u017ei\u0161tu u dana\u0161nje vrijeme. Ovaj projekat ima za cilj da model znanja za o\u010duvanje, valorizaciju, tuma\u010denje i integrisanje lokaliteta kulturne ba\u0161tine du\u017e staza prirode preto\u010di u sveobuhvatnu ponudu prirodnog i kulturnog [&hellip;]\" \/>\n<meta property=\"og:url\" content=\"https:\/\/www.evropskakuca.me\/me\/project\/tematsko-putovanje-koridorom-kulturne-i-prirodne-bastine-srbije-i-crne-gore-creative-twinning\/\" \/>\n<meta property=\"og:site_name\" content=\"Europe House\" \/>\n<meta property=\"article:publisher\" content=\"https:\/\/www.facebook.com\/evropska.kuca\" \/>\n<meta property=\"og:image\" content=\"https:\/\/www.evropskakuca.me\/wp-content\/uploads\/2021\/06\/iStock-953772938-scaled.jpg\" \/>\n\t<meta property=\"og:image:width\" content=\"2560\" \/>\n\t<meta property=\"og:image:height\" content=\"1711\" \/>\n\t<meta property=\"og:image:type\" content=\"image\/jpeg\" \/>\n<meta name=\"twitter:card\" content=\"summary_large_image\" \/>\n<meta name=\"twitter:site\" content=\"@evropska_kuca\" \/>\n<meta name=\"twitter:label1\" content=\"Est. reading time\" \/>\n\t<meta name=\"twitter:data1\" content=\"1 minute\" \/>\n<script type=\"application\/ld+json\" class=\"yoast-schema-graph\">{\"@context\":\"https:\\\/\\\/schema.org\",\"@graph\":[{\"@type\":\"WebPage\",\"@id\":\"https:\\\/\\\/www.evropskakuca.me\\\/me\\\/project\\\/tematsko-putovanje-koridorom-kulturne-i-prirodne-bastine-srbije-i-crne-gore-creative-twinning\\\/\",\"url\":\"https:\\\/\\\/www.evropskakuca.me\\\/me\\\/project\\\/tematsko-putovanje-koridorom-kulturne-i-prirodne-bastine-srbije-i-crne-gore-creative-twinning\\\/\",\"name\":\"Tematsko putovanje koridorom kulturne i prirodne ba\u0161tine Srbije i Crne Gore \u2013 CREATIVE TWINNING - Europe House\",\"isPartOf\":{\"@id\":\"https:\\\/\\\/www.evropskakuca.me\\\/me\\\/#website\"},\"primaryImageOfPage\":{\"@id\":\"https:\\\/\\\/www.evropskakuca.me\\\/me\\\/project\\\/tematsko-putovanje-koridorom-kulturne-i-prirodne-bastine-srbije-i-crne-gore-creative-twinning\\\/#primaryimage\"},\"image\":{\"@id\":\"https:\\\/\\\/www.evropskakuca.me\\\/me\\\/project\\\/tematsko-putovanje-koridorom-kulturne-i-prirodne-bastine-srbije-i-crne-gore-creative-twinning\\\/#primaryimage\"},\"thumbnailUrl\":\"https:\\\/\\\/www.evropskakuca.me\\\/wp-content\\\/uploads\\\/2021\\\/06\\\/iStock-953772938-scaled.jpg\",\"datePublished\":\"2021-07-22T00:15:35+00:00\",\"breadcrumb\":{\"@id\":\"https:\\\/\\\/www.evropskakuca.me\\\/me\\\/project\\\/tematsko-putovanje-koridorom-kulturne-i-prirodne-bastine-srbije-i-crne-gore-creative-twinning\\\/#breadcrumb\"},\"inLanguage\":\"me-ME\",\"potentialAction\":[{\"@type\":\"ReadAction\",\"target\":[\"https:\\\/\\\/www.evropskakuca.me\\\/me\\\/project\\\/tematsko-putovanje-koridorom-kulturne-i-prirodne-bastine-srbije-i-crne-gore-creative-twinning\\\/\"]}]},{\"@type\":\"ImageObject\",\"inLanguage\":\"me-ME\",\"@id\":\"https:\\\/\\\/www.evropskakuca.me\\\/me\\\/project\\\/tematsko-putovanje-koridorom-kulturne-i-prirodne-bastine-srbije-i-crne-gore-creative-twinning\\\/#primaryimage\",\"url\":\"https:\\\/\\\/www.evropskakuca.me\\\/wp-content\\\/uploads\\\/2021\\\/06\\\/iStock-953772938-scaled.jpg\",\"contentUrl\":\"https:\\\/\\\/www.evropskakuca.me\\\/wp-content\\\/uploads\\\/2021\\\/06\\\/iStock-953772938-scaled.jpg\",\"width\":2560,\"height\":1711},{\"@type\":\"BreadcrumbList\",\"@id\":\"https:\\\/\\\/www.evropskakuca.me\\\/me\\\/project\\\/tematsko-putovanje-koridorom-kulturne-i-prirodne-bastine-srbije-i-crne-gore-creative-twinning\\\/#breadcrumb\",\"itemListElement\":[{\"@type\":\"ListItem\",\"position\":1,\"name\":\"Home\",\"item\":\"https:\\\/\\\/www.evropskakuca.me\\\/me\\\/\"},{\"@type\":\"ListItem\",\"position\":2,\"name\":\"Projects\",\"item\":\"https:\\\/\\\/www.evropskakuca.me\\\/me\\\/project\\\/\"},{\"@type\":\"ListItem\",\"position\":3,\"name\":\"Tematsko putovanje koridorom kulturne i prirodne ba\u0161tine Srbije i Crne Gore \u2013 CREATIVE TWINNING\"}]},{\"@type\":\"WebSite\",\"@id\":\"https:\\\/\\\/www.evropskakuca.me\\\/me\\\/#website\",\"url\":\"https:\\\/\\\/www.evropskakuca.me\\\/me\\\/\",\"name\":\"Evropean house\",\"description\":\"\",\"publisher\":{\"@id\":\"https:\\\/\\\/www.evropskakuca.me\\\/me\\\/#organization\"},\"potentialAction\":[{\"@type\":\"SearchAction\",\"target\":{\"@type\":\"EntryPoint\",\"urlTemplate\":\"https:\\\/\\\/www.evropskakuca.me\\\/me\\\/?s={search_term_string}\"},\"query-input\":{\"@type\":\"PropertyValueSpecification\",\"valueRequired\":true,\"valueName\":\"search_term_string\"}}],\"inLanguage\":\"me-ME\"},{\"@type\":\"Organization\",\"@id\":\"https:\\\/\\\/www.evropskakuca.me\\\/me\\\/#organization\",\"name\":\"Evropean house\",\"url\":\"https:\\\/\\\/www.evropskakuca.me\\\/me\\\/\",\"logo\":{\"@type\":\"ImageObject\",\"inLanguage\":\"me-ME\",\"@id\":\"https:\\\/\\\/www.evropskakuca.me\\\/me\\\/#\\\/schema\\\/logo\\\/image\\\/\",\"url\":\"https:\\\/\\\/www.evropskakuca.me\\\/wp-content\\\/uploads\\\/2025\\\/01\\\/evropska-kuca-logo-1.png\",\"contentUrl\":\"https:\\\/\\\/www.evropskakuca.me\\\/wp-content\\\/uploads\\\/2025\\\/01\\\/evropska-kuca-logo-1.png\",\"width\":425,\"height\":312,\"caption\":\"Evropean house\"},\"image\":{\"@id\":\"https:\\\/\\\/www.evropskakuca.me\\\/me\\\/#\\\/schema\\\/logo\\\/image\\\/\"},\"sameAs\":[\"https:\\\/\\\/www.facebook.com\\\/evropska.kuca\",\"https:\\\/\\\/x.com\\\/evropska_kuca\",\"https:\\\/\\\/www.instagram.com\\\/evropska_kuca\"]}]}<\/script>\n<!-- \/ Yoast SEO plugin. -->","yoast_head_json":{"title":"Tematsko putovanje koridorom kulturne i prirodne ba\u0161tine Srbije i Crne Gore \u2013 CREATIVE TWINNING - Europe House","robots":{"index":"index","follow":"follow","max-snippet":"max-snippet:-1","max-image-preview":"max-image-preview:large","max-video-preview":"max-video-preview:-1"},"canonical":"https:\/\/www.evropskakuca.me\/me\/project\/tematsko-putovanje-koridorom-kulturne-i-prirodne-bastine-srbije-i-crne-gore-creative-twinning\/","og_locale":"en_US","og_type":"article","og_title":"Tematsko putovanje koridorom kulturne i prirodne ba\u0161tine Srbije i Crne Gore \u2013 CREATIVE TWINNING - Europe House","og_description":"Turizam je jedna od najva\u017enijih ekonomskih grana u svijetu, a turizam zasnovan na kulturnom naslje\u0111u je jedna od najbr\u017ee rastuc\u0301ih vrsta turizma na globalnom tr\u017ei\u0161tu u dana\u0161nje vrijeme. Ovaj projekat ima za cilj da model znanja za o\u010duvanje, valorizaciju, tuma\u010denje i integrisanje lokaliteta kulturne ba\u0161tine du\u017e staza prirode preto\u010di u sveobuhvatnu ponudu prirodnog i kulturnog [&hellip;]","og_url":"https:\/\/www.evropskakuca.me\/me\/project\/tematsko-putovanje-koridorom-kulturne-i-prirodne-bastine-srbije-i-crne-gore-creative-twinning\/","og_site_name":"Europe House","article_publisher":"https:\/\/www.facebook.com\/evropska.kuca","og_image":[{"width":2560,"height":1711,"url":"https:\/\/www.evropskakuca.me\/wp-content\/uploads\/2021\/06\/iStock-953772938-scaled.jpg","type":"image\/jpeg"}],"twitter_card":"summary_large_image","twitter_site":"@evropska_kuca","twitter_misc":{"Est. reading time":"1 minute"},"schema":{"@context":"https:\/\/schema.org","@graph":[{"@type":"WebPage","@id":"https:\/\/www.evropskakuca.me\/me\/project\/tematsko-putovanje-koridorom-kulturne-i-prirodne-bastine-srbije-i-crne-gore-creative-twinning\/","url":"https:\/\/www.evropskakuca.me\/me\/project\/tematsko-putovanje-koridorom-kulturne-i-prirodne-bastine-srbije-i-crne-gore-creative-twinning\/","name":"Tematsko putovanje koridorom kulturne i prirodne ba\u0161tine Srbije i Crne Gore \u2013 CREATIVE TWINNING - Europe House","isPartOf":{"@id":"https:\/\/www.evropskakuca.me\/me\/#website"},"primaryImageOfPage":{"@id":"https:\/\/www.evropskakuca.me\/me\/project\/tematsko-putovanje-koridorom-kulturne-i-prirodne-bastine-srbije-i-crne-gore-creative-twinning\/#primaryimage"},"image":{"@id":"https:\/\/www.evropskakuca.me\/me\/project\/tematsko-putovanje-koridorom-kulturne-i-prirodne-bastine-srbije-i-crne-gore-creative-twinning\/#primaryimage"},"thumbnailUrl":"https:\/\/www.evropskakuca.me\/wp-content\/uploads\/2021\/06\/iStock-953772938-scaled.jpg","datePublished":"2021-07-22T00:15:35+00:00","breadcrumb":{"@id":"https:\/\/www.evropskakuca.me\/me\/project\/tematsko-putovanje-koridorom-kulturne-i-prirodne-bastine-srbije-i-crne-gore-creative-twinning\/#breadcrumb"},"inLanguage":"me-ME","potentialAction":[{"@type":"ReadAction","target":["https:\/\/www.evropskakuca.me\/me\/project\/tematsko-putovanje-koridorom-kulturne-i-prirodne-bastine-srbije-i-crne-gore-creative-twinning\/"]}]},{"@type":"ImageObject","inLanguage":"me-ME","@id":"https:\/\/www.evropskakuca.me\/me\/project\/tematsko-putovanje-koridorom-kulturne-i-prirodne-bastine-srbije-i-crne-gore-creative-twinning\/#primaryimage","url":"https:\/\/www.evropskakuca.me\/wp-content\/uploads\/2021\/06\/iStock-953772938-scaled.jpg","contentUrl":"https:\/\/www.evropskakuca.me\/wp-content\/uploads\/2021\/06\/iStock-953772938-scaled.jpg","width":2560,"height":1711},{"@type":"BreadcrumbList","@id":"https:\/\/www.evropskakuca.me\/me\/project\/tematsko-putovanje-koridorom-kulturne-i-prirodne-bastine-srbije-i-crne-gore-creative-twinning\/#breadcrumb","itemListElement":[{"@type":"ListItem","position":1,"name":"Home","item":"https:\/\/www.evropskakuca.me\/me\/"},{"@type":"ListItem","position":2,"name":"Projects","item":"https:\/\/www.evropskakuca.me\/me\/project\/"},{"@type":"ListItem","position":3,"name":"Tematsko putovanje koridorom kulturne i prirodne ba\u0161tine Srbije i Crne Gore \u2013 CREATIVE TWINNING"}]},{"@type":"WebSite","@id":"https:\/\/www.evropskakuca.me\/me\/#website","url":"https:\/\/www.evropskakuca.me\/me\/","name":"Evropean house","description":"","publisher":{"@id":"https:\/\/www.evropskakuca.me\/me\/#organization"},"potentialAction":[{"@type":"SearchAction","target":{"@type":"EntryPoint","urlTemplate":"https:\/\/www.evropskakuca.me\/me\/?s={search_term_string}"},"query-input":{"@type":"PropertyValueSpecification","valueRequired":true,"valueName":"search_term_string"}}],"inLanguage":"me-ME"},{"@type":"Organization","@id":"https:\/\/www.evropskakuca.me\/me\/#organization","name":"Evropean house","url":"https:\/\/www.evropskakuca.me\/me\/","logo":{"@type":"ImageObject","inLanguage":"me-ME","@id":"https:\/\/www.evropskakuca.me\/me\/#\/schema\/logo\/image\/","url":"https:\/\/www.evropskakuca.me\/wp-content\/uploads\/2025\/01\/evropska-kuca-logo-1.png","contentUrl":"https:\/\/www.evropskakuca.me\/wp-content\/uploads\/2025\/01\/evropska-kuca-logo-1.png","width":425,"height":312,"caption":"Evropean house"},"image":{"@id":"https:\/\/www.evropskakuca.me\/me\/#\/schema\/logo\/image\/"},"sameAs":["https:\/\/www.facebook.com\/evropska.kuca","https:\/\/x.com\/evropska_kuca","https:\/\/www.instagram.com\/evropska_kuca"]}]}},"_links":{"self":[{"href":"https:\/\/www.evropskakuca.me\/me\/wp-json\/wp\/v2\/project\/13713","targetHints":{"allow":["GET"]}}],"collection":[{"href":"https:\/\/www.evropskakuca.me\/me\/wp-json\/wp\/v2\/project"}],"about":[{"href":"https:\/\/www.evropskakuca.me\/me\/wp-json\/wp\/v2\/types\/project"}],"wp:featuredmedia":[{"embeddable":true,"href":"https:\/\/www.evropskakuca.me\/me\/wp-json\/wp\/v2\/media\/36856"}],"wp:attachment":[{"href":"https:\/\/www.evropskakuca.me\/me\/wp-json\/wp\/v2\/media?parent=13713"}],"wp:term":[{"taxonomy":"project_tags","embeddable":true,"href":"https:\/\/www.evropskakuca.me\/me\/wp-json\/wp\/v2\/project_tags?post=13713"},{"taxonomy":"sector","embeddable":true,"href":"https:\/\/www.evropskakuca.me\/me\/wp-json\/wp\/v2\/sector?post=13713"}],"curies":[{"name":"wp","href":"https:\/\/api.w.org\/{rel}","templated":true}]}}