{"id":13514,"date":"2021-07-08T14:53:03","date_gmt":"2021-07-08T14:53:03","guid":{"rendered":"http:\/\/www.evropskakuca.me\/?post_type=project&amp;p=13514"},"modified":"2021-07-08T14:53:03","modified_gmt":"2021-07-08T14:53:03","slug":"ponos-svuda-strateski-pristup-ljudskim-pravima-lgbti-osoba-u-crnoj-gori","status":"publish","type":"project","link":"https:\/\/www.evropskakuca.me\/me\/project\/ponos-svuda-strateski-pristup-ljudskim-pravima-lgbti-osoba-u-crnoj-gori\/","title":{"rendered":"Ponos svuda \u2013 strate\u0161ki pristup ljudskim pravima LGBTI osoba u Crnoj Gori"},"content":{"rendered":"<p>U savremenom dru\u0161tvu nema mjesta diskriminaciji po osnovu seksualne orijentacije i rodnog identiteta. Svi treba da u\u017eivaju ista prava.<\/p>\n<p>Fokus ovog projekta su prava LGBTI osoba. Konkretno, projekat je bio usmjeren na ja\u010danje kapaciteta civilnog sektora, lokalnih zajednica i javnih institucija u pogledu pru\u017eanja podr\u0161ke procesu demokratizacije i promocije prava LGBTI zajednice. Time je projekat potpomogao razvoj i konsolidaciju demokratije i vladavine prava u cjelini, kao i po\u0161tovanje svih ljudskih prava i osnovnih sloboda u Crnoj Gori.<\/p>\n<p>Projektne aktivnosti su posebno bile fokusirane na:<\/p>\n<ul>\n<li>Smanjenje homofobije\/transfobije u lokalnim zajednicama, naro\u010dito u manje razvijenim djelovima Crne Gore, kao i ja\u010danje njihovih kapaciteta i znanja;<\/li>\n<li>Izradu i pra\u0107enje primjene strate\u0161kih dokumenata i zakonskih propisa koja se ti\u010du kvaliteta \u017eivota LGBTI osoba;<\/li>\n<li>Pobolj\u0161anje sigurnosti i bezbjednosti LGBTI osoba kroz ja\u010danje institucionalnih kapaciteta;<\/li>\n<li>Olak\u0161avanje pristupa zapo\u0161ljavanju LGBTI osoba kroz pove\u0107anje nivoa informisanosti i kapaciteta LGBTI osoba;<\/li>\n<li>Unapre\u0111enje socijalnog konteksta u odnosu na ljudska prava LGBTI osoba u Crnoj Gori.<\/li>\n<\/ul>\n<p>&nbsp;<\/p>\n<p>Projekat je zavr\u0161en u decembru 2021. godine<\/p>\n","protected":false},"featured_media":36528,"parent":0,"template":"","meta":{"_acf_changed":false},"project_tags":[311,323],"sector":[309],"class_list":["post-13514","project","type-project","status-publish","has-post-thumbnail","hentry","project_tags-podrska-izbjeglicama-i-irl","project_tags-prava-lgbti","sector-ljudska-prava-me"],"acf":[],"yoast_head":"<!-- This site is optimized with the Yoast SEO plugin v27.3 - https:\/\/yoast.com\/product\/yoast-seo-wordpress\/ -->\n<title>Ponos svuda \u2013 strate\u0161ki pristup ljudskim pravima LGBTI osoba u Crnoj Gori - Europe House<\/title>\n<meta name=\"robots\" content=\"index, follow, max-snippet:-1, max-image-preview:large, max-video-preview:-1\" \/>\n<link rel=\"canonical\" href=\"https:\/\/www.evropskakuca.me\/me\/project\/ponos-svuda-strateski-pristup-ljudskim-pravima-lgbti-osoba-u-crnoj-gori\/\" \/>\n<meta property=\"og:locale\" content=\"en_US\" \/>\n<meta property=\"og:type\" content=\"article\" \/>\n<meta property=\"og:title\" content=\"Ponos svuda \u2013 strate\u0161ki pristup ljudskim pravima LGBTI osoba u Crnoj Gori - Europe House\" \/>\n<meta property=\"og:description\" content=\"U savremenom dru\u0161tvu nema mjesta diskriminaciji po osnovu seksualne orijentacije i rodnog identiteta. Svi treba da u\u017eivaju ista prava. Fokus ovog projekta su prava LGBTI osoba. Konkretno, projekat je bio usmjeren na ja\u010danje kapaciteta civilnog sektora, lokalnih zajednica i javnih institucija u pogledu pru\u017eanja podr\u0161ke procesu demokratizacije i promocije prava LGBTI zajednice. Time je projekat [&hellip;]\" \/>\n<meta property=\"og:url\" content=\"https:\/\/www.evropskakuca.me\/me\/project\/ponos-svuda-strateski-pristup-ljudskim-pravima-lgbti-osoba-u-crnoj-gori\/\" \/>\n<meta property=\"og:site_name\" content=\"Europe House\" \/>\n<meta property=\"article:publisher\" content=\"https:\/\/www.facebook.com\/evropska.kuca\" \/>\n<meta property=\"og:image\" content=\"https:\/\/www.evropskakuca.me\/wp-content\/uploads\/2021\/06\/Bio-je-jos-jedan-lgbt-projekat-bez-slike-scaled.jpg\" \/>\n\t<meta property=\"og:image:width\" content=\"2560\" \/>\n\t<meta property=\"og:image:height\" content=\"1708\" \/>\n\t<meta property=\"og:image:type\" content=\"image\/jpeg\" \/>\n<meta name=\"twitter:card\" content=\"summary_large_image\" \/>\n<meta name=\"twitter:site\" content=\"@evropska_kuca\" \/>\n<meta name=\"twitter:label1\" content=\"Est. reading time\" \/>\n\t<meta name=\"twitter:data1\" content=\"1 minute\" \/>\n<script type=\"application\/ld+json\" class=\"yoast-schema-graph\">{\"@context\":\"https:\\\/\\\/schema.org\",\"@graph\":[{\"@type\":\"WebPage\",\"@id\":\"https:\\\/\\\/www.evropskakuca.me\\\/me\\\/project\\\/ponos-svuda-strateski-pristup-ljudskim-pravima-lgbti-osoba-u-crnoj-gori\\\/\",\"url\":\"https:\\\/\\\/www.evropskakuca.me\\\/me\\\/project\\\/ponos-svuda-strateski-pristup-ljudskim-pravima-lgbti-osoba-u-crnoj-gori\\\/\",\"name\":\"Ponos svuda \u2013 strate\u0161ki pristup ljudskim pravima LGBTI osoba u Crnoj Gori - Europe House\",\"isPartOf\":{\"@id\":\"https:\\\/\\\/www.evropskakuca.me\\\/me\\\/#website\"},\"primaryImageOfPage\":{\"@id\":\"https:\\\/\\\/www.evropskakuca.me\\\/me\\\/project\\\/ponos-svuda-strateski-pristup-ljudskim-pravima-lgbti-osoba-u-crnoj-gori\\\/#primaryimage\"},\"image\":{\"@id\":\"https:\\\/\\\/www.evropskakuca.me\\\/me\\\/project\\\/ponos-svuda-strateski-pristup-ljudskim-pravima-lgbti-osoba-u-crnoj-gori\\\/#primaryimage\"},\"thumbnailUrl\":\"https:\\\/\\\/www.evropskakuca.me\\\/wp-content\\\/uploads\\\/2021\\\/06\\\/Bio-je-jos-jedan-lgbt-projekat-bez-slike-scaled.jpg\",\"datePublished\":\"2021-07-08T14:53:03+00:00\",\"breadcrumb\":{\"@id\":\"https:\\\/\\\/www.evropskakuca.me\\\/me\\\/project\\\/ponos-svuda-strateski-pristup-ljudskim-pravima-lgbti-osoba-u-crnoj-gori\\\/#breadcrumb\"},\"inLanguage\":\"me-ME\",\"potentialAction\":[{\"@type\":\"ReadAction\",\"target\":[\"https:\\\/\\\/www.evropskakuca.me\\\/me\\\/project\\\/ponos-svuda-strateski-pristup-ljudskim-pravima-lgbti-osoba-u-crnoj-gori\\\/\"]}]},{\"@type\":\"ImageObject\",\"inLanguage\":\"me-ME\",\"@id\":\"https:\\\/\\\/www.evropskakuca.me\\\/me\\\/project\\\/ponos-svuda-strateski-pristup-ljudskim-pravima-lgbti-osoba-u-crnoj-gori\\\/#primaryimage\",\"url\":\"https:\\\/\\\/www.evropskakuca.me\\\/wp-content\\\/uploads\\\/2021\\\/06\\\/Bio-je-jos-jedan-lgbt-projekat-bez-slike-scaled.jpg\",\"contentUrl\":\"https:\\\/\\\/www.evropskakuca.me\\\/wp-content\\\/uploads\\\/2021\\\/06\\\/Bio-je-jos-jedan-lgbt-projekat-bez-slike-scaled.jpg\",\"width\":2560,\"height\":1708},{\"@type\":\"BreadcrumbList\",\"@id\":\"https:\\\/\\\/www.evropskakuca.me\\\/me\\\/project\\\/ponos-svuda-strateski-pristup-ljudskim-pravima-lgbti-osoba-u-crnoj-gori\\\/#breadcrumb\",\"itemListElement\":[{\"@type\":\"ListItem\",\"position\":1,\"name\":\"Home\",\"item\":\"https:\\\/\\\/www.evropskakuca.me\\\/me\\\/\"},{\"@type\":\"ListItem\",\"position\":2,\"name\":\"Projects\",\"item\":\"https:\\\/\\\/www.evropskakuca.me\\\/me\\\/project\\\/\"},{\"@type\":\"ListItem\",\"position\":3,\"name\":\"Ponos svuda \u2013 strate\u0161ki pristup ljudskim pravima LGBTI osoba u Crnoj Gori\"}]},{\"@type\":\"WebSite\",\"@id\":\"https:\\\/\\\/www.evropskakuca.me\\\/me\\\/#website\",\"url\":\"https:\\\/\\\/www.evropskakuca.me\\\/me\\\/\",\"name\":\"Evropean house\",\"description\":\"\",\"publisher\":{\"@id\":\"https:\\\/\\\/www.evropskakuca.me\\\/me\\\/#organization\"},\"potentialAction\":[{\"@type\":\"SearchAction\",\"target\":{\"@type\":\"EntryPoint\",\"urlTemplate\":\"https:\\\/\\\/www.evropskakuca.me\\\/me\\\/?s={search_term_string}\"},\"query-input\":{\"@type\":\"PropertyValueSpecification\",\"valueRequired\":true,\"valueName\":\"search_term_string\"}}],\"inLanguage\":\"me-ME\"},{\"@type\":\"Organization\",\"@id\":\"https:\\\/\\\/www.evropskakuca.me\\\/me\\\/#organization\",\"name\":\"Evropean house\",\"url\":\"https:\\\/\\\/www.evropskakuca.me\\\/me\\\/\",\"logo\":{\"@type\":\"ImageObject\",\"inLanguage\":\"me-ME\",\"@id\":\"https:\\\/\\\/www.evropskakuca.me\\\/me\\\/#\\\/schema\\\/logo\\\/image\\\/\",\"url\":\"https:\\\/\\\/www.evropskakuca.me\\\/wp-content\\\/uploads\\\/2025\\\/01\\\/evropska-kuca-logo-1.png\",\"contentUrl\":\"https:\\\/\\\/www.evropskakuca.me\\\/wp-content\\\/uploads\\\/2025\\\/01\\\/evropska-kuca-logo-1.png\",\"width\":425,\"height\":312,\"caption\":\"Evropean house\"},\"image\":{\"@id\":\"https:\\\/\\\/www.evropskakuca.me\\\/me\\\/#\\\/schema\\\/logo\\\/image\\\/\"},\"sameAs\":[\"https:\\\/\\\/www.facebook.com\\\/evropska.kuca\",\"https:\\\/\\\/x.com\\\/evropska_kuca\",\"https:\\\/\\\/www.instagram.com\\\/evropska_kuca\"]}]}<\/script>\n<!-- \/ Yoast SEO plugin. -->","yoast_head_json":{"title":"Ponos svuda \u2013 strate\u0161ki pristup ljudskim pravima LGBTI osoba u Crnoj Gori - Europe House","robots":{"index":"index","follow":"follow","max-snippet":"max-snippet:-1","max-image-preview":"max-image-preview:large","max-video-preview":"max-video-preview:-1"},"canonical":"https:\/\/www.evropskakuca.me\/me\/project\/ponos-svuda-strateski-pristup-ljudskim-pravima-lgbti-osoba-u-crnoj-gori\/","og_locale":"en_US","og_type":"article","og_title":"Ponos svuda \u2013 strate\u0161ki pristup ljudskim pravima LGBTI osoba u Crnoj Gori - Europe House","og_description":"U savremenom dru\u0161tvu nema mjesta diskriminaciji po osnovu seksualne orijentacije i rodnog identiteta. Svi treba da u\u017eivaju ista prava. Fokus ovog projekta su prava LGBTI osoba. Konkretno, projekat je bio usmjeren na ja\u010danje kapaciteta civilnog sektora, lokalnih zajednica i javnih institucija u pogledu pru\u017eanja podr\u0161ke procesu demokratizacije i promocije prava LGBTI zajednice. Time je projekat [&hellip;]","og_url":"https:\/\/www.evropskakuca.me\/me\/project\/ponos-svuda-strateski-pristup-ljudskim-pravima-lgbti-osoba-u-crnoj-gori\/","og_site_name":"Europe House","article_publisher":"https:\/\/www.facebook.com\/evropska.kuca","og_image":[{"width":2560,"height":1708,"url":"https:\/\/www.evropskakuca.me\/wp-content\/uploads\/2021\/06\/Bio-je-jos-jedan-lgbt-projekat-bez-slike-scaled.jpg","type":"image\/jpeg"}],"twitter_card":"summary_large_image","twitter_site":"@evropska_kuca","twitter_misc":{"Est. reading time":"1 minute"},"schema":{"@context":"https:\/\/schema.org","@graph":[{"@type":"WebPage","@id":"https:\/\/www.evropskakuca.me\/me\/project\/ponos-svuda-strateski-pristup-ljudskim-pravima-lgbti-osoba-u-crnoj-gori\/","url":"https:\/\/www.evropskakuca.me\/me\/project\/ponos-svuda-strateski-pristup-ljudskim-pravima-lgbti-osoba-u-crnoj-gori\/","name":"Ponos svuda \u2013 strate\u0161ki pristup ljudskim pravima LGBTI osoba u Crnoj Gori - Europe House","isPartOf":{"@id":"https:\/\/www.evropskakuca.me\/me\/#website"},"primaryImageOfPage":{"@id":"https:\/\/www.evropskakuca.me\/me\/project\/ponos-svuda-strateski-pristup-ljudskim-pravima-lgbti-osoba-u-crnoj-gori\/#primaryimage"},"image":{"@id":"https:\/\/www.evropskakuca.me\/me\/project\/ponos-svuda-strateski-pristup-ljudskim-pravima-lgbti-osoba-u-crnoj-gori\/#primaryimage"},"thumbnailUrl":"https:\/\/www.evropskakuca.me\/wp-content\/uploads\/2021\/06\/Bio-je-jos-jedan-lgbt-projekat-bez-slike-scaled.jpg","datePublished":"2021-07-08T14:53:03+00:00","breadcrumb":{"@id":"https:\/\/www.evropskakuca.me\/me\/project\/ponos-svuda-strateski-pristup-ljudskim-pravima-lgbti-osoba-u-crnoj-gori\/#breadcrumb"},"inLanguage":"me-ME","potentialAction":[{"@type":"ReadAction","target":["https:\/\/www.evropskakuca.me\/me\/project\/ponos-svuda-strateski-pristup-ljudskim-pravima-lgbti-osoba-u-crnoj-gori\/"]}]},{"@type":"ImageObject","inLanguage":"me-ME","@id":"https:\/\/www.evropskakuca.me\/me\/project\/ponos-svuda-strateski-pristup-ljudskim-pravima-lgbti-osoba-u-crnoj-gori\/#primaryimage","url":"https:\/\/www.evropskakuca.me\/wp-content\/uploads\/2021\/06\/Bio-je-jos-jedan-lgbt-projekat-bez-slike-scaled.jpg","contentUrl":"https:\/\/www.evropskakuca.me\/wp-content\/uploads\/2021\/06\/Bio-je-jos-jedan-lgbt-projekat-bez-slike-scaled.jpg","width":2560,"height":1708},{"@type":"BreadcrumbList","@id":"https:\/\/www.evropskakuca.me\/me\/project\/ponos-svuda-strateski-pristup-ljudskim-pravima-lgbti-osoba-u-crnoj-gori\/#breadcrumb","itemListElement":[{"@type":"ListItem","position":1,"name":"Home","item":"https:\/\/www.evropskakuca.me\/me\/"},{"@type":"ListItem","position":2,"name":"Projects","item":"https:\/\/www.evropskakuca.me\/me\/project\/"},{"@type":"ListItem","position":3,"name":"Ponos svuda \u2013 strate\u0161ki pristup ljudskim pravima LGBTI osoba u Crnoj Gori"}]},{"@type":"WebSite","@id":"https:\/\/www.evropskakuca.me\/me\/#website","url":"https:\/\/www.evropskakuca.me\/me\/","name":"Evropean house","description":"","publisher":{"@id":"https:\/\/www.evropskakuca.me\/me\/#organization"},"potentialAction":[{"@type":"SearchAction","target":{"@type":"EntryPoint","urlTemplate":"https:\/\/www.evropskakuca.me\/me\/?s={search_term_string}"},"query-input":{"@type":"PropertyValueSpecification","valueRequired":true,"valueName":"search_term_string"}}],"inLanguage":"me-ME"},{"@type":"Organization","@id":"https:\/\/www.evropskakuca.me\/me\/#organization","name":"Evropean house","url":"https:\/\/www.evropskakuca.me\/me\/","logo":{"@type":"ImageObject","inLanguage":"me-ME","@id":"https:\/\/www.evropskakuca.me\/me\/#\/schema\/logo\/image\/","url":"https:\/\/www.evropskakuca.me\/wp-content\/uploads\/2025\/01\/evropska-kuca-logo-1.png","contentUrl":"https:\/\/www.evropskakuca.me\/wp-content\/uploads\/2025\/01\/evropska-kuca-logo-1.png","width":425,"height":312,"caption":"Evropean house"},"image":{"@id":"https:\/\/www.evropskakuca.me\/me\/#\/schema\/logo\/image\/"},"sameAs":["https:\/\/www.facebook.com\/evropska.kuca","https:\/\/x.com\/evropska_kuca","https:\/\/www.instagram.com\/evropska_kuca"]}]}},"_links":{"self":[{"href":"https:\/\/www.evropskakuca.me\/me\/wp-json\/wp\/v2\/project\/13514","targetHints":{"allow":["GET"]}}],"collection":[{"href":"https:\/\/www.evropskakuca.me\/me\/wp-json\/wp\/v2\/project"}],"about":[{"href":"https:\/\/www.evropskakuca.me\/me\/wp-json\/wp\/v2\/types\/project"}],"wp:featuredmedia":[{"embeddable":true,"href":"https:\/\/www.evropskakuca.me\/me\/wp-json\/wp\/v2\/media\/36528"}],"wp:attachment":[{"href":"https:\/\/www.evropskakuca.me\/me\/wp-json\/wp\/v2\/media?parent=13514"}],"wp:term":[{"taxonomy":"project_tags","embeddable":true,"href":"https:\/\/www.evropskakuca.me\/me\/wp-json\/wp\/v2\/project_tags?post=13514"},{"taxonomy":"sector","embeddable":true,"href":"https:\/\/www.evropskakuca.me\/me\/wp-json\/wp\/v2\/sector?post=13514"}],"curies":[{"name":"wp","href":"https:\/\/api.w.org\/{rel}","templated":true}]}}