{"id":13508,"date":"2021-07-08T14:27:43","date_gmt":"2021-07-08T14:27:43","guid":{"rendered":"http:\/\/www.evropskakuca.me\/?post_type=project&amp;p=13508"},"modified":"2021-07-08T14:27:43","modified_gmt":"2021-07-08T14:27:43","slug":"naziv-okupljanja-za-ljudska-prava-sloboda-javne-rijeci-u-javnom-prostoru","status":"publish","type":"project","link":"https:\/\/www.evropskakuca.me\/me\/project\/naziv-okupljanja-za-ljudska-prava-sloboda-javne-rijeci-u-javnom-prostoru\/","title":{"rendered":"Okupljanja za ljudska prava: Sloboda javne rije\u010di u javnom prostoru"},"content":{"rendered":"<p>Sloboda mirnog okupljanja je individualno pravo koje se uvijek izra\u017eava na kolektivan na\u010din. Zakonom o javnim okupljanjima, koji je usvojen 2016. godine, uvedena su pobolj\u0161anja u pogledu slobode okupljanja u Crnoj Gori. Me\u0111utim, i policijski slu\u017ebenici i organizatori protesta, ali i dru\u0161tvo u cjelini, jo\u0161 uvijek nijesu adekvatno informisani o ovim zakonskim rje\u0161enjima.<\/p>\n<p>Cilj ovog projekta je da doprinese razvoju i konsolidaciji demokratije i po\u0161tovanju osnovnih sloboda, kroz podsticanje ambijenta za slobodna okupljanja u Crnoj Gori. O\u010dekuje se da c\u0301e doprinijeti boljem informisanju gra\u0111ana o pravima i obavezama u pogledu ostvarivanja prava na javno okupljanje, a tako\u0111e i da c\u0301e podsta\u0107i ja\u010danje kapaciteta klju\u010dnih aktera da organizuju, nadgledaju i u\u017eivaju pravo na javno okupljanje.<\/p>\n<p>Dodatno, projektom \u0107e se pru\u017eiti podr\u0161ka organizacijama civilnog dru\u0161tva kroz \u0161emu malih grantova, a kako bi sprovele akcije vezane za nadgledanje javnih okupljanja i podizanje dru\u0161tvene svijesti o pravu na javno okupljanje na lokalnom nivou.<\/p>\n<p>\u010cetiri organizacije civilnog dru\u0161tva su podr\u017eane kroz \u010detiri mini granta:<\/p>\n<ol>\n<li style=\"padding-bottom: 8px;\">NVO Media centar (projekat \u201eProfesionalno informisanje o javnim okupljanjima\u201c, bud\u017eet: 9.467,50 eura);<\/li>\n<li style=\"padding-bottom: 8px;\">Dru\u0161tvo profesionalnih novinara Crne Gore (projekat \u201eNovinari za slobodu okupljanja\u201c, bud\u017eet: 8.772,50 eura);<\/li>\n<li style=\"padding-bottom: 8px;\">Centar za gra\u0111anske slobode \u2013 CEGAS (projekat \u201eSloboda okupljanja izme\u0111u lokalne samouprave i Ustava Crne Gore\u201c, bud\u017eet: 9.830,00 eura);<\/li>\n<li style=\"padding-bottom: 8px;\">LGBTQ Socijalni centar (projekat \u201eSloboda okupljanja LGBTQ osoba na lokalnom nivou\u201c, bud\u017eet: 6.120,00 eura).<\/li>\n<\/ol>\n<p>Osim finansijske podr\u0161ke kroz mini grantove, za ove \u010detiri organizacije civilnog dru\u0161tva bi\u0107e obezbije\u0111en i program ja\u010danja kapaciteta u oblasti upravljanja projektima i pra\u0107enja ostvarivanja prava na slobodu okupljanja.<\/p>\n","protected":false},"featured_media":36858,"parent":0,"template":"","meta":{"_acf_changed":false},"project_tags":[322,308,311,330],"sector":[309],"class_list":["post-13508","project","type-project","status-publish","has-post-thumbnail","hentry","project_tags-civilno-drustvo","project_tags-ljudska-prava","project_tags-podrska-izbjeglicama-i-irl","project_tags-sloboda-mirnog-okupljanja","sector-ljudska-prava-me"],"acf":[],"yoast_head":"<!-- This site is optimized with the Yoast SEO plugin v27.3 - https:\/\/yoast.com\/product\/yoast-seo-wordpress\/ -->\n<title>Okupljanja za ljudska prava: Sloboda javne rije\u010di u javnom prostoru - Europe House<\/title>\n<meta name=\"robots\" content=\"index, follow, max-snippet:-1, max-image-preview:large, max-video-preview:-1\" \/>\n<link rel=\"canonical\" href=\"https:\/\/www.evropskakuca.me\/me\/project\/naziv-okupljanja-za-ljudska-prava-sloboda-javne-rijeci-u-javnom-prostoru\/\" \/>\n<meta property=\"og:locale\" content=\"en_US\" \/>\n<meta property=\"og:type\" content=\"article\" \/>\n<meta property=\"og:title\" content=\"Okupljanja za ljudska prava: Sloboda javne rije\u010di u javnom prostoru - Europe House\" \/>\n<meta property=\"og:description\" content=\"Sloboda mirnog okupljanja je individualno pravo koje se uvijek izra\u017eava na kolektivan na\u010din. Zakonom o javnim okupljanjima, koji je usvojen 2016. godine, uvedena su pobolj\u0161anja u pogledu slobode okupljanja u Crnoj Gori. Me\u0111utim, i policijski slu\u017ebenici i organizatori protesta, ali i dru\u0161tvo u cjelini, jo\u0161 uvijek nijesu adekvatno informisani o ovim zakonskim rje\u0161enjima. Cilj ovog [&hellip;]\" \/>\n<meta property=\"og:url\" content=\"https:\/\/www.evropskakuca.me\/me\/project\/naziv-okupljanja-za-ljudska-prava-sloboda-javne-rijeci-u-javnom-prostoru\/\" \/>\n<meta property=\"og:site_name\" content=\"Europe House\" \/>\n<meta property=\"article:publisher\" content=\"https:\/\/www.facebook.com\/evropska.kuca\" \/>\n<meta property=\"og:image\" content=\"https:\/\/www.evropskakuca.me\/wp-content\/uploads\/2021\/06\/international-human-rights-01-1.jpg\" \/>\n\t<meta property=\"og:image:width\" content=\"935\" \/>\n\t<meta property=\"og:image:height\" content=\"475\" \/>\n\t<meta property=\"og:image:type\" content=\"image\/jpeg\" \/>\n<meta name=\"twitter:card\" content=\"summary_large_image\" \/>\n<meta name=\"twitter:site\" content=\"@evropska_kuca\" \/>\n<meta name=\"twitter:label1\" content=\"Est. reading time\" \/>\n\t<meta name=\"twitter:data1\" content=\"1 minute\" \/>\n<script type=\"application\/ld+json\" class=\"yoast-schema-graph\">{\"@context\":\"https:\\\/\\\/schema.org\",\"@graph\":[{\"@type\":\"WebPage\",\"@id\":\"https:\\\/\\\/www.evropskakuca.me\\\/me\\\/project\\\/naziv-okupljanja-za-ljudska-prava-sloboda-javne-rijeci-u-javnom-prostoru\\\/\",\"url\":\"https:\\\/\\\/www.evropskakuca.me\\\/me\\\/project\\\/naziv-okupljanja-za-ljudska-prava-sloboda-javne-rijeci-u-javnom-prostoru\\\/\",\"name\":\"Okupljanja za ljudska prava: Sloboda javne rije\u010di u javnom prostoru - Europe House\",\"isPartOf\":{\"@id\":\"https:\\\/\\\/www.evropskakuca.me\\\/me\\\/#website\"},\"primaryImageOfPage\":{\"@id\":\"https:\\\/\\\/www.evropskakuca.me\\\/me\\\/project\\\/naziv-okupljanja-za-ljudska-prava-sloboda-javne-rijeci-u-javnom-prostoru\\\/#primaryimage\"},\"image\":{\"@id\":\"https:\\\/\\\/www.evropskakuca.me\\\/me\\\/project\\\/naziv-okupljanja-za-ljudska-prava-sloboda-javne-rijeci-u-javnom-prostoru\\\/#primaryimage\"},\"thumbnailUrl\":\"https:\\\/\\\/www.evropskakuca.me\\\/wp-content\\\/uploads\\\/2021\\\/06\\\/international-human-rights-01-1.jpg\",\"datePublished\":\"2021-07-08T14:27:43+00:00\",\"breadcrumb\":{\"@id\":\"https:\\\/\\\/www.evropskakuca.me\\\/me\\\/project\\\/naziv-okupljanja-za-ljudska-prava-sloboda-javne-rijeci-u-javnom-prostoru\\\/#breadcrumb\"},\"inLanguage\":\"me-ME\",\"potentialAction\":[{\"@type\":\"ReadAction\",\"target\":[\"https:\\\/\\\/www.evropskakuca.me\\\/me\\\/project\\\/naziv-okupljanja-za-ljudska-prava-sloboda-javne-rijeci-u-javnom-prostoru\\\/\"]}]},{\"@type\":\"ImageObject\",\"inLanguage\":\"me-ME\",\"@id\":\"https:\\\/\\\/www.evropskakuca.me\\\/me\\\/project\\\/naziv-okupljanja-za-ljudska-prava-sloboda-javne-rijeci-u-javnom-prostoru\\\/#primaryimage\",\"url\":\"https:\\\/\\\/www.evropskakuca.me\\\/wp-content\\\/uploads\\\/2021\\\/06\\\/international-human-rights-01-1.jpg\",\"contentUrl\":\"https:\\\/\\\/www.evropskakuca.me\\\/wp-content\\\/uploads\\\/2021\\\/06\\\/international-human-rights-01-1.jpg\",\"width\":935,\"height\":475},{\"@type\":\"BreadcrumbList\",\"@id\":\"https:\\\/\\\/www.evropskakuca.me\\\/me\\\/project\\\/naziv-okupljanja-za-ljudska-prava-sloboda-javne-rijeci-u-javnom-prostoru\\\/#breadcrumb\",\"itemListElement\":[{\"@type\":\"ListItem\",\"position\":1,\"name\":\"Home\",\"item\":\"https:\\\/\\\/www.evropskakuca.me\\\/me\\\/\"},{\"@type\":\"ListItem\",\"position\":2,\"name\":\"Projects\",\"item\":\"https:\\\/\\\/www.evropskakuca.me\\\/me\\\/project\\\/\"},{\"@type\":\"ListItem\",\"position\":3,\"name\":\"Okupljanja za ljudska prava: Sloboda javne rije\u010di u javnom prostoru\"}]},{\"@type\":\"WebSite\",\"@id\":\"https:\\\/\\\/www.evropskakuca.me\\\/me\\\/#website\",\"url\":\"https:\\\/\\\/www.evropskakuca.me\\\/me\\\/\",\"name\":\"Evropean house\",\"description\":\"\",\"publisher\":{\"@id\":\"https:\\\/\\\/www.evropskakuca.me\\\/me\\\/#organization\"},\"potentialAction\":[{\"@type\":\"SearchAction\",\"target\":{\"@type\":\"EntryPoint\",\"urlTemplate\":\"https:\\\/\\\/www.evropskakuca.me\\\/me\\\/?s={search_term_string}\"},\"query-input\":{\"@type\":\"PropertyValueSpecification\",\"valueRequired\":true,\"valueName\":\"search_term_string\"}}],\"inLanguage\":\"me-ME\"},{\"@type\":\"Organization\",\"@id\":\"https:\\\/\\\/www.evropskakuca.me\\\/me\\\/#organization\",\"name\":\"Evropean house\",\"url\":\"https:\\\/\\\/www.evropskakuca.me\\\/me\\\/\",\"logo\":{\"@type\":\"ImageObject\",\"inLanguage\":\"me-ME\",\"@id\":\"https:\\\/\\\/www.evropskakuca.me\\\/me\\\/#\\\/schema\\\/logo\\\/image\\\/\",\"url\":\"https:\\\/\\\/www.evropskakuca.me\\\/wp-content\\\/uploads\\\/2025\\\/01\\\/evropska-kuca-logo-1.png\",\"contentUrl\":\"https:\\\/\\\/www.evropskakuca.me\\\/wp-content\\\/uploads\\\/2025\\\/01\\\/evropska-kuca-logo-1.png\",\"width\":425,\"height\":312,\"caption\":\"Evropean house\"},\"image\":{\"@id\":\"https:\\\/\\\/www.evropskakuca.me\\\/me\\\/#\\\/schema\\\/logo\\\/image\\\/\"},\"sameAs\":[\"https:\\\/\\\/www.facebook.com\\\/evropska.kuca\",\"https:\\\/\\\/x.com\\\/evropska_kuca\",\"https:\\\/\\\/www.instagram.com\\\/evropska_kuca\"]}]}<\/script>\n<!-- \/ Yoast SEO plugin. -->","yoast_head_json":{"title":"Okupljanja za ljudska prava: Sloboda javne rije\u010di u javnom prostoru - Europe House","robots":{"index":"index","follow":"follow","max-snippet":"max-snippet:-1","max-image-preview":"max-image-preview:large","max-video-preview":"max-video-preview:-1"},"canonical":"https:\/\/www.evropskakuca.me\/me\/project\/naziv-okupljanja-za-ljudska-prava-sloboda-javne-rijeci-u-javnom-prostoru\/","og_locale":"en_US","og_type":"article","og_title":"Okupljanja za ljudska prava: Sloboda javne rije\u010di u javnom prostoru - Europe House","og_description":"Sloboda mirnog okupljanja je individualno pravo koje se uvijek izra\u017eava na kolektivan na\u010din. Zakonom o javnim okupljanjima, koji je usvojen 2016. godine, uvedena su pobolj\u0161anja u pogledu slobode okupljanja u Crnoj Gori. Me\u0111utim, i policijski slu\u017ebenici i organizatori protesta, ali i dru\u0161tvo u cjelini, jo\u0161 uvijek nijesu adekvatno informisani o ovim zakonskim rje\u0161enjima. Cilj ovog [&hellip;]","og_url":"https:\/\/www.evropskakuca.me\/me\/project\/naziv-okupljanja-za-ljudska-prava-sloboda-javne-rijeci-u-javnom-prostoru\/","og_site_name":"Europe House","article_publisher":"https:\/\/www.facebook.com\/evropska.kuca","og_image":[{"width":935,"height":475,"url":"https:\/\/www.evropskakuca.me\/wp-content\/uploads\/2021\/06\/international-human-rights-01-1.jpg","type":"image\/jpeg"}],"twitter_card":"summary_large_image","twitter_site":"@evropska_kuca","twitter_misc":{"Est. reading time":"1 minute"},"schema":{"@context":"https:\/\/schema.org","@graph":[{"@type":"WebPage","@id":"https:\/\/www.evropskakuca.me\/me\/project\/naziv-okupljanja-za-ljudska-prava-sloboda-javne-rijeci-u-javnom-prostoru\/","url":"https:\/\/www.evropskakuca.me\/me\/project\/naziv-okupljanja-za-ljudska-prava-sloboda-javne-rijeci-u-javnom-prostoru\/","name":"Okupljanja za ljudska prava: Sloboda javne rije\u010di u javnom prostoru - Europe House","isPartOf":{"@id":"https:\/\/www.evropskakuca.me\/me\/#website"},"primaryImageOfPage":{"@id":"https:\/\/www.evropskakuca.me\/me\/project\/naziv-okupljanja-za-ljudska-prava-sloboda-javne-rijeci-u-javnom-prostoru\/#primaryimage"},"image":{"@id":"https:\/\/www.evropskakuca.me\/me\/project\/naziv-okupljanja-za-ljudska-prava-sloboda-javne-rijeci-u-javnom-prostoru\/#primaryimage"},"thumbnailUrl":"https:\/\/www.evropskakuca.me\/wp-content\/uploads\/2021\/06\/international-human-rights-01-1.jpg","datePublished":"2021-07-08T14:27:43+00:00","breadcrumb":{"@id":"https:\/\/www.evropskakuca.me\/me\/project\/naziv-okupljanja-za-ljudska-prava-sloboda-javne-rijeci-u-javnom-prostoru\/#breadcrumb"},"inLanguage":"me-ME","potentialAction":[{"@type":"ReadAction","target":["https:\/\/www.evropskakuca.me\/me\/project\/naziv-okupljanja-za-ljudska-prava-sloboda-javne-rijeci-u-javnom-prostoru\/"]}]},{"@type":"ImageObject","inLanguage":"me-ME","@id":"https:\/\/www.evropskakuca.me\/me\/project\/naziv-okupljanja-za-ljudska-prava-sloboda-javne-rijeci-u-javnom-prostoru\/#primaryimage","url":"https:\/\/www.evropskakuca.me\/wp-content\/uploads\/2021\/06\/international-human-rights-01-1.jpg","contentUrl":"https:\/\/www.evropskakuca.me\/wp-content\/uploads\/2021\/06\/international-human-rights-01-1.jpg","width":935,"height":475},{"@type":"BreadcrumbList","@id":"https:\/\/www.evropskakuca.me\/me\/project\/naziv-okupljanja-za-ljudska-prava-sloboda-javne-rijeci-u-javnom-prostoru\/#breadcrumb","itemListElement":[{"@type":"ListItem","position":1,"name":"Home","item":"https:\/\/www.evropskakuca.me\/me\/"},{"@type":"ListItem","position":2,"name":"Projects","item":"https:\/\/www.evropskakuca.me\/me\/project\/"},{"@type":"ListItem","position":3,"name":"Okupljanja za ljudska prava: Sloboda javne rije\u010di u javnom prostoru"}]},{"@type":"WebSite","@id":"https:\/\/www.evropskakuca.me\/me\/#website","url":"https:\/\/www.evropskakuca.me\/me\/","name":"Evropean house","description":"","publisher":{"@id":"https:\/\/www.evropskakuca.me\/me\/#organization"},"potentialAction":[{"@type":"SearchAction","target":{"@type":"EntryPoint","urlTemplate":"https:\/\/www.evropskakuca.me\/me\/?s={search_term_string}"},"query-input":{"@type":"PropertyValueSpecification","valueRequired":true,"valueName":"search_term_string"}}],"inLanguage":"me-ME"},{"@type":"Organization","@id":"https:\/\/www.evropskakuca.me\/me\/#organization","name":"Evropean house","url":"https:\/\/www.evropskakuca.me\/me\/","logo":{"@type":"ImageObject","inLanguage":"me-ME","@id":"https:\/\/www.evropskakuca.me\/me\/#\/schema\/logo\/image\/","url":"https:\/\/www.evropskakuca.me\/wp-content\/uploads\/2025\/01\/evropska-kuca-logo-1.png","contentUrl":"https:\/\/www.evropskakuca.me\/wp-content\/uploads\/2025\/01\/evropska-kuca-logo-1.png","width":425,"height":312,"caption":"Evropean house"},"image":{"@id":"https:\/\/www.evropskakuca.me\/me\/#\/schema\/logo\/image\/"},"sameAs":["https:\/\/www.facebook.com\/evropska.kuca","https:\/\/x.com\/evropska_kuca","https:\/\/www.instagram.com\/evropska_kuca"]}]}},"_links":{"self":[{"href":"https:\/\/www.evropskakuca.me\/me\/wp-json\/wp\/v2\/project\/13508","targetHints":{"allow":["GET"]}}],"collection":[{"href":"https:\/\/www.evropskakuca.me\/me\/wp-json\/wp\/v2\/project"}],"about":[{"href":"https:\/\/www.evropskakuca.me\/me\/wp-json\/wp\/v2\/types\/project"}],"wp:featuredmedia":[{"embeddable":true,"href":"https:\/\/www.evropskakuca.me\/me\/wp-json\/wp\/v2\/media\/36858"}],"wp:attachment":[{"href":"https:\/\/www.evropskakuca.me\/me\/wp-json\/wp\/v2\/media?parent=13508"}],"wp:term":[{"taxonomy":"project_tags","embeddable":true,"href":"https:\/\/www.evropskakuca.me\/me\/wp-json\/wp\/v2\/project_tags?post=13508"},{"taxonomy":"sector","embeddable":true,"href":"https:\/\/www.evropskakuca.me\/me\/wp-json\/wp\/v2\/sector?post=13508"}],"curies":[{"name":"wp","href":"https:\/\/api.w.org\/{rel}","templated":true}]}}