{"id":13491,"date":"2021-07-08T12:51:11","date_gmt":"2021-07-08T12:51:11","guid":{"rendered":"http:\/\/www.evropskakuca.me\/?post_type=project&amp;p=13491"},"modified":"2021-07-08T12:51:11","modified_gmt":"2021-07-08T12:51:11","slug":"integrisani-i-sistemski-pristup-unapredenju-kvaliteta-zivota-lgbt-osoba-u-crnoj-gori","status":"publish","type":"project","link":"https:\/\/www.evropskakuca.me\/me\/project\/integrisani-i-sistemski-pristup-unapredenju-kvaliteta-zivota-lgbt-osoba-u-crnoj-gori\/","title":{"rendered":"Integrisani i sistemski pristup unapre\u0111enju kvaliteta \u017eivota LGBT osoba u Crnoj Gori"},"content":{"rendered":"<p>Zabrana diskriminacije i za\u0161tita ljudskih prava su va\u017eni elementi evropskog pravnog poretka, a seksualna orijentacija prepoznata je u pravu Evropske unije kao jedan od osnova diskriminacije. Ovaj projekat imao je za cilj da doprinese razvoju i konsolidaciji demokratije i vladavine prava, te po\u0161tovanju svih ljudskih prava i osnovnih sloboda u Crnoj Gori. Konkretni cilj projekta odnosio se na ja\u010danje civilnog sektora i lokalnih zajednica u pogledu podr\u0161ke i unapre\u0111enja prava LGBTI osoba.<\/p>\n<p>Projekat se sastojao od pet koherentnih i me\u0111usobno povezanih klastera, koji su se odnosili na:<\/p>\n<ul>\n<li>Decentralizaciju i sinhronizaciju sprovo\u0111enja projektnih aktivnosti u cilju smanjenja homofobije\/transfobije me\u0111u op\u0161tom populacijom, i posebno me\u0111u lokalnim zajednicama;<\/li>\n<li>Kreiranje i usvajanje odgovarajuc\u0301ih strate\u0161kih i pravnih dokumenata u vezi sa kvalitetom \u017eivota LGBTI zajednice;<\/li>\n<li>Bolji pristup pravdi;<\/li>\n<li>Bolji pristup zdravstvenim, obrazovnim i uslugama socijalne za\u0161tite;<\/li>\n<li>Pozitivniju dru\u0161tvenu stvarnost u pogledu ljudskih prava LGBTI osoba u Crnoj Gori.<\/li>\n<\/ul>\n<p>Tokom dvogodi\u0161njeg perioda implementacije, projekat je pokazao da je decentralizacija aktivnosti od najvec\u0301e va\u017enosti za stvaranje uslova potrebnih za ja\u010danje LGBTI zajednice u svim op\u0161tinama.<\/p>\n<p>Projekat je zavr\u0161en u decembru 2019. godine.<\/p>\n","protected":false},"featured_media":36528,"parent":0,"template":"","meta":{"_acf_changed":false},"project_tags":[322,308,310,311,323],"sector":[309],"class_list":["post-13491","project","type-project","status-publish","has-post-thumbnail","hentry","project_tags-civilno-drustvo","project_tags-ljudska-prava","project_tags-osudi-diskriminaciju","project_tags-podrska-izbjeglicama-i-irl","project_tags-prava-lgbti","sector-ljudska-prava-me"],"acf":[],"yoast_head":"<!-- This site is optimized with the Yoast SEO plugin v27.3 - https:\/\/yoast.com\/product\/yoast-seo-wordpress\/ -->\n<title>Integrisani i sistemski pristup unapre\u0111enju kvaliteta \u017eivota LGBT osoba u Crnoj Gori - Europe House<\/title>\n<meta name=\"robots\" content=\"index, follow, max-snippet:-1, max-image-preview:large, max-video-preview:-1\" \/>\n<link rel=\"canonical\" href=\"https:\/\/www.evropskakuca.me\/me\/project\/integrisani-i-sistemski-pristup-unapredenju-kvaliteta-zivota-lgbt-osoba-u-crnoj-gori\/\" \/>\n<meta property=\"og:locale\" content=\"en_US\" \/>\n<meta property=\"og:type\" content=\"article\" \/>\n<meta property=\"og:title\" content=\"Integrisani i sistemski pristup unapre\u0111enju kvaliteta \u017eivota LGBT osoba u Crnoj Gori - Europe House\" \/>\n<meta property=\"og:description\" content=\"Zabrana diskriminacije i za\u0161tita ljudskih prava su va\u017eni elementi evropskog pravnog poretka, a seksualna orijentacija prepoznata je u pravu Evropske unije kao jedan od osnova diskriminacije. Ovaj projekat imao je za cilj da doprinese razvoju i konsolidaciji demokratije i vladavine prava, te po\u0161tovanju svih ljudskih prava i osnovnih sloboda u Crnoj Gori. Konkretni cilj projekta [&hellip;]\" \/>\n<meta property=\"og:url\" content=\"https:\/\/www.evropskakuca.me\/me\/project\/integrisani-i-sistemski-pristup-unapredenju-kvaliteta-zivota-lgbt-osoba-u-crnoj-gori\/\" \/>\n<meta property=\"og:site_name\" content=\"Europe House\" \/>\n<meta property=\"article:publisher\" content=\"https:\/\/www.facebook.com\/evropska.kuca\" \/>\n<meta property=\"og:image\" content=\"https:\/\/www.evropskakuca.me\/wp-content\/uploads\/2021\/06\/Bio-je-jos-jedan-lgbt-projekat-bez-slike-scaled.jpg\" \/>\n\t<meta property=\"og:image:width\" content=\"2560\" \/>\n\t<meta property=\"og:image:height\" content=\"1708\" \/>\n\t<meta property=\"og:image:type\" content=\"image\/jpeg\" \/>\n<meta name=\"twitter:card\" content=\"summary_large_image\" \/>\n<meta name=\"twitter:site\" content=\"@evropska_kuca\" \/>\n<meta name=\"twitter:label1\" content=\"Est. reading time\" \/>\n\t<meta name=\"twitter:data1\" content=\"1 minute\" \/>\n<script type=\"application\/ld+json\" class=\"yoast-schema-graph\">{\"@context\":\"https:\\\/\\\/schema.org\",\"@graph\":[{\"@type\":\"WebPage\",\"@id\":\"https:\\\/\\\/www.evropskakuca.me\\\/me\\\/project\\\/integrisani-i-sistemski-pristup-unapredenju-kvaliteta-zivota-lgbt-osoba-u-crnoj-gori\\\/\",\"url\":\"https:\\\/\\\/www.evropskakuca.me\\\/me\\\/project\\\/integrisani-i-sistemski-pristup-unapredenju-kvaliteta-zivota-lgbt-osoba-u-crnoj-gori\\\/\",\"name\":\"Integrisani i sistemski pristup unapre\u0111enju kvaliteta \u017eivota LGBT osoba u Crnoj Gori - Europe House\",\"isPartOf\":{\"@id\":\"https:\\\/\\\/www.evropskakuca.me\\\/me\\\/#website\"},\"primaryImageOfPage\":{\"@id\":\"https:\\\/\\\/www.evropskakuca.me\\\/me\\\/project\\\/integrisani-i-sistemski-pristup-unapredenju-kvaliteta-zivota-lgbt-osoba-u-crnoj-gori\\\/#primaryimage\"},\"image\":{\"@id\":\"https:\\\/\\\/www.evropskakuca.me\\\/me\\\/project\\\/integrisani-i-sistemski-pristup-unapredenju-kvaliteta-zivota-lgbt-osoba-u-crnoj-gori\\\/#primaryimage\"},\"thumbnailUrl\":\"https:\\\/\\\/www.evropskakuca.me\\\/wp-content\\\/uploads\\\/2021\\\/06\\\/Bio-je-jos-jedan-lgbt-projekat-bez-slike-scaled.jpg\",\"datePublished\":\"2021-07-08T12:51:11+00:00\",\"breadcrumb\":{\"@id\":\"https:\\\/\\\/www.evropskakuca.me\\\/me\\\/project\\\/integrisani-i-sistemski-pristup-unapredenju-kvaliteta-zivota-lgbt-osoba-u-crnoj-gori\\\/#breadcrumb\"},\"inLanguage\":\"me-ME\",\"potentialAction\":[{\"@type\":\"ReadAction\",\"target\":[\"https:\\\/\\\/www.evropskakuca.me\\\/me\\\/project\\\/integrisani-i-sistemski-pristup-unapredenju-kvaliteta-zivota-lgbt-osoba-u-crnoj-gori\\\/\"]}]},{\"@type\":\"ImageObject\",\"inLanguage\":\"me-ME\",\"@id\":\"https:\\\/\\\/www.evropskakuca.me\\\/me\\\/project\\\/integrisani-i-sistemski-pristup-unapredenju-kvaliteta-zivota-lgbt-osoba-u-crnoj-gori\\\/#primaryimage\",\"url\":\"https:\\\/\\\/www.evropskakuca.me\\\/wp-content\\\/uploads\\\/2021\\\/06\\\/Bio-je-jos-jedan-lgbt-projekat-bez-slike-scaled.jpg\",\"contentUrl\":\"https:\\\/\\\/www.evropskakuca.me\\\/wp-content\\\/uploads\\\/2021\\\/06\\\/Bio-je-jos-jedan-lgbt-projekat-bez-slike-scaled.jpg\",\"width\":2560,\"height\":1708},{\"@type\":\"BreadcrumbList\",\"@id\":\"https:\\\/\\\/www.evropskakuca.me\\\/me\\\/project\\\/integrisani-i-sistemski-pristup-unapredenju-kvaliteta-zivota-lgbt-osoba-u-crnoj-gori\\\/#breadcrumb\",\"itemListElement\":[{\"@type\":\"ListItem\",\"position\":1,\"name\":\"Home\",\"item\":\"https:\\\/\\\/www.evropskakuca.me\\\/me\\\/\"},{\"@type\":\"ListItem\",\"position\":2,\"name\":\"Projects\",\"item\":\"https:\\\/\\\/www.evropskakuca.me\\\/me\\\/project\\\/\"},{\"@type\":\"ListItem\",\"position\":3,\"name\":\"Integrisani i sistemski pristup unapre\u0111enju kvaliteta \u017eivota LGBT osoba u Crnoj Gori\"}]},{\"@type\":\"WebSite\",\"@id\":\"https:\\\/\\\/www.evropskakuca.me\\\/me\\\/#website\",\"url\":\"https:\\\/\\\/www.evropskakuca.me\\\/me\\\/\",\"name\":\"Evropean house\",\"description\":\"\",\"publisher\":{\"@id\":\"https:\\\/\\\/www.evropskakuca.me\\\/me\\\/#organization\"},\"potentialAction\":[{\"@type\":\"SearchAction\",\"target\":{\"@type\":\"EntryPoint\",\"urlTemplate\":\"https:\\\/\\\/www.evropskakuca.me\\\/me\\\/?s={search_term_string}\"},\"query-input\":{\"@type\":\"PropertyValueSpecification\",\"valueRequired\":true,\"valueName\":\"search_term_string\"}}],\"inLanguage\":\"me-ME\"},{\"@type\":\"Organization\",\"@id\":\"https:\\\/\\\/www.evropskakuca.me\\\/me\\\/#organization\",\"name\":\"Evropean house\",\"url\":\"https:\\\/\\\/www.evropskakuca.me\\\/me\\\/\",\"logo\":{\"@type\":\"ImageObject\",\"inLanguage\":\"me-ME\",\"@id\":\"https:\\\/\\\/www.evropskakuca.me\\\/me\\\/#\\\/schema\\\/logo\\\/image\\\/\",\"url\":\"https:\\\/\\\/www.evropskakuca.me\\\/wp-content\\\/uploads\\\/2025\\\/01\\\/evropska-kuca-logo-1.png\",\"contentUrl\":\"https:\\\/\\\/www.evropskakuca.me\\\/wp-content\\\/uploads\\\/2025\\\/01\\\/evropska-kuca-logo-1.png\",\"width\":425,\"height\":312,\"caption\":\"Evropean house\"},\"image\":{\"@id\":\"https:\\\/\\\/www.evropskakuca.me\\\/me\\\/#\\\/schema\\\/logo\\\/image\\\/\"},\"sameAs\":[\"https:\\\/\\\/www.facebook.com\\\/evropska.kuca\",\"https:\\\/\\\/x.com\\\/evropska_kuca\",\"https:\\\/\\\/www.instagram.com\\\/evropska_kuca\"]}]}<\/script>\n<!-- \/ Yoast SEO plugin. -->","yoast_head_json":{"title":"Integrisani i sistemski pristup unapre\u0111enju kvaliteta \u017eivota LGBT osoba u Crnoj Gori - Europe House","robots":{"index":"index","follow":"follow","max-snippet":"max-snippet:-1","max-image-preview":"max-image-preview:large","max-video-preview":"max-video-preview:-1"},"canonical":"https:\/\/www.evropskakuca.me\/me\/project\/integrisani-i-sistemski-pristup-unapredenju-kvaliteta-zivota-lgbt-osoba-u-crnoj-gori\/","og_locale":"en_US","og_type":"article","og_title":"Integrisani i sistemski pristup unapre\u0111enju kvaliteta \u017eivota LGBT osoba u Crnoj Gori - Europe House","og_description":"Zabrana diskriminacije i za\u0161tita ljudskih prava su va\u017eni elementi evropskog pravnog poretka, a seksualna orijentacija prepoznata je u pravu Evropske unije kao jedan od osnova diskriminacije. Ovaj projekat imao je za cilj da doprinese razvoju i konsolidaciji demokratije i vladavine prava, te po\u0161tovanju svih ljudskih prava i osnovnih sloboda u Crnoj Gori. Konkretni cilj projekta [&hellip;]","og_url":"https:\/\/www.evropskakuca.me\/me\/project\/integrisani-i-sistemski-pristup-unapredenju-kvaliteta-zivota-lgbt-osoba-u-crnoj-gori\/","og_site_name":"Europe House","article_publisher":"https:\/\/www.facebook.com\/evropska.kuca","og_image":[{"width":2560,"height":1708,"url":"https:\/\/www.evropskakuca.me\/wp-content\/uploads\/2021\/06\/Bio-je-jos-jedan-lgbt-projekat-bez-slike-scaled.jpg","type":"image\/jpeg"}],"twitter_card":"summary_large_image","twitter_site":"@evropska_kuca","twitter_misc":{"Est. reading time":"1 minute"},"schema":{"@context":"https:\/\/schema.org","@graph":[{"@type":"WebPage","@id":"https:\/\/www.evropskakuca.me\/me\/project\/integrisani-i-sistemski-pristup-unapredenju-kvaliteta-zivota-lgbt-osoba-u-crnoj-gori\/","url":"https:\/\/www.evropskakuca.me\/me\/project\/integrisani-i-sistemski-pristup-unapredenju-kvaliteta-zivota-lgbt-osoba-u-crnoj-gori\/","name":"Integrisani i sistemski pristup unapre\u0111enju kvaliteta \u017eivota LGBT osoba u Crnoj Gori - Europe House","isPartOf":{"@id":"https:\/\/www.evropskakuca.me\/me\/#website"},"primaryImageOfPage":{"@id":"https:\/\/www.evropskakuca.me\/me\/project\/integrisani-i-sistemski-pristup-unapredenju-kvaliteta-zivota-lgbt-osoba-u-crnoj-gori\/#primaryimage"},"image":{"@id":"https:\/\/www.evropskakuca.me\/me\/project\/integrisani-i-sistemski-pristup-unapredenju-kvaliteta-zivota-lgbt-osoba-u-crnoj-gori\/#primaryimage"},"thumbnailUrl":"https:\/\/www.evropskakuca.me\/wp-content\/uploads\/2021\/06\/Bio-je-jos-jedan-lgbt-projekat-bez-slike-scaled.jpg","datePublished":"2021-07-08T12:51:11+00:00","breadcrumb":{"@id":"https:\/\/www.evropskakuca.me\/me\/project\/integrisani-i-sistemski-pristup-unapredenju-kvaliteta-zivota-lgbt-osoba-u-crnoj-gori\/#breadcrumb"},"inLanguage":"me-ME","potentialAction":[{"@type":"ReadAction","target":["https:\/\/www.evropskakuca.me\/me\/project\/integrisani-i-sistemski-pristup-unapredenju-kvaliteta-zivota-lgbt-osoba-u-crnoj-gori\/"]}]},{"@type":"ImageObject","inLanguage":"me-ME","@id":"https:\/\/www.evropskakuca.me\/me\/project\/integrisani-i-sistemski-pristup-unapredenju-kvaliteta-zivota-lgbt-osoba-u-crnoj-gori\/#primaryimage","url":"https:\/\/www.evropskakuca.me\/wp-content\/uploads\/2021\/06\/Bio-je-jos-jedan-lgbt-projekat-bez-slike-scaled.jpg","contentUrl":"https:\/\/www.evropskakuca.me\/wp-content\/uploads\/2021\/06\/Bio-je-jos-jedan-lgbt-projekat-bez-slike-scaled.jpg","width":2560,"height":1708},{"@type":"BreadcrumbList","@id":"https:\/\/www.evropskakuca.me\/me\/project\/integrisani-i-sistemski-pristup-unapredenju-kvaliteta-zivota-lgbt-osoba-u-crnoj-gori\/#breadcrumb","itemListElement":[{"@type":"ListItem","position":1,"name":"Home","item":"https:\/\/www.evropskakuca.me\/me\/"},{"@type":"ListItem","position":2,"name":"Projects","item":"https:\/\/www.evropskakuca.me\/me\/project\/"},{"@type":"ListItem","position":3,"name":"Integrisani i sistemski pristup unapre\u0111enju kvaliteta \u017eivota LGBT osoba u Crnoj Gori"}]},{"@type":"WebSite","@id":"https:\/\/www.evropskakuca.me\/me\/#website","url":"https:\/\/www.evropskakuca.me\/me\/","name":"Evropean house","description":"","publisher":{"@id":"https:\/\/www.evropskakuca.me\/me\/#organization"},"potentialAction":[{"@type":"SearchAction","target":{"@type":"EntryPoint","urlTemplate":"https:\/\/www.evropskakuca.me\/me\/?s={search_term_string}"},"query-input":{"@type":"PropertyValueSpecification","valueRequired":true,"valueName":"search_term_string"}}],"inLanguage":"me-ME"},{"@type":"Organization","@id":"https:\/\/www.evropskakuca.me\/me\/#organization","name":"Evropean house","url":"https:\/\/www.evropskakuca.me\/me\/","logo":{"@type":"ImageObject","inLanguage":"me-ME","@id":"https:\/\/www.evropskakuca.me\/me\/#\/schema\/logo\/image\/","url":"https:\/\/www.evropskakuca.me\/wp-content\/uploads\/2025\/01\/evropska-kuca-logo-1.png","contentUrl":"https:\/\/www.evropskakuca.me\/wp-content\/uploads\/2025\/01\/evropska-kuca-logo-1.png","width":425,"height":312,"caption":"Evropean house"},"image":{"@id":"https:\/\/www.evropskakuca.me\/me\/#\/schema\/logo\/image\/"},"sameAs":["https:\/\/www.facebook.com\/evropska.kuca","https:\/\/x.com\/evropska_kuca","https:\/\/www.instagram.com\/evropska_kuca"]}]}},"_links":{"self":[{"href":"https:\/\/www.evropskakuca.me\/me\/wp-json\/wp\/v2\/project\/13491","targetHints":{"allow":["GET"]}}],"collection":[{"href":"https:\/\/www.evropskakuca.me\/me\/wp-json\/wp\/v2\/project"}],"about":[{"href":"https:\/\/www.evropskakuca.me\/me\/wp-json\/wp\/v2\/types\/project"}],"wp:featuredmedia":[{"embeddable":true,"href":"https:\/\/www.evropskakuca.me\/me\/wp-json\/wp\/v2\/media\/36528"}],"wp:attachment":[{"href":"https:\/\/www.evropskakuca.me\/me\/wp-json\/wp\/v2\/media?parent=13491"}],"wp:term":[{"taxonomy":"project_tags","embeddable":true,"href":"https:\/\/www.evropskakuca.me\/me\/wp-json\/wp\/v2\/project_tags?post=13491"},{"taxonomy":"sector","embeddable":true,"href":"https:\/\/www.evropskakuca.me\/me\/wp-json\/wp\/v2\/sector?post=13491"}],"curies":[{"name":"wp","href":"https:\/\/api.w.org\/{rel}","templated":true}]}}