{"id":7098,"date":"2019-08-23T12:55:02","date_gmt":"2019-08-23T12:55:02","guid":{"rendered":"http:\/\/www.evropskakuca.me\/me\/?page_id=7098"},"modified":"2019-08-23T12:55:02","modified_gmt":"2019-08-23T12:55:02","slug":"eurofilmfest-2","status":"publish","type":"page","link":"https:\/\/www.evropskakuca.me\/me\/eurofilmfest-2\/","title":{"rendered":"Jubilarno izdanje Evropskog filmskog festivala u osam crnogorskih gradova"},"content":{"rendered":"<p><a href=\"http:\/\/www.evropskakuca.me\/wp-content\/uploads\/2019\/08\/FB-EFF.png\"><img fetchpriority=\"high\" decoding=\"async\" class=\"size-full wp-image-7105 alignnone\" src=\"http:\/\/www.evropskakuca.me\/wp-content\/uploads\/2019\/08\/FB-EFF.png\" alt=\"EURO FILM FEST\" width=\"820\" height=\"312\" \/><\/a><\/p>\n<p>Delegacija Evropske unije u Crnoj Gori i EU info centar organizuju peto, jubilarno izdanje Evropskog filmskog festivala, tokom kojeg \u0107e u osam crnogorskih gradova biti prikazano deset filmova. Festival po\u010dinje u Podgorici u utorak 10. septembra u knji\u017eari \u201eKarver\u201c i traja\u0107e pet dana. Osim u glavnom gradu, filmovi \u0107e nakon toga biti prikazani u Ulcinju, Kotoru, Petrovcu, Bijelom Polju, Nik\u0161i\u0107u, Petnjici i Mojkovcu.<\/p>\n<p>U selekciji za ovogodi\u0161nje izdanje festivala na\u0161li su se filmovi savremene evropske kinematografije nagra\u0111ivani na brojnim filmskim smotrama, ve\u0107inom snimani u koprodukciji evropskih zemalja, uz zna\u010dajnu podr\u0161ku fondova Evropske unije. Pored ovih filmova, na repertoaru \u0107e biti i dva crnogorska ostvarenja. \u201eIgla ispod praga\u201d mladog reditelja Ivana Marinovi\u0107a je novije produkcije, a film \u201eMu\u0161karci\u201c je 1963. godine re\u017eirao crnogorski reditelj Milorad Milo \u0110ukanovi\u0107 u produkciji Lov\u0107en filma.<\/p>\n<p>Evropski filmski festival u Crnoj Gori je u julu ove godine prvi put imao ljetnje izdanje na \u017dabljaku, koje je Evropska unija u Crnoj Gori organizovala u saradnji sa lokalnom Turisti\u010dkom organizacijom.<\/p>\n<p><strong>\u00a0<\/strong><\/p>\n<h4><strong>PROGRAM FESTIVALA U PODGORICI<\/strong> <strong>U KNJI\u017dARI \u201eKARVER\u201c OD 10. DO 14. SEPTEMBRA<\/strong><\/h4>\n<p><em>Partneri: Glavni grad Podgorica, Crnogorska kinoteka i knji\u017eara \u201eKarver\u201c<\/em><\/p>\n<h4><strong>Utorak, 10. septembar<\/strong><\/h4>\n<p>20:00h \u2013 20:15h Sve\u010dano otvaranje Evropskog filmskog festivala<\/p>\n<p>20:15h \u2013 21:50h \u00a0\u201eBELGIJSKI KRALJ\u201c<\/p>\n<p>Zemlje porijekla: Belgija, Holandija, Bugarska<br \/>\n\u017danr: Drama, komedija, road movie<\/p>\n<p>Kralj Nikola III od Belgije je usamljenik koji osje\u0107a da \u017eivi pogre\u0161an \u017eivot. Kre\u0107e u\u00a0 zvani\u010dnu posjetu Istanbulu sa britanskim rediteljem, Dankanom Lojdom, koga je Palata unajmila da snimi dokumentarac koji treba da prika\u017ee monarha u \u0161to boljem svjetlu. Kralj saznaje da je Valona, regija na jugu Belgije, proglasila nezavisnost i on mora smjesta da se vrati ku\u0107i kako bi spasio kraljevstvo. \u010cak je objavio da \u0107e sam napisati govor. Dok se spremaju da krenu, solarna oluja udara zemlju i izaziva prekid komunikacija i vazdu\u0161nog saobra\u0107aja. Nema telefona. Nema aviona. Da stvari budu gore, obezbje\u0111enje u Turskoj odbija kraljev predlog da se ku\u0107i vrate kolima. Me\u0111utim, kralj nema namjeru da sjedi i \u010deka da oluja pro\u0111e, a Lojd smi\u0161lja plan za bjekstvo koji uklju\u010duje cvjetne haljine i Bugare koji pjevaju.<\/p>\n<p><strong>22:00h \u2013 00:00h Koktel uz jazz kvartet \u201eSanja Rai\u010dkovi\u0107 i bend\u201c<\/strong><\/p>\n<h4><strong>Srijeda, 11. septembar <\/strong><\/h4>\n<p><strong>20h \u201eZIMSKE MU\u0160ICE\u201c\u00a0 <\/strong><\/p>\n<p>Zemlja porijekla: \u010ce\u0161ka<br \/>\n\u017danr: Fikcija, road movie<\/p>\n<p>Vragolasti i samouvjereni Mare i pomalo ekscentri\u010dni Hedu\u0161 kre\u0107u u zamrznuta prostranstva u potrazi za avanturom &#8211; automobilom, naravno. Film o mu\u0161icama koje povremeno zuje \u010dak i zimi, i pri\u010da koja govori o neuhvatljivoj vezi dje\u010da\u010dkog prijateljstva i neukrotivoj \u017eelji da se ne\u0161to iskusi, \u010dak i ako ne zna\u0161 \u0161ta. I \u010dak i ako se iskustvo zavr\u0161i u policijskoj stanici.<\/p>\n<p><strong>22h \u201eDIJAMANTINO\u201c <\/strong><\/p>\n<p>Zemlje porijekla: Portugalija, Francuska, Brazil<br \/>\n\u017danr: Drama, komedija<\/p>\n<p>Dijamantino, najve\u0107a svjetska fudbalska zvijezda, gubi svoj karakteristi\u010dni osje\u0107aj za loptu i, osramo\u0107en, zavr\u0161ava karijeru. Tragaju\u0107i za novim smislom \u017eivota, internacionalna ikona kre\u0107e na urnebesnu odiseju i na tom putu susre\u0107e se sa neofa\u0161izmom, izbjegli\u010dkom krizom, genetskim modifikacijama i potjerom za izvorom mudrosti.<\/p>\n<h4><strong>\u010cetvrtak, 12. septembar <\/strong><\/h4>\n<p><strong>No\u0107 crnogorskog filma <\/strong><\/p>\n<p><strong>20h \u201eIGLA ISPOD PRAGA\u201c<\/strong><\/p>\n<p>Zemlja porijekla: Crna Gora (u re\u017eiji Ivana Marinovi\u0107a)<br \/>\n\u017danr: Drama, komedija<\/p>\n<p>Otac Petar strahuje da je svemir indiferentan. Bog vi\u0161e ne interveni\u0161e. \u017dena ga je ostavila, sin jedinac mu se suprotstavlja, majka ga tek ponekad prepozna zbog Alchajmerove bolesti. Sve \u0161to \u017eeli jeste samo jedan trenutak mira. \u0160anse za to su nikakve, jer \u0107e upravo nesretni sve\u0161tenik postati nepremostiva prepreka za veliku prodaju zemlje koju planiraju njegovi parohijani. Petar odbija da postane dio te transakcije, te grupa \u0161armantnih, ali veoma osvetoljubivih seljana, odlu\u010duje da popa iz sela &#8211; otjera. Sukob dosti\u017ee svoj vrhunac na sahrani starice za koju su mnogi vjerovali da je vje\u0161tica. U nadrealnom haosu koji tu nastaje, Petar se susre\u0107e sa najve\u0107im i najapsurdnijim isku\u0161enjima u svom \u017eivotu.<\/p>\n<p><strong>21:40h \u2013 22:15h \u201eCrnogorski film \u2013 nekada i sada\u201c (razgovor sa filmskim stvaraocima) <\/strong><\/p>\n<p><strong>22:15h<\/strong> <strong>\u201eMU\u0160KARCI\u201c<\/strong><\/p>\n<p>Zemlja porijekla: Jugoslavija (produkcija Lov\u0107en filma u re\u017eiji Milorada Mila \u0110ukanovi\u0107a)<br \/>\n\u017danr: Komedija<\/p>\n<p>\u017dena gra\u0111anina \u0110oka Lazi\u0107a prezaposlena je, a on ne mo\u017ee da prona\u0111e ku\u0107nu pomo\u0107nicu i zato preuzima dio ku\u0107nih obaveza svoje \u017eene. Kako vrijeme odmi\u010de, \u0110oko se sve vi\u0161e pona\u0161a kao doma\u0107ica, a njegova \u017eena poprima njegovo dotada\u0161nje pona\u0161anje. Zamjena njihovih uloga prouzrokuje mnoge humoristi\u010dne zgode.<\/p>\n<p>Prema scenariju Julijane Najman i Miroslava Milovanovi\u0107a i u re\u017eiji Milorada Mila \u0110ukanovi\u0107a, film je snimao Stevo Radovi\u0107. U glavnim ulogama su neke od najve\u0107ih filmskih zvijezda nekada\u0161nje Jugoslavije: Slobodan Perovi\u0107, Olivera Markovi\u0107, Mija Aleksi\u0107, Jelena \u017digon, Velimir Bata \u017divojinovi\u0107.<\/p>\n<h4><strong>Petak, 13. septembar<\/strong><\/h4>\n<p><strong>20h \u201eOUT\u201c <\/strong><\/p>\n<p>Zemlja porijekla: Ma\u0111arska<br \/>\n\u017danr: Fikcija<br \/>\nKada Ago\u0161ton, sredovje\u010dni in\u017eenjer u termoelektrani, ostane bez posla, krenu\u0107e u lutanja isto\u010dnom Evropom uz o\u010dajni\u010dku nadu da \u0107e se negdje zaposliti kao ribar. Njegovo putovanje ga gura sve dublje u serijal bizarnih doga\u0111aja tokom kojih srije\u0107e prijateljski nastrojene ljude i one koji to nimalo nisu. Sve dok se njegovi snovi i nadanja usput ne raspu.<\/p>\n<p><strong>22h \u201eDALEKI LAVE\u017d PASA\u201c <\/strong><\/p>\n<p>Zemlje porijekla: Danska, \u0160vedska, Finska\u00a0\u00a0\u00a0\u00a0 \u017danr: Dokumentarni film<\/p>\n<p>Desetogodi\u0161nji Oleg \u017eivi u isto\u010dnom dijelu Ukrajine \u2013 ratnoj zoni u kojoj \u010desto odjekuju eksplozije. Ponekad se ovi zvuci \u010duju izdaleka, a nekad su zastra\u0161uju\u0107e blizu. Iako su mnogi napustili ovo opasno podru\u010dje, Oleg je ostao sa svojom bakom koja je o njemu brinula poslije maj\u010dine smrti. Nemaju kuda da odu. \u010cekaju\u0107i da se rat zavr\u0161i, Oleg provodi vrijeme sa svojim mla\u0111im ro\u0111akom Jarikom i starijim dje\u010dakom Kostjom. Zajedno idu u avanture, pri\u010daju o tome \u0161ta \u010dini pravog mu\u0161karca, testiraju svoje granice \u2013 ali nekad odu predaleko. Dr\u017ee\u0107i se Olegove pri\u010de, DALEKI LAVE\u017d PASA prikazuje kakav efekat rat ima na djecu.<\/p>\n<h4><strong>Subota, 14. septembar<\/strong><\/h4>\n<p><strong>20h \u201eKRVAVO MLIJEKO\u201c <\/strong><\/p>\n<p>Zemlja porijekla: Francuska<br \/>\n\u017danr: Drama<\/p>\n<p>Pjer je tridesetogodi\u0161nji mljekar kome se \u017eivot vrti oko farme koju je naslijedio, sestre veterinarke, roditelja i krava. Kada se u Francuskoj pojave prvi slu\u010dajevi epidemije, Pjer uvi\u0111a da je jedna od njegovih krava zara\u017eena. Farma je sve \u0161to ima i on \u0107e uraditi sve kako bi je spasio.<\/p>\n<p><strong>22h \u201eTI\u0160INA DRUGIH\u201c <\/strong><\/p>\n<p>Zemlje porijeka: \u0160panija, SAD<br \/>\n\u017danr: Dokumentarni film<\/p>\n<p>Ti\u0161ina drugih otkriva veliku borbu \u017ertava \u010detrdesetogodi\u0161nje \u0161panske diktature pod generalom Frankom, koje i dan-danas tra\u017ee pravdu. Sniman tokom \u0161est godina, film prati pre\u017eivjele koji pripremaju revolucionarnu \u201eargentinsku tu\u017ebu\u201c i bore se protiv ti\u0161ine o zlo\u010dinima protiv \u010dovje\u010dnosti. Prikazuje zemlju koja je i dalje podijeljena poslije \u010detiri decenije demokratije.<\/p>\n<p><strong>\u00a0<\/strong><\/p>\n<h4><strong>PROGRAM FESTIVALA U KOTORU U KINU \u201eBOKA\u201c OD 17. DO 21. SEPTEMBRA<\/strong><\/h4>\n<p><em>Partneri: lokalna Turisti\u010dka organizacija i Kino \u201eBoka\u201d<\/em><\/p>\n<p><strong>Utorak, 17. septembar<\/strong><\/p>\n<p>20h \u201eBELGIJSKI KRALJ\u201c<\/p>\n<p>22h \u201eSTRANAC U RAJU\u201c<\/p>\n<p><strong>Srijeda, 18. septembar <\/strong><\/p>\n<p>20h \u201eZIMSKE MU\u0160ICE\u201c<\/p>\n<p>22h \u201eDIJAMANTINO\u201c<\/p>\n<p><strong>\u010cetvrtak, 19. septembar &#8211; no\u0107 crnogorskog filma <\/strong><\/p>\n<p>20h \u201eIGLA ISPOD PRAGA\u201c<\/p>\n<p>22h \u201eMU\u0160KARCI\u201c<strong>\u00a0<\/strong><\/p>\n<p><strong>Petak, 20. septembar<\/strong><\/p>\n<p>20h \u201eOUT\u201c<\/p>\n<p>22h \u201eDALEKI LAVE\u017d PASA\u201c<\/p>\n<p><strong>Subota, 21. septembar<\/strong><\/p>\n<p>20h \u201eKRVAVO MLIJEKO\u201c<\/p>\n<p>22h \u201eTI\u0160INA DRUGIH\u201c<\/p>\n<p><strong>\u00a0<\/strong><\/p>\n<h4><strong>PROGRAM FESTIVALA U PETROVCU U SPOMEN DOMU \u201eCRVENA KOMUNA\u201d OD 24. DO 28. SEPTEMBRA <\/strong><\/h4>\n<p><em>Partneri: JU Muzeji i galerije Budva i Spomen dom \u201eCrvena komuna\u201c<\/em><\/p>\n<p><strong>Utorak, 24. septembar<\/strong><\/p>\n<p>18h \u201eBELGIJSKI KRALJ\u201c<\/p>\n<p>20h \u201eSTRANAC U RAJU\u201c<\/p>\n<p><strong>Srijeda, 25. septembar <\/strong><\/p>\n<p>18h \u201eZIMSKE MU\u0160ICE\u201c<\/p>\n<p>20h \u201eDIJAMANTINO\u201c<\/p>\n<p><strong>\u010cetvrtak, 26. septembar <\/strong><\/p>\n<p><em>No\u0107 crnogorskog filma <\/em><\/p>\n<p>18h \u201eIGLA ISPOD PRAGA\u201c<\/p>\n<p>20h \u201eMU\u0160KARCI\u201c<\/p>\n<p><strong>Petak, 27. septembar<\/strong><\/p>\n<p>18h \u201eOUT\u201c<\/p>\n<p>20h \u201eDALEKI LAVE\u017d PASA\u201c<\/p>\n<p><strong>Subota, 28. septembar<\/strong><\/p>\n<p>18h \u201eKRVAVO MLIJEKO\u201c<\/p>\n<p>20h \u201eTI\u0160INA DRUGIH\u201c<\/p>\n<p><strong>\u00a0<\/strong><\/p>\n<h4><strong>PROGRAM FESTIVALA U BIJELOM POLJU U CENTRU ZA KULTURU \u201eVOSISLAV BULATOVI\u0106 STRUNJO\u201c OD 30. SEPTEMBRA DO 4. OKTOBRA <\/strong><\/h4>\n<p><em>Partner: Centar za kulturu \u201eVojislav Bulatovi\u0107 Strunjo\u201d<\/em><\/p>\n<p><strong>Ponedjeljak, 30. septembar<\/strong><\/p>\n<p>18h \u201eBELGIJSKI KRALJ\u201c<\/p>\n<p>20h \u201eSTRANAC U RAJU\u201c<\/p>\n<p><strong>Utorak, 1. oktobar <\/strong><\/p>\n<p>18h \u201eZIMSKE MU\u0160ICE\u201c<\/p>\n<p>20h \u201eDIJAMANTINO\u201c<\/p>\n<p><strong>Srijeda, 2. oktobar <\/strong><\/p>\n<p><em>No\u0107 crnogorskog filma<\/em><\/p>\n<p>18h \u201eIGLA ISPOD PRAGA\u201c<\/p>\n<p>20h \u201eMU\u0160KARCI\u201c<\/p>\n<p><strong>\u010cetvrtak, 3. oktobar <\/strong><\/p>\n<p>18h \u201eOUT\u201c<\/p>\n<p>20h \u201eDALEKI LAVE\u017d PASA\u201c<\/p>\n<p><strong>Petak, 4. oktobar<\/strong><\/p>\n<p>18h \u201eKRVAVO MLIJEKO\u201c<\/p>\n<p>20h \u201eTI\u0160INA DRUGIH\u201c<\/p>\n<p><strong>\u00a0<\/strong><\/p>\n<h4>PROGRAM FESTIVALA U NIK\u0160I\u0106U U NIK\u0160I\u0106KOM POZORI\u0160TU OD 7. DO 11. OKTOBRA<\/h4>\n<p><em>Partner: Nik\u0161i\u0107ko pozori\u0161te<\/em><\/p>\n<p><strong>Ponedjeljak, 7. oktobar \u00a0<\/strong><\/p>\n<p>18h \u201eBELGIJSKI KRALJ\u201c<\/p>\n<p>20h \u201eSTRANAC U RAJU\u201c<\/p>\n<p><strong>Utorak, 8. oktobar <\/strong><\/p>\n<p>18h \u201eZIMSKE MU\u0160ICE\u201c<\/p>\n<p>20h \u201eDIJAMANTINO\u201c<\/p>\n<p><strong>Srijeda, 9. oktobar <\/strong><\/p>\n<p><em>No\u0107 crnogorskog filma<\/em><\/p>\n<p>18h \u201eIGLA ISPOD PRAGA\u201c<\/p>\n<p>20h \u201eMU\u0160KARCI\u201c<\/p>\n<p><strong>\u010cetvrtak, 10. oktobar <\/strong><\/p>\n<p>18h \u201eOUT\u201c<\/p>\n<p>20h \u201eDALEKI LAVE\u017d PASA\u201c<\/p>\n<p><strong>Petak, 11. oktobar<\/strong><\/p>\n<p>18h \u201eKRVAVO MLIJEKO\u201c<\/p>\n<p>20h \u201eTI\u0160INA DRUGIH\u201c<\/p>\n<p><strong>\u00a0<\/strong><\/p>\n<h4><strong>PROGRAM FESTIVALA U PETNJICI U CENTRU ZA KULTURU OD 14. DO 18. OKTOBRA <\/strong><\/h4>\n<p><em>Partner: centar za kulturu Petnjica<\/em><\/p>\n<p><strong>Ponedjeljak, 14. oktobar <\/strong><\/p>\n<p>18h \u201eBELGIJSKI KRALJ\u201c<\/p>\n<p>20h \u201eSTRANAC U RAJU\u201c<\/p>\n<p><strong>Utorak, 15. oktobar <\/strong><\/p>\n<p>18h \u201eZIMSKE MU\u0160ICE\u201c<\/p>\n<p>20h \u201eDIJAMANTINO\u201c <strong>\u00a0<\/strong><\/p>\n<p><strong>Srijeda, 16. oktobar <\/strong><\/p>\n<p><em>No\u0107 crnogorskog filma<\/em><\/p>\n<p>18h \u201eIGLA ISPOD PRAGA\u201c<\/p>\n<p>20h \u201eMU\u0160KARCI\u201c<\/p>\n<p><strong>\u010cetvrtak, 17. oktobar <\/strong><\/p>\n<p>18h \u201eOUT\u201c<\/p>\n<p>20h \u201eDALEKI LAVE\u017d PASA\u201c <strong>\u00a0<\/strong><\/p>\n<p><strong>Petak, 18. oktobar<\/strong><\/p>\n<p>18h \u201eKRVAVO MLIJEKO\u201c<\/p>\n<p>20h \u201eTI\u0160INA DRUGIH\u201c<\/p>\n<p><strong>\u00a0<\/strong><\/p>\n<h4><strong>PROGRAM FESTIVALA U MOJKOVCU U CENTRU ZA KULTURU OD 21. DO 25. OKTOBRA <\/strong><\/h4>\n<p><em>Partner: Centar za kulturu \u201eNenad Rako\u010devi\u0107\u201d<\/em><\/p>\n<p><strong>Ponedjeljak, 21. oktobar <\/strong><\/p>\n<p>18h \u201eBELGIJSKI KRALJ\u201c<\/p>\n<p>20h \u201eSTRANAC U RAJU\u201c\u00a0 <strong>\u00a0<\/strong><\/p>\n<p><strong>Utorak, 22. oktobar <\/strong><\/p>\n<p>18h \u201eZIMSKE MU\u0160ICE\u201c<\/p>\n<p>20h \u201eDIJAMANTINO\u201c<\/p>\n<p><strong>Srijeda, 23. oktobar <\/strong><\/p>\n<p><em>No\u0107 crnogorskog filma<\/em><\/p>\n<p>18h \u201eIGLA ISPOD PRAGA\u201c<\/p>\n<p>20h \u201eMU\u0160KARCI\u201c<\/p>\n<p><strong>\u010cetvrtak, 24. oktobar <\/strong><\/p>\n<p>18h \u201eOUT\u201c<\/p>\n<p>20h \u201eDALEKI LAVE\u017d PASA\u201c<\/p>\n<p><strong>Petak, 25. oktobar<\/strong><\/p>\n<p>18h \u201eKRVAVO MLIJEKO\u201c<\/p>\n<p>20h \u201eTI\u0160INA DRUGIH\u201c<\/p>\n","protected":false},"excerpt":{"rendered":"<p>Delegacija Evropske unije u Crnoj Gori i EU info centar organizuju peto, jubilarno izdanje Evropskog filmskog festivala, tokom kojeg \u0107e u osam crnogorskih gradova biti prikazano deset filmova. Festival po\u010dinje u Podgorici u utorak 10. septembra u knji\u017eari \u201eKarver\u201c i traja\u0107e pet dana. Osim u glavnom gradu, filmovi \u0107e nakon toga biti prikazani u Ulcinju, [&hellip;]<\/p>\n","protected":false},"author":1,"featured_media":0,"parent":0,"menu_order":0,"comment_status":"closed","ping_status":"closed","template":"","meta":{"_acf_changed":false,"footnotes":""},"class_list":["post-7098","page","type-page","status-publish","hentry"],"acf":[],"yoast_head":"<!-- This site is optimized with the Yoast SEO plugin v27.3 - https:\/\/yoast.com\/product\/yoast-seo-wordpress\/ -->\n<title>Jubilarno izdanje Evropskog filmskog festivala u osam crnogorskih gradova - Europe House<\/title>\n<meta name=\"robots\" content=\"index, follow, max-snippet:-1, max-image-preview:large, max-video-preview:-1\" \/>\n<link rel=\"canonical\" href=\"https:\/\/www.evropskakuca.me\/me\/eurofilmfest-2\/\" \/>\n<meta property=\"og:locale\" content=\"en_US\" \/>\n<meta property=\"og:type\" content=\"article\" \/>\n<meta property=\"og:title\" content=\"Jubilarno izdanje Evropskog filmskog festivala u osam crnogorskih gradova - Europe House\" \/>\n<meta property=\"og:description\" content=\"Delegacija Evropske unije u Crnoj Gori i EU info centar organizuju peto, jubilarno izdanje Evropskog filmskog festivala, tokom kojeg \u0107e u osam crnogorskih gradova biti prikazano deset filmova. Festival po\u010dinje u Podgorici u utorak 10. septembra u knji\u017eari \u201eKarver\u201c i traja\u0107e pet dana. Osim u glavnom gradu, filmovi \u0107e nakon toga biti prikazani u Ulcinju, [&hellip;]\" \/>\n<meta property=\"og:url\" content=\"https:\/\/www.evropskakuca.me\/me\/eurofilmfest-2\/\" \/>\n<meta property=\"og:site_name\" content=\"Europe House\" \/>\n<meta property=\"article:publisher\" content=\"https:\/\/www.facebook.com\/evropska.kuca\" \/>\n<meta property=\"og:image\" content=\"http:\/\/www.evropskakuca.me\/wp-content\/uploads\/2019\/08\/FB-EFF.png\" \/>\n<meta name=\"twitter:card\" content=\"summary_large_image\" \/>\n<meta name=\"twitter:site\" content=\"@evropska_kuca\" \/>\n<meta name=\"twitter:label1\" content=\"Est. reading time\" \/>\n\t<meta name=\"twitter:data1\" content=\"8 minutes\" \/>\n<script type=\"application\/ld+json\" class=\"yoast-schema-graph\">{\"@context\":\"https:\\\/\\\/schema.org\",\"@graph\":[{\"@type\":\"WebPage\",\"@id\":\"https:\\\/\\\/www.evropskakuca.me\\\/me\\\/eurofilmfest-2\\\/\",\"url\":\"https:\\\/\\\/www.evropskakuca.me\\\/me\\\/eurofilmfest-2\\\/\",\"name\":\"Jubilarno izdanje Evropskog filmskog festivala u osam crnogorskih gradova - Europe House\",\"isPartOf\":{\"@id\":\"https:\\\/\\\/www.evropskakuca.me\\\/me\\\/#website\"},\"primaryImageOfPage\":{\"@id\":\"https:\\\/\\\/www.evropskakuca.me\\\/me\\\/eurofilmfest-2\\\/#primaryimage\"},\"image\":{\"@id\":\"https:\\\/\\\/www.evropskakuca.me\\\/me\\\/eurofilmfest-2\\\/#primaryimage\"},\"thumbnailUrl\":\"http:\\\/\\\/www.evropskakuca.me\\\/wp-content\\\/uploads\\\/2019\\\/08\\\/FB-EFF.png\",\"datePublished\":\"2019-08-23T12:55:02+00:00\",\"breadcrumb\":{\"@id\":\"https:\\\/\\\/www.evropskakuca.me\\\/me\\\/eurofilmfest-2\\\/#breadcrumb\"},\"inLanguage\":\"me-ME\",\"potentialAction\":[{\"@type\":\"ReadAction\",\"target\":[\"https:\\\/\\\/www.evropskakuca.me\\\/me\\\/eurofilmfest-2\\\/\"]}]},{\"@type\":\"ImageObject\",\"inLanguage\":\"me-ME\",\"@id\":\"https:\\\/\\\/www.evropskakuca.me\\\/me\\\/eurofilmfest-2\\\/#primaryimage\",\"url\":\"http:\\\/\\\/www.evropskakuca.me\\\/wp-content\\\/uploads\\\/2019\\\/08\\\/FB-EFF.png\",\"contentUrl\":\"http:\\\/\\\/www.evropskakuca.me\\\/wp-content\\\/uploads\\\/2019\\\/08\\\/FB-EFF.png\"},{\"@type\":\"BreadcrumbList\",\"@id\":\"https:\\\/\\\/www.evropskakuca.me\\\/me\\\/eurofilmfest-2\\\/#breadcrumb\",\"itemListElement\":[{\"@type\":\"ListItem\",\"position\":1,\"name\":\"Home\",\"item\":\"https:\\\/\\\/www.evropskakuca.me\\\/me\\\/\"},{\"@type\":\"ListItem\",\"position\":2,\"name\":\"Jubilarno izdanje Evropskog filmskog festivala u osam crnogorskih gradova\"}]},{\"@type\":\"WebSite\",\"@id\":\"https:\\\/\\\/www.evropskakuca.me\\\/me\\\/#website\",\"url\":\"https:\\\/\\\/www.evropskakuca.me\\\/me\\\/\",\"name\":\"Evropean house\",\"description\":\"\",\"publisher\":{\"@id\":\"https:\\\/\\\/www.evropskakuca.me\\\/me\\\/#organization\"},\"potentialAction\":[{\"@type\":\"SearchAction\",\"target\":{\"@type\":\"EntryPoint\",\"urlTemplate\":\"https:\\\/\\\/www.evropskakuca.me\\\/me\\\/?s={search_term_string}\"},\"query-input\":{\"@type\":\"PropertyValueSpecification\",\"valueRequired\":true,\"valueName\":\"search_term_string\"}}],\"inLanguage\":\"me-ME\"},{\"@type\":\"Organization\",\"@id\":\"https:\\\/\\\/www.evropskakuca.me\\\/me\\\/#organization\",\"name\":\"Evropean house\",\"url\":\"https:\\\/\\\/www.evropskakuca.me\\\/me\\\/\",\"logo\":{\"@type\":\"ImageObject\",\"inLanguage\":\"me-ME\",\"@id\":\"https:\\\/\\\/www.evropskakuca.me\\\/me\\\/#\\\/schema\\\/logo\\\/image\\\/\",\"url\":\"https:\\\/\\\/www.evropskakuca.me\\\/wp-content\\\/uploads\\\/2025\\\/01\\\/evropska-kuca-logo-1.png\",\"contentUrl\":\"https:\\\/\\\/www.evropskakuca.me\\\/wp-content\\\/uploads\\\/2025\\\/01\\\/evropska-kuca-logo-1.png\",\"width\":425,\"height\":312,\"caption\":\"Evropean house\"},\"image\":{\"@id\":\"https:\\\/\\\/www.evropskakuca.me\\\/me\\\/#\\\/schema\\\/logo\\\/image\\\/\"},\"sameAs\":[\"https:\\\/\\\/www.facebook.com\\\/evropska.kuca\",\"https:\\\/\\\/x.com\\\/evropska_kuca\",\"https:\\\/\\\/www.instagram.com\\\/evropska_kuca\"]}]}<\/script>\n<!-- \/ Yoast SEO plugin. -->","yoast_head_json":{"title":"Jubilarno izdanje Evropskog filmskog festivala u osam crnogorskih gradova - Europe House","robots":{"index":"index","follow":"follow","max-snippet":"max-snippet:-1","max-image-preview":"max-image-preview:large","max-video-preview":"max-video-preview:-1"},"canonical":"https:\/\/www.evropskakuca.me\/me\/eurofilmfest-2\/","og_locale":"en_US","og_type":"article","og_title":"Jubilarno izdanje Evropskog filmskog festivala u osam crnogorskih gradova - Europe House","og_description":"Delegacija Evropske unije u Crnoj Gori i EU info centar organizuju peto, jubilarno izdanje Evropskog filmskog festivala, tokom kojeg \u0107e u osam crnogorskih gradova biti prikazano deset filmova. Festival po\u010dinje u Podgorici u utorak 10. septembra u knji\u017eari \u201eKarver\u201c i traja\u0107e pet dana. Osim u glavnom gradu, filmovi \u0107e nakon toga biti prikazani u Ulcinju, [&hellip;]","og_url":"https:\/\/www.evropskakuca.me\/me\/eurofilmfest-2\/","og_site_name":"Europe House","article_publisher":"https:\/\/www.facebook.com\/evropska.kuca","og_image":[{"url":"http:\/\/www.evropskakuca.me\/wp-content\/uploads\/2019\/08\/FB-EFF.png","type":"","width":"","height":""}],"twitter_card":"summary_large_image","twitter_site":"@evropska_kuca","twitter_misc":{"Est. reading time":"8 minutes"},"schema":{"@context":"https:\/\/schema.org","@graph":[{"@type":"WebPage","@id":"https:\/\/www.evropskakuca.me\/me\/eurofilmfest-2\/","url":"https:\/\/www.evropskakuca.me\/me\/eurofilmfest-2\/","name":"Jubilarno izdanje Evropskog filmskog festivala u osam crnogorskih gradova - Europe House","isPartOf":{"@id":"https:\/\/www.evropskakuca.me\/me\/#website"},"primaryImageOfPage":{"@id":"https:\/\/www.evropskakuca.me\/me\/eurofilmfest-2\/#primaryimage"},"image":{"@id":"https:\/\/www.evropskakuca.me\/me\/eurofilmfest-2\/#primaryimage"},"thumbnailUrl":"http:\/\/www.evropskakuca.me\/wp-content\/uploads\/2019\/08\/FB-EFF.png","datePublished":"2019-08-23T12:55:02+00:00","breadcrumb":{"@id":"https:\/\/www.evropskakuca.me\/me\/eurofilmfest-2\/#breadcrumb"},"inLanguage":"me-ME","potentialAction":[{"@type":"ReadAction","target":["https:\/\/www.evropskakuca.me\/me\/eurofilmfest-2\/"]}]},{"@type":"ImageObject","inLanguage":"me-ME","@id":"https:\/\/www.evropskakuca.me\/me\/eurofilmfest-2\/#primaryimage","url":"http:\/\/www.evropskakuca.me\/wp-content\/uploads\/2019\/08\/FB-EFF.png","contentUrl":"http:\/\/www.evropskakuca.me\/wp-content\/uploads\/2019\/08\/FB-EFF.png"},{"@type":"BreadcrumbList","@id":"https:\/\/www.evropskakuca.me\/me\/eurofilmfest-2\/#breadcrumb","itemListElement":[{"@type":"ListItem","position":1,"name":"Home","item":"https:\/\/www.evropskakuca.me\/me\/"},{"@type":"ListItem","position":2,"name":"Jubilarno izdanje Evropskog filmskog festivala u osam crnogorskih gradova"}]},{"@type":"WebSite","@id":"https:\/\/www.evropskakuca.me\/me\/#website","url":"https:\/\/www.evropskakuca.me\/me\/","name":"Evropean house","description":"","publisher":{"@id":"https:\/\/www.evropskakuca.me\/me\/#organization"},"potentialAction":[{"@type":"SearchAction","target":{"@type":"EntryPoint","urlTemplate":"https:\/\/www.evropskakuca.me\/me\/?s={search_term_string}"},"query-input":{"@type":"PropertyValueSpecification","valueRequired":true,"valueName":"search_term_string"}}],"inLanguage":"me-ME"},{"@type":"Organization","@id":"https:\/\/www.evropskakuca.me\/me\/#organization","name":"Evropean house","url":"https:\/\/www.evropskakuca.me\/me\/","logo":{"@type":"ImageObject","inLanguage":"me-ME","@id":"https:\/\/www.evropskakuca.me\/me\/#\/schema\/logo\/image\/","url":"https:\/\/www.evropskakuca.me\/wp-content\/uploads\/2025\/01\/evropska-kuca-logo-1.png","contentUrl":"https:\/\/www.evropskakuca.me\/wp-content\/uploads\/2025\/01\/evropska-kuca-logo-1.png","width":425,"height":312,"caption":"Evropean house"},"image":{"@id":"https:\/\/www.evropskakuca.me\/me\/#\/schema\/logo\/image\/"},"sameAs":["https:\/\/www.facebook.com\/evropska.kuca","https:\/\/x.com\/evropska_kuca","https:\/\/www.instagram.com\/evropska_kuca"]}]}},"_links":{"self":[{"href":"https:\/\/www.evropskakuca.me\/me\/wp-json\/wp\/v2\/pages\/7098","targetHints":{"allow":["GET"]}}],"collection":[{"href":"https:\/\/www.evropskakuca.me\/me\/wp-json\/wp\/v2\/pages"}],"about":[{"href":"https:\/\/www.evropskakuca.me\/me\/wp-json\/wp\/v2\/types\/page"}],"author":[{"embeddable":true,"href":"https:\/\/www.evropskakuca.me\/me\/wp-json\/wp\/v2\/users\/1"}],"replies":[{"embeddable":true,"href":"https:\/\/www.evropskakuca.me\/me\/wp-json\/wp\/v2\/comments?post=7098"}],"version-history":[{"count":0,"href":"https:\/\/www.evropskakuca.me\/me\/wp-json\/wp\/v2\/pages\/7098\/revisions"}],"wp:attachment":[{"href":"https:\/\/www.evropskakuca.me\/me\/wp-json\/wp\/v2\/media?parent=7098"}],"curies":[{"name":"wp","href":"https:\/\/api.w.org\/{rel}","templated":true}]}}