{"id":47106,"date":"2025-12-24T14:51:51","date_gmt":"2025-12-24T14:51:51","guid":{"rendered":"https:\/\/www.evropskakuca.me\/?page_id=47106"},"modified":"2025-12-25T17:24:32","modified_gmt":"2025-12-25T17:24:32","slug":"book-an-event-bijelo-polje","status":"publish","type":"page","link":"https:\/\/www.evropskakuca.me\/me\/book-an-event-bijelo-polje\/","title":{"rendered":"Zaka\u017eite doga\u0111aj &#8211; Bijelo Polje"},"content":{"rendered":"\t\t<div data-elementor-type=\"wp-page\" data-elementor-id=\"47106\" class=\"elementor elementor-47106 elementor-47097\" data-elementor-post-type=\"page\">\n\t\t\t\t<div class=\"elementor-element elementor-element-80b0165 e-flex e-con-boxed e-con e-parent\" data-id=\"80b0165\" data-element_type=\"container\" data-e-type=\"container\" data-settings=\"{&quot;background_background&quot;:&quot;classic&quot;}\">\n\t\t\t\t\t<div class=\"e-con-inner\">\n\t\t<div class=\"elementor-element elementor-element-4796056 e-con-full e-flex e-con e-child\" data-id=\"4796056\" data-element_type=\"container\" data-e-type=\"container\">\n\t\t\t\t<div class=\"elementor-element elementor-element-35ac39e elementor-widget elementor-widget-spacer\" data-id=\"35ac39e\" data-element_type=\"widget\" data-e-type=\"widget\" data-widget_type=\"spacer.default\">\n\t\t\t\t<div class=\"elementor-widget-container\">\n\t\t\t\t\t\t\t<div class=\"elementor-spacer\">\n\t\t\t<div class=\"elementor-spacer-inner\"><\/div>\n\t\t<\/div>\n\t\t\t\t\t\t<\/div>\n\t\t\t\t<\/div>\n\t\t\t\t<div class=\"elementor-element elementor-element-069e84e elementor-widget elementor-widget-heading\" data-id=\"069e84e\" data-element_type=\"widget\" data-e-type=\"widget\" data-widget_type=\"heading.default\">\n\t\t\t\t<div class=\"elementor-widget-container\">\n\t\t\t\t\t<h2 class=\"elementor-heading-title elementor-size-default\">Zaka\u017eite doga\u0111aj - Bijelo Polje<\/h2>\t\t\t\t<\/div>\n\t\t\t\t<\/div>\n\t\t\t\t<div class=\"elementor-element elementor-element-b7db190 elementor-widget-divider--view-line elementor-widget elementor-widget-divider\" data-id=\"b7db190\" data-element_type=\"widget\" data-e-type=\"widget\" data-widget_type=\"divider.default\">\n\t\t\t\t<div class=\"elementor-widget-container\">\n\t\t\t\t\t\t\t<div class=\"elementor-divider\">\n\t\t\t<span class=\"elementor-divider-separator\">\n\t\t\t\t\t\t<\/span>\n\t\t<\/div>\n\t\t\t\t\t\t<\/div>\n\t\t\t\t<\/div>\n\t\t\t\t<div class=\"elementor-element elementor-element-1741814 elementor-widget elementor-widget-text-editor\" data-id=\"1741814\" data-element_type=\"widget\" data-e-type=\"widget\" data-widget_type=\"text-editor.default\">\n\t\t\t\t<div class=\"elementor-widget-container\">\n\t\t\t\t\t\t\t\t\t<p>EVROPSKA KU\u0106A je mjesto okupljanja, dijaloga i dobrih ideja, otvoreno za gra\u0111ane, institucije, medije i nevladine organizacije, koji se bave EU projektima i\/ili promocijom EU vrijednosti.<\/p><p>Ako ste jedni od njih, u na\u0161im prostorijama mo\u017eete organizovati razli\u010dite vrste doga\u0111aja, kao \u0161to su: konferencija za medije, predavanje, debata, okrugli sto, izlo\u017eba, itd,\u00a0 radnim danima od 9h do 17h. Potrebno je da popunite zahtjev koji se nalazi u nastavku, najkasnije dvije sedmice prije samog doga\u0111aja.<\/p>\t\t\t\t\t\t\t\t<\/div>\n\t\t\t\t<\/div>\n\t\t\t\t<div class=\"elementor-element elementor-element-cc2711b elementor-widget elementor-widget-spacer\" data-id=\"cc2711b\" data-element_type=\"widget\" data-e-type=\"widget\" data-widget_type=\"spacer.default\">\n\t\t\t\t<div class=\"elementor-widget-container\">\n\t\t\t\t\t\t\t<div class=\"elementor-spacer\">\n\t\t\t<div class=\"elementor-spacer-inner\"><\/div>\n\t\t<\/div>\n\t\t\t\t\t\t<\/div>\n\t\t\t\t<\/div>\n\t\t<div class=\"elementor-element elementor-element-5d0356b e-con-full e-flex e-con e-child\" data-id=\"5d0356b\" data-element_type=\"container\" data-e-type=\"container\">\n\t\t<div class=\"elementor-element elementor-element-3b99e35 e-con-full e-flex e-con e-child\" data-id=\"3b99e35\" data-element_type=\"container\" data-e-type=\"container\" data-settings=\"{&quot;background_background&quot;:&quot;classic&quot;}\">\n\t\t\t\t<div class=\"elementor-element elementor-element-9f6c17f elementor-widget elementor-widget-shortcode\" data-id=\"9f6c17f\" data-element_type=\"widget\" data-e-type=\"widget\" data-widget_type=\"shortcode.default\">\n\t\t\t\t<div class=\"elementor-widget-container\">\n\t\t\t\t\t\t\t<div class=\"elementor-shortcode\">\n<div class=\"wpcf7 no-js\" id=\"wpcf7-f47116-o1\" lang=\"me-ME\" dir=\"ltr\" data-wpcf7-id=\"47116\">\n<div class=\"screen-reader-response\"><p role=\"status\" aria-live=\"polite\" aria-atomic=\"true\"><\/p> <ul><\/ul><\/div>\n<form action=\"\/me\/wp-json\/wp\/v2\/pages\/47106#wpcf7-f47116-o1\" method=\"post\" class=\"wpcf7-form init\" aria-label=\"Contact form\" enctype=\"multipart\/form-data\" novalidate=\"novalidate\" data-status=\"init\">\n<fieldset class=\"hidden-fields-container\"><input type=\"hidden\" name=\"_wpcf7\" value=\"47116\" \/><input type=\"hidden\" name=\"_wpcf7_version\" value=\"6.1.5\" \/><input type=\"hidden\" name=\"_wpcf7_locale\" value=\"me_ME\" \/><input type=\"hidden\" name=\"_wpcf7_unit_tag\" value=\"wpcf7-f47116-o1\" \/><input type=\"hidden\" name=\"_wpcf7_container_post\" value=\"0\" \/><input type=\"hidden\" name=\"_wpcf7_posted_data_hash\" value=\"\" \/><input type=\"hidden\" name=\"_wpcf7cf_hidden_group_fields\" value=\"[]\" \/><input type=\"hidden\" name=\"_wpcf7cf_hidden_groups\" value=\"[]\" \/><input type=\"hidden\" name=\"_wpcf7cf_visible_groups\" value=\"[]\" \/><input type=\"hidden\" name=\"_wpcf7cf_repeaters\" value=\"[]\" \/><input type=\"hidden\" name=\"_wpcf7cf_steps\" value=\"{}\" \/><input type=\"hidden\" name=\"_wpcf7cf_options\" value=\"{&quot;form_id&quot;:47116,&quot;conditions&quot;:[{&quot;then_field&quot;:&quot;-1&quot;,&quot;and_rules&quot;:[{&quot;if_field&quot;:&quot;-1&quot;,&quot;operator&quot;:&quot;equals&quot;,&quot;if_value&quot;:&quot;Yes&quot;},{&quot;if_field&quot;:&quot;-1&quot;,&quot;operator&quot;:&quot;equals&quot;,&quot;if_value&quot;:&quot;Yes&quot;},{&quot;if_field&quot;:&quot;-1&quot;,&quot;operator&quot;:&quot;equals&quot;,&quot;if_value&quot;:&quot;Yes&quot;},{&quot;if_field&quot;:&quot;-1&quot;,&quot;operator&quot;:&quot;equals&quot;,&quot;if_value&quot;:&quot;Yes&quot;},{&quot;if_field&quot;:&quot;-1&quot;,&quot;operator&quot;:&quot;equals&quot;,&quot;if_value&quot;:&quot;Yes&quot;},{&quot;if_field&quot;:&quot;-1&quot;,&quot;operator&quot;:&quot;equals&quot;,&quot;if_value&quot;:&quot;No&quot;}]},{&quot;then_field&quot;:&quot;-1&quot;,&quot;and_rules&quot;:[{&quot;if_field&quot;:&quot;-1&quot;,&quot;operator&quot;:&quot;equals&quot;,&quot;if_value&quot;:&quot;Yes&quot;},{&quot;if_field&quot;:&quot;-1&quot;,&quot;operator&quot;:&quot;equals&quot;,&quot;if_value&quot;:&quot;Yes&quot;},{&quot;if_field&quot;:&quot;-1&quot;,&quot;operator&quot;:&quot;equals&quot;,&quot;if_value&quot;:&quot;Yes&quot;},{&quot;if_field&quot;:&quot;-1&quot;,&quot;operator&quot;:&quot;equals&quot;,&quot;if_value&quot;:&quot;Yes&quot;},{&quot;if_field&quot;:&quot;-1&quot;,&quot;operator&quot;:&quot;equals&quot;,&quot;if_value&quot;:&quot;Yes&quot;},{&quot;if_field&quot;:&quot;-1&quot;,&quot;operator&quot;:&quot;equals&quot;,&quot;if_value&quot;:&quot;No&quot;}]}],&quot;settings&quot;:{&quot;animation&quot;:&quot;yes&quot;,&quot;animation_intime&quot;:200,&quot;animation_outtime&quot;:200,&quot;conditions_ui&quot;:&quot;normal&quot;,&quot;notice_dismissed&quot;:false}}\" \/><input type=\"hidden\" name=\"_wpcf7_recaptcha_response\" value=\"\" \/>\n<\/fieldset>\n<style>\n .eh-form{\n   color:#000;\n  }\n<\/style>\n\n<div class=\"eh-form\">\n<h2 class=\"eh-form-title\">Popunite prijavu<\/h2>\n\n<p class=\"eh-form-note\">\nUkoliko imate bilo kakva pitanja, kontaktirajte nas na\n<a href=\"mailto:bijelopolje@evropskakuca.me\">bijelopolje@evropskakuca.me<\/a>\n<\/p>\n\n<h3 class=\"eh-section-title\">Op\u0161te informacije<\/h3>\n\n<label>Email adresa<\/label>\n<span class=\"wpcf7-form-control-wrap\" data-name=\"email\"><input size=\"40\" maxlength=\"400\" class=\"wpcf7-form-control wpcf7-email wpcf7-validates-as-required wpcf7-text wpcf7-validates-as-email\" aria-required=\"true\" aria-invalid=\"false\" value=\"\" type=\"email\" name=\"email\" \/><\/span>\n\n<label>Naziv doga\u0111aja<\/label>\n<span class=\"wpcf7-form-control-wrap\" data-name=\"event-title\"><input size=\"40\" maxlength=\"400\" class=\"wpcf7-form-control wpcf7-text wpcf7-validates-as-required\" aria-required=\"true\" aria-invalid=\"false\" value=\"\" type=\"text\" name=\"event-title\" \/><\/span>\n\n<label>Organizacija<\/label>\n<span class=\"wpcf7-form-control-wrap\" data-name=\"organisation\"><input size=\"40\" maxlength=\"400\" class=\"wpcf7-form-control wpcf7-text wpcf7-validates-as-required\" aria-required=\"true\" aria-invalid=\"false\" value=\"\" type=\"text\" name=\"organisation\" \/><\/span>\n\n<label>EU finansirani projekat<\/label>\n<span class=\"wpcf7-form-control-wrap\" data-name=\"eu-funded\"><span class=\"wpcf7-form-control wpcf7-radio\"><span class=\"wpcf7-list-item first\"><label><input type=\"radio\" name=\"eu-funded\" value=\"Da\" \/><span class=\"wpcf7-list-item-label\">Da<\/span><\/label><\/span><span class=\"wpcf7-list-item last\"><label><input type=\"radio\" name=\"eu-funded\" value=\"Ne\" \/><span class=\"wpcf7-list-item-label\">Ne<\/span><\/label><\/span><\/span><\/span>\n\n<label>Vrsta doga\u0111aja (medijska konferencija, sastanak, okrugli sto, debata i sl.)<\/label>\n<span class=\"wpcf7-form-control-wrap\" data-name=\"event-type\"><input size=\"40\" maxlength=\"400\" class=\"wpcf7-form-control wpcf7-text wpcf7-validates-as-required\" aria-required=\"true\" aria-invalid=\"false\" value=\"\" type=\"text\" name=\"event-type\" \/><\/span>\n\n<label>Datum<\/label>\n<span class=\"wpcf7-form-control-wrap\" data-name=\"event-date\"><input class=\"wpcf7-form-control wpcf7-date wpcf7-validates-as-required wpcf7-validates-as-date\" aria-required=\"true\" aria-invalid=\"false\" value=\"\" type=\"date\" name=\"event-date\" \/><\/span>\n\n<label>Vrijeme (ne prije 09:00, ne nakon 17:00)<\/label>\n[time* event-time min:09:00 max:17:00]\n\n<label>Trajanje<\/label>\n<span class=\"wpcf7-form-control-wrap\" data-name=\"duration\"><input size=\"40\" maxlength=\"400\" class=\"wpcf7-form-control wpcf7-text\" aria-invalid=\"false\" value=\"\" type=\"text\" name=\"duration\" \/><\/span>\n\n<label>Glavni govornik<\/label>\n<span class=\"wpcf7-form-control-wrap\" data-name=\"keynote-speaker\"><input size=\"40\" maxlength=\"400\" class=\"wpcf7-form-control wpcf7-text\" aria-invalid=\"false\" value=\"\" type=\"text\" name=\"keynote-speaker\" \/><\/span>\n\n<label>O\u010dekivani broj u\u010desnika<\/label>\n<span class=\"wpcf7-form-control-wrap\" data-name=\"expected-participants\"><input class=\"wpcf7-form-control wpcf7-number wpcf7-validates-as-number\" min=\"1\" aria-invalid=\"false\" value=\"\" type=\"number\" name=\"expected-participants\" \/><\/span>\n\n<label>\nDa li na doga\u0111aju u\u010destvuje neko iz Delegacije Evropske unije u Crnoj Gori \/\nAmbasador EU, predstavnici ambasada dr\u017eava \u010dlanica EU ili Vlade Crne Gore?\n<\/label>\n<span class=\"wpcf7-form-control-wrap\" data-name=\"eu-representatives\"><span class=\"wpcf7-form-control wpcf7-radio\"><span class=\"wpcf7-list-item first\"><label><input type=\"radio\" name=\"eu-representatives\" value=\"Da\" \/><span class=\"wpcf7-list-item-label\">Da<\/span><\/label><\/span><span class=\"wpcf7-list-item last\"><label><input type=\"radio\" name=\"eu-representatives\" value=\"Ne\" \/><span class=\"wpcf7-list-item-label\">Ne<\/span><\/label><\/span><\/span><\/span>\n\n<label>Ime i prezime odgovorne osobe (menad\u017eer doga\u0111aja)<\/label>\n<span class=\"wpcf7-form-control-wrap\" data-name=\"event-manager\"><input size=\"40\" maxlength=\"400\" class=\"wpcf7-form-control wpcf7-text wpcf7-validates-as-required\" aria-required=\"true\" aria-invalid=\"false\" value=\"\" type=\"text\" name=\"event-manager\" \/><\/span>\n\n<label>Kontakt osoba za doga\u0111aj<\/label>\n<span class=\"wpcf7-form-control-wrap\" data-name=\"event-contact\"><input size=\"40\" maxlength=\"400\" class=\"wpcf7-form-control wpcf7-text wpcf7-validates-as-required\" aria-required=\"true\" aria-invalid=\"false\" value=\"\" type=\"text\" name=\"event-contact\" \/><\/span>\n\n\n<h3 class=\"eh-section-title\">Tehni\u010dki zahtjevi<\/h3>\n\n<label>Konferencijska sala<\/label>\n<span class=\"wpcf7-form-control-wrap\" data-name=\"conference-room\"><span class=\"wpcf7-form-control wpcf7-checkbox\"><span class=\"wpcf7-list-item first\"><label><input type=\"checkbox\" name=\"conference-room[]\" value=\"GLAVNA SALA \u2013 prizemlje (pozori\u0161no sjedenje, maks. 50 osoba, centralni sto za medije \u2013 do 3 govornika)\" \/><span class=\"wpcf7-list-item-label\">GLAVNA SALA \u2013 prizemlje (pozori\u0161no sjedenje, maks. 50 osoba, centralni sto za medije \u2013 do 3 govornika)<\/span><\/label><\/span><span class=\"wpcf7-list-item last\"><label><input type=\"checkbox\" name=\"conference-room[]\" value=\"RADIONI\u010cKI HUB \u2013 prizemlje (okrugli sto, maks. 24 osobe)\" \/><span class=\"wpcf7-list-item-label\">RADIONI\u010cKI HUB \u2013 prizemlje (okrugli sto, maks. 24 osobe)<\/span><\/label><\/span><\/span><\/span>\n\n<h4 class=\"eh-subtitle\">Tehni\u010dka oprema<\/h4>\n\n<p class=\"eh-small-note\">\nNAPOMENA: Organizator je du\u017ean da anga\u017euje tehni\u010dko osoblje za audio podr\u0161ku.\n<\/p>\n\n<span class=\"wpcf7-form-control-wrap\" data-name=\"technical-equipment\"><span class=\"wpcf7-form-control wpcf7-checkbox\"><span class=\"wpcf7-list-item first\"><label><input type=\"checkbox\" name=\"technical-equipment[]\" value=\"2 mikrofona za govornicu\" \/><span class=\"wpcf7-list-item-label\">2 mikrofona za govornicu<\/span><\/label><\/span><span class=\"wpcf7-list-item\"><label><input type=\"checkbox\" name=\"technical-equipment[]\" value=\"Smart TV\" \/><span class=\"wpcf7-list-item-label\">Smart TV<\/span><\/label><\/span><span class=\"wpcf7-list-item last\"><label><input type=\"checkbox\" name=\"technical-equipment[]\" value=\"Razglas za medije\" \/><span class=\"wpcf7-list-item-label\">Razglas za medije<\/span><\/label><\/span><\/span><\/span>\n\n<label>Da li je doga\u0111aj otvoren za medije?<\/label>\n<span class=\"wpcf7-form-control-wrap\" data-name=\"media-open\"><span class=\"wpcf7-form-control wpcf7-radio\"><span class=\"wpcf7-list-item first\"><label><input type=\"radio\" name=\"media-open\" value=\"Da\" \/><span class=\"wpcf7-list-item-label\">Da<\/span><\/label><\/span><span class=\"wpcf7-list-item last\"><label><input type=\"radio\" name=\"media-open\" value=\"Ne\" \/><span class=\"wpcf7-list-item-label\">Ne<\/span><\/label><\/span><\/span><\/span>\n\n\n<h3 class=\"eh-section-title\">Posebne napomene<\/h3>\n\n<p class=\"eh-small-note\">\n* EU finansirani doga\u0111aji sa medijskom vidljivo\u0161\u0107u imaju prioritet pri rezervaciji.<br>\n** Organizator je odgovoran za anga\u017eovanje tehni\u010dkog osoblja i dodatne opreme.<br>\n** Prijava mora biti podnijeta najmanje dvije sedmice unaprijed.\n<\/p>\n\n<label>Molimo vas da prilo\u017eite agendu (isklju\u010divo PDF)<\/label>\n<span class=\"wpcf7-form-control-wrap\" data-name=\"agenda\"><input size=\"40\" class=\"wpcf7-form-control wpcf7-file wpcf7-validates-as-required\" accept=\".pdf\" aria-required=\"true\" aria-invalid=\"false\" type=\"file\" name=\"agenda\" \/><\/span>\n\n<label>Va\u0161 komentar ili pitanje<\/label>\n<span class=\"wpcf7-form-control-wrap\" data-name=\"comments\"><textarea cols=\"40\" rows=\"10\" maxlength=\"2000\" class=\"wpcf7-form-control wpcf7-textarea\" aria-invalid=\"false\" name=\"comments\"><\/textarea><\/span>\n\n<input class=\"wpcf7-form-control wpcf7-submit has-spinner eh-submit\" type=\"submit\" value=\"PO\u0160ALJI ZAHTJEV\" \/>\n<\/div><div class=\"wpcf7-response-output\" aria-hidden=\"true\"><\/div>\n<\/form>\n<\/div>\n<\/div>\n\t\t\t\t\t\t<\/div>\n\t\t\t\t<\/div>\n\t\t\t\t<\/div>\n\t\t\t\t<\/div>\n\t\t\t\t<div class=\"elementor-element elementor-element-17dba76 elementor-widget elementor-widget-spacer\" data-id=\"17dba76\" data-element_type=\"widget\" data-e-type=\"widget\" data-widget_type=\"spacer.default\">\n\t\t\t\t<div class=\"elementor-widget-container\">\n\t\t\t\t\t\t\t<div class=\"elementor-spacer\">\n\t\t\t<div class=\"elementor-spacer-inner\"><\/div>\n\t\t<\/div>\n\t\t\t\t\t\t<\/div>\n\t\t\t\t<\/div>\n\t\t\t\t<\/div>\n\t\t\t\t\t<\/div>\n\t\t\t\t<\/div>\n\t\t\t\t<\/div>\n\t\t","protected":false},"excerpt":{"rendered":"<p>Zaka\u017eite doga\u0111aj &#8211; Bijelo Polje EVROPSKA KU\u0106A je mjesto okupljanja, dijaloga i dobrih ideja, otvoreno za gra\u0111ane, institucije, medije i nevladine organizacije, koji se bave EU projektima i\/ili promocijom EU vrijednosti. Ako ste jedni od njih, u na\u0161im prostorijama mo\u017eete organizovati razli\u010dite vrste doga\u0111aja, kao \u0161to su: konferencija za medije, predavanje, debata, okrugli sto, izlo\u017eba, [&hellip;]<\/p>\n","protected":false},"author":1,"featured_media":0,"parent":0,"menu_order":0,"comment_status":"closed","ping_status":"closed","template":"elementor_header_footer","meta":{"_acf_changed":false,"footnotes":""},"class_list":["post-47106","page","type-page","status-publish","hentry"],"acf":[],"yoast_head":"<!-- This site is optimized with the Yoast SEO plugin v27.3 - https:\/\/yoast.com\/product\/yoast-seo-wordpress\/ -->\n<title>Zaka\u017eite doga\u0111aj - Bijelo Polje - Europe House<\/title>\n<meta name=\"robots\" content=\"index, follow, max-snippet:-1, max-image-preview:large, max-video-preview:-1\" \/>\n<link rel=\"canonical\" href=\"https:\/\/www.evropskakuca.me\/me\/book-an-event-bijelo-polje\/\" \/>\n<meta property=\"og:locale\" content=\"en_US\" \/>\n<meta property=\"og:type\" content=\"article\" \/>\n<meta property=\"og:title\" content=\"Zaka\u017eite doga\u0111aj - Bijelo Polje - Europe House\" \/>\n<meta property=\"og:description\" content=\"Zaka\u017eite doga\u0111aj &#8211; Bijelo Polje EVROPSKA KU\u0106A je mjesto okupljanja, dijaloga i dobrih ideja, otvoreno za gra\u0111ane, institucije, medije i nevladine organizacije, koji se bave EU projektima i\/ili promocijom EU vrijednosti. Ako ste jedni od njih, u na\u0161im prostorijama mo\u017eete organizovati razli\u010dite vrste doga\u0111aja, kao \u0161to su: konferencija za medije, predavanje, debata, okrugli sto, izlo\u017eba, [&hellip;]\" \/>\n<meta property=\"og:url\" content=\"https:\/\/www.evropskakuca.me\/me\/book-an-event-bijelo-polje\/\" \/>\n<meta property=\"og:site_name\" content=\"Europe House\" \/>\n<meta property=\"article:publisher\" content=\"https:\/\/www.facebook.com\/evropska.kuca\" \/>\n<meta property=\"article:modified_time\" content=\"2025-12-25T17:24:32+00:00\" \/>\n<meta name=\"twitter:card\" content=\"summary_large_image\" \/>\n<meta name=\"twitter:site\" content=\"@evropska_kuca\" \/>\n<meta name=\"twitter:label1\" content=\"Est. reading time\" \/>\n\t<meta name=\"twitter:data1\" content=\"1 minute\" \/>\n<script type=\"application\/ld+json\" class=\"yoast-schema-graph\">{\"@context\":\"https:\\\/\\\/schema.org\",\"@graph\":[{\"@type\":\"WebPage\",\"@id\":\"https:\\\/\\\/www.evropskakuca.me\\\/me\\\/book-an-event-bijelo-polje\\\/\",\"url\":\"https:\\\/\\\/www.evropskakuca.me\\\/me\\\/book-an-event-bijelo-polje\\\/\",\"name\":\"Zaka\u017eite doga\u0111aj - Bijelo Polje - Europe House\",\"isPartOf\":{\"@id\":\"https:\\\/\\\/www.evropskakuca.me\\\/me\\\/#website\"},\"datePublished\":\"2025-12-24T14:51:51+00:00\",\"dateModified\":\"2025-12-25T17:24:32+00:00\",\"breadcrumb\":{\"@id\":\"https:\\\/\\\/www.evropskakuca.me\\\/me\\\/book-an-event-bijelo-polje\\\/#breadcrumb\"},\"inLanguage\":\"me-ME\",\"potentialAction\":[{\"@type\":\"ReadAction\",\"target\":[\"https:\\\/\\\/www.evropskakuca.me\\\/me\\\/book-an-event-bijelo-polje\\\/\"]}]},{\"@type\":\"BreadcrumbList\",\"@id\":\"https:\\\/\\\/www.evropskakuca.me\\\/me\\\/book-an-event-bijelo-polje\\\/#breadcrumb\",\"itemListElement\":[{\"@type\":\"ListItem\",\"position\":1,\"name\":\"Home\",\"item\":\"https:\\\/\\\/www.evropskakuca.me\\\/me\\\/\"},{\"@type\":\"ListItem\",\"position\":2,\"name\":\"Zaka\u017eite doga\u0111aj &#8211; Bijelo Polje\"}]},{\"@type\":\"WebSite\",\"@id\":\"https:\\\/\\\/www.evropskakuca.me\\\/me\\\/#website\",\"url\":\"https:\\\/\\\/www.evropskakuca.me\\\/me\\\/\",\"name\":\"Evropean house\",\"description\":\"\",\"publisher\":{\"@id\":\"https:\\\/\\\/www.evropskakuca.me\\\/me\\\/#organization\"},\"potentialAction\":[{\"@type\":\"SearchAction\",\"target\":{\"@type\":\"EntryPoint\",\"urlTemplate\":\"https:\\\/\\\/www.evropskakuca.me\\\/me\\\/?s={search_term_string}\"},\"query-input\":{\"@type\":\"PropertyValueSpecification\",\"valueRequired\":true,\"valueName\":\"search_term_string\"}}],\"inLanguage\":\"me-ME\"},{\"@type\":\"Organization\",\"@id\":\"https:\\\/\\\/www.evropskakuca.me\\\/me\\\/#organization\",\"name\":\"Evropean house\",\"url\":\"https:\\\/\\\/www.evropskakuca.me\\\/me\\\/\",\"logo\":{\"@type\":\"ImageObject\",\"inLanguage\":\"me-ME\",\"@id\":\"https:\\\/\\\/www.evropskakuca.me\\\/me\\\/#\\\/schema\\\/logo\\\/image\\\/\",\"url\":\"https:\\\/\\\/www.evropskakuca.me\\\/wp-content\\\/uploads\\\/2025\\\/01\\\/evropska-kuca-logo-1.png\",\"contentUrl\":\"https:\\\/\\\/www.evropskakuca.me\\\/wp-content\\\/uploads\\\/2025\\\/01\\\/evropska-kuca-logo-1.png\",\"width\":425,\"height\":312,\"caption\":\"Evropean house\"},\"image\":{\"@id\":\"https:\\\/\\\/www.evropskakuca.me\\\/me\\\/#\\\/schema\\\/logo\\\/image\\\/\"},\"sameAs\":[\"https:\\\/\\\/www.facebook.com\\\/evropska.kuca\",\"https:\\\/\\\/x.com\\\/evropska_kuca\",\"https:\\\/\\\/www.instagram.com\\\/evropska_kuca\"]}]}<\/script>\n<!-- \/ Yoast SEO plugin. -->","yoast_head_json":{"title":"Zaka\u017eite doga\u0111aj - Bijelo Polje - Europe House","robots":{"index":"index","follow":"follow","max-snippet":"max-snippet:-1","max-image-preview":"max-image-preview:large","max-video-preview":"max-video-preview:-1"},"canonical":"https:\/\/www.evropskakuca.me\/me\/book-an-event-bijelo-polje\/","og_locale":"en_US","og_type":"article","og_title":"Zaka\u017eite doga\u0111aj - Bijelo Polje - Europe House","og_description":"Zaka\u017eite doga\u0111aj &#8211; Bijelo Polje EVROPSKA KU\u0106A je mjesto okupljanja, dijaloga i dobrih ideja, otvoreno za gra\u0111ane, institucije, medije i nevladine organizacije, koji se bave EU projektima i\/ili promocijom EU vrijednosti. Ako ste jedni od njih, u na\u0161im prostorijama mo\u017eete organizovati razli\u010dite vrste doga\u0111aja, kao \u0161to su: konferencija za medije, predavanje, debata, okrugli sto, izlo\u017eba, [&hellip;]","og_url":"https:\/\/www.evropskakuca.me\/me\/book-an-event-bijelo-polje\/","og_site_name":"Europe House","article_publisher":"https:\/\/www.facebook.com\/evropska.kuca","article_modified_time":"2025-12-25T17:24:32+00:00","twitter_card":"summary_large_image","twitter_site":"@evropska_kuca","twitter_misc":{"Est. reading time":"1 minute"},"schema":{"@context":"https:\/\/schema.org","@graph":[{"@type":"WebPage","@id":"https:\/\/www.evropskakuca.me\/me\/book-an-event-bijelo-polje\/","url":"https:\/\/www.evropskakuca.me\/me\/book-an-event-bijelo-polje\/","name":"Zaka\u017eite doga\u0111aj - Bijelo Polje - Europe House","isPartOf":{"@id":"https:\/\/www.evropskakuca.me\/me\/#website"},"datePublished":"2025-12-24T14:51:51+00:00","dateModified":"2025-12-25T17:24:32+00:00","breadcrumb":{"@id":"https:\/\/www.evropskakuca.me\/me\/book-an-event-bijelo-polje\/#breadcrumb"},"inLanguage":"me-ME","potentialAction":[{"@type":"ReadAction","target":["https:\/\/www.evropskakuca.me\/me\/book-an-event-bijelo-polje\/"]}]},{"@type":"BreadcrumbList","@id":"https:\/\/www.evropskakuca.me\/me\/book-an-event-bijelo-polje\/#breadcrumb","itemListElement":[{"@type":"ListItem","position":1,"name":"Home","item":"https:\/\/www.evropskakuca.me\/me\/"},{"@type":"ListItem","position":2,"name":"Zaka\u017eite doga\u0111aj &#8211; Bijelo Polje"}]},{"@type":"WebSite","@id":"https:\/\/www.evropskakuca.me\/me\/#website","url":"https:\/\/www.evropskakuca.me\/me\/","name":"Evropean house","description":"","publisher":{"@id":"https:\/\/www.evropskakuca.me\/me\/#organization"},"potentialAction":[{"@type":"SearchAction","target":{"@type":"EntryPoint","urlTemplate":"https:\/\/www.evropskakuca.me\/me\/?s={search_term_string}"},"query-input":{"@type":"PropertyValueSpecification","valueRequired":true,"valueName":"search_term_string"}}],"inLanguage":"me-ME"},{"@type":"Organization","@id":"https:\/\/www.evropskakuca.me\/me\/#organization","name":"Evropean house","url":"https:\/\/www.evropskakuca.me\/me\/","logo":{"@type":"ImageObject","inLanguage":"me-ME","@id":"https:\/\/www.evropskakuca.me\/me\/#\/schema\/logo\/image\/","url":"https:\/\/www.evropskakuca.me\/wp-content\/uploads\/2025\/01\/evropska-kuca-logo-1.png","contentUrl":"https:\/\/www.evropskakuca.me\/wp-content\/uploads\/2025\/01\/evropska-kuca-logo-1.png","width":425,"height":312,"caption":"Evropean house"},"image":{"@id":"https:\/\/www.evropskakuca.me\/me\/#\/schema\/logo\/image\/"},"sameAs":["https:\/\/www.facebook.com\/evropska.kuca","https:\/\/x.com\/evropska_kuca","https:\/\/www.instagram.com\/evropska_kuca"]}]}},"_links":{"self":[{"href":"https:\/\/www.evropskakuca.me\/me\/wp-json\/wp\/v2\/pages\/47106","targetHints":{"allow":["GET"]}}],"collection":[{"href":"https:\/\/www.evropskakuca.me\/me\/wp-json\/wp\/v2\/pages"}],"about":[{"href":"https:\/\/www.evropskakuca.me\/me\/wp-json\/wp\/v2\/types\/page"}],"author":[{"embeddable":true,"href":"https:\/\/www.evropskakuca.me\/me\/wp-json\/wp\/v2\/users\/1"}],"replies":[{"embeddable":true,"href":"https:\/\/www.evropskakuca.me\/me\/wp-json\/wp\/v2\/comments?post=47106"}],"version-history":[{"count":19,"href":"https:\/\/www.evropskakuca.me\/me\/wp-json\/wp\/v2\/pages\/47106\/revisions"}],"predecessor-version":[{"id":47145,"href":"https:\/\/www.evropskakuca.me\/me\/wp-json\/wp\/v2\/pages\/47106\/revisions\/47145"}],"wp:attachment":[{"href":"https:\/\/www.evropskakuca.me\/me\/wp-json\/wp\/v2\/media?parent=47106"}],"curies":[{"name":"wp","href":"https:\/\/api.w.org\/{rel}","templated":true}]}}