{"id":11571,"date":"2021-05-20T08:55:13","date_gmt":"2021-05-20T08:55:13","guid":{"rendered":"http:\/\/www.evropskakuca.me\/?page_id=11571"},"modified":"2021-05-20T08:55:13","modified_gmt":"2021-05-20T08:55:13","slug":"plava-rapsodija-dan-evrope-2021-u-crnoj-gori","status":"publish","type":"page","link":"https:\/\/www.evropskakuca.me\/me\/plava-rapsodija-dan-evrope-2021-u-crnoj-gori\/","title":{"rendered":"Plava rapsodija: Dan Evrope 2021.u Crnoj Gori"},"content":{"rendered":"<p><a href=\"http:\/\/www.evropskakuca.me\/me\/slavimo-dan-evrope-tokom-cijelog-maja\/\" target=\"_blank\" rel=\"noopener noreferrer\"><strong>Plava rapsodija: Dan Evrope 2021.u Crnoj Gori<\/strong> <\/a><\/p>\n<p>Maj je postao sinonim za Dan Evrope, jer sada ve\u0107 tradicionalno ideju nastanka Evropske unije slavimo tokom cijelog mjeseca. Ove godine, u skladu sa epidemiolo\u0161kim mjerama, organizovali smo vi\u0161e aktivnosti: cvjetni tepih u Podgorici, poklon za\u0161titne maske uz novine, muzi\u010dki spektakl Rok Opera, osvjetljavanje institucija u bojama EU, online Evropski filmski festival, kao i ve\u0107 dobro poznatu nagradnu online igru \u201eEU na dlanu\u201c. Reakcije javnosti i brojke pokazuju da smo postavili nove standardne i oborili rekorde kada je rije\u010d o proslavi ovog va\u017enog dana. Saznajte kako&#8230;<\/p>\n<p><img fetchpriority=\"high\" decoding=\"async\" class=\"alignnone wp-image-11557 size-large\" src=\"http:\/\/www.evropskakuca.me\/wp-content\/uploads\/2021\/05\/01-Rhapsody-in-Blue-1024x538.png\" alt=\"\" width=\"1024\" height=\"538\" \/><\/p>\n<p><a href=\"http:\/\/www.evropskakuca.me\/me\/11337\/\" target=\"_blank\" rel=\"noopener noreferrer\"><strong>Prvi cvjetni tepih u Crnoj Gori u \u010dast Dana Evrope <\/strong> <\/a><\/p>\n<p>U \u010dast Dana Evrope, gra\u0111anima smo 7. maja poklonili jedinstveni cvjetni tepih, satkan od 50 000 sadnica lokalno proizvedenog cvije\u0107a na 600 metara kvadratnih na Trgu nezavisnosti u Podgorici. Ovo je prvi tepih tih dimenzija ikada napravljen u na\u0161oj zemlji, a koji smo uspjeli da realizujemo zahvaljuju\u0107i timskom radu \u2013 u saradnji sa Glavnim Gradom, podgori\u010dkim \u201eZelenilom\u201c i 15 drugih partnera. Inspirisan je cvjetnim tepihom u Briselu, gdje ve\u0107 decenijama svake druge godine krasi Grand Place u centru grada. Zato volimo da ka\u017eemo da se dah Brisela ove godine osjetio i u Podgorici.<\/p>\n<p><img decoding=\"async\" class=\"alignnone size-full wp-image-11559\" src=\"http:\/\/www.evropskakuca.me\/wp-content\/uploads\/2021\/05\/02-Flower-carpet.jpg\" alt=\"\" width=\"1024\" height=\"768\" \/><\/p>\n<p><strong><a href=\"https:\/\/twitter.com\/EUAmbME\/status\/1390914660728295424?s=20\" target=\"_blank\" rel=\"noopener noreferrer\">Poklon maska uz sve dnevne novine<\/a> <\/strong><\/p>\n<p>U saradnji sa svim dnevnim novinama, u subotu 8. maja poklonili smo vi\u0161ekratne za\u0161titne maske. Blizu 30 000 platnenih za\u0161titnih maski besplatno je distribuirano uz dnevne novine u svim gradovima Crne Gore. Ovo je drugi put da Evropska unija u Crnoj Gori organizuje ovu akciju.<\/p>\n<p><img decoding=\"async\" class=\"alignnone size-full wp-image-11561\" src=\"http:\/\/www.evropskakuca.me\/wp-content\/uploads\/2021\/05\/03-Masks-donation.jpg\" alt=\"\" width=\"1024\" height=\"683\" \/><\/p>\n<p><a href=\"http:\/\/www.evropskakuca.me\/me\/procitajte-kako-smo-proslavili-dan-evrope\/\" target=\"_blank\" rel=\"noopener noreferrer\"><strong>Muzi\u010dki spektaktl Rok Opera prvi put u Crnoj Gori <\/strong><\/a><\/p>\n<p>Centralni dio proslave Dana Evrope bio je muzi\u010dki spektakl Rok Opera, koju su u subotu ve\u010de 8. maja u Muzi\u010dkom centru Crne Gore izveli sjajni orkestar i hor opere Srpskog narodnog pozori\u0161ta i Big Bend iz Novog Sada. Nizali su svjetski poznate rok hitove u malo druga\u010dijem aran\u017emanu, sa prizvucima klasi\u010dne muzike. Njima su se na bini pridru\u017eili Knez, The Books of Knjige i operska pjeva\u010dica Emilija Mini\u0107, koji su u\u010dinili da cjelokupan do\u017eivljaj bude spektakularan. Ovu muzi\u010dku poslasticu u\u017eivo su prenosile TVCG, TV Vijesti i TV Prva, dok su priliku da u\u017eivo prate koncert imali zdravstveni radnici, kojima smo poklonili ulaznice. Prvi podaci o gledanosti koncerta pokazuju da je Rok Operu te subotnje ve\u010deri pratilo preko 113 000 gledalaca u Crnoj Gori, \u0161to predstavlja rekord u broju ljudi koji prate na\u0161e aktivnosti.<\/p>\n<p><img loading=\"lazy\" decoding=\"async\" class=\"alignnone wp-image-11563 size-full\" src=\"http:\/\/www.evropskakuca.me\/wp-content\/uploads\/2021\/05\/04-Music-spectacle-Rock-Opera.jpg\" alt=\"\" width=\"720\" height=\"480\" \/><\/p>\n<p><a href=\"https:\/\/twitter.com\/EUAmbME\/status\/1391418153809453063?s=20\" target=\"_blank\" rel=\"noopener noreferrer\"><strong>\u201ePlavi talas\u201c se pro\u0161irio Crnom Gorom <\/strong><\/a><\/p>\n<p>(U \u010dast Dana Evrope, Crnom Gorom se pro\u0161irio \u201cplavi talas\u201d. Rekordan broj dr\u017eavnih I lokalnih institucija osvijetlio je svoje zgrade u bojama Evropske unije. U kreiranju \u201cplavog talasa\u201d u\u010destvovalo je <a href=\"https:\/\/twitter.com\/EUAmbME\/status\/1390974839654060035?s=209\" target=\"_blank\" rel=\"noopener noreferrer\"><strong>14 op\u0161tina<\/strong><\/a> Budva, Danilovgrad, Herceg Novi, Kotor, Tivan, Kola\u0161in, Gusinje, Berane, Bijelo Polje i Mojkovac, kao i <a href=\"https:\/\/twitter.com\/EUAmbME\/status\/1390964155012759555?s=20\" target=\"_blank\" rel=\"noopener noreferrer\"><strong>5 dr\u017eavnih institucija<\/strong><\/a>: Ministarstvo vanjskih poslova, Ministarstvo unutra\u0161njih poslova, Ministarstvo odbrane, zgrade Predsjednika dr\u017eave i Parlamenta. Na taj na\u010din, skoro cijela Crna Gora bila je, iako na distanci, na simboli\u010dan na\u010din ujedinjena u proslavi ovog va\u017enog datuma.<\/p>\n<p><img loading=\"lazy\" decoding=\"async\" class=\"alignnone size-full wp-image-11565\" src=\"http:\/\/www.evropskakuca.me\/wp-content\/uploads\/2021\/05\/05-Blue-wave.jpg\" alt=\"\" width=\"1024\" height=\"683\" \/><\/p>\n<p><a href=\"http:\/\/www.evropskakuca.me\/me\/odgledajte-besplatno-16-evropskih-filmova\/\" target=\"_blank\" rel=\"noopener noreferrer\"><strong>Online Evropski filmski festival od 10. do 20. maja <\/strong><\/a><\/p>\n<p>U \u010dast Dana Evrope koji slavimo tokom cijelog maja, organizovali smo i online Evropski filmski festival, koji traje od 10. do 20. maja. Ukupno 16 filmova evropske produkcije dostupno je besplatno na <a href=\"https:\/\/www.festivalscope.com\/page\/european-film-festival-2021\/\">sajtu<\/a>, na kojem je obezbije\u0111en i prevod.\u00a0 U pitanju su filmovi razli\u010ditih \u017eanrova novijeg datuma, koji su nastali zahvaljuju\u0107i podr\u0161ci evropskih fondova. Preporu\u010duju ih presti\u017ene nagrade, koje su osvojili na uglednim evropskim i svjetskim festivalima.<\/p>\n<p><img loading=\"lazy\" decoding=\"async\" class=\"alignnone size-full wp-image-11567\" src=\"http:\/\/www.evropskakuca.me\/wp-content\/uploads\/2021\/05\/06-European-Film-Festival.png\" alt=\"\" width=\"1200\" height=\"630\" \/><\/p>\n<p><a href=\"http:\/\/www.evropskakuca.me\/me\/pocela-online-nagradna-igra-eu-na-dlanu\/\" target=\"_blank\" rel=\"noopener noreferrer\"><strong>Online igrica \u201eEU na dlanu\u201c donosi vrijedne nagrade <\/strong><\/a><\/p>\n<p>U toku je online nagradna igrica \u201cEU na dlanu\u201c, koja je dostupna na sajtu <a href=\"http:\/\/www.eunadlanu.me\">www.eunadlanu.me<\/a> U pitanju je zanimljiva i edukativna nagradna igrica, koju \u010dine kreativno osmi\u0161ljena interaktvina pitanja o Evropskoj uniji i njenim zemljama \u010dlanicama. Pitanja pokrivaju razli\u010dite oblasti, kao \u0161to su kultura, geografija, istorija, sport\u2026 Igrica po\u010dinje bacanjem kockice, nakon \u010dega pion po\u010dinje \u201eputovanje\u201c po Evropskoj uniji. I sa njom ve\u0107 obaramo rekorde, jer je igricu za prva 4 dana odigralo blizu 9 000 igra\u010da!Igirica \u201eEU na dlanu\u201c ima vrijedan nagradni fond, koji je osmi\u0161ljen tako da obraduje takmi\u010dare, ali I pomogne privredi, posebno manjim preduzeticima, koji su pogo\u0111eni ekonomskim posljedicama epidemije korona virusa.<\/p>\n<p><img loading=\"lazy\" decoding=\"async\" class=\"alignnone size-full wp-image-11569\" src=\"http:\/\/www.evropskakuca.me\/wp-content\/uploads\/2021\/05\/07-Online-game-EU-in-the-palm-of-your-hand.jpg\" alt=\"\" width=\"1200\" height=\"900\" \/><\/p>\n","protected":false},"excerpt":{"rendered":"<p>Plava rapsodija: Dan Evrope 2021.u Crnoj Gori Maj je postao sinonim za Dan Evrope, jer sada ve\u0107 tradicionalno ideju nastanka Evropske unije slavimo tokom cijelog mjeseca. Ove godine, u skladu sa epidemiolo\u0161kim mjerama, organizovali smo vi\u0161e aktivnosti: cvjetni tepih u Podgorici, poklon za\u0161titne maske uz novine, muzi\u010dki spektakl Rok Opera, osvjetljavanje institucija u bojama EU, [&hellip;]<\/p>\n","protected":false},"author":1,"featured_media":35994,"parent":0,"menu_order":0,"comment_status":"closed","ping_status":"closed","template":"","meta":{"_acf_changed":false,"footnotes":""},"class_list":["post-11571","page","type-page","status-publish","has-post-thumbnail","hentry"],"acf":[],"yoast_head":"<!-- This site is optimized with the Yoast SEO plugin v27.3 - https:\/\/yoast.com\/product\/yoast-seo-wordpress\/ -->\n<title>Plava rapsodija: Dan Evrope 2021.u Crnoj Gori - Europe House<\/title>\n<meta name=\"robots\" content=\"index, follow, max-snippet:-1, max-image-preview:large, max-video-preview:-1\" \/>\n<link rel=\"canonical\" href=\"https:\/\/www.evropskakuca.me\/me\/plava-rapsodija-dan-evrope-2021-u-crnoj-gori\/\" \/>\n<meta property=\"og:locale\" content=\"en_US\" \/>\n<meta property=\"og:type\" content=\"article\" \/>\n<meta property=\"og:title\" content=\"Plava rapsodija: Dan Evrope 2021.u Crnoj Gori - Europe House\" \/>\n<meta property=\"og:description\" content=\"Plava rapsodija: Dan Evrope 2021.u Crnoj Gori Maj je postao sinonim za Dan Evrope, jer sada ve\u0107 tradicionalno ideju nastanka Evropske unije slavimo tokom cijelog mjeseca. Ove godine, u skladu sa epidemiolo\u0161kim mjerama, organizovali smo vi\u0161e aktivnosti: cvjetni tepih u Podgorici, poklon za\u0161titne maske uz novine, muzi\u010dki spektakl Rok Opera, osvjetljavanje institucija u bojama EU, [&hellip;]\" \/>\n<meta property=\"og:url\" content=\"https:\/\/www.evropskakuca.me\/me\/plava-rapsodija-dan-evrope-2021-u-crnoj-gori\/\" \/>\n<meta property=\"og:site_name\" content=\"Europe House\" \/>\n<meta property=\"article:publisher\" content=\"https:\/\/www.facebook.com\/evropska.kuca\" \/>\n<meta property=\"og:image\" content=\"https:\/\/www.evropskakuca.me\/wp-content\/uploads\/2021\/05\/01-Rhapsody-in-Blue-1.png\" \/>\n\t<meta property=\"og:image:width\" content=\"1200\" \/>\n\t<meta property=\"og:image:height\" content=\"630\" \/>\n\t<meta property=\"og:image:type\" content=\"image\/png\" \/>\n<meta name=\"twitter:card\" content=\"summary_large_image\" \/>\n<meta name=\"twitter:site\" content=\"@evropska_kuca\" \/>\n<meta name=\"twitter:label1\" content=\"Est. reading time\" \/>\n\t<meta name=\"twitter:data1\" content=\"4 minutes\" \/>\n<script type=\"application\/ld+json\" class=\"yoast-schema-graph\">{\"@context\":\"https:\\\/\\\/schema.org\",\"@graph\":[{\"@type\":\"WebPage\",\"@id\":\"https:\\\/\\\/www.evropskakuca.me\\\/me\\\/plava-rapsodija-dan-evrope-2021-u-crnoj-gori\\\/\",\"url\":\"https:\\\/\\\/www.evropskakuca.me\\\/me\\\/plava-rapsodija-dan-evrope-2021-u-crnoj-gori\\\/\",\"name\":\"Plava rapsodija: Dan Evrope 2021.u Crnoj Gori - Europe House\",\"isPartOf\":{\"@id\":\"https:\\\/\\\/www.evropskakuca.me\\\/me\\\/#website\"},\"primaryImageOfPage\":{\"@id\":\"https:\\\/\\\/www.evropskakuca.me\\\/me\\\/plava-rapsodija-dan-evrope-2021-u-crnoj-gori\\\/#primaryimage\"},\"image\":{\"@id\":\"https:\\\/\\\/www.evropskakuca.me\\\/me\\\/plava-rapsodija-dan-evrope-2021-u-crnoj-gori\\\/#primaryimage\"},\"thumbnailUrl\":\"https:\\\/\\\/www.evropskakuca.me\\\/wp-content\\\/uploads\\\/2021\\\/05\\\/01-Rhapsody-in-Blue-1.png\",\"datePublished\":\"2021-05-20T08:55:13+00:00\",\"breadcrumb\":{\"@id\":\"https:\\\/\\\/www.evropskakuca.me\\\/me\\\/plava-rapsodija-dan-evrope-2021-u-crnoj-gori\\\/#breadcrumb\"},\"inLanguage\":\"me-ME\",\"potentialAction\":[{\"@type\":\"ReadAction\",\"target\":[\"https:\\\/\\\/www.evropskakuca.me\\\/me\\\/plava-rapsodija-dan-evrope-2021-u-crnoj-gori\\\/\"]}]},{\"@type\":\"ImageObject\",\"inLanguage\":\"me-ME\",\"@id\":\"https:\\\/\\\/www.evropskakuca.me\\\/me\\\/plava-rapsodija-dan-evrope-2021-u-crnoj-gori\\\/#primaryimage\",\"url\":\"https:\\\/\\\/www.evropskakuca.me\\\/wp-content\\\/uploads\\\/2021\\\/05\\\/01-Rhapsody-in-Blue-1.png\",\"contentUrl\":\"https:\\\/\\\/www.evropskakuca.me\\\/wp-content\\\/uploads\\\/2021\\\/05\\\/01-Rhapsody-in-Blue-1.png\",\"width\":1200,\"height\":630},{\"@type\":\"BreadcrumbList\",\"@id\":\"https:\\\/\\\/www.evropskakuca.me\\\/me\\\/plava-rapsodija-dan-evrope-2021-u-crnoj-gori\\\/#breadcrumb\",\"itemListElement\":[{\"@type\":\"ListItem\",\"position\":1,\"name\":\"Home\",\"item\":\"https:\\\/\\\/www.evropskakuca.me\\\/me\\\/\"},{\"@type\":\"ListItem\",\"position\":2,\"name\":\"Plava rapsodija: Dan Evrope 2021.u Crnoj Gori\"}]},{\"@type\":\"WebSite\",\"@id\":\"https:\\\/\\\/www.evropskakuca.me\\\/me\\\/#website\",\"url\":\"https:\\\/\\\/www.evropskakuca.me\\\/me\\\/\",\"name\":\"Evropean house\",\"description\":\"\",\"publisher\":{\"@id\":\"https:\\\/\\\/www.evropskakuca.me\\\/me\\\/#organization\"},\"potentialAction\":[{\"@type\":\"SearchAction\",\"target\":{\"@type\":\"EntryPoint\",\"urlTemplate\":\"https:\\\/\\\/www.evropskakuca.me\\\/me\\\/?s={search_term_string}\"},\"query-input\":{\"@type\":\"PropertyValueSpecification\",\"valueRequired\":true,\"valueName\":\"search_term_string\"}}],\"inLanguage\":\"me-ME\"},{\"@type\":\"Organization\",\"@id\":\"https:\\\/\\\/www.evropskakuca.me\\\/me\\\/#organization\",\"name\":\"Evropean house\",\"url\":\"https:\\\/\\\/www.evropskakuca.me\\\/me\\\/\",\"logo\":{\"@type\":\"ImageObject\",\"inLanguage\":\"me-ME\",\"@id\":\"https:\\\/\\\/www.evropskakuca.me\\\/me\\\/#\\\/schema\\\/logo\\\/image\\\/\",\"url\":\"https:\\\/\\\/www.evropskakuca.me\\\/wp-content\\\/uploads\\\/2025\\\/01\\\/evropska-kuca-logo-1.png\",\"contentUrl\":\"https:\\\/\\\/www.evropskakuca.me\\\/wp-content\\\/uploads\\\/2025\\\/01\\\/evropska-kuca-logo-1.png\",\"width\":425,\"height\":312,\"caption\":\"Evropean house\"},\"image\":{\"@id\":\"https:\\\/\\\/www.evropskakuca.me\\\/me\\\/#\\\/schema\\\/logo\\\/image\\\/\"},\"sameAs\":[\"https:\\\/\\\/www.facebook.com\\\/evropska.kuca\",\"https:\\\/\\\/x.com\\\/evropska_kuca\",\"https:\\\/\\\/www.instagram.com\\\/evropska_kuca\"]}]}<\/script>\n<!-- \/ Yoast SEO plugin. -->","yoast_head_json":{"title":"Plava rapsodija: Dan Evrope 2021.u Crnoj Gori - Europe House","robots":{"index":"index","follow":"follow","max-snippet":"max-snippet:-1","max-image-preview":"max-image-preview:large","max-video-preview":"max-video-preview:-1"},"canonical":"https:\/\/www.evropskakuca.me\/me\/plava-rapsodija-dan-evrope-2021-u-crnoj-gori\/","og_locale":"en_US","og_type":"article","og_title":"Plava rapsodija: Dan Evrope 2021.u Crnoj Gori - Europe House","og_description":"Plava rapsodija: Dan Evrope 2021.u Crnoj Gori Maj je postao sinonim za Dan Evrope, jer sada ve\u0107 tradicionalno ideju nastanka Evropske unije slavimo tokom cijelog mjeseca. Ove godine, u skladu sa epidemiolo\u0161kim mjerama, organizovali smo vi\u0161e aktivnosti: cvjetni tepih u Podgorici, poklon za\u0161titne maske uz novine, muzi\u010dki spektakl Rok Opera, osvjetljavanje institucija u bojama EU, [&hellip;]","og_url":"https:\/\/www.evropskakuca.me\/me\/plava-rapsodija-dan-evrope-2021-u-crnoj-gori\/","og_site_name":"Europe House","article_publisher":"https:\/\/www.facebook.com\/evropska.kuca","og_image":[{"width":1200,"height":630,"url":"https:\/\/www.evropskakuca.me\/wp-content\/uploads\/2021\/05\/01-Rhapsody-in-Blue-1.png","type":"image\/png"}],"twitter_card":"summary_large_image","twitter_site":"@evropska_kuca","twitter_misc":{"Est. reading time":"4 minutes"},"schema":{"@context":"https:\/\/schema.org","@graph":[{"@type":"WebPage","@id":"https:\/\/www.evropskakuca.me\/me\/plava-rapsodija-dan-evrope-2021-u-crnoj-gori\/","url":"https:\/\/www.evropskakuca.me\/me\/plava-rapsodija-dan-evrope-2021-u-crnoj-gori\/","name":"Plava rapsodija: Dan Evrope 2021.u Crnoj Gori - Europe House","isPartOf":{"@id":"https:\/\/www.evropskakuca.me\/me\/#website"},"primaryImageOfPage":{"@id":"https:\/\/www.evropskakuca.me\/me\/plava-rapsodija-dan-evrope-2021-u-crnoj-gori\/#primaryimage"},"image":{"@id":"https:\/\/www.evropskakuca.me\/me\/plava-rapsodija-dan-evrope-2021-u-crnoj-gori\/#primaryimage"},"thumbnailUrl":"https:\/\/www.evropskakuca.me\/wp-content\/uploads\/2021\/05\/01-Rhapsody-in-Blue-1.png","datePublished":"2021-05-20T08:55:13+00:00","breadcrumb":{"@id":"https:\/\/www.evropskakuca.me\/me\/plava-rapsodija-dan-evrope-2021-u-crnoj-gori\/#breadcrumb"},"inLanguage":"me-ME","potentialAction":[{"@type":"ReadAction","target":["https:\/\/www.evropskakuca.me\/me\/plava-rapsodija-dan-evrope-2021-u-crnoj-gori\/"]}]},{"@type":"ImageObject","inLanguage":"me-ME","@id":"https:\/\/www.evropskakuca.me\/me\/plava-rapsodija-dan-evrope-2021-u-crnoj-gori\/#primaryimage","url":"https:\/\/www.evropskakuca.me\/wp-content\/uploads\/2021\/05\/01-Rhapsody-in-Blue-1.png","contentUrl":"https:\/\/www.evropskakuca.me\/wp-content\/uploads\/2021\/05\/01-Rhapsody-in-Blue-1.png","width":1200,"height":630},{"@type":"BreadcrumbList","@id":"https:\/\/www.evropskakuca.me\/me\/plava-rapsodija-dan-evrope-2021-u-crnoj-gori\/#breadcrumb","itemListElement":[{"@type":"ListItem","position":1,"name":"Home","item":"https:\/\/www.evropskakuca.me\/me\/"},{"@type":"ListItem","position":2,"name":"Plava rapsodija: Dan Evrope 2021.u Crnoj Gori"}]},{"@type":"WebSite","@id":"https:\/\/www.evropskakuca.me\/me\/#website","url":"https:\/\/www.evropskakuca.me\/me\/","name":"Evropean house","description":"","publisher":{"@id":"https:\/\/www.evropskakuca.me\/me\/#organization"},"potentialAction":[{"@type":"SearchAction","target":{"@type":"EntryPoint","urlTemplate":"https:\/\/www.evropskakuca.me\/me\/?s={search_term_string}"},"query-input":{"@type":"PropertyValueSpecification","valueRequired":true,"valueName":"search_term_string"}}],"inLanguage":"me-ME"},{"@type":"Organization","@id":"https:\/\/www.evropskakuca.me\/me\/#organization","name":"Evropean house","url":"https:\/\/www.evropskakuca.me\/me\/","logo":{"@type":"ImageObject","inLanguage":"me-ME","@id":"https:\/\/www.evropskakuca.me\/me\/#\/schema\/logo\/image\/","url":"https:\/\/www.evropskakuca.me\/wp-content\/uploads\/2025\/01\/evropska-kuca-logo-1.png","contentUrl":"https:\/\/www.evropskakuca.me\/wp-content\/uploads\/2025\/01\/evropska-kuca-logo-1.png","width":425,"height":312,"caption":"Evropean house"},"image":{"@id":"https:\/\/www.evropskakuca.me\/me\/#\/schema\/logo\/image\/"},"sameAs":["https:\/\/www.facebook.com\/evropska.kuca","https:\/\/x.com\/evropska_kuca","https:\/\/www.instagram.com\/evropska_kuca"]}]}},"_links":{"self":[{"href":"https:\/\/www.evropskakuca.me\/me\/wp-json\/wp\/v2\/pages\/11571","targetHints":{"allow":["GET"]}}],"collection":[{"href":"https:\/\/www.evropskakuca.me\/me\/wp-json\/wp\/v2\/pages"}],"about":[{"href":"https:\/\/www.evropskakuca.me\/me\/wp-json\/wp\/v2\/types\/page"}],"author":[{"embeddable":true,"href":"https:\/\/www.evropskakuca.me\/me\/wp-json\/wp\/v2\/users\/1"}],"replies":[{"embeddable":true,"href":"https:\/\/www.evropskakuca.me\/me\/wp-json\/wp\/v2\/comments?post=11571"}],"version-history":[{"count":0,"href":"https:\/\/www.evropskakuca.me\/me\/wp-json\/wp\/v2\/pages\/11571\/revisions"}],"wp:featuredmedia":[{"embeddable":true,"href":"https:\/\/www.evropskakuca.me\/me\/wp-json\/wp\/v2\/media\/35994"}],"wp:attachment":[{"href":"https:\/\/www.evropskakuca.me\/me\/wp-json\/wp\/v2\/media?parent=11571"}],"curies":[{"name":"wp","href":"https:\/\/api.w.org\/{rel}","templated":true}]}}