{"id":47400,"date":"2026-01-27T14:41:14","date_gmt":"2026-01-27T14:41:14","guid":{"rendered":"https:\/\/www.evropskakuca.me\/?post_type=growth-plans&#038;p=47400"},"modified":"2026-01-27T14:43:16","modified_gmt":"2026-01-27T14:43:16","slug":"komisija-obezbijedila-paket-podrske-od-171-milion-eura-za-infrastrukturu-i-privredu-na-zapadnom-balkanu","status":"publish","type":"growth-plans","link":"https:\/\/www.evropskakuca.me\/me\/growth-plans\/komisija-obezbijedila-paket-podrske-od-171-milion-eura-za-infrastrukturu-i-privredu-na-zapadnom-balkanu\/","title":{"rendered":"Komisija obezbijedila paket podr\u0161ke od 171 milion eura za infrastrukturu i privredu na Zapadnom Balkanu"},"content":{"rendered":"\n<p>Evropska komisija je najavila paket podr\u0161ke u iznosu od 171 milion eura s ciljem unapre\u0111enja razvoja infrastrukture i rasta privatnog sektora kod partnera sa Zapadnog Balkana.<\/p>\n\n\n\n<p>Novi paket podr\u0161ke uklju\u010duje investicioni paket doprinosa iz razli\u010ditih izvora finansiranja EU: doprinose iz Instrumenta pretpristupne pomo\u0107i (IPA III) za projekat u Bosni i Hercegovini, doprinose bilateralnih donatora u okviru Investicionog okvira za Zapadni Balkan (WBIF) za projekat u Crnoj Gori, kao i doprinose iz Instrumenta za reformu i razvoj (RGF) za projekte u Albaniji, Crnoj Gori i Sjevernoj Makedoniji.<\/p>\n\n\n\n<p>Dana\u0161nji finansijski paket obuhvata investicione projekte i projekte tehni\u010dke pomo\u0107i koji su danas odobreni, dodatno potvr\u0111uju\u0107i posve\u0107enost EU odr\u017eivom rastu i regionalnoj povezanosti na Zapadnom Balkanu.<\/p>\n\n\n\n<p><strong>94,7 miliona eura za infrastrukturne investicije<\/strong><\/p>\n\n\n\n<p>Od ukupnog paketa, 91,8 miliona eura namijenjeno je infrastrukturnim projektima u \u010detiri partnerske zemlje. O\u010dekuje se da \u0107e ova sredstva mobilisati ukupno 263 miliona eura investicija kroz sedam projekata u prioritetnim sektorima, uklju\u010duju\u0107i digitalizaciju, \u010distu energiju, ljudski kapital, saobra\u0107aj i \u017eivotnu sredinu. Klju\u010dni projekti uklju\u010duju:<\/p>\n\n\n\n<ul class=\"wp-block-list\">\n<li>uvo\u0111enje \u0161irokopojasne internet infrastrukture u Albaniji;<\/li>\n\n\n\n<li>unapre\u0111enje sistema prenosa elektri\u010dne energije u Sjevernoj Makedoniji;<\/li>\n\n\n\n<li>izgradnju i energetski efikasnu rekonstrukciju obrazovnih objekata u Sjevernoj Makedoniji i Crnoj Gori;<\/li>\n\n\n\n<li>elektrifikaciju \u017eeljezni\u010dke pruge Dra\u010d\u2013Tirana u Albaniji;<\/li>\n\n\n\n<li>projekat vodosnabdijevanja i tretmana otpadnih voda u Bosni i Hercegovini.<\/li>\n<\/ul>\n\n\n\n<p>Ove projekte \u0107e realizovati partneri sa Zapadnog Balkana u saradnji sa me\u0111unarodnim finansijskim institucijama.<\/p>\n\n\n\n<p>Pored toga, <strong>2,9 miliona eura<\/strong> opredijeljeno je za \u010detiri projekta tehni\u010dke pomo\u0107i u Albaniji i Bosni i Hercegovini, s ciljem podr\u0161ke budu\u0107im investicijama u sektorima energetike, vode, inovacija i istra\u017eivanja.<\/p>\n\n\n\n<figure class=\"wp-block-image size-large\"><img fetchpriority=\"high\" decoding=\"async\" width=\"1024\" height=\"683\" src=\"https:\/\/www.evropskakuca.me\/wp-content\/uploads\/2025\/09\/FRO_5656-1024x683.jpg\" alt=\"\" class=\"wp-image-45678\" srcset=\"https:\/\/www.evropskakuca.me\/wp-content\/uploads\/2025\/09\/FRO_5656-1024x683.jpg 1024w, https:\/\/www.evropskakuca.me\/wp-content\/uploads\/2025\/09\/FRO_5656-300x200.jpg 300w, https:\/\/www.evropskakuca.me\/wp-content\/uploads\/2025\/09\/FRO_5656-768x512.jpg 768w, https:\/\/www.evropskakuca.me\/wp-content\/uploads\/2025\/09\/FRO_5656-1536x1024.jpg 1536w, https:\/\/www.evropskakuca.me\/wp-content\/uploads\/2025\/09\/FRO_5656-2048x1365.jpg 2048w\" sizes=\"(max-width: 1024px) 100vw, 1024px\" \/><\/figure>\n\n\n\n<p><strong>76,3 miliona eura za podr\u0161ku privatnom sektoru<\/strong><\/p>\n\n\n\n<p>Paket tako\u0111e uklju\u010duje <strong>76,3 miliona eura<\/strong> doprinosa programima za podr\u0161ku privatnom sektoru, me\u0111u kojima su:<\/p>\n\n\n\n<ul class=\"wp-block-list\">\n<li>Program \u201eWestern Balkans Forward\u201c, koji poma\u017ee malim i srednjim preduze\u0107ima (MSP) da izvoze naprednije proizvode i usluge u region i EU;<\/li>\n\n\n\n<li>Program \u201eSME Go Green\u201c, koji promovi\u0161e zelenu i cirkularnu ekonomiju, agribiznis, kao i investicije u zapo\u0161ljavanje i rast;<\/li>\n\n\n\n<li>pilot-program \u201eWestern Balkans Opportunities by Non-traditional Debt (W-BOND)\u201c, koji MSP-ovima omogu\u0107ava pristup finansiranju kroz diverzifikaciju izvora sredstava van tradicionalnih bankarskih kredita;<\/li>\n\n\n\n<li>ja\u010danje kapaciteta i upravljanja javno-privatnim partnerstvima u Bosni i Hercegovini.<\/li>\n<\/ul>\n\n\n\n<p>Nakon odobrenja od strane Operativnog odbora <a href=\"https:\/\/wbif.eu\/who-we-are\">Investicionog okvira za Zapadni Balkan<\/a>, projekti mogu pre\u0107i u fazu realizacije. To uklju\u010duje finalizaciju neophodnih sporazuma sa partnerskim institucijama i korisnicima, pokretanje pripremnih studija za aktivnosti tehni\u010dke pomo\u0107i i okon\u010danje procedura potrebnih za realizaciju projekata privatnog sektora. Po zavr\u0161etku ovog procesa mo\u017ee zapo\u010deti implementacija podr\u017eanih investicija.<\/p>\n\n\n\n<p><strong>Pozadina<\/strong><\/p>\n\n\n\n<p><a href=\"https:\/\/enlargement.ec.europa.eu\/2023-communication-new-growth-plan-western-balkans_en\">Plan rasta za Zapadni Balkan<\/a> ima za cilj integraciju partnera sa Zapadnog Balkana u Jedinstveno tr\u017ei\u0161te EU, unapre\u0111enje regionalne ekonomske saradnje, produbljivanje reformi povezanih sa EU i pove\u0107anje finansijske pomo\u0107i radi ubrzanja socio-ekonomskog pribli\u017eavanja Evropskoj uniji. Instrument za reformu i razvoj za Zapadni Balkan, sa ukupnim finansijskim okvirom od 6 milijardi eura za period 2024\u20132027, predstavlja klju\u010dni finansijski instrument Plana, koji napredak u reformama pretvara u konkretnu podr\u0161ku. Do danas je, od njegovog pokretanja u maju 2024. godine, u okviru ovog instrumenta odobreno 13 investicionih projekata u ukupnom iznosu od 156 miliona eura.<\/p>\n\n\n\n<p>Investicioni okvir za Zapadni Balkan (WBIF) igra klju\u010dnu ulogu u sprovo\u0111enju Instrumenta za reformu i razvoj, usmjeravaju\u0107i 3 milijarde eura grantova i kredita za podr\u0161ku prioritetnim investicijama u saobra\u0107aj, energetiku, digitalizaciju i ljudski kapital. Tako\u0111e, WBIF podr\u017eava i sprovo\u0111enje <a href=\"https:\/\/enlargement.ec.europa.eu\/funding-technical-assistance\/overview-instrument-pre-accession-assistance_en\">Instrumenta pretpristupne pomo\u0107i (IPA)<\/a>, koji ima za cilj pomo\u0107 partnerima u procesu pro\u0161irenja na putu ka \u010dlanstvu u EU. Osnovan prije 15 godina, WBIF je zajedni\u010dka finansijska platforma koja okuplja Evropsku komisiju, finansijske institucije, dr\u017eave \u010dlanice EU i Norve\u0161ku. On direktno <a href=\"https:\/\/commission.europa.eu\/topics\/international-partnerships\/global-gateway_en\">doprinosi Strategiji Global Gateway Evropske unije<\/a>.<\/p>\n\n\n\n<p><strong>Vi\u0161e informacija<\/strong><\/p>\n\n\n\n<ul class=\"wp-block-list\">\n<li><a href=\"https:\/\/enlargement.ec.europa.eu\/factsheet-summary-wbif-investments_en\">Factsheet \u2013 Pregled investicija WBIF<\/a><\/li>\n\n\n\n<li><a href=\"https:\/\/enlargement.ec.europa.eu\/enlargement-policy\/growth-plan-western-balkans_en\">Plan rasta za Zapadni Balkan<\/a><\/li>\n\n\n\n<li><a href=\"https:\/\/enlargement.ec.europa.eu\/funding-technical-assistance\/reform-and-growth-facility-western-balkans_en\">Instrument za reformu i razvoj za Zapadni Balkan<\/a><\/li>\n<\/ul>\n","protected":false},"excerpt":{"rendered":"<p>Evropska komisija je najavila paket podr\u0161ke u iznosu od 171 milion eura s ciljem unapre\u0111enja razvoja infrastrukture i rasta privatnog sektora kod partnera sa Zapadnog Balkana. Novi paket podr\u0161ke uklju\u010duje investicioni paket doprinosa iz razli\u010ditih izvora finansiranja EU: doprinose iz Instrumenta pretpristupne pomo\u0107i (IPA III) za projekat u Bosni i Hercegovini, doprinose bilateralnih donatora u [&hellip;]<\/p>\n","protected":false},"featured_media":45678,"template":"","meta":{"_acf_changed":false,"footnotes":""},"class_list":["post-47400","growth-plans","type-growth-plans","status-publish","has-post-thumbnail","hentry"],"acf":[],"yoast_head":"<!-- This site is optimized with the Yoast SEO plugin v27.3 - https:\/\/yoast.com\/product\/yoast-seo-wordpress\/ -->\n<title>Komisija obezbijedila paket podr\u0161ke od 171 milion eura za infrastrukturu i privredu na Zapadnom Balkanu - Europe House<\/title>\n<meta name=\"robots\" content=\"index, follow, max-snippet:-1, max-image-preview:large, max-video-preview:-1\" \/>\n<link rel=\"canonical\" href=\"https:\/\/www.evropskakuca.me\/me\/growth-plans\/komisija-obezbijedila-paket-podrske-od-171-milion-eura-za-infrastrukturu-i-privredu-na-zapadnom-balkanu\/\" \/>\n<meta property=\"og:locale\" content=\"en_US\" \/>\n<meta property=\"og:type\" content=\"article\" \/>\n<meta property=\"og:title\" content=\"Komisija obezbijedila paket podr\u0161ke od 171 milion eura za infrastrukturu i privredu na Zapadnom Balkanu - Europe House\" \/>\n<meta property=\"og:description\" content=\"Evropska komisija je najavila paket podr\u0161ke u iznosu od 171 milion eura s ciljem unapre\u0111enja razvoja infrastrukture i rasta privatnog sektora kod partnera sa Zapadnog Balkana. Novi paket podr\u0161ke uklju\u010duje investicioni paket doprinosa iz razli\u010ditih izvora finansiranja EU: doprinose iz Instrumenta pretpristupne pomo\u0107i (IPA III) za projekat u Bosni i Hercegovini, doprinose bilateralnih donatora u [&hellip;]\" \/>\n<meta property=\"og:url\" content=\"https:\/\/www.evropskakuca.me\/me\/growth-plans\/komisija-obezbijedila-paket-podrske-od-171-milion-eura-za-infrastrukturu-i-privredu-na-zapadnom-balkanu\/\" \/>\n<meta property=\"og:site_name\" content=\"Europe House\" \/>\n<meta property=\"article:publisher\" content=\"https:\/\/www.facebook.com\/evropska.kuca\" \/>\n<meta property=\"article:modified_time\" content=\"2026-01-27T14:43:16+00:00\" \/>\n<meta property=\"og:image\" content=\"https:\/\/www.evropskakuca.me\/wp-content\/uploads\/2025\/09\/FRO_5656-scaled.jpg\" \/>\n\t<meta property=\"og:image:width\" content=\"2560\" \/>\n\t<meta property=\"og:image:height\" content=\"1707\" \/>\n\t<meta property=\"og:image:type\" content=\"image\/jpeg\" \/>\n<meta name=\"twitter:card\" content=\"summary_large_image\" \/>\n<meta name=\"twitter:site\" content=\"@evropska_kuca\" \/>\n<meta name=\"twitter:label1\" content=\"Est. reading time\" \/>\n\t<meta name=\"twitter:data1\" content=\"4 minutes\" \/>\n<script type=\"application\/ld+json\" class=\"yoast-schema-graph\">{\"@context\":\"https:\\\/\\\/schema.org\",\"@graph\":[{\"@type\":\"WebPage\",\"@id\":\"https:\\\/\\\/www.evropskakuca.me\\\/me\\\/growth-plans\\\/komisija-obezbijedila-paket-podrske-od-171-milion-eura-za-infrastrukturu-i-privredu-na-zapadnom-balkanu\\\/\",\"url\":\"https:\\\/\\\/www.evropskakuca.me\\\/me\\\/growth-plans\\\/komisija-obezbijedila-paket-podrske-od-171-milion-eura-za-infrastrukturu-i-privredu-na-zapadnom-balkanu\\\/\",\"name\":\"Komisija obezbijedila paket podr\u0161ke od 171 milion eura za infrastrukturu i privredu na Zapadnom Balkanu - Europe House\",\"isPartOf\":{\"@id\":\"https:\\\/\\\/www.evropskakuca.me\\\/me\\\/#website\"},\"primaryImageOfPage\":{\"@id\":\"https:\\\/\\\/www.evropskakuca.me\\\/me\\\/growth-plans\\\/komisija-obezbijedila-paket-podrske-od-171-milion-eura-za-infrastrukturu-i-privredu-na-zapadnom-balkanu\\\/#primaryimage\"},\"image\":{\"@id\":\"https:\\\/\\\/www.evropskakuca.me\\\/me\\\/growth-plans\\\/komisija-obezbijedila-paket-podrske-od-171-milion-eura-za-infrastrukturu-i-privredu-na-zapadnom-balkanu\\\/#primaryimage\"},\"thumbnailUrl\":\"https:\\\/\\\/www.evropskakuca.me\\\/wp-content\\\/uploads\\\/2025\\\/09\\\/FRO_5656-scaled.jpg\",\"datePublished\":\"2026-01-27T14:41:14+00:00\",\"dateModified\":\"2026-01-27T14:43:16+00:00\",\"breadcrumb\":{\"@id\":\"https:\\\/\\\/www.evropskakuca.me\\\/me\\\/growth-plans\\\/komisija-obezbijedila-paket-podrske-od-171-milion-eura-za-infrastrukturu-i-privredu-na-zapadnom-balkanu\\\/#breadcrumb\"},\"inLanguage\":\"me-ME\",\"potentialAction\":[{\"@type\":\"ReadAction\",\"target\":[\"https:\\\/\\\/www.evropskakuca.me\\\/me\\\/growth-plans\\\/komisija-obezbijedila-paket-podrske-od-171-milion-eura-za-infrastrukturu-i-privredu-na-zapadnom-balkanu\\\/\"]}]},{\"@type\":\"ImageObject\",\"inLanguage\":\"me-ME\",\"@id\":\"https:\\\/\\\/www.evropskakuca.me\\\/me\\\/growth-plans\\\/komisija-obezbijedila-paket-podrske-od-171-milion-eura-za-infrastrukturu-i-privredu-na-zapadnom-balkanu\\\/#primaryimage\",\"url\":\"https:\\\/\\\/www.evropskakuca.me\\\/wp-content\\\/uploads\\\/2025\\\/09\\\/FRO_5656-scaled.jpg\",\"contentUrl\":\"https:\\\/\\\/www.evropskakuca.me\\\/wp-content\\\/uploads\\\/2025\\\/09\\\/FRO_5656-scaled.jpg\",\"width\":2560,\"height\":1707},{\"@type\":\"BreadcrumbList\",\"@id\":\"https:\\\/\\\/www.evropskakuca.me\\\/me\\\/growth-plans\\\/komisija-obezbijedila-paket-podrske-od-171-milion-eura-za-infrastrukturu-i-privredu-na-zapadnom-balkanu\\\/#breadcrumb\",\"itemListElement\":[{\"@type\":\"ListItem\",\"position\":1,\"name\":\"Home\",\"item\":\"https:\\\/\\\/www.evropskakuca.me\\\/me\\\/\"},{\"@type\":\"ListItem\",\"position\":2,\"name\":\"Komisija obezbijedila paket podr\u0161ke od 171 milion eura za infrastrukturu i privredu na Zapadnom Balkanu\"}]},{\"@type\":\"WebSite\",\"@id\":\"https:\\\/\\\/www.evropskakuca.me\\\/me\\\/#website\",\"url\":\"https:\\\/\\\/www.evropskakuca.me\\\/me\\\/\",\"name\":\"Evropean house\",\"description\":\"\",\"publisher\":{\"@id\":\"https:\\\/\\\/www.evropskakuca.me\\\/me\\\/#organization\"},\"potentialAction\":[{\"@type\":\"SearchAction\",\"target\":{\"@type\":\"EntryPoint\",\"urlTemplate\":\"https:\\\/\\\/www.evropskakuca.me\\\/me\\\/?s={search_term_string}\"},\"query-input\":{\"@type\":\"PropertyValueSpecification\",\"valueRequired\":true,\"valueName\":\"search_term_string\"}}],\"inLanguage\":\"me-ME\"},{\"@type\":\"Organization\",\"@id\":\"https:\\\/\\\/www.evropskakuca.me\\\/me\\\/#organization\",\"name\":\"Evropean house\",\"url\":\"https:\\\/\\\/www.evropskakuca.me\\\/me\\\/\",\"logo\":{\"@type\":\"ImageObject\",\"inLanguage\":\"me-ME\",\"@id\":\"https:\\\/\\\/www.evropskakuca.me\\\/me\\\/#\\\/schema\\\/logo\\\/image\\\/\",\"url\":\"https:\\\/\\\/www.evropskakuca.me\\\/wp-content\\\/uploads\\\/2025\\\/01\\\/evropska-kuca-logo-1.png\",\"contentUrl\":\"https:\\\/\\\/www.evropskakuca.me\\\/wp-content\\\/uploads\\\/2025\\\/01\\\/evropska-kuca-logo-1.png\",\"width\":425,\"height\":312,\"caption\":\"Evropean house\"},\"image\":{\"@id\":\"https:\\\/\\\/www.evropskakuca.me\\\/me\\\/#\\\/schema\\\/logo\\\/image\\\/\"},\"sameAs\":[\"https:\\\/\\\/www.facebook.com\\\/evropska.kuca\",\"https:\\\/\\\/x.com\\\/evropska_kuca\",\"https:\\\/\\\/www.instagram.com\\\/evropska_kuca\"]}]}<\/script>\n<!-- \/ Yoast SEO plugin. -->","yoast_head_json":{"title":"Komisija obezbijedila paket podr\u0161ke od 171 milion eura za infrastrukturu i privredu na Zapadnom Balkanu - Europe House","robots":{"index":"index","follow":"follow","max-snippet":"max-snippet:-1","max-image-preview":"max-image-preview:large","max-video-preview":"max-video-preview:-1"},"canonical":"https:\/\/www.evropskakuca.me\/me\/growth-plans\/komisija-obezbijedila-paket-podrske-od-171-milion-eura-za-infrastrukturu-i-privredu-na-zapadnom-balkanu\/","og_locale":"en_US","og_type":"article","og_title":"Komisija obezbijedila paket podr\u0161ke od 171 milion eura za infrastrukturu i privredu na Zapadnom Balkanu - Europe House","og_description":"Evropska komisija je najavila paket podr\u0161ke u iznosu od 171 milion eura s ciljem unapre\u0111enja razvoja infrastrukture i rasta privatnog sektora kod partnera sa Zapadnog Balkana. Novi paket podr\u0161ke uklju\u010duje investicioni paket doprinosa iz razli\u010ditih izvora finansiranja EU: doprinose iz Instrumenta pretpristupne pomo\u0107i (IPA III) za projekat u Bosni i Hercegovini, doprinose bilateralnih donatora u [&hellip;]","og_url":"https:\/\/www.evropskakuca.me\/me\/growth-plans\/komisija-obezbijedila-paket-podrske-od-171-milion-eura-za-infrastrukturu-i-privredu-na-zapadnom-balkanu\/","og_site_name":"Europe House","article_publisher":"https:\/\/www.facebook.com\/evropska.kuca","article_modified_time":"2026-01-27T14:43:16+00:00","og_image":[{"width":2560,"height":1707,"url":"https:\/\/www.evropskakuca.me\/wp-content\/uploads\/2025\/09\/FRO_5656-scaled.jpg","type":"image\/jpeg"}],"twitter_card":"summary_large_image","twitter_site":"@evropska_kuca","twitter_misc":{"Est. reading time":"4 minutes"},"schema":{"@context":"https:\/\/schema.org","@graph":[{"@type":"WebPage","@id":"https:\/\/www.evropskakuca.me\/me\/growth-plans\/komisija-obezbijedila-paket-podrske-od-171-milion-eura-za-infrastrukturu-i-privredu-na-zapadnom-balkanu\/","url":"https:\/\/www.evropskakuca.me\/me\/growth-plans\/komisija-obezbijedila-paket-podrske-od-171-milion-eura-za-infrastrukturu-i-privredu-na-zapadnom-balkanu\/","name":"Komisija obezbijedila paket podr\u0161ke od 171 milion eura za infrastrukturu i privredu na Zapadnom Balkanu - Europe House","isPartOf":{"@id":"https:\/\/www.evropskakuca.me\/me\/#website"},"primaryImageOfPage":{"@id":"https:\/\/www.evropskakuca.me\/me\/growth-plans\/komisija-obezbijedila-paket-podrske-od-171-milion-eura-za-infrastrukturu-i-privredu-na-zapadnom-balkanu\/#primaryimage"},"image":{"@id":"https:\/\/www.evropskakuca.me\/me\/growth-plans\/komisija-obezbijedila-paket-podrske-od-171-milion-eura-za-infrastrukturu-i-privredu-na-zapadnom-balkanu\/#primaryimage"},"thumbnailUrl":"https:\/\/www.evropskakuca.me\/wp-content\/uploads\/2025\/09\/FRO_5656-scaled.jpg","datePublished":"2026-01-27T14:41:14+00:00","dateModified":"2026-01-27T14:43:16+00:00","breadcrumb":{"@id":"https:\/\/www.evropskakuca.me\/me\/growth-plans\/komisija-obezbijedila-paket-podrske-od-171-milion-eura-za-infrastrukturu-i-privredu-na-zapadnom-balkanu\/#breadcrumb"},"inLanguage":"me-ME","potentialAction":[{"@type":"ReadAction","target":["https:\/\/www.evropskakuca.me\/me\/growth-plans\/komisija-obezbijedila-paket-podrske-od-171-milion-eura-za-infrastrukturu-i-privredu-na-zapadnom-balkanu\/"]}]},{"@type":"ImageObject","inLanguage":"me-ME","@id":"https:\/\/www.evropskakuca.me\/me\/growth-plans\/komisija-obezbijedila-paket-podrske-od-171-milion-eura-za-infrastrukturu-i-privredu-na-zapadnom-balkanu\/#primaryimage","url":"https:\/\/www.evropskakuca.me\/wp-content\/uploads\/2025\/09\/FRO_5656-scaled.jpg","contentUrl":"https:\/\/www.evropskakuca.me\/wp-content\/uploads\/2025\/09\/FRO_5656-scaled.jpg","width":2560,"height":1707},{"@type":"BreadcrumbList","@id":"https:\/\/www.evropskakuca.me\/me\/growth-plans\/komisija-obezbijedila-paket-podrske-od-171-milion-eura-za-infrastrukturu-i-privredu-na-zapadnom-balkanu\/#breadcrumb","itemListElement":[{"@type":"ListItem","position":1,"name":"Home","item":"https:\/\/www.evropskakuca.me\/me\/"},{"@type":"ListItem","position":2,"name":"Komisija obezbijedila paket podr\u0161ke od 171 milion eura za infrastrukturu i privredu na Zapadnom Balkanu"}]},{"@type":"WebSite","@id":"https:\/\/www.evropskakuca.me\/me\/#website","url":"https:\/\/www.evropskakuca.me\/me\/","name":"Evropean house","description":"","publisher":{"@id":"https:\/\/www.evropskakuca.me\/me\/#organization"},"potentialAction":[{"@type":"SearchAction","target":{"@type":"EntryPoint","urlTemplate":"https:\/\/www.evropskakuca.me\/me\/?s={search_term_string}"},"query-input":{"@type":"PropertyValueSpecification","valueRequired":true,"valueName":"search_term_string"}}],"inLanguage":"me-ME"},{"@type":"Organization","@id":"https:\/\/www.evropskakuca.me\/me\/#organization","name":"Evropean house","url":"https:\/\/www.evropskakuca.me\/me\/","logo":{"@type":"ImageObject","inLanguage":"me-ME","@id":"https:\/\/www.evropskakuca.me\/me\/#\/schema\/logo\/image\/","url":"https:\/\/www.evropskakuca.me\/wp-content\/uploads\/2025\/01\/evropska-kuca-logo-1.png","contentUrl":"https:\/\/www.evropskakuca.me\/wp-content\/uploads\/2025\/01\/evropska-kuca-logo-1.png","width":425,"height":312,"caption":"Evropean house"},"image":{"@id":"https:\/\/www.evropskakuca.me\/me\/#\/schema\/logo\/image\/"},"sameAs":["https:\/\/www.facebook.com\/evropska.kuca","https:\/\/x.com\/evropska_kuca","https:\/\/www.instagram.com\/evropska_kuca"]}]}},"_links":{"self":[{"href":"https:\/\/www.evropskakuca.me\/me\/wp-json\/wp\/v2\/growth-plans\/47400","targetHints":{"allow":["GET"]}}],"collection":[{"href":"https:\/\/www.evropskakuca.me\/me\/wp-json\/wp\/v2\/growth-plans"}],"about":[{"href":"https:\/\/www.evropskakuca.me\/me\/wp-json\/wp\/v2\/types\/growth-plans"}],"version-history":[{"count":1,"href":"https:\/\/www.evropskakuca.me\/me\/wp-json\/wp\/v2\/growth-plans\/47400\/revisions"}],"predecessor-version":[{"id":47401,"href":"https:\/\/www.evropskakuca.me\/me\/wp-json\/wp\/v2\/growth-plans\/47400\/revisions\/47401"}],"wp:featuredmedia":[{"embeddable":true,"href":"https:\/\/www.evropskakuca.me\/me\/wp-json\/wp\/v2\/media\/45678"}],"wp:attachment":[{"href":"https:\/\/www.evropskakuca.me\/me\/wp-json\/wp\/v2\/media?parent=47400"}],"curies":[{"name":"wp","href":"https:\/\/api.w.org\/{rel}","templated":true}]}}