{"id":47386,"date":"2026-01-27T13:13:30","date_gmt":"2026-01-27T13:13:30","guid":{"rendered":"https:\/\/www.evropskakuca.me\/?post_type=growth-plans&#038;p=47386"},"modified":"2026-01-27T13:13:32","modified_gmt":"2026-01-27T13:13:32","slug":"preko-13-miliona-eura-eu-sredstava-za-nove-skole-i-vrtice-u-crnoj-gori","status":"publish","type":"growth-plans","link":"https:\/\/www.evropskakuca.me\/me\/growth-plans\/preko-13-miliona-eura-eu-sredstava-za-nove-skole-i-vrtice-u-crnoj-gori\/","title":{"rendered":"Preko 13 miliona eura EU sredstava za nove \u0161kole i vrti\u0107e u Crnoj Gori"},"content":{"rendered":"\n<p>Na sjednici Upravnog odbora Zapadnobalkanskog investicionog okvira (ZIO), koja je odr\u017eana u Splitu, Crnoj Gori je odobreno&nbsp;<strong>13,07 miliona eura iz EU Plana rasta za Zapadni Balkan i doprinosa bilateralnih donatora ZIO,&nbsp;<\/strong>za realizaciju infrastrukturnih projekata u oblasti obrazovanja.<\/p>\n\n\n\n<p>Sredstva se odnose se na dva projekta Ministarstva prosvjete, nauke i inovacija \u2013 izgradnju&nbsp;<strong>\u010detiri nova vrti\u0107a<\/strong>&nbsp;i&nbsp;<strong>dvije osnovne \u0161kole<\/strong>&nbsp;\u0161irom Crne Gore.<\/p>\n\n\n\n<p>Odobrenim grantom u iznosu od&nbsp;<strong>5,82 miliona eura<\/strong>&nbsp;bi\u0107e podr\u017eana izgradnja&nbsp;<strong>\u010detiri vrti\u0107a, u Baru, Beranama, Ulcinju i Podgorici (City kvart)<\/strong>, u okviru projekta koji se realizuje u saradnji sa&nbsp;<strong>Bankom za razvoj Savjeta Evrope (CEB)<\/strong>. Ukupna vrijednost ove investicije iznosi&nbsp;<strong>27,6 miliona eura<\/strong>.<\/p>\n\n\n\n<p>Dodatno, grant u iznosu od&nbsp;<strong>7,25 miliona eura<\/strong>, uz podr\u0161ku&nbsp;<strong>Evropske investicione banke (EIB)<\/strong>, namijenjen je izgradnji&nbsp;<strong>dvije osnovne \u0161kole, u Podgorici (City kvart) i u Tuzima (Karabu\u0161ko polje)<\/strong>, \u010dija ukupna vrijednost iznosi&nbsp;<strong>29,5 miliona eura<\/strong>.<\/p>\n\n\n\n<figure class=\"wp-block-image size-large\"><img fetchpriority=\"high\" decoding=\"async\" width=\"1024\" height=\"598\" src=\"https:\/\/www.evropskakuca.me\/wp-content\/uploads\/2026\/01\/Ministarka-evropskih-poslova-Maida-Gorevic-1068x624-1-1024x598.jpg\" alt=\"\" class=\"wp-image-47389\" srcset=\"https:\/\/www.evropskakuca.me\/wp-content\/uploads\/2026\/01\/Ministarka-evropskih-poslova-Maida-Gorevic-1068x624-1-1024x598.jpg 1024w, https:\/\/www.evropskakuca.me\/wp-content\/uploads\/2026\/01\/Ministarka-evropskih-poslova-Maida-Gorevic-1068x624-1-300x175.jpg 300w, https:\/\/www.evropskakuca.me\/wp-content\/uploads\/2026\/01\/Ministarka-evropskih-poslova-Maida-Gorevic-1068x624-1-768x449.jpg 768w, https:\/\/www.evropskakuca.me\/wp-content\/uploads\/2026\/01\/Ministarka-evropskih-poslova-Maida-Gorevic-1068x624-1.jpg 1068w\" sizes=\"(max-width: 1024px) 100vw, 1024px\" \/><\/figure>\n\n\n\n<p>Ministarka evropskih poslova&nbsp;<strong>Maida Gor\u010devi\u0107<\/strong>&nbsp;istakla je da ovi projekti potvr\u0111uju da evropske integracije donose konkretne i vidljive koristi gra\u0111anima.<\/p>\n\n\n\n<p>\u201cBenefiti pregovara\u010dkog procesa sa Evropskom unijom su vidljivi i dostupni na\u0161im gra\u0111anima. Posebno me raduje \u0161to su ova sredstva usmjerena ka obrazovanju \u2013 oblasti koja direktno uti\u010de na kvalitet \u017eivota i dugoro\u010dni razvoj dru\u0161tva. Kroz Plan rasta Crna Gora koristi evropska sredstva na na\u010din koji donosi trajne vrijednosti, posebno za najmla\u0111e generacije\u201d, kazala je Gor\u010devi\u0107.<\/p>\n\n\n\n<p>Ministarka prosvjete, nauke i inovacija&nbsp;<strong>An\u0111ela Jak\u0161i\u0107-Stojanovi\u0107<\/strong>&nbsp;naglasila je da se radi o zrelim projektima, budu\u0107i da se zna\u010dajan dio njih ve\u0107 nalazi u fazi izgradnje ili u zavr\u0161nim fazama izbora izvo\u0111a\u010da.<\/p>\n\n\n\n<figure class=\"wp-block-image size-large\"><img decoding=\"async\" width=\"1024\" height=\"667\" src=\"https:\/\/www.evropskakuca.me\/wp-content\/uploads\/2026\/01\/Ministarka-prosvjete-Andjela-Jaksic-Stojanovic-1024x667.jpg\" alt=\"\" class=\"wp-image-47391\" srcset=\"https:\/\/www.evropskakuca.me\/wp-content\/uploads\/2026\/01\/Ministarka-prosvjete-Andjela-Jaksic-Stojanovic-1024x667.jpg 1024w, https:\/\/www.evropskakuca.me\/wp-content\/uploads\/2026\/01\/Ministarka-prosvjete-Andjela-Jaksic-Stojanovic-300x195.jpg 300w, https:\/\/www.evropskakuca.me\/wp-content\/uploads\/2026\/01\/Ministarka-prosvjete-Andjela-Jaksic-Stojanovic-768x500.jpg 768w, https:\/\/www.evropskakuca.me\/wp-content\/uploads\/2026\/01\/Ministarka-prosvjete-Andjela-Jaksic-Stojanovic.jpg 1360w\" sizes=\"(max-width: 1024px) 100vw, 1024px\" \/><\/figure>\n\n\n\n<p>\u201cNa ovaj na\u010din direktno odgovaramo na potrebe lokalnih zajednica i stvaramo bolje uslove za boravak i obrazovanje djece, u skladu sa savremenim evropskim standardima. Ve\u0107 sada se sa izvjesno\u0161\u0107u mo\u017ee re\u0107i da \u0107e ovi vrti\u0107i i \u0161kole biti zavr\u0161eni prije ulaska Crne Gore u Evropsku uniju, te \u0107e predstavljati trajna i vidljiva obilje\u017eja \u2013 istinske pokazatelje uspje\u0161ne saradnje izme\u0111u Crne Gore i Evropske unije u periodu pristupanja na\u0161e zemlje evropskoj porodici naroda.\u201d, poru\u010dila je Jak\u0161i\u0107-Stojanovi\u0107.<\/p>\n\n\n\n<p>Ministarka Jak\u0161i\u0107-Stojanovi\u0107 zahvalila je dr\u017eavama \u010dlanicama EU koje su bilateralni donatori Zapadnobalkanskog investicionog okvira \u0161to su prepoznali va\u017enost projekata koje je MPNI kandidovalo, kao i na kontinuiranoj podr\u0161ci razvoju obrazovne infrastrukture u Crnoj Gori, koja omogu\u0107ava da se ovi va\u017eni projekti pretvore u konkretne i trajne benefite za na\u0161u djecu i zajednice.<\/p>\n\n\n\n<p>Odobravanje ovih projekata dodatno potvr\u0111uje funkcionalnost&nbsp;<strong>Reformske agende u okviru Plana rasta za Zapadni Balkan<\/strong>, kao i kapacitet institucija Crne Gore da strate\u0161ki planiraju, kvalitetno pripremaju i uspje\u0161no realizuju projekte od posebnog dru\u0161tvenog zna\u010daja.<\/p>\n\n\n\n<p>Evropska unija, kroz svoje institucije i finansijske mehanizme, potvr\u0111uje ulogu vode\u0107eg i pouzdanog partnera u najve\u0107em investicionom ciklusu u oblasti obrazovanja u Crnoj Gori. Od kraja 2023. godine do danas, za infrastrukturne projekte i reformu obrazovnog sistema odobreno je vi\u0161e od 37,5 miliona eura bespovratnih sredstava, uz gotovo 70 miliona eura kreditne podr\u0161ke.<\/p>\n\n\n\n<p>Vlada Crne Gore nastavlja sna\u017eno partnerstvo sa Evropskom unijom, sa jasnim ciljem \u2013&nbsp;<strong>razvoja dostupnog, inkluzivnog i konkurentnog obrazovnog sistema<\/strong>, koji \u0107e biti u potpunosti uskla\u0111en sa standardima Evropske unije i u slu\u017ebi svakog djeteta u Crnoj Gori.<\/p>\n","protected":false},"excerpt":{"rendered":"<p>Na sjednici Upravnog odbora Zapadnobalkanskog investicionog okvira (ZIO), koja je odr\u017eana u Splitu, Crnoj Gori je odobreno&nbsp;13,07 miliona eura iz EU Plana rasta za Zapadni Balkan i doprinosa bilateralnih donatora ZIO,&nbsp;za realizaciju infrastrukturnih projekata u oblasti obrazovanja. Sredstva se odnose se na dva projekta Ministarstva prosvjete, nauke i inovacija \u2013 izgradnju&nbsp;\u010detiri nova vrti\u0107a&nbsp;i&nbsp;dvije osnovne \u0161kole&nbsp;\u0161irom [&hellip;]<\/p>\n","protected":false},"featured_media":47387,"template":"","meta":{"_acf_changed":false,"footnotes":""},"class_list":["post-47386","growth-plans","type-growth-plans","status-publish","has-post-thumbnail","hentry"],"acf":[],"yoast_head":"<!-- This site is optimized with the Yoast SEO plugin v27.3 - https:\/\/yoast.com\/product\/yoast-seo-wordpress\/ -->\n<title>Preko 13 miliona eura EU sredstava za nove \u0161kole i vrti\u0107e u Crnoj Gori - Europe House<\/title>\n<meta name=\"robots\" content=\"index, follow, max-snippet:-1, max-image-preview:large, max-video-preview:-1\" \/>\n<link rel=\"canonical\" href=\"https:\/\/www.evropskakuca.me\/me\/growth-plans\/preko-13-miliona-eura-eu-sredstava-za-nove-skole-i-vrtice-u-crnoj-gori\/\" \/>\n<meta property=\"og:locale\" content=\"en_US\" \/>\n<meta property=\"og:type\" content=\"article\" \/>\n<meta property=\"og:title\" content=\"Preko 13 miliona eura EU sredstava za nove \u0161kole i vrti\u0107e u Crnoj Gori - Europe House\" \/>\n<meta property=\"og:description\" content=\"Na sjednici Upravnog odbora Zapadnobalkanskog investicionog okvira (ZIO), koja je odr\u017eana u Splitu, Crnoj Gori je odobreno&nbsp;13,07 miliona eura iz EU Plana rasta za Zapadni Balkan i doprinosa bilateralnih donatora ZIO,&nbsp;za realizaciju infrastrukturnih projekata u oblasti obrazovanja. Sredstva se odnose se na dva projekta Ministarstva prosvjete, nauke i inovacija \u2013 izgradnju&nbsp;\u010detiri nova vrti\u0107a&nbsp;i&nbsp;dvije osnovne \u0161kole&nbsp;\u0161irom [&hellip;]\" \/>\n<meta property=\"og:url\" content=\"https:\/\/www.evropskakuca.me\/me\/growth-plans\/preko-13-miliona-eura-eu-sredstava-za-nove-skole-i-vrtice-u-crnoj-gori\/\" \/>\n<meta property=\"og:site_name\" content=\"Europe House\" \/>\n<meta property=\"article:publisher\" content=\"https:\/\/www.facebook.com\/evropska.kuca\" \/>\n<meta property=\"article:modified_time\" content=\"2026-01-27T13:13:32+00:00\" \/>\n<meta property=\"og:image\" content=\"https:\/\/www.evropskakuca.me\/wp-content\/uploads\/2026\/01\/27I26-Sastanak-ZIO-Split-1068x621-1.jpeg\" \/>\n\t<meta property=\"og:image:width\" content=\"1068\" \/>\n\t<meta property=\"og:image:height\" content=\"621\" \/>\n\t<meta property=\"og:image:type\" content=\"image\/jpeg\" \/>\n<meta name=\"twitter:card\" content=\"summary_large_image\" \/>\n<meta name=\"twitter:site\" content=\"@evropska_kuca\" \/>\n<meta name=\"twitter:label1\" content=\"Est. reading time\" \/>\n\t<meta name=\"twitter:data1\" content=\"3 minutes\" \/>\n<script type=\"application\/ld+json\" class=\"yoast-schema-graph\">{\"@context\":\"https:\\\/\\\/schema.org\",\"@graph\":[{\"@type\":\"WebPage\",\"@id\":\"https:\\\/\\\/www.evropskakuca.me\\\/me\\\/growth-plans\\\/preko-13-miliona-eura-eu-sredstava-za-nove-skole-i-vrtice-u-crnoj-gori\\\/\",\"url\":\"https:\\\/\\\/www.evropskakuca.me\\\/me\\\/growth-plans\\\/preko-13-miliona-eura-eu-sredstava-za-nove-skole-i-vrtice-u-crnoj-gori\\\/\",\"name\":\"Preko 13 miliona eura EU sredstava za nove \u0161kole i vrti\u0107e u Crnoj Gori - Europe House\",\"isPartOf\":{\"@id\":\"https:\\\/\\\/www.evropskakuca.me\\\/me\\\/#website\"},\"primaryImageOfPage\":{\"@id\":\"https:\\\/\\\/www.evropskakuca.me\\\/me\\\/growth-plans\\\/preko-13-miliona-eura-eu-sredstava-za-nove-skole-i-vrtice-u-crnoj-gori\\\/#primaryimage\"},\"image\":{\"@id\":\"https:\\\/\\\/www.evropskakuca.me\\\/me\\\/growth-plans\\\/preko-13-miliona-eura-eu-sredstava-za-nove-skole-i-vrtice-u-crnoj-gori\\\/#primaryimage\"},\"thumbnailUrl\":\"https:\\\/\\\/www.evropskakuca.me\\\/wp-content\\\/uploads\\\/2026\\\/01\\\/27I26-Sastanak-ZIO-Split-1068x621-1.jpeg\",\"datePublished\":\"2026-01-27T13:13:30+00:00\",\"dateModified\":\"2026-01-27T13:13:32+00:00\",\"breadcrumb\":{\"@id\":\"https:\\\/\\\/www.evropskakuca.me\\\/me\\\/growth-plans\\\/preko-13-miliona-eura-eu-sredstava-za-nove-skole-i-vrtice-u-crnoj-gori\\\/#breadcrumb\"},\"inLanguage\":\"me-ME\",\"potentialAction\":[{\"@type\":\"ReadAction\",\"target\":[\"https:\\\/\\\/www.evropskakuca.me\\\/me\\\/growth-plans\\\/preko-13-miliona-eura-eu-sredstava-za-nove-skole-i-vrtice-u-crnoj-gori\\\/\"]}]},{\"@type\":\"ImageObject\",\"inLanguage\":\"me-ME\",\"@id\":\"https:\\\/\\\/www.evropskakuca.me\\\/me\\\/growth-plans\\\/preko-13-miliona-eura-eu-sredstava-za-nove-skole-i-vrtice-u-crnoj-gori\\\/#primaryimage\",\"url\":\"https:\\\/\\\/www.evropskakuca.me\\\/wp-content\\\/uploads\\\/2026\\\/01\\\/27I26-Sastanak-ZIO-Split-1068x621-1.jpeg\",\"contentUrl\":\"https:\\\/\\\/www.evropskakuca.me\\\/wp-content\\\/uploads\\\/2026\\\/01\\\/27I26-Sastanak-ZIO-Split-1068x621-1.jpeg\",\"width\":1068,\"height\":621},{\"@type\":\"BreadcrumbList\",\"@id\":\"https:\\\/\\\/www.evropskakuca.me\\\/me\\\/growth-plans\\\/preko-13-miliona-eura-eu-sredstava-za-nove-skole-i-vrtice-u-crnoj-gori\\\/#breadcrumb\",\"itemListElement\":[{\"@type\":\"ListItem\",\"position\":1,\"name\":\"Home\",\"item\":\"https:\\\/\\\/www.evropskakuca.me\\\/me\\\/\"},{\"@type\":\"ListItem\",\"position\":2,\"name\":\"Preko 13 miliona eura EU sredstava za nove \u0161kole i vrti\u0107e u Crnoj Gori\"}]},{\"@type\":\"WebSite\",\"@id\":\"https:\\\/\\\/www.evropskakuca.me\\\/me\\\/#website\",\"url\":\"https:\\\/\\\/www.evropskakuca.me\\\/me\\\/\",\"name\":\"Evropean house\",\"description\":\"\",\"publisher\":{\"@id\":\"https:\\\/\\\/www.evropskakuca.me\\\/me\\\/#organization\"},\"potentialAction\":[{\"@type\":\"SearchAction\",\"target\":{\"@type\":\"EntryPoint\",\"urlTemplate\":\"https:\\\/\\\/www.evropskakuca.me\\\/me\\\/?s={search_term_string}\"},\"query-input\":{\"@type\":\"PropertyValueSpecification\",\"valueRequired\":true,\"valueName\":\"search_term_string\"}}],\"inLanguage\":\"me-ME\"},{\"@type\":\"Organization\",\"@id\":\"https:\\\/\\\/www.evropskakuca.me\\\/me\\\/#organization\",\"name\":\"Evropean house\",\"url\":\"https:\\\/\\\/www.evropskakuca.me\\\/me\\\/\",\"logo\":{\"@type\":\"ImageObject\",\"inLanguage\":\"me-ME\",\"@id\":\"https:\\\/\\\/www.evropskakuca.me\\\/me\\\/#\\\/schema\\\/logo\\\/image\\\/\",\"url\":\"https:\\\/\\\/www.evropskakuca.me\\\/wp-content\\\/uploads\\\/2025\\\/01\\\/evropska-kuca-logo-1.png\",\"contentUrl\":\"https:\\\/\\\/www.evropskakuca.me\\\/wp-content\\\/uploads\\\/2025\\\/01\\\/evropska-kuca-logo-1.png\",\"width\":425,\"height\":312,\"caption\":\"Evropean house\"},\"image\":{\"@id\":\"https:\\\/\\\/www.evropskakuca.me\\\/me\\\/#\\\/schema\\\/logo\\\/image\\\/\"},\"sameAs\":[\"https:\\\/\\\/www.facebook.com\\\/evropska.kuca\",\"https:\\\/\\\/x.com\\\/evropska_kuca\",\"https:\\\/\\\/www.instagram.com\\\/evropska_kuca\"]}]}<\/script>\n<!-- \/ Yoast SEO plugin. -->","yoast_head_json":{"title":"Preko 13 miliona eura EU sredstava za nove \u0161kole i vrti\u0107e u Crnoj Gori - Europe House","robots":{"index":"index","follow":"follow","max-snippet":"max-snippet:-1","max-image-preview":"max-image-preview:large","max-video-preview":"max-video-preview:-1"},"canonical":"https:\/\/www.evropskakuca.me\/me\/growth-plans\/preko-13-miliona-eura-eu-sredstava-za-nove-skole-i-vrtice-u-crnoj-gori\/","og_locale":"en_US","og_type":"article","og_title":"Preko 13 miliona eura EU sredstava za nove \u0161kole i vrti\u0107e u Crnoj Gori - Europe House","og_description":"Na sjednici Upravnog odbora Zapadnobalkanskog investicionog okvira (ZIO), koja je odr\u017eana u Splitu, Crnoj Gori je odobreno&nbsp;13,07 miliona eura iz EU Plana rasta za Zapadni Balkan i doprinosa bilateralnih donatora ZIO,&nbsp;za realizaciju infrastrukturnih projekata u oblasti obrazovanja. Sredstva se odnose se na dva projekta Ministarstva prosvjete, nauke i inovacija \u2013 izgradnju&nbsp;\u010detiri nova vrti\u0107a&nbsp;i&nbsp;dvije osnovne \u0161kole&nbsp;\u0161irom [&hellip;]","og_url":"https:\/\/www.evropskakuca.me\/me\/growth-plans\/preko-13-miliona-eura-eu-sredstava-za-nove-skole-i-vrtice-u-crnoj-gori\/","og_site_name":"Europe House","article_publisher":"https:\/\/www.facebook.com\/evropska.kuca","article_modified_time":"2026-01-27T13:13:32+00:00","og_image":[{"width":1068,"height":621,"url":"https:\/\/www.evropskakuca.me\/wp-content\/uploads\/2026\/01\/27I26-Sastanak-ZIO-Split-1068x621-1.jpeg","type":"image\/jpeg"}],"twitter_card":"summary_large_image","twitter_site":"@evropska_kuca","twitter_misc":{"Est. reading time":"3 minutes"},"schema":{"@context":"https:\/\/schema.org","@graph":[{"@type":"WebPage","@id":"https:\/\/www.evropskakuca.me\/me\/growth-plans\/preko-13-miliona-eura-eu-sredstava-za-nove-skole-i-vrtice-u-crnoj-gori\/","url":"https:\/\/www.evropskakuca.me\/me\/growth-plans\/preko-13-miliona-eura-eu-sredstava-za-nove-skole-i-vrtice-u-crnoj-gori\/","name":"Preko 13 miliona eura EU sredstava za nove \u0161kole i vrti\u0107e u Crnoj Gori - Europe House","isPartOf":{"@id":"https:\/\/www.evropskakuca.me\/me\/#website"},"primaryImageOfPage":{"@id":"https:\/\/www.evropskakuca.me\/me\/growth-plans\/preko-13-miliona-eura-eu-sredstava-za-nove-skole-i-vrtice-u-crnoj-gori\/#primaryimage"},"image":{"@id":"https:\/\/www.evropskakuca.me\/me\/growth-plans\/preko-13-miliona-eura-eu-sredstava-za-nove-skole-i-vrtice-u-crnoj-gori\/#primaryimage"},"thumbnailUrl":"https:\/\/www.evropskakuca.me\/wp-content\/uploads\/2026\/01\/27I26-Sastanak-ZIO-Split-1068x621-1.jpeg","datePublished":"2026-01-27T13:13:30+00:00","dateModified":"2026-01-27T13:13:32+00:00","breadcrumb":{"@id":"https:\/\/www.evropskakuca.me\/me\/growth-plans\/preko-13-miliona-eura-eu-sredstava-za-nove-skole-i-vrtice-u-crnoj-gori\/#breadcrumb"},"inLanguage":"me-ME","potentialAction":[{"@type":"ReadAction","target":["https:\/\/www.evropskakuca.me\/me\/growth-plans\/preko-13-miliona-eura-eu-sredstava-za-nove-skole-i-vrtice-u-crnoj-gori\/"]}]},{"@type":"ImageObject","inLanguage":"me-ME","@id":"https:\/\/www.evropskakuca.me\/me\/growth-plans\/preko-13-miliona-eura-eu-sredstava-za-nove-skole-i-vrtice-u-crnoj-gori\/#primaryimage","url":"https:\/\/www.evropskakuca.me\/wp-content\/uploads\/2026\/01\/27I26-Sastanak-ZIO-Split-1068x621-1.jpeg","contentUrl":"https:\/\/www.evropskakuca.me\/wp-content\/uploads\/2026\/01\/27I26-Sastanak-ZIO-Split-1068x621-1.jpeg","width":1068,"height":621},{"@type":"BreadcrumbList","@id":"https:\/\/www.evropskakuca.me\/me\/growth-plans\/preko-13-miliona-eura-eu-sredstava-za-nove-skole-i-vrtice-u-crnoj-gori\/#breadcrumb","itemListElement":[{"@type":"ListItem","position":1,"name":"Home","item":"https:\/\/www.evropskakuca.me\/me\/"},{"@type":"ListItem","position":2,"name":"Preko 13 miliona eura EU sredstava za nove \u0161kole i vrti\u0107e u Crnoj Gori"}]},{"@type":"WebSite","@id":"https:\/\/www.evropskakuca.me\/me\/#website","url":"https:\/\/www.evropskakuca.me\/me\/","name":"Evropean house","description":"","publisher":{"@id":"https:\/\/www.evropskakuca.me\/me\/#organization"},"potentialAction":[{"@type":"SearchAction","target":{"@type":"EntryPoint","urlTemplate":"https:\/\/www.evropskakuca.me\/me\/?s={search_term_string}"},"query-input":{"@type":"PropertyValueSpecification","valueRequired":true,"valueName":"search_term_string"}}],"inLanguage":"me-ME"},{"@type":"Organization","@id":"https:\/\/www.evropskakuca.me\/me\/#organization","name":"Evropean house","url":"https:\/\/www.evropskakuca.me\/me\/","logo":{"@type":"ImageObject","inLanguage":"me-ME","@id":"https:\/\/www.evropskakuca.me\/me\/#\/schema\/logo\/image\/","url":"https:\/\/www.evropskakuca.me\/wp-content\/uploads\/2025\/01\/evropska-kuca-logo-1.png","contentUrl":"https:\/\/www.evropskakuca.me\/wp-content\/uploads\/2025\/01\/evropska-kuca-logo-1.png","width":425,"height":312,"caption":"Evropean house"},"image":{"@id":"https:\/\/www.evropskakuca.me\/me\/#\/schema\/logo\/image\/"},"sameAs":["https:\/\/www.facebook.com\/evropska.kuca","https:\/\/x.com\/evropska_kuca","https:\/\/www.instagram.com\/evropska_kuca"]}]}},"_links":{"self":[{"href":"https:\/\/www.evropskakuca.me\/me\/wp-json\/wp\/v2\/growth-plans\/47386","targetHints":{"allow":["GET"]}}],"collection":[{"href":"https:\/\/www.evropskakuca.me\/me\/wp-json\/wp\/v2\/growth-plans"}],"about":[{"href":"https:\/\/www.evropskakuca.me\/me\/wp-json\/wp\/v2\/types\/growth-plans"}],"version-history":[{"count":1,"href":"https:\/\/www.evropskakuca.me\/me\/wp-json\/wp\/v2\/growth-plans\/47386\/revisions"}],"predecessor-version":[{"id":47393,"href":"https:\/\/www.evropskakuca.me\/me\/wp-json\/wp\/v2\/growth-plans\/47386\/revisions\/47393"}],"wp:featuredmedia":[{"embeddable":true,"href":"https:\/\/www.evropskakuca.me\/me\/wp-json\/wp\/v2\/media\/47387"}],"wp:attachment":[{"href":"https:\/\/www.evropskakuca.me\/me\/wp-json\/wp\/v2\/media?parent=47386"}],"curies":[{"name":"wp","href":"https:\/\/api.w.org\/{rel}","templated":true}]}}