{"id":47300,"date":"2026-01-19T10:22:10","date_gmt":"2026-01-19T10:22:10","guid":{"rendered":"https:\/\/www.evropskakuca.me\/?post_type=growth-plans&#038;p=47300"},"modified":"2026-01-19T11:52:37","modified_gmt":"2026-01-19T11:52:37","slug":"crna-gora-ocekuje-jos-55-miliona-eura-iz-plana-rasta","status":"publish","type":"growth-plans","link":"https:\/\/www.evropskakuca.me\/me\/growth-plans\/crna-gora-ocekuje-jos-55-miliona-eura-iz-plana-rasta\/","title":{"rendered":"Crna Gora o\u010dekuje jo\u0161 55 miliona eura iz Plana rasta"},"content":{"rendered":"\n<p>Vlada Crne Gore je na&nbsp; sjednici usvojila Tre\u0107i polugodi\u0161nji izvje\u0161taj u okviru Instrumenta EU za reforme i rast, koji je pripremilo Ministarstvo evropskih poslova, u saradnji sa Ministarstvom finansija i drugim nadle\u017enim institucijama. Izvje\u0161taji se pripremaju radi pra\u0107enja realizacije Reformske agende Crne Gore za period 2024\u20132027, koja predstavlja klju\u010dni operativni mehanizam Plana rasta Evropske unije za Zapadni Balkan.<\/p>\n\n\n\n<p>\u201cCrna Gora je ispunila vi\u0161e od polovine mjera predvi\u0111enih Reformskom agendom i o\u010dekuje da \u0107e, za ostvarene rezultate, na\u0161oj zemlji biti odobreno jo\u0161 oko 55 miliona eura iz Plana rasta\u201d, saop\u0161teno je iz Ministarstva evropskih poslova.<\/p>\n\n\n\n<p>Kako se navodi, rije\u010d je o sna\u017enom podsticaju sprovo\u0111enju reformi i jasnom signalu povjerenja Evropske unije u reformski proces koji Crna Gora sprovodi.<\/p>\n\n\n\n<figure class=\"wp-block-image aligncenter size-full\"><img fetchpriority=\"high\" decoding=\"async\" width=\"696\" height=\"696\" src=\"https:\/\/www.evropskakuca.me\/wp-content\/uploads\/2026\/01\/kv02__post-696x696-1.jpg\" alt=\"\" class=\"wp-image-47303\" srcset=\"https:\/\/www.evropskakuca.me\/wp-content\/uploads\/2026\/01\/kv02__post-696x696-1.jpg 696w, https:\/\/www.evropskakuca.me\/wp-content\/uploads\/2026\/01\/kv02__post-696x696-1-300x300.jpg 300w, https:\/\/www.evropskakuca.me\/wp-content\/uploads\/2026\/01\/kv02__post-696x696-1-150x150.jpg 150w\" sizes=\"(max-width: 696px) 100vw, 696px\" \/><\/figure>\n\n\n\n<p>U okviru Reformske agende realizovan je vidljiv napredak \u2013 od ukupno 45 reformskih koraka, 24 su u potpunosti ispunjena, dok je 21 korak ocijenjen kao djelimi\u010dno ispunjen. Nakon dostavljanja Tre\u0107eg polugodi\u0161njeg izvje\u0161taja, slijedi njegova evaluacija od strane Evropske komisije. Ukoliko Evropska komisija potvrdi dostavljenu procjenu, Crnoj Gori bi za ostvarene korake bilo odobreno dodatnih 59 miliona eura, proporcionaln umanjenih za 7%, koliko je Crnoj Gori izdvojeno u vidu predfinansiranja tokom maja 2025. Ovim bi se ostvario zna\u010dajan finansijski i reformski iskorak u okviru Plana rasta.<\/p>\n\n\n\n<p>Iz Ministarstva evropskih poslova poru\u010duju da ostvareni rezultati ukazuju na napredak u realizaciji planiranih obaveza, ali i na potrebu da se u narednom periodu dodatno intenziviraju aktivnosti na reformama \u010diji rokovi isti\u010du, uz poja\u010dan nadzor, sna\u017eniju tehni\u010dku koordinaciju izme\u0111u resora i blisku saradnju sa Evropskom komisijom.<\/p>\n\n\n\n<figure class=\"wp-block-image aligncenter size-full\"><img decoding=\"async\" width=\"696\" height=\"696\" src=\"https:\/\/www.evropskakuca.me\/wp-content\/uploads\/2026\/01\/kv03__post-696x696-1.jpg\" alt=\"\" class=\"wp-image-47305\" srcset=\"https:\/\/www.evropskakuca.me\/wp-content\/uploads\/2026\/01\/kv03__post-696x696-1.jpg 696w, https:\/\/www.evropskakuca.me\/wp-content\/uploads\/2026\/01\/kv03__post-696x696-1-300x300.jpg 300w, https:\/\/www.evropskakuca.me\/wp-content\/uploads\/2026\/01\/kv03__post-696x696-1-150x150.jpg 150w\" sizes=\"(max-width: 696px) 100vw, 696px\" \/><\/figure>\n\n\n\n<p>Ministarstvo evropskih poslova posebno isti\u010de resore koji od po\u010detka sprovo\u0111enja Reformske agende bilje\u017ee visok stepen realizacije planiranih aktivnosti, me\u0111u kojima se izdvajaju Ministarstvo energetike i rudarstva, koje je ispunilo 9 od 10 reformskih koraka, Ministarstvo prosvjete, nauke i inovacija, koje je u potpunosti realizovalo svih pet planiranih koraka, kao i Ministarstvo ljudskih i manjinskih prava, koje je ispunilo sve obaveze u svojoj nadle\u017enosti.<\/p>\n\n\n\n<p>Ispunjenjem vi\u0161e od polovine planiranih mjera, Crna Gora potvr\u0111uje posve\u0107enost klju\u010dnim reformskim ciljevima u oblastima obuhva\u0107enim Reformskom agendom \u2013 unapre\u0111enje poslovnog okru\u017eenja i razvoj privatnog sektora, digitalna i energetska, odnosno zelena tranzicija, razvoj ljudskog kapitala, kao i vladavina prava i temeljna prava \u2013 \u010dime se stvaraju uslovi za realizaciju narednih tran\u0161i finansijske podr\u0161ke iz Instrumenta za reforme i rast.<\/p>\n\n\n\n<p><em>Izvor teksta: Ministarstvo evropskih poslova<\/em><\/p>\n","protected":false},"excerpt":{"rendered":"<p>Vlada Crne Gore je na&nbsp; sjednici usvojila Tre\u0107i polugodi\u0161nji izvje\u0161taj u okviru Instrumenta EU za reforme i rast, koji je pripremilo Ministarstvo evropskih poslova, u saradnji sa Ministarstvom finansija i drugim nadle\u017enim institucijama. Izvje\u0161taji se pripremaju radi pra\u0107enja realizacije Reformske agende Crne Gore za period 2024\u20132027, koja predstavlja klju\u010dni operativni mehanizam Plana rasta Evropske unije [&hellip;]<\/p>\n","protected":false},"featured_media":47301,"template":"","meta":{"_acf_changed":false,"footnotes":""},"class_list":["post-47300","growth-plans","type-growth-plans","status-publish","has-post-thumbnail","hentry"],"acf":[],"yoast_head":"<!-- This site is optimized with the Yoast SEO plugin v27.3 - https:\/\/yoast.com\/product\/yoast-seo-wordpress\/ -->\n<title>Crna Gora o\u010dekuje jo\u0161 55 miliona eura iz Plana rasta - Europe House<\/title>\n<meta name=\"robots\" content=\"index, follow, max-snippet:-1, max-image-preview:large, max-video-preview:-1\" \/>\n<link rel=\"canonical\" href=\"https:\/\/www.evropskakuca.me\/me\/growth-plans\/crna-gora-ocekuje-jos-55-miliona-eura-iz-plana-rasta\/\" \/>\n<meta property=\"og:locale\" content=\"en_US\" \/>\n<meta property=\"og:type\" content=\"article\" \/>\n<meta property=\"og:title\" content=\"Crna Gora o\u010dekuje jo\u0161 55 miliona eura iz Plana rasta - Europe House\" \/>\n<meta property=\"og:description\" content=\"Vlada Crne Gore je na&nbsp; sjednici usvojila Tre\u0107i polugodi\u0161nji izvje\u0161taj u okviru Instrumenta EU za reforme i rast, koji je pripremilo Ministarstvo evropskih poslova, u saradnji sa Ministarstvom finansija i drugim nadle\u017enim institucijama. Izvje\u0161taji se pripremaju radi pra\u0107enja realizacije Reformske agende Crne Gore za period 2024\u20132027, koja predstavlja klju\u010dni operativni mehanizam Plana rasta Evropske unije [&hellip;]\" \/>\n<meta property=\"og:url\" content=\"https:\/\/www.evropskakuca.me\/me\/growth-plans\/crna-gora-ocekuje-jos-55-miliona-eura-iz-plana-rasta\/\" \/>\n<meta property=\"og:site_name\" content=\"Europe House\" \/>\n<meta property=\"article:publisher\" content=\"https:\/\/www.facebook.com\/evropska.kuca\" \/>\n<meta property=\"article:modified_time\" content=\"2026-01-19T11:52:37+00:00\" \/>\n<meta property=\"og:image\" content=\"https:\/\/www.evropskakuca.me\/wp-content\/uploads\/2026\/01\/16x9-kv1-889x500-1.jpg\" \/>\n\t<meta property=\"og:image:width\" content=\"889\" \/>\n\t<meta property=\"og:image:height\" content=\"500\" \/>\n\t<meta property=\"og:image:type\" content=\"image\/jpeg\" \/>\n<meta name=\"twitter:card\" content=\"summary_large_image\" \/>\n<meta name=\"twitter:site\" content=\"@evropska_kuca\" \/>\n<meta name=\"twitter:label1\" content=\"Est. reading time\" \/>\n\t<meta name=\"twitter:data1\" content=\"3 minutes\" \/>\n<script type=\"application\/ld+json\" class=\"yoast-schema-graph\">{\"@context\":\"https:\\\/\\\/schema.org\",\"@graph\":[{\"@type\":\"WebPage\",\"@id\":\"https:\\\/\\\/www.evropskakuca.me\\\/me\\\/growth-plans\\\/crna-gora-ocekuje-jos-55-miliona-eura-iz-plana-rasta\\\/\",\"url\":\"https:\\\/\\\/www.evropskakuca.me\\\/me\\\/growth-plans\\\/crna-gora-ocekuje-jos-55-miliona-eura-iz-plana-rasta\\\/\",\"name\":\"Crna Gora o\u010dekuje jo\u0161 55 miliona eura iz Plana rasta - Europe House\",\"isPartOf\":{\"@id\":\"https:\\\/\\\/www.evropskakuca.me\\\/me\\\/#website\"},\"primaryImageOfPage\":{\"@id\":\"https:\\\/\\\/www.evropskakuca.me\\\/me\\\/growth-plans\\\/crna-gora-ocekuje-jos-55-miliona-eura-iz-plana-rasta\\\/#primaryimage\"},\"image\":{\"@id\":\"https:\\\/\\\/www.evropskakuca.me\\\/me\\\/growth-plans\\\/crna-gora-ocekuje-jos-55-miliona-eura-iz-plana-rasta\\\/#primaryimage\"},\"thumbnailUrl\":\"https:\\\/\\\/www.evropskakuca.me\\\/wp-content\\\/uploads\\\/2026\\\/01\\\/16x9-kv1-889x500-1.jpg\",\"datePublished\":\"2026-01-19T10:22:10+00:00\",\"dateModified\":\"2026-01-19T11:52:37+00:00\",\"breadcrumb\":{\"@id\":\"https:\\\/\\\/www.evropskakuca.me\\\/me\\\/growth-plans\\\/crna-gora-ocekuje-jos-55-miliona-eura-iz-plana-rasta\\\/#breadcrumb\"},\"inLanguage\":\"me-ME\",\"potentialAction\":[{\"@type\":\"ReadAction\",\"target\":[\"https:\\\/\\\/www.evropskakuca.me\\\/me\\\/growth-plans\\\/crna-gora-ocekuje-jos-55-miliona-eura-iz-plana-rasta\\\/\"]}]},{\"@type\":\"ImageObject\",\"inLanguage\":\"me-ME\",\"@id\":\"https:\\\/\\\/www.evropskakuca.me\\\/me\\\/growth-plans\\\/crna-gora-ocekuje-jos-55-miliona-eura-iz-plana-rasta\\\/#primaryimage\",\"url\":\"https:\\\/\\\/www.evropskakuca.me\\\/wp-content\\\/uploads\\\/2026\\\/01\\\/16x9-kv1-889x500-1.jpg\",\"contentUrl\":\"https:\\\/\\\/www.evropskakuca.me\\\/wp-content\\\/uploads\\\/2026\\\/01\\\/16x9-kv1-889x500-1.jpg\",\"width\":889,\"height\":500},{\"@type\":\"BreadcrumbList\",\"@id\":\"https:\\\/\\\/www.evropskakuca.me\\\/me\\\/growth-plans\\\/crna-gora-ocekuje-jos-55-miliona-eura-iz-plana-rasta\\\/#breadcrumb\",\"itemListElement\":[{\"@type\":\"ListItem\",\"position\":1,\"name\":\"Home\",\"item\":\"https:\\\/\\\/www.evropskakuca.me\\\/me\\\/\"},{\"@type\":\"ListItem\",\"position\":2,\"name\":\"Crna Gora o\u010dekuje jo\u0161 55 miliona eura iz Plana rasta\"}]},{\"@type\":\"WebSite\",\"@id\":\"https:\\\/\\\/www.evropskakuca.me\\\/me\\\/#website\",\"url\":\"https:\\\/\\\/www.evropskakuca.me\\\/me\\\/\",\"name\":\"Evropean house\",\"description\":\"\",\"publisher\":{\"@id\":\"https:\\\/\\\/www.evropskakuca.me\\\/me\\\/#organization\"},\"potentialAction\":[{\"@type\":\"SearchAction\",\"target\":{\"@type\":\"EntryPoint\",\"urlTemplate\":\"https:\\\/\\\/www.evropskakuca.me\\\/me\\\/?s={search_term_string}\"},\"query-input\":{\"@type\":\"PropertyValueSpecification\",\"valueRequired\":true,\"valueName\":\"search_term_string\"}}],\"inLanguage\":\"me-ME\"},{\"@type\":\"Organization\",\"@id\":\"https:\\\/\\\/www.evropskakuca.me\\\/me\\\/#organization\",\"name\":\"Evropean house\",\"url\":\"https:\\\/\\\/www.evropskakuca.me\\\/me\\\/\",\"logo\":{\"@type\":\"ImageObject\",\"inLanguage\":\"me-ME\",\"@id\":\"https:\\\/\\\/www.evropskakuca.me\\\/me\\\/#\\\/schema\\\/logo\\\/image\\\/\",\"url\":\"https:\\\/\\\/www.evropskakuca.me\\\/wp-content\\\/uploads\\\/2025\\\/01\\\/evropska-kuca-logo-1.png\",\"contentUrl\":\"https:\\\/\\\/www.evropskakuca.me\\\/wp-content\\\/uploads\\\/2025\\\/01\\\/evropska-kuca-logo-1.png\",\"width\":425,\"height\":312,\"caption\":\"Evropean house\"},\"image\":{\"@id\":\"https:\\\/\\\/www.evropskakuca.me\\\/me\\\/#\\\/schema\\\/logo\\\/image\\\/\"},\"sameAs\":[\"https:\\\/\\\/www.facebook.com\\\/evropska.kuca\",\"https:\\\/\\\/x.com\\\/evropska_kuca\",\"https:\\\/\\\/www.instagram.com\\\/evropska_kuca\"]}]}<\/script>\n<!-- \/ Yoast SEO plugin. -->","yoast_head_json":{"title":"Crna Gora o\u010dekuje jo\u0161 55 miliona eura iz Plana rasta - Europe House","robots":{"index":"index","follow":"follow","max-snippet":"max-snippet:-1","max-image-preview":"max-image-preview:large","max-video-preview":"max-video-preview:-1"},"canonical":"https:\/\/www.evropskakuca.me\/me\/growth-plans\/crna-gora-ocekuje-jos-55-miliona-eura-iz-plana-rasta\/","og_locale":"en_US","og_type":"article","og_title":"Crna Gora o\u010dekuje jo\u0161 55 miliona eura iz Plana rasta - Europe House","og_description":"Vlada Crne Gore je na&nbsp; sjednici usvojila Tre\u0107i polugodi\u0161nji izvje\u0161taj u okviru Instrumenta EU za reforme i rast, koji je pripremilo Ministarstvo evropskih poslova, u saradnji sa Ministarstvom finansija i drugim nadle\u017enim institucijama. Izvje\u0161taji se pripremaju radi pra\u0107enja realizacije Reformske agende Crne Gore za period 2024\u20132027, koja predstavlja klju\u010dni operativni mehanizam Plana rasta Evropske unije [&hellip;]","og_url":"https:\/\/www.evropskakuca.me\/me\/growth-plans\/crna-gora-ocekuje-jos-55-miliona-eura-iz-plana-rasta\/","og_site_name":"Europe House","article_publisher":"https:\/\/www.facebook.com\/evropska.kuca","article_modified_time":"2026-01-19T11:52:37+00:00","og_image":[{"width":889,"height":500,"url":"https:\/\/www.evropskakuca.me\/wp-content\/uploads\/2026\/01\/16x9-kv1-889x500-1.jpg","type":"image\/jpeg"}],"twitter_card":"summary_large_image","twitter_site":"@evropska_kuca","twitter_misc":{"Est. reading time":"3 minutes"},"schema":{"@context":"https:\/\/schema.org","@graph":[{"@type":"WebPage","@id":"https:\/\/www.evropskakuca.me\/me\/growth-plans\/crna-gora-ocekuje-jos-55-miliona-eura-iz-plana-rasta\/","url":"https:\/\/www.evropskakuca.me\/me\/growth-plans\/crna-gora-ocekuje-jos-55-miliona-eura-iz-plana-rasta\/","name":"Crna Gora o\u010dekuje jo\u0161 55 miliona eura iz Plana rasta - Europe House","isPartOf":{"@id":"https:\/\/www.evropskakuca.me\/me\/#website"},"primaryImageOfPage":{"@id":"https:\/\/www.evropskakuca.me\/me\/growth-plans\/crna-gora-ocekuje-jos-55-miliona-eura-iz-plana-rasta\/#primaryimage"},"image":{"@id":"https:\/\/www.evropskakuca.me\/me\/growth-plans\/crna-gora-ocekuje-jos-55-miliona-eura-iz-plana-rasta\/#primaryimage"},"thumbnailUrl":"https:\/\/www.evropskakuca.me\/wp-content\/uploads\/2026\/01\/16x9-kv1-889x500-1.jpg","datePublished":"2026-01-19T10:22:10+00:00","dateModified":"2026-01-19T11:52:37+00:00","breadcrumb":{"@id":"https:\/\/www.evropskakuca.me\/me\/growth-plans\/crna-gora-ocekuje-jos-55-miliona-eura-iz-plana-rasta\/#breadcrumb"},"inLanguage":"me-ME","potentialAction":[{"@type":"ReadAction","target":["https:\/\/www.evropskakuca.me\/me\/growth-plans\/crna-gora-ocekuje-jos-55-miliona-eura-iz-plana-rasta\/"]}]},{"@type":"ImageObject","inLanguage":"me-ME","@id":"https:\/\/www.evropskakuca.me\/me\/growth-plans\/crna-gora-ocekuje-jos-55-miliona-eura-iz-plana-rasta\/#primaryimage","url":"https:\/\/www.evropskakuca.me\/wp-content\/uploads\/2026\/01\/16x9-kv1-889x500-1.jpg","contentUrl":"https:\/\/www.evropskakuca.me\/wp-content\/uploads\/2026\/01\/16x9-kv1-889x500-1.jpg","width":889,"height":500},{"@type":"BreadcrumbList","@id":"https:\/\/www.evropskakuca.me\/me\/growth-plans\/crna-gora-ocekuje-jos-55-miliona-eura-iz-plana-rasta\/#breadcrumb","itemListElement":[{"@type":"ListItem","position":1,"name":"Home","item":"https:\/\/www.evropskakuca.me\/me\/"},{"@type":"ListItem","position":2,"name":"Crna Gora o\u010dekuje jo\u0161 55 miliona eura iz Plana rasta"}]},{"@type":"WebSite","@id":"https:\/\/www.evropskakuca.me\/me\/#website","url":"https:\/\/www.evropskakuca.me\/me\/","name":"Evropean house","description":"","publisher":{"@id":"https:\/\/www.evropskakuca.me\/me\/#organization"},"potentialAction":[{"@type":"SearchAction","target":{"@type":"EntryPoint","urlTemplate":"https:\/\/www.evropskakuca.me\/me\/?s={search_term_string}"},"query-input":{"@type":"PropertyValueSpecification","valueRequired":true,"valueName":"search_term_string"}}],"inLanguage":"me-ME"},{"@type":"Organization","@id":"https:\/\/www.evropskakuca.me\/me\/#organization","name":"Evropean house","url":"https:\/\/www.evropskakuca.me\/me\/","logo":{"@type":"ImageObject","inLanguage":"me-ME","@id":"https:\/\/www.evropskakuca.me\/me\/#\/schema\/logo\/image\/","url":"https:\/\/www.evropskakuca.me\/wp-content\/uploads\/2025\/01\/evropska-kuca-logo-1.png","contentUrl":"https:\/\/www.evropskakuca.me\/wp-content\/uploads\/2025\/01\/evropska-kuca-logo-1.png","width":425,"height":312,"caption":"Evropean house"},"image":{"@id":"https:\/\/www.evropskakuca.me\/me\/#\/schema\/logo\/image\/"},"sameAs":["https:\/\/www.facebook.com\/evropska.kuca","https:\/\/x.com\/evropska_kuca","https:\/\/www.instagram.com\/evropska_kuca"]}]}},"_links":{"self":[{"href":"https:\/\/www.evropskakuca.me\/me\/wp-json\/wp\/v2\/growth-plans\/47300","targetHints":{"allow":["GET"]}}],"collection":[{"href":"https:\/\/www.evropskakuca.me\/me\/wp-json\/wp\/v2\/growth-plans"}],"about":[{"href":"https:\/\/www.evropskakuca.me\/me\/wp-json\/wp\/v2\/types\/growth-plans"}],"version-history":[{"count":1,"href":"https:\/\/www.evropskakuca.me\/me\/wp-json\/wp\/v2\/growth-plans\/47300\/revisions"}],"predecessor-version":[{"id":47307,"href":"https:\/\/www.evropskakuca.me\/me\/wp-json\/wp\/v2\/growth-plans\/47300\/revisions\/47307"}],"wp:featuredmedia":[{"embeddable":true,"href":"https:\/\/www.evropskakuca.me\/me\/wp-json\/wp\/v2\/media\/47301"}],"wp:attachment":[{"href":"https:\/\/www.evropskakuca.me\/me\/wp-json\/wp\/v2\/media?parent=47300"}],"curies":[{"name":"wp","href":"https:\/\/api.w.org\/{rel}","templated":true}]}}