{"id":47290,"date":"2025-11-21T10:16:59","date_gmt":"2025-11-21T10:16:59","guid":{"rendered":"https:\/\/www.evropskakuca.me\/?post_type=growth-plans&#038;p=47290"},"modified":"2026-01-15T10:34:13","modified_gmt":"2026-01-15T10:34:13","slug":"sastanak-lidera-zapadnog-balkana-u-tirani","status":"publish","type":"growth-plans","link":"https:\/\/www.evropskakuca.me\/me\/growth-plans\/sastanak-lidera-zapadnog-balkana-u-tirani\/","title":{"rendered":"Sastanak lidera Zapadnog Balkana u Tirani"},"content":{"rendered":"\n<p>Komesarka za pro\u0161irenje Marta Kos i lideri \u0161est partnera sa Zapadnog Balkana (Albanija, Bosna i Hercegovina, Kosovo, Crna Gora, Sjeverna Makedonija i Srbija) sastali su se u Tirani kako bi procijenili napredak u okviru Plana rasta EU za Zapadni Balkan i razgovarali o prioritetima za naredni period. Dvije godine nakon usvajanja, Plan rasta je dao zna\u010dajne rezultate, podsti\u010du\u0107i reforme koje pripremaju partnere za \u010dlanstvo u EU i donose\u0107i opipljive ekonomske koristi gra\u0111anima i privredi.<\/p>\n\n\n\n<p><strong>Partneri unapre\u0111uju reforme u okviru Plana rasta<\/strong><\/p>\n\n\n\n<p>Plan rasta, kroz Instrument za reformu i razvoj u iznosu od 6 milijardi eura, poma\u017ee partnerima sa Zapadnog Balkana u sprovo\u0111enju ambicioznih reformi na putu ka pristupanju EU. Svi korisnici su usvojili svoje Reformske agende, a o\u010dekuje se da \u0107e i posljednja preostala Reformska agenda Bosne i Hercegovine biti odobrena od strane Komisije jo\u0161 tokom ovog mjeseca.<\/p>\n\n\n\n<p>Sprovo\u0111enje odobrenih Reformskih agendi je u punom jeku, uz napredak na oko 85% reformskih koraka planiranih za 2025. godinu.<\/p>\n\n\n\n<p>Na primjer, Albanija je napredovala u oblasti pravi\u010dnog oporezivanja kroz sveobuhvatnu reviziju poreskih izuze\u0107a i uvo\u0111enje novih alata za otkrivanje neprijavljene imovine. Tako\u0111e je usvojila mapu puta za digitalizaciju katastra, s ciljem kompjuterizacije svih vlasni\u010dkih listova i mapa do 2028. godine, te uvela novi aktivni program tr\u017ei\u0161ta rada za ranjive tra\u017eioce zaposlenja uz podr\u0161ku organizacija civilnog dru\u0161tva. Crna Gora je oja\u010dala socijalne usluge usvajanjem finansijske strategije koja garantuje minimalnu podr\u0161ku, uskladila sistem sertifikacije obnovljivih izvora energije sa standardima EU i pokrenula dugoro\u010dne planove obnove javnih zgrada. Sjeverna Makedonija je ostvarila napredak u reformama koje se bore protiv sive ekonomije, omogu\u0107iv\u0161i sprovo\u0111enje stotina ciljanih inspekcija u sektorima visokog rizika i identifikovanje 526 neregistrovanih radnika. Tako\u0111e je modernizovala digitalni i sajber-bezbjednosni okvir uskla\u0111ivanjem sa zakonodavstvom EU o mre\u017enoj bezbjednosti i elektronskoj identifikaciji.<\/p>\n\n\n\n<p>Ova dostignu\u0107a pokazuju da pristup zasnovan na u\u010dinku ve\u0107 daje rezultate koji imaju direktan uticaj na gra\u0111ane regiona.<\/p>\n\n\n\n<p>Nakon napretka u reformama, sredstva iz Instrumenta za reformu i razvoj ispla\u0107ena su tokom 2025. godine u ukupnom iznosu od 414 miliona eura. Do sada je Albaniji ispla\u0107eno 164 miliona eura, Crnoj Gori 45 miliona eura, a Sjevernoj Makedoniji 76 miliona eura. Srbiji je tako\u0111e ispla\u0107eno predfinansiranje od 111 miliona eura, dok se trenutno procjenjuju dva zahtjeva za isplatu. Kosovo i Bosna i Hercegovina jo\u0161 nisu primile sredstva. Kosovo tek treba da ratifikuje Sporazume o Fondu i zajmu, dok \u0107e Reformska agenda Bosne i Hercegovine uskoro biti potvr\u0111ena od strane Evropske komisije. Va\u017eno je da korisnici obezbijede potpunu realizaciju reformi u skladu sa dogovorenim rokovima.<\/p>\n\n\n\n<p>Tokom sastanka zvani\u010dnici su se osvrnuli i na zna\u010daj zavr\u0161etka saobra\u0107ajnih koridora u regionu radi ja\u010danja regionalne integracije i integracije u EU. Na primjer, Koridor VIII, koji povezuje Sjevernu Makedoniju sa Bugarskom, od velikog je strate\u0161kog zna\u010daja za zemlje, region i EU. U tom kontekstu, Komisija pozdravlja potpisivanje Memoranduma o razumijevanju izme\u0111u Sjeverne Makedonije i Bugarske o prekograni\u010dnom \u017eeljezni\u010dkom tunelu.<\/p>\n\n\n\n<figure class=\"wp-block-image size-full\"><img fetchpriority=\"high\" decoding=\"async\" width=\"879\" height=\"586\" src=\"https:\/\/www.evropskakuca.me\/wp-content\/uploads\/2026\/01\/20251121_tirana-1.png\" alt=\"\" class=\"wp-image-47288\" srcset=\"https:\/\/www.evropskakuca.me\/wp-content\/uploads\/2026\/01\/20251121_tirana-1.png 879w, https:\/\/www.evropskakuca.me\/wp-content\/uploads\/2026\/01\/20251121_tirana-1-300x200.png 300w, https:\/\/www.evropskakuca.me\/wp-content\/uploads\/2026\/01\/20251121_tirana-1-768x512.png 768w\" sizes=\"(max-width: 879px) 100vw, 879px\" \/><\/figure>\n\n\n\n<p><strong>Ka dubljoj integraciji u Jedinstveno tr\u017ei\u0161te<\/strong><\/p>\n\n\n\n<p>Zabilje\u017een je i opipljiv napredak u postepenoj integraciji partnera sa Zapadnog Balkana u Jedinstveno tr\u017ei\u0161te EU. U oktobru 2025. godine, 32 banke iz Albanije, Crne Gore i Sjeverne Makedonije pridru\u017eile su se \u0161emama Jedinstvenog podru\u010dja pla\u0107anja u eurima (SEPA), omogu\u0107avaju\u0107i gra\u0111anima i preduze\u0107ima da vr\u0161e pla\u0107anja u eurima prema EU istom brzinom, tro\u0161kovima i jednostavno\u0161\u0107u kao i doma\u0107a pla\u0107anja. Pored toga, Srbija se u maju 2025. godine pridru\u017eila geografskom obuhvatu SEPA-e.<\/p>\n\n\n\n<p>Tokom 2025. godine uspostavljeno je sedam Evropskih digitalnih inovacionih habova (EDIH) \u0161irom Albanije, Kosova, Crne Gore, Sjeverne Makedonije i Srbije, s ciljem podr\u0161ke digitalnoj transformaciji lokalnih preduze\u0107a.<\/p>\n\n\n\n<p>Od oktobra 2025. godine, Srbija i Sjeverna Makedonija su doma\u0107ini AI Factory antena, koje kompanijama iz regiona omogu\u0107avaju pristup najsavremenijoj evropskoj infrastrukturi vje\u0161ta\u010dke inteligencije.<\/p>\n\n\n\n<p>Od 1. novembra, Crna Gora je dio Konvencije o zajedni\u010dkom tranzitu (CTC) i zapo\u010de\u0107e primjenu Novog kompjuterizovanog tranzitnog sistema, dok Albanija i Bosna i Hercegovina nastavljaju pripreme za pristupanje Konvenciji. Sjeverna Makedonija je \u010dlanica CTC-a od 2015. godine, a Srbija od 2016.<\/p>\n\n\n\n<p>Dodatno, zahvaljuju\u0107i inicijativi WiFi4WB, 394 op\u0161tine u regionu ima\u0107e koristi od WiFi pristupnih ta\u010daka, pri \u010demu \u0107e prve ve\u0107 biti u funkciji do kraja ove godine.<\/p>\n\n\n\n<p>Tako\u0111e, nakon niza dobrovoljnih sporazuma sa telekomunikacionim operatorima iz EU i regiona, Komisija \u0107e podr\u017eati integraciju partnera sa Zapadnog Balkana u EU zonu \u201eRoam Like at Home\u201c, kroz pripremu bilateralnih sporazuma i pru\u017eanje pomo\u0107i u uskla\u0111ivanju sa relevantnom pravnom tekovinom EU u oblasti rominga.<\/p>\n\n\n\n<p><strong>Naredni koraci<\/strong><\/p>\n\n\n\n<p>Nadovezuju\u0107i se na pozitivan zamah, lideri Zapadnog Balkana saglasili su se da poja\u010daju reformske napore i ponovo potvrdili svoju politi\u010dku posve\u0107enost izgradnji \u0161irokog nacionalnog konsenzusa radi usvajanja klju\u010dnih mjera dosljedno i na vrijeme. Tako\u0111e su se saglasili da oja\u010daju uklju\u010denost civilnog dru\u0161tva u sprovo\u0111enje Plana rasta, kao i da unaprijede komunikaciju i vidljivost kako bi gra\u0111ani i preduze\u0107a prepoznali konkretne koristi Plana rasta i razumjeli reforme koje on podrazumijeva.<\/p>\n","protected":false},"excerpt":{"rendered":"<p>Komesarka za pro\u0161irenje Marta Kos i lideri \u0161est partnera sa Zapadnog Balkana (Albanija, Bosna i Hercegovina, Kosovo, Crna Gora, Sjeverna Makedonija i Srbija) sastali su se u Tirani kako bi procijenili napredak u okviru Plana rasta EU za Zapadni Balkan i razgovarali o prioritetima za naredni period. Dvije godine nakon usvajanja, Plan rasta je dao [&hellip;]<\/p>\n","protected":false},"featured_media":47286,"template":"","meta":{"_acf_changed":false,"footnotes":""},"class_list":["post-47290","growth-plans","type-growth-plans","status-publish","has-post-thumbnail","hentry"],"acf":[],"yoast_head":"<!-- This site is optimized with the Yoast SEO plugin v27.3 - https:\/\/yoast.com\/product\/yoast-seo-wordpress\/ -->\n<title>Sastanak lidera Zapadnog Balkana u Tirani - Europe House<\/title>\n<meta name=\"robots\" content=\"index, follow, max-snippet:-1, max-image-preview:large, max-video-preview:-1\" \/>\n<link rel=\"canonical\" href=\"https:\/\/www.evropskakuca.me\/me\/growth-plans\/sastanak-lidera-zapadnog-balkana-u-tirani\/\" \/>\n<meta property=\"og:locale\" content=\"en_US\" \/>\n<meta property=\"og:type\" content=\"article\" \/>\n<meta property=\"og:title\" content=\"Sastanak lidera Zapadnog Balkana u Tirani - Europe House\" \/>\n<meta property=\"og:description\" content=\"Komesarka za pro\u0161irenje Marta Kos i lideri \u0161est partnera sa Zapadnog Balkana (Albanija, Bosna i Hercegovina, Kosovo, Crna Gora, Sjeverna Makedonija i Srbija) sastali su se u Tirani kako bi procijenili napredak u okviru Plana rasta EU za Zapadni Balkan i razgovarali o prioritetima za naredni period. Dvije godine nakon usvajanja, Plan rasta je dao [&hellip;]\" \/>\n<meta property=\"og:url\" content=\"https:\/\/www.evropskakuca.me\/me\/growth-plans\/sastanak-lidera-zapadnog-balkana-u-tirani\/\" \/>\n<meta property=\"og:site_name\" content=\"Europe House\" \/>\n<meta property=\"article:publisher\" content=\"https:\/\/www.facebook.com\/evropska.kuca\" \/>\n<meta property=\"article:modified_time\" content=\"2026-01-15T10:34:13+00:00\" \/>\n<meta property=\"og:image\" content=\"https:\/\/www.evropskakuca.me\/wp-content\/uploads\/2026\/01\/20251121_tirana-e1768472206100.png\" \/>\n\t<meta property=\"og:image:width\" content=\"879\" \/>\n\t<meta property=\"og:image:height\" content=\"586\" \/>\n\t<meta property=\"og:image:type\" content=\"image\/png\" \/>\n<meta name=\"twitter:card\" content=\"summary_large_image\" \/>\n<meta name=\"twitter:site\" content=\"@evropska_kuca\" \/>\n<meta name=\"twitter:label1\" content=\"Est. reading time\" \/>\n\t<meta name=\"twitter:data1\" content=\"4 minutes\" \/>\n<script type=\"application\/ld+json\" class=\"yoast-schema-graph\">{\"@context\":\"https:\\\/\\\/schema.org\",\"@graph\":[{\"@type\":\"WebPage\",\"@id\":\"https:\\\/\\\/www.evropskakuca.me\\\/me\\\/growth-plans\\\/sastanak-lidera-zapadnog-balkana-u-tirani\\\/\",\"url\":\"https:\\\/\\\/www.evropskakuca.me\\\/me\\\/growth-plans\\\/sastanak-lidera-zapadnog-balkana-u-tirani\\\/\",\"name\":\"Sastanak lidera Zapadnog Balkana u Tirani - Europe House\",\"isPartOf\":{\"@id\":\"https:\\\/\\\/www.evropskakuca.me\\\/me\\\/#website\"},\"primaryImageOfPage\":{\"@id\":\"https:\\\/\\\/www.evropskakuca.me\\\/me\\\/growth-plans\\\/sastanak-lidera-zapadnog-balkana-u-tirani\\\/#primaryimage\"},\"image\":{\"@id\":\"https:\\\/\\\/www.evropskakuca.me\\\/me\\\/growth-plans\\\/sastanak-lidera-zapadnog-balkana-u-tirani\\\/#primaryimage\"},\"thumbnailUrl\":\"https:\\\/\\\/www.evropskakuca.me\\\/wp-content\\\/uploads\\\/2026\\\/01\\\/20251121_tirana-e1768472206100.png\",\"datePublished\":\"2025-11-21T10:16:59+00:00\",\"dateModified\":\"2026-01-15T10:34:13+00:00\",\"breadcrumb\":{\"@id\":\"https:\\\/\\\/www.evropskakuca.me\\\/me\\\/growth-plans\\\/sastanak-lidera-zapadnog-balkana-u-tirani\\\/#breadcrumb\"},\"inLanguage\":\"me-ME\",\"potentialAction\":[{\"@type\":\"ReadAction\",\"target\":[\"https:\\\/\\\/www.evropskakuca.me\\\/me\\\/growth-plans\\\/sastanak-lidera-zapadnog-balkana-u-tirani\\\/\"]}]},{\"@type\":\"ImageObject\",\"inLanguage\":\"me-ME\",\"@id\":\"https:\\\/\\\/www.evropskakuca.me\\\/me\\\/growth-plans\\\/sastanak-lidera-zapadnog-balkana-u-tirani\\\/#primaryimage\",\"url\":\"https:\\\/\\\/www.evropskakuca.me\\\/wp-content\\\/uploads\\\/2026\\\/01\\\/20251121_tirana-e1768472206100.png\",\"contentUrl\":\"https:\\\/\\\/www.evropskakuca.me\\\/wp-content\\\/uploads\\\/2026\\\/01\\\/20251121_tirana-e1768472206100.png\",\"width\":879,\"height\":586},{\"@type\":\"BreadcrumbList\",\"@id\":\"https:\\\/\\\/www.evropskakuca.me\\\/me\\\/growth-plans\\\/sastanak-lidera-zapadnog-balkana-u-tirani\\\/#breadcrumb\",\"itemListElement\":[{\"@type\":\"ListItem\",\"position\":1,\"name\":\"Home\",\"item\":\"https:\\\/\\\/www.evropskakuca.me\\\/me\\\/\"},{\"@type\":\"ListItem\",\"position\":2,\"name\":\"Sastanak lidera Zapadnog Balkana u Tirani\"}]},{\"@type\":\"WebSite\",\"@id\":\"https:\\\/\\\/www.evropskakuca.me\\\/me\\\/#website\",\"url\":\"https:\\\/\\\/www.evropskakuca.me\\\/me\\\/\",\"name\":\"Evropean house\",\"description\":\"\",\"publisher\":{\"@id\":\"https:\\\/\\\/www.evropskakuca.me\\\/me\\\/#organization\"},\"potentialAction\":[{\"@type\":\"SearchAction\",\"target\":{\"@type\":\"EntryPoint\",\"urlTemplate\":\"https:\\\/\\\/www.evropskakuca.me\\\/me\\\/?s={search_term_string}\"},\"query-input\":{\"@type\":\"PropertyValueSpecification\",\"valueRequired\":true,\"valueName\":\"search_term_string\"}}],\"inLanguage\":\"me-ME\"},{\"@type\":\"Organization\",\"@id\":\"https:\\\/\\\/www.evropskakuca.me\\\/me\\\/#organization\",\"name\":\"Evropean house\",\"url\":\"https:\\\/\\\/www.evropskakuca.me\\\/me\\\/\",\"logo\":{\"@type\":\"ImageObject\",\"inLanguage\":\"me-ME\",\"@id\":\"https:\\\/\\\/www.evropskakuca.me\\\/me\\\/#\\\/schema\\\/logo\\\/image\\\/\",\"url\":\"https:\\\/\\\/www.evropskakuca.me\\\/wp-content\\\/uploads\\\/2025\\\/01\\\/evropska-kuca-logo-1.png\",\"contentUrl\":\"https:\\\/\\\/www.evropskakuca.me\\\/wp-content\\\/uploads\\\/2025\\\/01\\\/evropska-kuca-logo-1.png\",\"width\":425,\"height\":312,\"caption\":\"Evropean house\"},\"image\":{\"@id\":\"https:\\\/\\\/www.evropskakuca.me\\\/me\\\/#\\\/schema\\\/logo\\\/image\\\/\"},\"sameAs\":[\"https:\\\/\\\/www.facebook.com\\\/evropska.kuca\",\"https:\\\/\\\/x.com\\\/evropska_kuca\",\"https:\\\/\\\/www.instagram.com\\\/evropska_kuca\"]}]}<\/script>\n<!-- \/ Yoast SEO plugin. -->","yoast_head_json":{"title":"Sastanak lidera Zapadnog Balkana u Tirani - Europe House","robots":{"index":"index","follow":"follow","max-snippet":"max-snippet:-1","max-image-preview":"max-image-preview:large","max-video-preview":"max-video-preview:-1"},"canonical":"https:\/\/www.evropskakuca.me\/me\/growth-plans\/sastanak-lidera-zapadnog-balkana-u-tirani\/","og_locale":"en_US","og_type":"article","og_title":"Sastanak lidera Zapadnog Balkana u Tirani - Europe House","og_description":"Komesarka za pro\u0161irenje Marta Kos i lideri \u0161est partnera sa Zapadnog Balkana (Albanija, Bosna i Hercegovina, Kosovo, Crna Gora, Sjeverna Makedonija i Srbija) sastali su se u Tirani kako bi procijenili napredak u okviru Plana rasta EU za Zapadni Balkan i razgovarali o prioritetima za naredni period. Dvije godine nakon usvajanja, Plan rasta je dao [&hellip;]","og_url":"https:\/\/www.evropskakuca.me\/me\/growth-plans\/sastanak-lidera-zapadnog-balkana-u-tirani\/","og_site_name":"Europe House","article_publisher":"https:\/\/www.facebook.com\/evropska.kuca","article_modified_time":"2026-01-15T10:34:13+00:00","og_image":[{"width":879,"height":586,"url":"https:\/\/www.evropskakuca.me\/wp-content\/uploads\/2026\/01\/20251121_tirana-e1768472206100.png","type":"image\/png"}],"twitter_card":"summary_large_image","twitter_site":"@evropska_kuca","twitter_misc":{"Est. reading time":"4 minutes"},"schema":{"@context":"https:\/\/schema.org","@graph":[{"@type":"WebPage","@id":"https:\/\/www.evropskakuca.me\/me\/growth-plans\/sastanak-lidera-zapadnog-balkana-u-tirani\/","url":"https:\/\/www.evropskakuca.me\/me\/growth-plans\/sastanak-lidera-zapadnog-balkana-u-tirani\/","name":"Sastanak lidera Zapadnog Balkana u Tirani - Europe House","isPartOf":{"@id":"https:\/\/www.evropskakuca.me\/me\/#website"},"primaryImageOfPage":{"@id":"https:\/\/www.evropskakuca.me\/me\/growth-plans\/sastanak-lidera-zapadnog-balkana-u-tirani\/#primaryimage"},"image":{"@id":"https:\/\/www.evropskakuca.me\/me\/growth-plans\/sastanak-lidera-zapadnog-balkana-u-tirani\/#primaryimage"},"thumbnailUrl":"https:\/\/www.evropskakuca.me\/wp-content\/uploads\/2026\/01\/20251121_tirana-e1768472206100.png","datePublished":"2025-11-21T10:16:59+00:00","dateModified":"2026-01-15T10:34:13+00:00","breadcrumb":{"@id":"https:\/\/www.evropskakuca.me\/me\/growth-plans\/sastanak-lidera-zapadnog-balkana-u-tirani\/#breadcrumb"},"inLanguage":"me-ME","potentialAction":[{"@type":"ReadAction","target":["https:\/\/www.evropskakuca.me\/me\/growth-plans\/sastanak-lidera-zapadnog-balkana-u-tirani\/"]}]},{"@type":"ImageObject","inLanguage":"me-ME","@id":"https:\/\/www.evropskakuca.me\/me\/growth-plans\/sastanak-lidera-zapadnog-balkana-u-tirani\/#primaryimage","url":"https:\/\/www.evropskakuca.me\/wp-content\/uploads\/2026\/01\/20251121_tirana-e1768472206100.png","contentUrl":"https:\/\/www.evropskakuca.me\/wp-content\/uploads\/2026\/01\/20251121_tirana-e1768472206100.png","width":879,"height":586},{"@type":"BreadcrumbList","@id":"https:\/\/www.evropskakuca.me\/me\/growth-plans\/sastanak-lidera-zapadnog-balkana-u-tirani\/#breadcrumb","itemListElement":[{"@type":"ListItem","position":1,"name":"Home","item":"https:\/\/www.evropskakuca.me\/me\/"},{"@type":"ListItem","position":2,"name":"Sastanak lidera Zapadnog Balkana u Tirani"}]},{"@type":"WebSite","@id":"https:\/\/www.evropskakuca.me\/me\/#website","url":"https:\/\/www.evropskakuca.me\/me\/","name":"Evropean house","description":"","publisher":{"@id":"https:\/\/www.evropskakuca.me\/me\/#organization"},"potentialAction":[{"@type":"SearchAction","target":{"@type":"EntryPoint","urlTemplate":"https:\/\/www.evropskakuca.me\/me\/?s={search_term_string}"},"query-input":{"@type":"PropertyValueSpecification","valueRequired":true,"valueName":"search_term_string"}}],"inLanguage":"me-ME"},{"@type":"Organization","@id":"https:\/\/www.evropskakuca.me\/me\/#organization","name":"Evropean house","url":"https:\/\/www.evropskakuca.me\/me\/","logo":{"@type":"ImageObject","inLanguage":"me-ME","@id":"https:\/\/www.evropskakuca.me\/me\/#\/schema\/logo\/image\/","url":"https:\/\/www.evropskakuca.me\/wp-content\/uploads\/2025\/01\/evropska-kuca-logo-1.png","contentUrl":"https:\/\/www.evropskakuca.me\/wp-content\/uploads\/2025\/01\/evropska-kuca-logo-1.png","width":425,"height":312,"caption":"Evropean house"},"image":{"@id":"https:\/\/www.evropskakuca.me\/me\/#\/schema\/logo\/image\/"},"sameAs":["https:\/\/www.facebook.com\/evropska.kuca","https:\/\/x.com\/evropska_kuca","https:\/\/www.instagram.com\/evropska_kuca"]}]}},"_links":{"self":[{"href":"https:\/\/www.evropskakuca.me\/me\/wp-json\/wp\/v2\/growth-plans\/47290","targetHints":{"allow":["GET"]}}],"collection":[{"href":"https:\/\/www.evropskakuca.me\/me\/wp-json\/wp\/v2\/growth-plans"}],"about":[{"href":"https:\/\/www.evropskakuca.me\/me\/wp-json\/wp\/v2\/types\/growth-plans"}],"version-history":[{"count":1,"href":"https:\/\/www.evropskakuca.me\/me\/wp-json\/wp\/v2\/growth-plans\/47290\/revisions"}],"predecessor-version":[{"id":47291,"href":"https:\/\/www.evropskakuca.me\/me\/wp-json\/wp\/v2\/growth-plans\/47290\/revisions\/47291"}],"wp:featuredmedia":[{"embeddable":true,"href":"https:\/\/www.evropskakuca.me\/me\/wp-json\/wp\/v2\/media\/47286"}],"wp:attachment":[{"href":"https:\/\/www.evropskakuca.me\/me\/wp-json\/wp\/v2\/media?parent=47290"}],"curies":[{"name":"wp","href":"https:\/\/api.w.org\/{rel}","templated":true}]}}