{"id":46236,"date":"2025-10-30T09:29:13","date_gmt":"2025-10-30T09:29:13","guid":{"rendered":"https:\/\/www.evropskakuca.me\/?post_type=growth-plans&#038;p=46236"},"modified":"2025-10-30T09:29:16","modified_gmt":"2025-10-30T09:29:16","slug":"crna-gora-albanija-moldavija-i-sjeverna-makedonija-su-se-pridruzile-sepa-semama","status":"publish","type":"growth-plans","link":"https:\/\/www.evropskakuca.me\/me\/growth-plans\/crna-gora-albanija-moldavija-i-sjeverna-makedonija-su-se-pridruzile-sepa-semama\/","title":{"rendered":"Crna Gora, Albanija, Moldavija i Sjeverna Makedonija su se pridru\u017eile SEPA \u0161emama"},"content":{"rendered":"\n<p>Evropska komisija je pozdravila \u010dinjenicu da se 40 banaka iz Crne Gore, Albanije, Moldavije i Sjeverne Makedonije zvani\u010dno pridru\u017eilo Jedinstvenom prostoru pla\u0107anja u eurima (SEPA). Ovaj istorijski doga\u0111aj omogu\u0107i\u0107e da transakcije u eurima izme\u0111u ovih zemalja i Evropske unije postanu pouzdanije, br\u017ee i jeftinije, \u0161to bi moglo donijeti u\u0161tede do 500 miliona eura za gra\u0111ane i preduze\u0107a. Za mala i srednja preduze\u0107a, to \u0107e tako\u0111e pojednostaviti me\u0111unarodne transakcije i unaprijediti prekograni\u010dnu trgovinu.<\/p>\n\n\n\n<figure class=\"wp-block-image size-full\"><img fetchpriority=\"high\" decoding=\"async\" width=\"991\" height=\"661\" src=\"https:\/\/www.evropskakuca.me\/wp-content\/uploads\/2025\/10\/20251016_sepa.jpg\" alt=\"\" class=\"wp-image-46237\" srcset=\"https:\/\/www.evropskakuca.me\/wp-content\/uploads\/2025\/10\/20251016_sepa.jpg 991w, https:\/\/www.evropskakuca.me\/wp-content\/uploads\/2025\/10\/20251016_sepa-300x200.jpg 300w, https:\/\/www.evropskakuca.me\/wp-content\/uploads\/2025\/10\/20251016_sepa-768x512.jpg 768w\" sizes=\"(max-width: 991px) 100vw, 991px\" \/><\/figure>\n\n\n\n<p>Komesarka za pro\u0161irenje, <strong>Marta Kos<\/strong>, izjavila je:<br>\u201e<em>Danas slavimo konkretne rezultate koje na\u0161i kontinuirani napori na postepenoj integraciji zemalja kandidata donose njihovim gra\u0111anima i privredi. Na\u0161 rad se ne zavr\u0161ava ovdje. Nastavi\u0107emo da te\u017eimo potpunoj primjeni SEPA \u0161ema u zemljama kandidatkinjama, \u010dime \u0107emo njihove gra\u0111ane i preduze\u0107a jo\u0161 vi\u0161e pribli\u017eiti Evropskoj uniji<\/em>\u201c<\/p>\n\n\n\n<p>Odluku je donio Evropski savjet za pla\u0107anja nakon \u0161to su ove \u010detiri zemlje u\u0161le u geografski okvir SEPA \u0161ema \u2013 Albanija i Crna Gora u novembru 2024. godine, a Sjeverna Makedonija i Moldavija u martu 2025. godine.<\/p>\n\n\n\n<p>Ovo je prakti\u010dan primjer uticaja Plana rasta za Zapadni Balkan i Plana rasta za Moldaviju, koji kroz uskla\u0111ivanje nacionalnih propisa sa pravilima Evropske unije doprinose ubrzanju socio-ekonomske integracije ovih regiona u EU. Cilj ovih inicijativa je da se zemljama kandidatkinjama omogu\u0107i postepeni pristup pojedinim segmentima jedinstvenog tr\u017ei\u0161ta EU, u skladu sa evropskim standardima i regulativama.<\/p>\n","protected":false},"excerpt":{"rendered":"<p>Evropska komisija je pozdravila \u010dinjenicu da se 40 banaka iz Crne Gore, Albanije, Moldavije i Sjeverne Makedonije zvani\u010dno pridru\u017eilo Jedinstvenom prostoru pla\u0107anja u eurima (SEPA). Ovaj istorijski doga\u0111aj omogu\u0107i\u0107e da transakcije u eurima izme\u0111u ovih zemalja i Evropske unije postanu pouzdanije, br\u017ee i jeftinije, \u0161to bi moglo donijeti u\u0161tede do 500 miliona eura za gra\u0111ane [&hellip;]<\/p>\n","protected":false},"featured_media":46237,"template":"","meta":{"_acf_changed":false,"footnotes":""},"class_list":["post-46236","growth-plans","type-growth-plans","status-publish","has-post-thumbnail","hentry"],"acf":[],"yoast_head":"<!-- This site is optimized with the Yoast SEO plugin v27.3 - https:\/\/yoast.com\/product\/yoast-seo-wordpress\/ -->\n<title>Crna Gora, Albanija, Moldavija i Sjeverna Makedonija su se pridru\u017eile SEPA \u0161emama - Europe House<\/title>\n<meta name=\"robots\" content=\"index, follow, max-snippet:-1, max-image-preview:large, max-video-preview:-1\" \/>\n<link rel=\"canonical\" href=\"https:\/\/www.evropskakuca.me\/me\/growth-plans\/crna-gora-albanija-moldavija-i-sjeverna-makedonija-su-se-pridruzile-sepa-semama\/\" \/>\n<meta property=\"og:locale\" content=\"en_US\" \/>\n<meta property=\"og:type\" content=\"article\" \/>\n<meta property=\"og:title\" content=\"Crna Gora, Albanija, Moldavija i Sjeverna Makedonija su se pridru\u017eile SEPA \u0161emama - Europe House\" \/>\n<meta property=\"og:description\" content=\"Evropska komisija je pozdravila \u010dinjenicu da se 40 banaka iz Crne Gore, Albanije, Moldavije i Sjeverne Makedonije zvani\u010dno pridru\u017eilo Jedinstvenom prostoru pla\u0107anja u eurima (SEPA). Ovaj istorijski doga\u0111aj omogu\u0107i\u0107e da transakcije u eurima izme\u0111u ovih zemalja i Evropske unije postanu pouzdanije, br\u017ee i jeftinije, \u0161to bi moglo donijeti u\u0161tede do 500 miliona eura za gra\u0111ane [&hellip;]\" \/>\n<meta property=\"og:url\" content=\"https:\/\/www.evropskakuca.me\/me\/growth-plans\/crna-gora-albanija-moldavija-i-sjeverna-makedonija-su-se-pridruzile-sepa-semama\/\" \/>\n<meta property=\"og:site_name\" content=\"Europe House\" \/>\n<meta property=\"article:publisher\" content=\"https:\/\/www.facebook.com\/evropska.kuca\" \/>\n<meta property=\"article:modified_time\" content=\"2025-10-30T09:29:16+00:00\" \/>\n<meta property=\"og:image\" content=\"https:\/\/www.evropskakuca.me\/wp-content\/uploads\/2025\/10\/20251016_sepa.jpg\" \/>\n\t<meta property=\"og:image:width\" content=\"991\" \/>\n\t<meta property=\"og:image:height\" content=\"661\" \/>\n\t<meta property=\"og:image:type\" content=\"image\/jpeg\" \/>\n<meta name=\"twitter:card\" content=\"summary_large_image\" \/>\n<meta name=\"twitter:site\" content=\"@evropska_kuca\" \/>\n<meta name=\"twitter:label1\" content=\"Est. reading time\" \/>\n\t<meta name=\"twitter:data1\" content=\"2 minutes\" \/>\n<script type=\"application\/ld+json\" class=\"yoast-schema-graph\">{\"@context\":\"https:\\\/\\\/schema.org\",\"@graph\":[{\"@type\":\"WebPage\",\"@id\":\"https:\\\/\\\/www.evropskakuca.me\\\/me\\\/growth-plans\\\/crna-gora-albanija-moldavija-i-sjeverna-makedonija-su-se-pridruzile-sepa-semama\\\/\",\"url\":\"https:\\\/\\\/www.evropskakuca.me\\\/me\\\/growth-plans\\\/crna-gora-albanija-moldavija-i-sjeverna-makedonija-su-se-pridruzile-sepa-semama\\\/\",\"name\":\"Crna Gora, Albanija, Moldavija i Sjeverna Makedonija su se pridru\u017eile SEPA \u0161emama - Europe House\",\"isPartOf\":{\"@id\":\"https:\\\/\\\/www.evropskakuca.me\\\/me\\\/#website\"},\"primaryImageOfPage\":{\"@id\":\"https:\\\/\\\/www.evropskakuca.me\\\/me\\\/growth-plans\\\/crna-gora-albanija-moldavija-i-sjeverna-makedonija-su-se-pridruzile-sepa-semama\\\/#primaryimage\"},\"image\":{\"@id\":\"https:\\\/\\\/www.evropskakuca.me\\\/me\\\/growth-plans\\\/crna-gora-albanija-moldavija-i-sjeverna-makedonija-su-se-pridruzile-sepa-semama\\\/#primaryimage\"},\"thumbnailUrl\":\"https:\\\/\\\/www.evropskakuca.me\\\/wp-content\\\/uploads\\\/2025\\\/10\\\/20251016_sepa.jpg\",\"datePublished\":\"2025-10-30T09:29:13+00:00\",\"dateModified\":\"2025-10-30T09:29:16+00:00\",\"breadcrumb\":{\"@id\":\"https:\\\/\\\/www.evropskakuca.me\\\/me\\\/growth-plans\\\/crna-gora-albanija-moldavija-i-sjeverna-makedonija-su-se-pridruzile-sepa-semama\\\/#breadcrumb\"},\"inLanguage\":\"me-ME\",\"potentialAction\":[{\"@type\":\"ReadAction\",\"target\":[\"https:\\\/\\\/www.evropskakuca.me\\\/me\\\/growth-plans\\\/crna-gora-albanija-moldavija-i-sjeverna-makedonija-su-se-pridruzile-sepa-semama\\\/\"]}]},{\"@type\":\"ImageObject\",\"inLanguage\":\"me-ME\",\"@id\":\"https:\\\/\\\/www.evropskakuca.me\\\/me\\\/growth-plans\\\/crna-gora-albanija-moldavija-i-sjeverna-makedonija-su-se-pridruzile-sepa-semama\\\/#primaryimage\",\"url\":\"https:\\\/\\\/www.evropskakuca.me\\\/wp-content\\\/uploads\\\/2025\\\/10\\\/20251016_sepa.jpg\",\"contentUrl\":\"https:\\\/\\\/www.evropskakuca.me\\\/wp-content\\\/uploads\\\/2025\\\/10\\\/20251016_sepa.jpg\",\"width\":991,\"height\":661},{\"@type\":\"BreadcrumbList\",\"@id\":\"https:\\\/\\\/www.evropskakuca.me\\\/me\\\/growth-plans\\\/crna-gora-albanija-moldavija-i-sjeverna-makedonija-su-se-pridruzile-sepa-semama\\\/#breadcrumb\",\"itemListElement\":[{\"@type\":\"ListItem\",\"position\":1,\"name\":\"Home\",\"item\":\"https:\\\/\\\/www.evropskakuca.me\\\/me\\\/\"},{\"@type\":\"ListItem\",\"position\":2,\"name\":\"Crna Gora, Albanija, Moldavija i Sjeverna Makedonija su se pridru\u017eile SEPA \u0161emama\"}]},{\"@type\":\"WebSite\",\"@id\":\"https:\\\/\\\/www.evropskakuca.me\\\/me\\\/#website\",\"url\":\"https:\\\/\\\/www.evropskakuca.me\\\/me\\\/\",\"name\":\"Evropean house\",\"description\":\"\",\"publisher\":{\"@id\":\"https:\\\/\\\/www.evropskakuca.me\\\/me\\\/#organization\"},\"potentialAction\":[{\"@type\":\"SearchAction\",\"target\":{\"@type\":\"EntryPoint\",\"urlTemplate\":\"https:\\\/\\\/www.evropskakuca.me\\\/me\\\/?s={search_term_string}\"},\"query-input\":{\"@type\":\"PropertyValueSpecification\",\"valueRequired\":true,\"valueName\":\"search_term_string\"}}],\"inLanguage\":\"me-ME\"},{\"@type\":\"Organization\",\"@id\":\"https:\\\/\\\/www.evropskakuca.me\\\/me\\\/#organization\",\"name\":\"Evropean house\",\"url\":\"https:\\\/\\\/www.evropskakuca.me\\\/me\\\/\",\"logo\":{\"@type\":\"ImageObject\",\"inLanguage\":\"me-ME\",\"@id\":\"https:\\\/\\\/www.evropskakuca.me\\\/me\\\/#\\\/schema\\\/logo\\\/image\\\/\",\"url\":\"https:\\\/\\\/www.evropskakuca.me\\\/wp-content\\\/uploads\\\/2025\\\/01\\\/evropska-kuca-logo-1.png\",\"contentUrl\":\"https:\\\/\\\/www.evropskakuca.me\\\/wp-content\\\/uploads\\\/2025\\\/01\\\/evropska-kuca-logo-1.png\",\"width\":425,\"height\":312,\"caption\":\"Evropean house\"},\"image\":{\"@id\":\"https:\\\/\\\/www.evropskakuca.me\\\/me\\\/#\\\/schema\\\/logo\\\/image\\\/\"},\"sameAs\":[\"https:\\\/\\\/www.facebook.com\\\/evropska.kuca\",\"https:\\\/\\\/x.com\\\/evropska_kuca\",\"https:\\\/\\\/www.instagram.com\\\/evropska_kuca\"]}]}<\/script>\n<!-- \/ Yoast SEO plugin. -->","yoast_head_json":{"title":"Crna Gora, Albanija, Moldavija i Sjeverna Makedonija su se pridru\u017eile SEPA \u0161emama - Europe House","robots":{"index":"index","follow":"follow","max-snippet":"max-snippet:-1","max-image-preview":"max-image-preview:large","max-video-preview":"max-video-preview:-1"},"canonical":"https:\/\/www.evropskakuca.me\/me\/growth-plans\/crna-gora-albanija-moldavija-i-sjeverna-makedonija-su-se-pridruzile-sepa-semama\/","og_locale":"en_US","og_type":"article","og_title":"Crna Gora, Albanija, Moldavija i Sjeverna Makedonija su se pridru\u017eile SEPA \u0161emama - Europe House","og_description":"Evropska komisija je pozdravila \u010dinjenicu da se 40 banaka iz Crne Gore, Albanije, Moldavije i Sjeverne Makedonije zvani\u010dno pridru\u017eilo Jedinstvenom prostoru pla\u0107anja u eurima (SEPA). Ovaj istorijski doga\u0111aj omogu\u0107i\u0107e da transakcije u eurima izme\u0111u ovih zemalja i Evropske unije postanu pouzdanije, br\u017ee i jeftinije, \u0161to bi moglo donijeti u\u0161tede do 500 miliona eura za gra\u0111ane [&hellip;]","og_url":"https:\/\/www.evropskakuca.me\/me\/growth-plans\/crna-gora-albanija-moldavija-i-sjeverna-makedonija-su-se-pridruzile-sepa-semama\/","og_site_name":"Europe House","article_publisher":"https:\/\/www.facebook.com\/evropska.kuca","article_modified_time":"2025-10-30T09:29:16+00:00","og_image":[{"width":991,"height":661,"url":"https:\/\/www.evropskakuca.me\/wp-content\/uploads\/2025\/10\/20251016_sepa.jpg","type":"image\/jpeg"}],"twitter_card":"summary_large_image","twitter_site":"@evropska_kuca","twitter_misc":{"Est. reading time":"2 minutes"},"schema":{"@context":"https:\/\/schema.org","@graph":[{"@type":"WebPage","@id":"https:\/\/www.evropskakuca.me\/me\/growth-plans\/crna-gora-albanija-moldavija-i-sjeverna-makedonija-su-se-pridruzile-sepa-semama\/","url":"https:\/\/www.evropskakuca.me\/me\/growth-plans\/crna-gora-albanija-moldavija-i-sjeverna-makedonija-su-se-pridruzile-sepa-semama\/","name":"Crna Gora, Albanija, Moldavija i Sjeverna Makedonija su se pridru\u017eile SEPA \u0161emama - Europe House","isPartOf":{"@id":"https:\/\/www.evropskakuca.me\/me\/#website"},"primaryImageOfPage":{"@id":"https:\/\/www.evropskakuca.me\/me\/growth-plans\/crna-gora-albanija-moldavija-i-sjeverna-makedonija-su-se-pridruzile-sepa-semama\/#primaryimage"},"image":{"@id":"https:\/\/www.evropskakuca.me\/me\/growth-plans\/crna-gora-albanija-moldavija-i-sjeverna-makedonija-su-se-pridruzile-sepa-semama\/#primaryimage"},"thumbnailUrl":"https:\/\/www.evropskakuca.me\/wp-content\/uploads\/2025\/10\/20251016_sepa.jpg","datePublished":"2025-10-30T09:29:13+00:00","dateModified":"2025-10-30T09:29:16+00:00","breadcrumb":{"@id":"https:\/\/www.evropskakuca.me\/me\/growth-plans\/crna-gora-albanija-moldavija-i-sjeverna-makedonija-su-se-pridruzile-sepa-semama\/#breadcrumb"},"inLanguage":"me-ME","potentialAction":[{"@type":"ReadAction","target":["https:\/\/www.evropskakuca.me\/me\/growth-plans\/crna-gora-albanija-moldavija-i-sjeverna-makedonija-su-se-pridruzile-sepa-semama\/"]}]},{"@type":"ImageObject","inLanguage":"me-ME","@id":"https:\/\/www.evropskakuca.me\/me\/growth-plans\/crna-gora-albanija-moldavija-i-sjeverna-makedonija-su-se-pridruzile-sepa-semama\/#primaryimage","url":"https:\/\/www.evropskakuca.me\/wp-content\/uploads\/2025\/10\/20251016_sepa.jpg","contentUrl":"https:\/\/www.evropskakuca.me\/wp-content\/uploads\/2025\/10\/20251016_sepa.jpg","width":991,"height":661},{"@type":"BreadcrumbList","@id":"https:\/\/www.evropskakuca.me\/me\/growth-plans\/crna-gora-albanija-moldavija-i-sjeverna-makedonija-su-se-pridruzile-sepa-semama\/#breadcrumb","itemListElement":[{"@type":"ListItem","position":1,"name":"Home","item":"https:\/\/www.evropskakuca.me\/me\/"},{"@type":"ListItem","position":2,"name":"Crna Gora, Albanija, Moldavija i Sjeverna Makedonija su se pridru\u017eile SEPA \u0161emama"}]},{"@type":"WebSite","@id":"https:\/\/www.evropskakuca.me\/me\/#website","url":"https:\/\/www.evropskakuca.me\/me\/","name":"Evropean house","description":"","publisher":{"@id":"https:\/\/www.evropskakuca.me\/me\/#organization"},"potentialAction":[{"@type":"SearchAction","target":{"@type":"EntryPoint","urlTemplate":"https:\/\/www.evropskakuca.me\/me\/?s={search_term_string}"},"query-input":{"@type":"PropertyValueSpecification","valueRequired":true,"valueName":"search_term_string"}}],"inLanguage":"me-ME"},{"@type":"Organization","@id":"https:\/\/www.evropskakuca.me\/me\/#organization","name":"Evropean house","url":"https:\/\/www.evropskakuca.me\/me\/","logo":{"@type":"ImageObject","inLanguage":"me-ME","@id":"https:\/\/www.evropskakuca.me\/me\/#\/schema\/logo\/image\/","url":"https:\/\/www.evropskakuca.me\/wp-content\/uploads\/2025\/01\/evropska-kuca-logo-1.png","contentUrl":"https:\/\/www.evropskakuca.me\/wp-content\/uploads\/2025\/01\/evropska-kuca-logo-1.png","width":425,"height":312,"caption":"Evropean house"},"image":{"@id":"https:\/\/www.evropskakuca.me\/me\/#\/schema\/logo\/image\/"},"sameAs":["https:\/\/www.facebook.com\/evropska.kuca","https:\/\/x.com\/evropska_kuca","https:\/\/www.instagram.com\/evropska_kuca"]}]}},"_links":{"self":[{"href":"https:\/\/www.evropskakuca.me\/me\/wp-json\/wp\/v2\/growth-plans\/46236","targetHints":{"allow":["GET"]}}],"collection":[{"href":"https:\/\/www.evropskakuca.me\/me\/wp-json\/wp\/v2\/growth-plans"}],"about":[{"href":"https:\/\/www.evropskakuca.me\/me\/wp-json\/wp\/v2\/types\/growth-plans"}],"version-history":[{"count":1,"href":"https:\/\/www.evropskakuca.me\/me\/wp-json\/wp\/v2\/growth-plans\/46236\/revisions"}],"predecessor-version":[{"id":46239,"href":"https:\/\/www.evropskakuca.me\/me\/wp-json\/wp\/v2\/growth-plans\/46236\/revisions\/46239"}],"wp:featuredmedia":[{"embeddable":true,"href":"https:\/\/www.evropskakuca.me\/me\/wp-json\/wp\/v2\/media\/46237"}],"wp:attachment":[{"href":"https:\/\/www.evropskakuca.me\/me\/wp-json\/wp\/v2\/media?parent=46236"}],"curies":[{"name":"wp","href":"https:\/\/api.w.org\/{rel}","templated":true}]}}