{"id":45948,"date":"2025-10-07T14:48:31","date_gmt":"2025-10-07T14:48:31","guid":{"rendered":"https:\/\/www.evropskakuca.me\/?post_type=growth-plans&#038;p=45948"},"modified":"2025-10-07T14:49:30","modified_gmt":"2025-10-07T14:49:30","slug":"pokrenute-prve-sepa-transakcije-iz-crne-gore","status":"publish","type":"growth-plans","link":"https:\/\/www.evropskakuca.me\/me\/growth-plans\/pokrenute-prve-sepa-transakcije-iz-crne-gore\/","title":{"rendered":"Pokrenute prve SEPA transakcije iz Crne Gore\u00a0"},"content":{"rendered":"\n<ul class=\"wp-block-list\">\n<li><em>\u201eSEPA je korak koji ja\u010da ekonomsku i politi\u010dku koheziju Zapadnog Balkana i most koji ovaj region pribli\u017eava jedinstvenom tr\u017ei\u0161tu Evropske unije\u201c, kazao je ambasador EU u Crnoj Gori Johan Satler<\/em><\/li>\n\n\n\n<li><em>SEPA nije tehni\u010dka promjena, ve\u0107 korak koji Evropsko jedinstveno tr\u017ei\u0161te \u010dini dijelom svakodnevnog \u017eivota na\u0161ih gra\u0111ana i kompanija\u201c, poru\u010dila je guvernerka CBCG dr Irena Radovi\u0107<\/em><\/li>\n\n\n\n<li><em>Ovo je klju\u010dni iskorak za budu\u0107e generacije \u2013 sigurnija, sna\u017enija, evropska budu\u0107nost Crne Gore\u201c, istakao je premijer Milojko Spaji\u0107<\/em><\/li>\n<\/ul>\n\n\n\n<p>Centralna banka Crne Gore, Vlada Crne Gore i Delegacija Evropske unije u Crnoj Gori danas su sve\u010dano obilje\u017eile istorijski trenutak \u2013 pokretanje prvih SEPA transakcija iz Crne Gore, \u010dime je na\u0161a zemlja fakti\u010dki postala dio zajedni\u010dkog evropskog platnog prostora. Ovim zna\u010dajnim korakom otvara se novo poglavlje u procesu evropskih integracija i modernizacije nacionalnog platnog sistema.&nbsp;<\/p>\n\n\n\n<p>Sve\u010danost, odr\u017eana pod sloganom \u201eEvropske finansije za nove generacije: SEPA kao instrument integracije\u201c, simboli\u010dno je ozna\u010dila operativni ulazak Crne Gore u evropsku platnu infrastrukturu, manje od godinu dana nakon \u0161to je na\u0161a dr\u017eava postala prva zemlja Zapadnog Balkana \u010dlanica Jedinstvenog podru\u010dja pla\u0107anja u evrima (SEPA).<\/p>\n\n\n\n<p>Doga\u0111aj su otvorile guvernerka Centralne banke Crne Gore<strong>, dr Irena Radovi\u0107<\/strong>, i predsjednica Evropske centralne banke,&nbsp;<strong>Kristin Lagard<\/strong>, koja se u\u010desnicima obratila putem video poruke.<\/p>\n\n\n\n<figure class=\"wp-block-image size-large\"><img fetchpriority=\"high\" decoding=\"async\" width=\"1024\" height=\"683\" src=\"https:\/\/www.evropskakuca.me\/wp-content\/uploads\/2025\/10\/FRO_2601-1024x683.jpg\" alt=\"\" class=\"wp-image-45937\" srcset=\"https:\/\/www.evropskakuca.me\/wp-content\/uploads\/2025\/10\/FRO_2601-1024x683.jpg 1024w, https:\/\/www.evropskakuca.me\/wp-content\/uploads\/2025\/10\/FRO_2601-300x200.jpg 300w, https:\/\/www.evropskakuca.me\/wp-content\/uploads\/2025\/10\/FRO_2601-768x512.jpg 768w, https:\/\/www.evropskakuca.me\/wp-content\/uploads\/2025\/10\/FRO_2601-1536x1024.jpg 1536w, https:\/\/www.evropskakuca.me\/wp-content\/uploads\/2025\/10\/FRO_2601-2048x1365.jpg 2048w\" sizes=\"(max-width: 1024px) 100vw, 1024px\" \/><\/figure>\n\n\n\n<p>U pozdravnom govoru, guvernerka Radovi\u0107 istakla je da pokretanjem prvih SEPA transakcija Crna Gora ravnopravno u\u010destvuje u evropskom platnom sistemu, zajedno sa \u010dlanicama Evropske unije. Naglasila je da gra\u0111ani i privrednici od sada mogu slati i primati uplate u eurima iz \u010dak 40 evropskih dr\u017eava \u2013 brzo, sigurno i uz minimalne tro\u0161kove, po istim pravilima i cijenama koje va\u017ee u zemljama \u010dlanicama EU.<\/p>\n\n\n\n<p>\u201eNije u pitanju tehni\u010dka promjena, ve\u0107 korak koji Evropsko jedinstveno tr\u017ei\u0161te \u010dini dijelom svakodnevnog \u017eivota na\u0161ih gra\u0111ana i kompanija.To je konkretan dokaz da proces pro\u0161irenja nije apstraktan, ve\u0107 donosi opipljive koristi u svakodnevnom \u017eivotu. Za porodice to zna\u010di jeftinije doznake i onlajn pla\u0107anja, za preduze\u0107a povoljnija pla\u0107anja i ve\u0107u konkurentnost, a za dr\u017eavu dublje povezivanje sa jedinstvenim tr\u017ei\u0161tem Evropske unije\u201c, kazala je Radovi\u0107.<\/p>\n\n\n\n<figure class=\"wp-block-gallery has-nested-images columns-default is-cropped wp-block-gallery-1 is-layout-flex wp-block-gallery-is-layout-flex\">\n<figure class=\"wp-block-image size-large\"><img decoding=\"async\" width=\"1024\" height=\"683\" data-id=\"45939\" src=\"https:\/\/www.evropskakuca.me\/wp-content\/uploads\/2025\/10\/FRO_2614-1024x683.jpg\" alt=\"\" class=\"wp-image-45939\" srcset=\"https:\/\/www.evropskakuca.me\/wp-content\/uploads\/2025\/10\/FRO_2614-1024x683.jpg 1024w, https:\/\/www.evropskakuca.me\/wp-content\/uploads\/2025\/10\/FRO_2614-300x200.jpg 300w, https:\/\/www.evropskakuca.me\/wp-content\/uploads\/2025\/10\/FRO_2614-768x512.jpg 768w, https:\/\/www.evropskakuca.me\/wp-content\/uploads\/2025\/10\/FRO_2614-1536x1024.jpg 1536w, https:\/\/www.evropskakuca.me\/wp-content\/uploads\/2025\/10\/FRO_2614-2048x1365.jpg 2048w\" sizes=\"(max-width: 1024px) 100vw, 1024px\" \/><\/figure>\n\n\n\n<figure class=\"wp-block-image size-large\"><img decoding=\"async\" width=\"1024\" height=\"683\" data-id=\"45941\" src=\"https:\/\/www.evropskakuca.me\/wp-content\/uploads\/2025\/10\/FRO_2692-1024x683.jpg\" alt=\"\" class=\"wp-image-45941\" srcset=\"https:\/\/www.evropskakuca.me\/wp-content\/uploads\/2025\/10\/FRO_2692-1024x683.jpg 1024w, https:\/\/www.evropskakuca.me\/wp-content\/uploads\/2025\/10\/FRO_2692-300x200.jpg 300w, https:\/\/www.evropskakuca.me\/wp-content\/uploads\/2025\/10\/FRO_2692-768x512.jpg 768w, https:\/\/www.evropskakuca.me\/wp-content\/uploads\/2025\/10\/FRO_2692-1536x1024.jpg 1536w, https:\/\/www.evropskakuca.me\/wp-content\/uploads\/2025\/10\/FRO_2692-2048x1365.jpg 2048w\" sizes=\"(max-width: 1024px) 100vw, 1024px\" \/><\/figure>\n<\/figure>\n\n\n\n<p>\u201eNije u pitanju isklju\u010divo tehni\u010dka&nbsp;promjena, ve\u0107 korak koji Evropsko jedinstveno tr\u017ei\u0161te \u010dini dijelom svakodnevnog \u017eivota na\u0161ih gra\u0111ana i kompanija\u201c,Ovo je konkretan dokaz da proces pro\u0161irenja nije apstraktan, ve\u0107 donosi opipljive koristi u svakodnevici. Za porodice to zna\u010di jeftinije doznake i jednostavnija onlajn pla\u0107anja, za preduze\u0107a povoljnije transakcije i ve\u0107u konkurentnost, a za dr\u017eavu dublje povezivanje sa jedinstvenim tr\u017ei\u0161tem Evropske unije\u201c, istakla je guvernerka Radovi\u0107.<\/p>\n\n\n\n<p>Predsjednica Evropske centralne banke&nbsp;<strong>Kristin Lagard<\/strong>&nbsp;poru\u010dila je da ovaj dan predstavlja simboli\u010dnu prekretnicu na integracionom putu Crne Gore kao dr\u017eave kandidatkinje za \u010dlanstvo u Evropskoj uniji.&nbsp;<\/p>\n\n\n\n<p>\u201eTrenuci poput ovog od su\u0161tinskog su zna\u010daja za o\u010duvanje elana, jer upravo oni pretvaraju te\u017enje u vidljiv napredak koji uliva povjerenje i kod ku\u0107e i u inostranstvu. Sada, kada je svih 11 crnogorskih banaka dio SEPA porodice, gra\u0111ani i kompanije u Crnoj Gori mogu u\u017eivati u sigurnim, brzim i efikasnim pla\u0107anjima u eurima. \u010cestitke, Crna Goro \u2013 divno je \u0161to ste sa nama!\u201c, poru\u010dila je predsjednica ECB Kristin Lagard.<\/p>\n\n\n\n<p>Nakon sve\u010danog otvaranja, uslijedio je panel pod nazivom \u201eSEPA i budu\u0107nost evropske integracije\u201c, koji je okupio najvi\u0161e dr\u017eavne zvani\u010dnike, predstavnike Evropske unije i me\u0111unarodnih organizacija. U otvorenom i inspirativnom razgovoru, predsjednik Vlade&nbsp;<strong>Milojko Spaji\u0107<\/strong>, guvernerka&nbsp;<strong>dr Irena Radovi\u0107<\/strong>, ambasador Evropske unije&nbsp;<strong>Johan Satler<\/strong>, ministar finansija&nbsp;<strong>Novica Vukovi\u0107<\/strong>, direktor Evropskog savjeta za pla\u0107anja&nbsp;<strong>Giorgio Andreoli<\/strong>, ambasadorka Kraljevine Danske&nbsp;<strong>Pernil Daler Kardel&nbsp;<\/strong>i mlada liderka u oblasti inovacija i preduzetni\u0161tva&nbsp;<strong>Jelena Kavari\u0107<\/strong>&nbsp;govorili su o zna\u010daju SEPA integracije kao jednom od najkonkretnijih koraka Crne Gore ka evropskom tr\u017ei\u0161tu i modernom finansijskom okru\u017eenju.&nbsp;<\/p>\n\n\n\n<p>Panel, koji je moderirala viceguvernerka CBCG&nbsp;<strong>dr Zorica Kalezi\u0107<\/strong>, potvrdio je zajedni\u010dko uvjerenje da SEPA nije samo tehni\u010dki napredak u platnom sistemu, ve\u0107 klju\u010dni simbol ekonomskog povjerenja, politi\u010dke povezanosti i evropske budu\u0107nosti Crne Gore.<\/p>\n\n\n\n<p>Ambasador Evropske unije u Crnoj Gori&nbsp;<strong>Johan Satler<\/strong>&nbsp;kazao je da je pristupanje Crne Gore SEPA sistemu mnogo vi\u0161e od tehni\u010dke nadogradnje platnog sistema.&nbsp;<\/p>\n\n\n\n<p>\u201eTo je sna\u017ean politi\u010dki signal posve\u0107enosti zemlje evropskom projektu, dokaz da proces pro\u0161irenja donosi opipljive rezultate koje gra\u0111ani mogu osjetiti ve\u0107 danas. Istovremeno, to je korak koji ja\u010da ekonomsku i politi\u010dku koheziju \u010ditavog Zapadnog Balkana i most koji ovaj region pribli\u017eava jedinstvenom tr\u017ei\u0161tu Evropske unije\u201c, kazao je Satler.<\/p>\n\n\n\n<figure class=\"wp-block-image size-large\"><img loading=\"lazy\" decoding=\"async\" width=\"1024\" height=\"683\" src=\"https:\/\/www.evropskakuca.me\/wp-content\/uploads\/2025\/10\/FRO_2957-1024x683.jpg\" alt=\"\" class=\"wp-image-45943\" srcset=\"https:\/\/www.evropskakuca.me\/wp-content\/uploads\/2025\/10\/FRO_2957-1024x683.jpg 1024w, https:\/\/www.evropskakuca.me\/wp-content\/uploads\/2025\/10\/FRO_2957-300x200.jpg 300w, https:\/\/www.evropskakuca.me\/wp-content\/uploads\/2025\/10\/FRO_2957-768x512.jpg 768w, https:\/\/www.evropskakuca.me\/wp-content\/uploads\/2025\/10\/FRO_2957-1536x1024.jpg 1536w, https:\/\/www.evropskakuca.me\/wp-content\/uploads\/2025\/10\/FRO_2957-2048x1365.jpg 2048w\" sizes=\"(max-width: 1024px) 100vw, 1024px\" \/><\/figure>\n\n\n\n<p>Predsjednik Vlade Crne Gore,&nbsp;<strong>Milojko Spaji\u0107<\/strong>, poru\u010dio je da je ovo dan istorijske prekretnice za zemlju.&nbsp;<\/p>\n\n\n\n<p>\u201eCrna Gora danas i fakti\u010dki postaje dio jedinstvenog evropskog tr\u017ei\u0161ta i pravi jedan od najva\u017enijih koraka ka punopravnom \u010dlanstvu u EU. Gra\u0111ani i privreda kona\u010dno mogu da primaju i \u0161alju novac u \u010dak 41 zemlju \u010dlanicu SEPA znatno jeftinije, br\u017ee i jednostavnije. Otvaramo vrata novom ekonomskom rastu \u2013 me\u0111unarodno poslovanje postaje jednostavnije, \u0161irenje kompanija lak\u0161e, a nove investicije realnost. Crna Gora vi\u0161e ne\u0107e biti tr\u017ei\u0161te od pola miliona, ve\u0107 dio prostora od pola milijarde gra\u0111ana Evrope. Ovo je klju\u010dni iskorak za budu\u0107e generacije \u2013 sigurnija, sna\u017enija, evropska budu\u0107nost Crne Gore\u201c, istakao je Spaji\u0107.<\/p>\n\n\n\n<p>Ministar finansija&nbsp;<strong>Novica Vukovi\u0107<\/strong>&nbsp;je istakao da Crna Gora \u010dlanstvom u SEPA dokazuje da mo\u017ee ispuniti evropske standarde.<\/p>\n\n\n\n<p>\u201e\u010clanstvo u SEPA je na\u0161 veliki i konkretan korak ka evropskom tr\u017ei\u0161tu i dokaz da Crna Gora mo\u017ee ispuniti evropske standarde i otvori nove \u0161anse za mlade, inovacije i konkurentnu ekonomiju\u201c, kazao je Vukovi\u0107.<\/p>\n\n\n\n<p>Direktor Evropskog savjeta za pla\u0107anja,&nbsp;<strong>Giorgio Andreoli<\/strong>, kazao je da je EPC sa ponosom prati pro\u0161irenje geografskog obuhvata SEPA zone koje se odvija uporedo sa usvajanjem novih EPC pravilnika o platnim \u0161emama za 2025. godinu i pokretanjem \u0161eme za verifikaciju primaoca (<em>Verification of Payee<\/em>&nbsp;\u2013 VOP).<\/p>\n\n\n\n<figure class=\"wp-block-image size-large\"><img loading=\"lazy\" decoding=\"async\" width=\"1024\" height=\"683\" src=\"https:\/\/www.evropskakuca.me\/wp-content\/uploads\/2025\/10\/FRO_3153-1024x683.jpg\" alt=\"\" class=\"wp-image-45945\" srcset=\"https:\/\/www.evropskakuca.me\/wp-content\/uploads\/2025\/10\/FRO_3153-1024x683.jpg 1024w, https:\/\/www.evropskakuca.me\/wp-content\/uploads\/2025\/10\/FRO_3153-300x200.jpg 300w, https:\/\/www.evropskakuca.me\/wp-content\/uploads\/2025\/10\/FRO_3153-768x512.jpg 768w, https:\/\/www.evropskakuca.me\/wp-content\/uploads\/2025\/10\/FRO_3153-1536x1024.jpg 1536w, https:\/\/www.evropskakuca.me\/wp-content\/uploads\/2025\/10\/FRO_3153-2048x1365.jpg 2048w\" sizes=\"(max-width: 1024px) 100vw, 1024px\" \/><\/figure>\n\n\n\n<p>\u201eEPC s posebnim uva\u017eavanjem prepoznaje zna\u010daj ovog dostignu\u0107a za crnogorsku zajednicu pru\u017ealaca platnih usluga (PSP), gra\u0111ane i privredu. Ovaj trenutak predstavlja opipljiv dokaz ja\u010danja integracije Crne Gore sa evropskom ekonomijom i njenim temeljnim stubom \u2013 SEPA platnim sistemom\u201c, naveo je Andreoli.<\/p>\n\n\n\n<p>Ambasadorka Kraljevine Danske&nbsp;<strong>Pernil Daler Kardel&nbsp;<\/strong>poru\u010dila je da je ohrabruju\u0107e biti u Crnoj Gori na ovaj istorijski dan, dok \u201eova prelijepa zemlja preduzima klju\u010dne korake ka integraciji u jedinstveno evropsko tr\u017ei\u0161te\u201c. Naglasila je da SEPA predstavlja va\u017ean dio Plana rasta EU za Zapadni Balkan, jer ne zna\u010di samo tehni\u010dki iskorak, ve\u0107 je pokreta\u010d ekonomskog razvoja i dublje integracije Crne Gore u evropski prostor.<\/p>\n\n\n\n<p>\u201eOvaj va\u017ean korak ne odnosi se samo na br\u017ea, sigurnija i efikasnija pla\u0107anja.Rije\u010d je o povezivanju Evropljana \u2014 o osje\u0107aju pripadnosti. A Crna Gora pripada Evropskoj uniji.\u201c<\/p>\n\n\n\n<p>Mlada liderka&nbsp;<strong>Jelena Kavari\u0107<\/strong>&nbsp;poru\u010dila je da za mlade koji grade svoju budu\u0107nost krzo preduzetni\u0161tvo, SEPA postaje most ka evropskom tr\u017ei\u0161tu i novim prilikama.<\/p>\n\n\n\n<p>\u201eUkoliko mlade pravilno osna\u017eimo, digitalna i dru\u0161tvena ekonomij vi\u0161e ne\u0107e biti dva odvojena svijeta, ve\u0107 jedna zajendi\u010dka platforma napretka. Danas, kada i operativno postajemo SEPA sistema, napravili smo va\u017ean korak ka tome\u201c, poru\u010dila je Kavari\u0107.<\/p>\n\n\n\n<p>U\u010desnicima su se putem video poruka obratili i generalni direktor Generalnog direktorata Evropske komisije za pro\u0161irenje i isto\u010dno susjedstvo (DG ENEST) i predsjedavaju\u0107i SEPA Upravnog odbora&nbsp;<strong>Gert Jan Kopman<\/strong>, kao i potpredsjednica Svjetske banke za Evropu,&nbsp;<strong>Antonela Basani<\/strong>.<\/p>\n\n\n\n<p>Generalni direktor DG ENEST kazao je da je dana\u0161nji dan istorijski za Crnu Goru.&nbsp;<\/p>\n\n\n\n<p>\u201eGra\u0111ani i privreda \u0107e imati priliku da koriste jeftinije, br\u017ee i pouzdanije transakcije unutar Evropske unije, ali i me\u0111usobno. To zna\u010di da \u0107e dru\u0161tva u cjelini imati koristi od ovog dostignu\u0107a \u2013 prekograni\u010dna trgovina i finansijska inkluzija \u0107e rasti, neformalna ekonomija \u0107e opadati, a ekonomski rast \u0107e se generalno ubrzati\u201c, poru\u010dio je Kopman.<\/p>\n\n\n\n<p>Potpredsjednica Svjetske banke za Evropu, Antonella Bassani, iskazala je iskrene \u010destitke vlastima Crne Gore na pionirskom uspjehu u ovom procesu.<\/p>\n\n\n\n<p>\u201eCrna Gora i njeni susjedi koji su zakora\u010dili na pozornicu SEPA osvjetljavaju put drugima. U svijetu koji defini\u0161e brzina i povezanost, finansijska izolacija je hendikep koji nijedna zemlja ne mo\u017ee da priu\u0161ti. Ponekad napredak dolazi jednostavno &#8211; samo pritiskom na polje \u201cpo\u0161alji\u201d. Crna Gora je to upravo uradila i njena budu\u0107nost \u0107e se zbog toga mnogo br\u017ee odvijati\u201c, kazala je potpredsjednica Svjetske banke.&nbsp;<\/p>\n\n\n\n<p>Tokom sve\u010danosti je simboli\u010dno pokrenuta i prva SEPA transakcije iz Crne Gore, \u010dime su crnogorske banke i formalno postale dio evropske SEPA mre\u017ee koja danas okuplja vi\u0161e od 3.900 pru\u017ealaca platnih usluga iz 41 zemlje.<\/p>\n\n\n\n<p>Nakon sve\u010danosti, zvanice su imale priliku da posjete Youth Innovation Corner &#8211; izlo\u017ebu fintech rje\u0161enja, start-up ideja i projekata koje su osmislili crnogorski mladi inovatori i preduzetnici, inspirisani digitalnom transformacijom finansijskog sektora i prilikama koje SEPA donosi.<\/p>\n","protected":false},"excerpt":{"rendered":"<p>Centralna banka Crne Gore, Vlada Crne Gore i Delegacija Evropske unije u Crnoj Gori danas su sve\u010dano obilje\u017eile istorijski trenutak \u2013 pokretanje prvih SEPA transakcija iz Crne Gore, \u010dime je na\u0161a zemlja fakti\u010dki postala dio zajedni\u010dkog evropskog platnog prostora. Ovim zna\u010dajnim korakom otvara se novo poglavlje u procesu evropskih integracija i modernizacije nacionalnog platnog sistema.&nbsp; [&hellip;]<\/p>\n","protected":false},"featured_media":45935,"template":"","meta":{"_acf_changed":false,"footnotes":""},"class_list":["post-45948","growth-plans","type-growth-plans","status-publish","has-post-thumbnail","hentry"],"acf":[],"yoast_head":"<!-- This site is optimized with the Yoast SEO plugin v27.3 - https:\/\/yoast.com\/product\/yoast-seo-wordpress\/ -->\n<title>Pokrenute prve SEPA transakcije iz Crne Gore\u00a0 - Europe House<\/title>\n<meta name=\"robots\" content=\"index, follow, max-snippet:-1, max-image-preview:large, max-video-preview:-1\" \/>\n<link rel=\"canonical\" href=\"https:\/\/www.evropskakuca.me\/me\/growth-plans\/pokrenute-prve-sepa-transakcije-iz-crne-gore\/\" \/>\n<meta property=\"og:locale\" content=\"en_US\" \/>\n<meta property=\"og:type\" content=\"article\" \/>\n<meta property=\"og:title\" content=\"Pokrenute prve SEPA transakcije iz Crne Gore\u00a0 - Europe House\" \/>\n<meta property=\"og:description\" content=\"Centralna banka Crne Gore, Vlada Crne Gore i Delegacija Evropske unije u Crnoj Gori danas su sve\u010dano obilje\u017eile istorijski trenutak \u2013 pokretanje prvih SEPA transakcija iz Crne Gore, \u010dime je na\u0161a zemlja fakti\u010dki postala dio zajedni\u010dkog evropskog platnog prostora. Ovim zna\u010dajnim korakom otvara se novo poglavlje u procesu evropskih integracija i modernizacije nacionalnog platnog sistema.&nbsp; [&hellip;]\" \/>\n<meta property=\"og:url\" content=\"https:\/\/www.evropskakuca.me\/me\/growth-plans\/pokrenute-prve-sepa-transakcije-iz-crne-gore\/\" \/>\n<meta property=\"og:site_name\" content=\"Europe House\" \/>\n<meta property=\"article:publisher\" content=\"https:\/\/www.facebook.com\/evropska.kuca\" \/>\n<meta property=\"article:modified_time\" content=\"2025-10-07T14:49:30+00:00\" \/>\n<meta property=\"og:image\" content=\"https:\/\/www.evropskakuca.me\/wp-content\/uploads\/2025\/10\/FRO_2942-scaled-e1759848558101.jpg\" \/>\n\t<meta property=\"og:image:width\" content=\"2560\" \/>\n\t<meta property=\"og:image:height\" content=\"1390\" \/>\n\t<meta property=\"og:image:type\" content=\"image\/jpeg\" \/>\n<meta name=\"twitter:card\" content=\"summary_large_image\" \/>\n<meta name=\"twitter:site\" content=\"@evropska_kuca\" \/>\n<meta name=\"twitter:label1\" content=\"Est. reading time\" \/>\n\t<meta name=\"twitter:data1\" content=\"8 minutes\" \/>\n<script type=\"application\/ld+json\" class=\"yoast-schema-graph\">{\"@context\":\"https:\\\/\\\/schema.org\",\"@graph\":[{\"@type\":\"WebPage\",\"@id\":\"https:\\\/\\\/www.evropskakuca.me\\\/me\\\/growth-plans\\\/pokrenute-prve-sepa-transakcije-iz-crne-gore\\\/\",\"url\":\"https:\\\/\\\/www.evropskakuca.me\\\/me\\\/growth-plans\\\/pokrenute-prve-sepa-transakcije-iz-crne-gore\\\/\",\"name\":\"Pokrenute prve SEPA transakcije iz Crne Gore\u00a0 - Europe House\",\"isPartOf\":{\"@id\":\"https:\\\/\\\/www.evropskakuca.me\\\/me\\\/#website\"},\"primaryImageOfPage\":{\"@id\":\"https:\\\/\\\/www.evropskakuca.me\\\/me\\\/growth-plans\\\/pokrenute-prve-sepa-transakcije-iz-crne-gore\\\/#primaryimage\"},\"image\":{\"@id\":\"https:\\\/\\\/www.evropskakuca.me\\\/me\\\/growth-plans\\\/pokrenute-prve-sepa-transakcije-iz-crne-gore\\\/#primaryimage\"},\"thumbnailUrl\":\"https:\\\/\\\/www.evropskakuca.me\\\/wp-content\\\/uploads\\\/2025\\\/10\\\/FRO_2942-scaled-e1759848558101.jpg\",\"datePublished\":\"2025-10-07T14:48:31+00:00\",\"dateModified\":\"2025-10-07T14:49:30+00:00\",\"breadcrumb\":{\"@id\":\"https:\\\/\\\/www.evropskakuca.me\\\/me\\\/growth-plans\\\/pokrenute-prve-sepa-transakcije-iz-crne-gore\\\/#breadcrumb\"},\"inLanguage\":\"me-ME\",\"potentialAction\":[{\"@type\":\"ReadAction\",\"target\":[\"https:\\\/\\\/www.evropskakuca.me\\\/me\\\/growth-plans\\\/pokrenute-prve-sepa-transakcije-iz-crne-gore\\\/\"]}]},{\"@type\":\"ImageObject\",\"inLanguage\":\"me-ME\",\"@id\":\"https:\\\/\\\/www.evropskakuca.me\\\/me\\\/growth-plans\\\/pokrenute-prve-sepa-transakcije-iz-crne-gore\\\/#primaryimage\",\"url\":\"https:\\\/\\\/www.evropskakuca.me\\\/wp-content\\\/uploads\\\/2025\\\/10\\\/FRO_2942-scaled-e1759848558101.jpg\",\"contentUrl\":\"https:\\\/\\\/www.evropskakuca.me\\\/wp-content\\\/uploads\\\/2025\\\/10\\\/FRO_2942-scaled-e1759848558101.jpg\",\"width\":2560,\"height\":1390},{\"@type\":\"BreadcrumbList\",\"@id\":\"https:\\\/\\\/www.evropskakuca.me\\\/me\\\/growth-plans\\\/pokrenute-prve-sepa-transakcije-iz-crne-gore\\\/#breadcrumb\",\"itemListElement\":[{\"@type\":\"ListItem\",\"position\":1,\"name\":\"Home\",\"item\":\"https:\\\/\\\/www.evropskakuca.me\\\/me\\\/\"},{\"@type\":\"ListItem\",\"position\":2,\"name\":\"Pokrenute prve SEPA transakcije iz Crne Gore\u00a0\"}]},{\"@type\":\"WebSite\",\"@id\":\"https:\\\/\\\/www.evropskakuca.me\\\/me\\\/#website\",\"url\":\"https:\\\/\\\/www.evropskakuca.me\\\/me\\\/\",\"name\":\"Evropean house\",\"description\":\"\",\"publisher\":{\"@id\":\"https:\\\/\\\/www.evropskakuca.me\\\/me\\\/#organization\"},\"potentialAction\":[{\"@type\":\"SearchAction\",\"target\":{\"@type\":\"EntryPoint\",\"urlTemplate\":\"https:\\\/\\\/www.evropskakuca.me\\\/me\\\/?s={search_term_string}\"},\"query-input\":{\"@type\":\"PropertyValueSpecification\",\"valueRequired\":true,\"valueName\":\"search_term_string\"}}],\"inLanguage\":\"me-ME\"},{\"@type\":\"Organization\",\"@id\":\"https:\\\/\\\/www.evropskakuca.me\\\/me\\\/#organization\",\"name\":\"Evropean house\",\"url\":\"https:\\\/\\\/www.evropskakuca.me\\\/me\\\/\",\"logo\":{\"@type\":\"ImageObject\",\"inLanguage\":\"me-ME\",\"@id\":\"https:\\\/\\\/www.evropskakuca.me\\\/me\\\/#\\\/schema\\\/logo\\\/image\\\/\",\"url\":\"https:\\\/\\\/www.evropskakuca.me\\\/wp-content\\\/uploads\\\/2025\\\/01\\\/evropska-kuca-logo-1.png\",\"contentUrl\":\"https:\\\/\\\/www.evropskakuca.me\\\/wp-content\\\/uploads\\\/2025\\\/01\\\/evropska-kuca-logo-1.png\",\"width\":425,\"height\":312,\"caption\":\"Evropean house\"},\"image\":{\"@id\":\"https:\\\/\\\/www.evropskakuca.me\\\/me\\\/#\\\/schema\\\/logo\\\/image\\\/\"},\"sameAs\":[\"https:\\\/\\\/www.facebook.com\\\/evropska.kuca\",\"https:\\\/\\\/x.com\\\/evropska_kuca\",\"https:\\\/\\\/www.instagram.com\\\/evropska_kuca\"]}]}<\/script>\n<!-- \/ Yoast SEO plugin. -->","yoast_head_json":{"title":"Pokrenute prve SEPA transakcije iz Crne Gore\u00a0 - Europe House","robots":{"index":"index","follow":"follow","max-snippet":"max-snippet:-1","max-image-preview":"max-image-preview:large","max-video-preview":"max-video-preview:-1"},"canonical":"https:\/\/www.evropskakuca.me\/me\/growth-plans\/pokrenute-prve-sepa-transakcije-iz-crne-gore\/","og_locale":"en_US","og_type":"article","og_title":"Pokrenute prve SEPA transakcije iz Crne Gore\u00a0 - Europe House","og_description":"Centralna banka Crne Gore, Vlada Crne Gore i Delegacija Evropske unije u Crnoj Gori danas su sve\u010dano obilje\u017eile istorijski trenutak \u2013 pokretanje prvih SEPA transakcija iz Crne Gore, \u010dime je na\u0161a zemlja fakti\u010dki postala dio zajedni\u010dkog evropskog platnog prostora. Ovim zna\u010dajnim korakom otvara se novo poglavlje u procesu evropskih integracija i modernizacije nacionalnog platnog sistema.&nbsp; [&hellip;]","og_url":"https:\/\/www.evropskakuca.me\/me\/growth-plans\/pokrenute-prve-sepa-transakcije-iz-crne-gore\/","og_site_name":"Europe House","article_publisher":"https:\/\/www.facebook.com\/evropska.kuca","article_modified_time":"2025-10-07T14:49:30+00:00","og_image":[{"width":2560,"height":1390,"url":"https:\/\/www.evropskakuca.me\/wp-content\/uploads\/2025\/10\/FRO_2942-scaled-e1759848558101.jpg","type":"image\/jpeg"}],"twitter_card":"summary_large_image","twitter_site":"@evropska_kuca","twitter_misc":{"Est. reading time":"8 minutes"},"schema":{"@context":"https:\/\/schema.org","@graph":[{"@type":"WebPage","@id":"https:\/\/www.evropskakuca.me\/me\/growth-plans\/pokrenute-prve-sepa-transakcije-iz-crne-gore\/","url":"https:\/\/www.evropskakuca.me\/me\/growth-plans\/pokrenute-prve-sepa-transakcije-iz-crne-gore\/","name":"Pokrenute prve SEPA transakcije iz Crne Gore\u00a0 - Europe House","isPartOf":{"@id":"https:\/\/www.evropskakuca.me\/me\/#website"},"primaryImageOfPage":{"@id":"https:\/\/www.evropskakuca.me\/me\/growth-plans\/pokrenute-prve-sepa-transakcije-iz-crne-gore\/#primaryimage"},"image":{"@id":"https:\/\/www.evropskakuca.me\/me\/growth-plans\/pokrenute-prve-sepa-transakcije-iz-crne-gore\/#primaryimage"},"thumbnailUrl":"https:\/\/www.evropskakuca.me\/wp-content\/uploads\/2025\/10\/FRO_2942-scaled-e1759848558101.jpg","datePublished":"2025-10-07T14:48:31+00:00","dateModified":"2025-10-07T14:49:30+00:00","breadcrumb":{"@id":"https:\/\/www.evropskakuca.me\/me\/growth-plans\/pokrenute-prve-sepa-transakcije-iz-crne-gore\/#breadcrumb"},"inLanguage":"me-ME","potentialAction":[{"@type":"ReadAction","target":["https:\/\/www.evropskakuca.me\/me\/growth-plans\/pokrenute-prve-sepa-transakcije-iz-crne-gore\/"]}]},{"@type":"ImageObject","inLanguage":"me-ME","@id":"https:\/\/www.evropskakuca.me\/me\/growth-plans\/pokrenute-prve-sepa-transakcije-iz-crne-gore\/#primaryimage","url":"https:\/\/www.evropskakuca.me\/wp-content\/uploads\/2025\/10\/FRO_2942-scaled-e1759848558101.jpg","contentUrl":"https:\/\/www.evropskakuca.me\/wp-content\/uploads\/2025\/10\/FRO_2942-scaled-e1759848558101.jpg","width":2560,"height":1390},{"@type":"BreadcrumbList","@id":"https:\/\/www.evropskakuca.me\/me\/growth-plans\/pokrenute-prve-sepa-transakcije-iz-crne-gore\/#breadcrumb","itemListElement":[{"@type":"ListItem","position":1,"name":"Home","item":"https:\/\/www.evropskakuca.me\/me\/"},{"@type":"ListItem","position":2,"name":"Pokrenute prve SEPA transakcije iz Crne Gore\u00a0"}]},{"@type":"WebSite","@id":"https:\/\/www.evropskakuca.me\/me\/#website","url":"https:\/\/www.evropskakuca.me\/me\/","name":"Evropean house","description":"","publisher":{"@id":"https:\/\/www.evropskakuca.me\/me\/#organization"},"potentialAction":[{"@type":"SearchAction","target":{"@type":"EntryPoint","urlTemplate":"https:\/\/www.evropskakuca.me\/me\/?s={search_term_string}"},"query-input":{"@type":"PropertyValueSpecification","valueRequired":true,"valueName":"search_term_string"}}],"inLanguage":"me-ME"},{"@type":"Organization","@id":"https:\/\/www.evropskakuca.me\/me\/#organization","name":"Evropean house","url":"https:\/\/www.evropskakuca.me\/me\/","logo":{"@type":"ImageObject","inLanguage":"me-ME","@id":"https:\/\/www.evropskakuca.me\/me\/#\/schema\/logo\/image\/","url":"https:\/\/www.evropskakuca.me\/wp-content\/uploads\/2025\/01\/evropska-kuca-logo-1.png","contentUrl":"https:\/\/www.evropskakuca.me\/wp-content\/uploads\/2025\/01\/evropska-kuca-logo-1.png","width":425,"height":312,"caption":"Evropean house"},"image":{"@id":"https:\/\/www.evropskakuca.me\/me\/#\/schema\/logo\/image\/"},"sameAs":["https:\/\/www.facebook.com\/evropska.kuca","https:\/\/x.com\/evropska_kuca","https:\/\/www.instagram.com\/evropska_kuca"]}]}},"_links":{"self":[{"href":"https:\/\/www.evropskakuca.me\/me\/wp-json\/wp\/v2\/growth-plans\/45948","targetHints":{"allow":["GET"]}}],"collection":[{"href":"https:\/\/www.evropskakuca.me\/me\/wp-json\/wp\/v2\/growth-plans"}],"about":[{"href":"https:\/\/www.evropskakuca.me\/me\/wp-json\/wp\/v2\/types\/growth-plans"}],"version-history":[{"count":1,"href":"https:\/\/www.evropskakuca.me\/me\/wp-json\/wp\/v2\/growth-plans\/45948\/revisions"}],"predecessor-version":[{"id":45950,"href":"https:\/\/www.evropskakuca.me\/me\/wp-json\/wp\/v2\/growth-plans\/45948\/revisions\/45950"}],"wp:featuredmedia":[{"embeddable":true,"href":"https:\/\/www.evropskakuca.me\/me\/wp-json\/wp\/v2\/media\/45935"}],"wp:attachment":[{"href":"https:\/\/www.evropskakuca.me\/me\/wp-json\/wp\/v2\/media?parent=45948"}],"curies":[{"name":"wp","href":"https:\/\/api.w.org\/{rel}","templated":true}]}}