{"id":45438,"date":"2025-07-24T15:26:08","date_gmt":"2025-07-24T15:26:08","guid":{"rendered":"https:\/\/www.evropskakuca.me\/?post_type=growth-plans&#038;p=45438"},"modified":"2025-07-24T15:26:10","modified_gmt":"2025-07-24T15:26:10","slug":"satler-e150-miliona-za-nastavak-gradnje-autoputa","status":"publish","type":"growth-plans","link":"https:\/\/www.evropskakuca.me\/me\/growth-plans\/satler-e150-miliona-za-nastavak-gradnje-autoputa\/","title":{"rendered":"Satler: \u20ac150 miliona za nastavak gradnje autoputa"},"content":{"rendered":"\n<p><strong><em>Evropska unija<\/em><\/strong><em>&nbsp;(<\/em><em>EU<\/em><em>)&nbsp;<\/em><em>i&nbsp;<strong>Evropska banka za obnovu i razvoj<\/strong>&nbsp;<\/em><em>(<\/em><em>EBRD<\/em><em>)&nbsp;<\/em><em>poma<\/em><em>\u017e<\/em><em>u unapre<\/em><em>\u0111<\/em><em>enje transportne povezanosti Crne Gore.<\/em><\/p>\n\n\n\n<p>\u201cEvropska unija danas ula\u017ee&nbsp;<strong>150&nbsp;<\/strong><strong>miliona eura bespovratne pomo<\/strong><strong>\u0107<\/strong><strong>i<\/strong>&nbsp;za izgradnju dionice autoputa od Mate\u0161eva do Andrijevice.&nbsp;Ova dionica&nbsp;<strong>nije<\/strong><strong> <\/strong><strong>samo<\/strong><strong> <\/strong><strong>jo<\/strong><strong>\u0161&nbsp;<\/strong><strong>jedan<\/strong><strong> <\/strong><strong>put<\/strong>.&nbsp;Rije\u010d je o klju\u010dnoj&nbsp;<strong>strate\u0161koj investiciji<\/strong>&nbsp;<strong>u<\/strong><strong> <\/strong><strong>budu<\/strong><strong>\u0107<\/strong><strong>nost<\/strong>&nbsp;Crne Gore,&nbsp;posebno u njen&nbsp;<strong>sjever<\/strong>\u201c, kazao je ambasador Evropske unije u Crnoj Gori, Johan Satler tokom doga\u0111aja u okviru kojeg je potpisan sporazum za&nbsp;<strong>nastavak izgradnje druge dionice (Mate<\/strong><strong>\u0161<\/strong><strong>evo<\/strong><strong>&nbsp;\u2013&nbsp;<\/strong><strong>Andrijevica)<\/strong>&nbsp;<strong>autoputa<\/strong>&nbsp;Bar\u2013Boljare.&nbsp;<\/p>\n\n\n\n<blockquote class=\"wp-block-quote is-layout-flow wp-block-quote-is-layout-flow\">\n<p>Kako je kazao Satler rije\u010d je o <strong>najve<\/strong><strong>\u0107<\/strong><strong>em grantu<\/strong>&nbsp;koji je Evropska unija&nbsp;<strong>ikada<\/strong>&nbsp;<strong>dodijelila<\/strong>&nbsp;Crnoj Gori.&nbsp;<\/p>\n<\/blockquote>\n\n\n\n<figure class=\"wp-block-image size-large\"><img fetchpriority=\"high\" decoding=\"async\" width=\"1024\" height=\"683\" src=\"https:\/\/www.evropskakuca.me\/wp-content\/uploads\/2025\/07\/Photo-3-3-1024x683.jpeg\" alt=\"\" class=\"wp-image-45433\" srcset=\"https:\/\/www.evropskakuca.me\/wp-content\/uploads\/2025\/07\/Photo-3-3-1024x683.jpeg 1024w, https:\/\/www.evropskakuca.me\/wp-content\/uploads\/2025\/07\/Photo-3-3-300x200.jpeg 300w, https:\/\/www.evropskakuca.me\/wp-content\/uploads\/2025\/07\/Photo-3-3-768x512.jpeg 768w, https:\/\/www.evropskakuca.me\/wp-content\/uploads\/2025\/07\/Photo-3-3.jpeg 1280w\" sizes=\"(max-width: 1024px) 100vw, 1024px\" \/><\/figure>\n\n\n\n<p>\u201eOvo&nbsp;<strong>nije<\/strong>&nbsp;<strong>poklon<\/strong>&nbsp;bez&nbsp;<strong>obaveza<\/strong>.&nbsp;Ovo je&nbsp;<strong>podr\u0161ka<\/strong>, ali i&nbsp;<strong>o\u010dekivanje<\/strong>. Jer kada ula\u017eemo&nbsp;<strong>evropski novac<\/strong>&nbsp;\u2013 to zna\u010di da o\u010dekujemo i&nbsp;<strong>evropski kvalitet<\/strong>. To zna\u010di da \u0107e se projekat sprovoditi prema&nbsp;<strong>najvi\u0161im standardima<\/strong>&nbsp;\u2013&nbsp;<strong>fer<\/strong>&nbsp;javna nabavka,&nbsp;<strong>za\u0161tita<\/strong>&nbsp;\u017eivotne sredine,&nbsp;<strong>uva\u017eavanje<\/strong>&nbsp;lokalnih zajednica,&nbsp;<strong>transparentnost<\/strong>&nbsp;tro\u0161enja sredstava. Sve ono \u0161to i&nbsp;<strong>gra\u0111ani<\/strong>&nbsp;Crne Gore&nbsp;<strong>\u017eele<\/strong>&nbsp;od svojih institucija. Upravo zato je ova investicija toliko va\u017ena. Jer pored toga \u0161to povezuje jug i sjever, ona&nbsp;<strong>povezuje<\/strong>&nbsp;i Crnu Goru i \u0161iri region sa&nbsp;<strong>Evropskom unijom<\/strong>&nbsp;\u2013 ne samo&nbsp;<strong>fizi\u010dki<\/strong>, ve\u0107 i kroz&nbsp;<strong>zajedni\u010dke<\/strong>&nbsp;<strong>vrijednosti<\/strong>&nbsp;i&nbsp;<strong>pravila<\/strong>\u201c, istakao je Satler.<\/p>\n\n\n\n<blockquote class=\"wp-block-quote is-layout-flow wp-block-quote-is-layout-flow\">\n<p>Za izgradnju ove 22 km duge dionice,&nbsp;Evropska banka za obnovu i razvoj&nbsp;<strong>EBRD<\/strong>&nbsp;odobrila je&nbsp;<strong>zajam&nbsp;<\/strong>vijedan&nbsp;<strong>200&nbsp;<\/strong><strong>miliona<\/strong><strong> <\/strong><strong>eura<\/strong>.&nbsp;<\/p>\n<\/blockquote>\n\n\n\n<p>Satler je kazao da ova dionica \u010dini dio&nbsp;<strong>evropskog transportnog koridora<\/strong>.&nbsp;On je dodao da ona tako\u0111e predstavlja dio&nbsp;<strong>poglavlja 21<\/strong> i istakao da je izgradnja ovog va\u017enog putnog pravca po&nbsp;<strong>evropskim pravilima<\/strong> jo\u0161 jedan konkretan&nbsp;<strong>korak ka \u010dlanstvu<\/strong>&nbsp;Crne Gore u EU.<\/p>\n\n\n\n<figure class=\"wp-block-image size-large\"><img decoding=\"async\" width=\"1024\" height=\"683\" src=\"https:\/\/www.evropskakuca.me\/wp-content\/uploads\/2025\/07\/Photo-1-4-1-1024x683.jpeg\" alt=\"\" class=\"wp-image-45439\" srcset=\"https:\/\/www.evropskakuca.me\/wp-content\/uploads\/2025\/07\/Photo-1-4-1-1024x683.jpeg 1024w, https:\/\/www.evropskakuca.me\/wp-content\/uploads\/2025\/07\/Photo-1-4-1-300x200.jpeg 300w, https:\/\/www.evropskakuca.me\/wp-content\/uploads\/2025\/07\/Photo-1-4-1-768x512.jpeg 768w, https:\/\/www.evropskakuca.me\/wp-content\/uploads\/2025\/07\/Photo-1-4-1.jpeg 1280w\" sizes=\"(max-width: 1024px) 100vw, 1024px\" \/><\/figure>\n\n\n\n<p>\u201eProjekat koji danas podr\u017eavamo vrijedan je ukupno oko&nbsp;<strong>600 miliona eura<\/strong>&nbsp;\u2013 zahvaljuju\u0107i partnerstvu sa&nbsp;<strong>Evropskom bankom za obnovu i razvoj<\/strong>, kao i doprinosu dr\u017eave Crne Gore\u201c kazao je Satler.<\/p>\n\n\n\n<p>On je istakao da je Evropska unija spremna da i&nbsp;<strong>dalje ula\u017ee<\/strong>&nbsp;u saobra\u0107ajnu infrastrukturu u Crnoj Gori.<\/p>\n\n\n\n<p>\u201eCrna Gora sebe s pravom vidi kao&nbsp;<strong>zelenu destinaciju<\/strong>&nbsp;\u2013 i zato njeni&nbsp;<strong>putevi<\/strong>&nbsp;treba da&nbsp;<strong>prate tu viziju<\/strong>.\u201d kazao je Satler i dodao da EU&nbsp;<strong>pozdravlja inicijativu<\/strong>&nbsp;da se istra\u017ei&nbsp;<strong>potencijal&nbsp;solarne energije<\/strong>&nbsp;du\u017e auto-puta.<\/p>\n\n\n\n<p>Tokom svog obra\u0107anja ambasador se osvrnuo i na Plan rasta za Zapadni Balkan.<\/p>\n\n\n\n<p>\u201cDana\u0161nja podr\u0161ka ide&nbsp;<strong>ruku pod ruku<\/strong>&nbsp;sa na\u0161om&nbsp;<strong>\u0161irom podr\u0161kom<\/strong>&nbsp;kroz&nbsp;<strong>Plan rasta EU<\/strong>. Kroz ovu inicijativu ula\u017eemo gotovo&nbsp;<strong>400&nbsp;miliona eura<\/strong>&nbsp;u vidu&nbsp;<strong>bespovratne pomo\u0107i<\/strong>&nbsp;i&nbsp;<strong>povoljnih kredita<\/strong>, kako bi se stvorile&nbsp;<strong>nove prilike<\/strong>&nbsp;za&nbsp;<strong>odr\u017eivi razvoj<\/strong>&nbsp;\u0161irom Crne Gore.<\/p>\n\n\n\n<p>Satler je tako\u0111e kazao i da se u&nbsp;<strong>oktobru<\/strong>&nbsp;ove godine o\u010dekuje pristupanje Crne Gore &nbsp;<strong>Jedinstvenom podru\u010dju pla\u0107anja u eurima<\/strong>&nbsp;\u2013&nbsp;<strong>SEPA<\/strong>&nbsp;, \u0161to predstavlja jedan od&nbsp;<strong>krupnih koraka naprijed<\/strong>.<\/p>\n\n\n\n<p>\u201cGovorimo o&nbsp;<strong>jasnim<\/strong> i&nbsp;<strong>konkretnim primjerima<\/strong>&nbsp;kako evropski put Crne Gore&nbsp;<strong>ve\u0107 donosi stvarne koristi<\/strong>&nbsp;za njene&nbsp;<strong>gra\u0111ane<\/strong>&nbsp;i&nbsp;<strong>ekonomiju<\/strong>\u201d kazao je Satler.<\/p>\n\n\n\n<p>On je <strong>zahvalio<\/strong>&nbsp;svima koji su mjesecima radili kako bi ovaj trenutak bio mogu\u0107.<\/p>\n\n\n\n<p>\u201cOvo je&nbsp;<strong>zajedni\u010dki uspjeh<\/strong> koji pokazuje da kada radimo po&nbsp;<strong>evropskim principima<\/strong>&nbsp;\u2013&nbsp;<strong>kvaliteta<\/strong>,&nbsp;<strong>otvorenosti<\/strong>&nbsp;i&nbsp;<strong>saradnje<\/strong>&nbsp;\u2013 sti\u017eemo do&nbsp;<strong>pravih rezultata<\/strong>\u201d zaklju\u010dio je Satler.<\/p>\n","protected":false},"excerpt":{"rendered":"<p>Evropska unija&nbsp;(EU)&nbsp;i&nbsp;Evropska banka za obnovu i razvoj&nbsp;(EBRD)&nbsp;poma\u017eu unapre\u0111enje transportne povezanosti Crne Gore. \u201cEvropska unija danas ula\u017ee&nbsp;150&nbsp;miliona eura bespovratne pomo\u0107i&nbsp;za izgradnju dionice autoputa od Mate\u0161eva do Andrijevice.&nbsp;Ova dionica&nbsp;nije samo jo\u0161&nbsp;jedan put.&nbsp;Rije\u010d je o klju\u010dnoj&nbsp;strate\u0161koj investiciji&nbsp;u budu\u0107nost&nbsp;Crne Gore,&nbsp;posebno u njen&nbsp;sjever\u201c, kazao je ambasador Evropske unije u Crnoj Gori, Johan Satler tokom doga\u0111aja u okviru kojeg je potpisan [&hellip;]<\/p>\n","protected":false},"featured_media":45431,"template":"","meta":{"_acf_changed":false,"footnotes":""},"class_list":["post-45438","growth-plans","type-growth-plans","status-publish","has-post-thumbnail","hentry"],"acf":[],"yoast_head":"<!-- This site is optimized with the Yoast SEO plugin v27.3 - https:\/\/yoast.com\/product\/yoast-seo-wordpress\/ -->\n<title>Satler: \u20ac150 miliona za nastavak gradnje autoputa - Europe House<\/title>\n<meta name=\"robots\" content=\"index, follow, max-snippet:-1, max-image-preview:large, max-video-preview:-1\" \/>\n<link rel=\"canonical\" href=\"https:\/\/www.evropskakuca.me\/me\/growth-plans\/satler-e150-miliona-za-nastavak-gradnje-autoputa\/\" \/>\n<meta property=\"og:locale\" content=\"en_US\" \/>\n<meta property=\"og:type\" content=\"article\" \/>\n<meta property=\"og:title\" content=\"Satler: \u20ac150 miliona za nastavak gradnje autoputa - Europe House\" \/>\n<meta property=\"og:description\" content=\"Evropska unija&nbsp;(EU)&nbsp;i&nbsp;Evropska banka za obnovu i razvoj&nbsp;(EBRD)&nbsp;poma\u017eu unapre\u0111enje transportne povezanosti Crne Gore. \u201cEvropska unija danas ula\u017ee&nbsp;150&nbsp;miliona eura bespovratne pomo\u0107i&nbsp;za izgradnju dionice autoputa od Mate\u0161eva do Andrijevice.&nbsp;Ova dionica&nbsp;nije samo jo\u0161&nbsp;jedan put.&nbsp;Rije\u010d je o klju\u010dnoj&nbsp;strate\u0161koj investiciji&nbsp;u budu\u0107nost&nbsp;Crne Gore,&nbsp;posebno u njen&nbsp;sjever\u201c, kazao je ambasador Evropske unije u Crnoj Gori, Johan Satler tokom doga\u0111aja u okviru kojeg je potpisan [&hellip;]\" \/>\n<meta property=\"og:url\" content=\"https:\/\/www.evropskakuca.me\/me\/growth-plans\/satler-e150-miliona-za-nastavak-gradnje-autoputa\/\" \/>\n<meta property=\"og:site_name\" content=\"Europe House\" \/>\n<meta property=\"article:publisher\" content=\"https:\/\/www.facebook.com\/evropska.kuca\" \/>\n<meta property=\"article:modified_time\" content=\"2025-07-24T15:26:10+00:00\" \/>\n<meta property=\"og:image\" content=\"https:\/\/www.evropskakuca.me\/wp-content\/uploads\/2025\/07\/Photo-4-2-e1753370537625.jpeg\" \/>\n\t<meta property=\"og:image:width\" content=\"1280\" \/>\n\t<meta property=\"og:image:height\" content=\"612\" \/>\n\t<meta property=\"og:image:type\" content=\"image\/jpeg\" \/>\n<meta name=\"twitter:card\" content=\"summary_large_image\" \/>\n<meta name=\"twitter:site\" content=\"@evropska_kuca\" \/>\n<meta name=\"twitter:label1\" content=\"Est. reading time\" \/>\n\t<meta name=\"twitter:data1\" content=\"3 minutes\" \/>\n<script type=\"application\/ld+json\" class=\"yoast-schema-graph\">{\"@context\":\"https:\\\/\\\/schema.org\",\"@graph\":[{\"@type\":\"WebPage\",\"@id\":\"https:\\\/\\\/www.evropskakuca.me\\\/me\\\/growth-plans\\\/satler-e150-miliona-za-nastavak-gradnje-autoputa\\\/\",\"url\":\"https:\\\/\\\/www.evropskakuca.me\\\/me\\\/growth-plans\\\/satler-e150-miliona-za-nastavak-gradnje-autoputa\\\/\",\"name\":\"Satler: \u20ac150 miliona za nastavak gradnje autoputa - Europe House\",\"isPartOf\":{\"@id\":\"https:\\\/\\\/www.evropskakuca.me\\\/me\\\/#website\"},\"primaryImageOfPage\":{\"@id\":\"https:\\\/\\\/www.evropskakuca.me\\\/me\\\/growth-plans\\\/satler-e150-miliona-za-nastavak-gradnje-autoputa\\\/#primaryimage\"},\"image\":{\"@id\":\"https:\\\/\\\/www.evropskakuca.me\\\/me\\\/growth-plans\\\/satler-e150-miliona-za-nastavak-gradnje-autoputa\\\/#primaryimage\"},\"thumbnailUrl\":\"https:\\\/\\\/www.evropskakuca.me\\\/wp-content\\\/uploads\\\/2025\\\/07\\\/Photo-4-2-e1753370537625.jpeg\",\"datePublished\":\"2025-07-24T15:26:08+00:00\",\"dateModified\":\"2025-07-24T15:26:10+00:00\",\"breadcrumb\":{\"@id\":\"https:\\\/\\\/www.evropskakuca.me\\\/me\\\/growth-plans\\\/satler-e150-miliona-za-nastavak-gradnje-autoputa\\\/#breadcrumb\"},\"inLanguage\":\"me-ME\",\"potentialAction\":[{\"@type\":\"ReadAction\",\"target\":[\"https:\\\/\\\/www.evropskakuca.me\\\/me\\\/growth-plans\\\/satler-e150-miliona-za-nastavak-gradnje-autoputa\\\/\"]}]},{\"@type\":\"ImageObject\",\"inLanguage\":\"me-ME\",\"@id\":\"https:\\\/\\\/www.evropskakuca.me\\\/me\\\/growth-plans\\\/satler-e150-miliona-za-nastavak-gradnje-autoputa\\\/#primaryimage\",\"url\":\"https:\\\/\\\/www.evropskakuca.me\\\/wp-content\\\/uploads\\\/2025\\\/07\\\/Photo-4-2-e1753370537625.jpeg\",\"contentUrl\":\"https:\\\/\\\/www.evropskakuca.me\\\/wp-content\\\/uploads\\\/2025\\\/07\\\/Photo-4-2-e1753370537625.jpeg\",\"width\":1280,\"height\":612},{\"@type\":\"BreadcrumbList\",\"@id\":\"https:\\\/\\\/www.evropskakuca.me\\\/me\\\/growth-plans\\\/satler-e150-miliona-za-nastavak-gradnje-autoputa\\\/#breadcrumb\",\"itemListElement\":[{\"@type\":\"ListItem\",\"position\":1,\"name\":\"Home\",\"item\":\"https:\\\/\\\/www.evropskakuca.me\\\/me\\\/\"},{\"@type\":\"ListItem\",\"position\":2,\"name\":\"Satler: \u20ac150 miliona za nastavak gradnje autoputa\"}]},{\"@type\":\"WebSite\",\"@id\":\"https:\\\/\\\/www.evropskakuca.me\\\/me\\\/#website\",\"url\":\"https:\\\/\\\/www.evropskakuca.me\\\/me\\\/\",\"name\":\"Evropean house\",\"description\":\"\",\"publisher\":{\"@id\":\"https:\\\/\\\/www.evropskakuca.me\\\/me\\\/#organization\"},\"potentialAction\":[{\"@type\":\"SearchAction\",\"target\":{\"@type\":\"EntryPoint\",\"urlTemplate\":\"https:\\\/\\\/www.evropskakuca.me\\\/me\\\/?s={search_term_string}\"},\"query-input\":{\"@type\":\"PropertyValueSpecification\",\"valueRequired\":true,\"valueName\":\"search_term_string\"}}],\"inLanguage\":\"me-ME\"},{\"@type\":\"Organization\",\"@id\":\"https:\\\/\\\/www.evropskakuca.me\\\/me\\\/#organization\",\"name\":\"Evropean house\",\"url\":\"https:\\\/\\\/www.evropskakuca.me\\\/me\\\/\",\"logo\":{\"@type\":\"ImageObject\",\"inLanguage\":\"me-ME\",\"@id\":\"https:\\\/\\\/www.evropskakuca.me\\\/me\\\/#\\\/schema\\\/logo\\\/image\\\/\",\"url\":\"https:\\\/\\\/www.evropskakuca.me\\\/wp-content\\\/uploads\\\/2025\\\/01\\\/evropska-kuca-logo-1.png\",\"contentUrl\":\"https:\\\/\\\/www.evropskakuca.me\\\/wp-content\\\/uploads\\\/2025\\\/01\\\/evropska-kuca-logo-1.png\",\"width\":425,\"height\":312,\"caption\":\"Evropean house\"},\"image\":{\"@id\":\"https:\\\/\\\/www.evropskakuca.me\\\/me\\\/#\\\/schema\\\/logo\\\/image\\\/\"},\"sameAs\":[\"https:\\\/\\\/www.facebook.com\\\/evropska.kuca\",\"https:\\\/\\\/x.com\\\/evropska_kuca\",\"https:\\\/\\\/www.instagram.com\\\/evropska_kuca\"]}]}<\/script>\n<!-- \/ Yoast SEO plugin. -->","yoast_head_json":{"title":"Satler: \u20ac150 miliona za nastavak gradnje autoputa - Europe House","robots":{"index":"index","follow":"follow","max-snippet":"max-snippet:-1","max-image-preview":"max-image-preview:large","max-video-preview":"max-video-preview:-1"},"canonical":"https:\/\/www.evropskakuca.me\/me\/growth-plans\/satler-e150-miliona-za-nastavak-gradnje-autoputa\/","og_locale":"en_US","og_type":"article","og_title":"Satler: \u20ac150 miliona za nastavak gradnje autoputa - Europe House","og_description":"Evropska unija&nbsp;(EU)&nbsp;i&nbsp;Evropska banka za obnovu i razvoj&nbsp;(EBRD)&nbsp;poma\u017eu unapre\u0111enje transportne povezanosti Crne Gore. \u201cEvropska unija danas ula\u017ee&nbsp;150&nbsp;miliona eura bespovratne pomo\u0107i&nbsp;za izgradnju dionice autoputa od Mate\u0161eva do Andrijevice.&nbsp;Ova dionica&nbsp;nije samo jo\u0161&nbsp;jedan put.&nbsp;Rije\u010d je o klju\u010dnoj&nbsp;strate\u0161koj investiciji&nbsp;u budu\u0107nost&nbsp;Crne Gore,&nbsp;posebno u njen&nbsp;sjever\u201c, kazao je ambasador Evropske unije u Crnoj Gori, Johan Satler tokom doga\u0111aja u okviru kojeg je potpisan [&hellip;]","og_url":"https:\/\/www.evropskakuca.me\/me\/growth-plans\/satler-e150-miliona-za-nastavak-gradnje-autoputa\/","og_site_name":"Europe House","article_publisher":"https:\/\/www.facebook.com\/evropska.kuca","article_modified_time":"2025-07-24T15:26:10+00:00","og_image":[{"width":1280,"height":612,"url":"https:\/\/www.evropskakuca.me\/wp-content\/uploads\/2025\/07\/Photo-4-2-e1753370537625.jpeg","type":"image\/jpeg"}],"twitter_card":"summary_large_image","twitter_site":"@evropska_kuca","twitter_misc":{"Est. reading time":"3 minutes"},"schema":{"@context":"https:\/\/schema.org","@graph":[{"@type":"WebPage","@id":"https:\/\/www.evropskakuca.me\/me\/growth-plans\/satler-e150-miliona-za-nastavak-gradnje-autoputa\/","url":"https:\/\/www.evropskakuca.me\/me\/growth-plans\/satler-e150-miliona-za-nastavak-gradnje-autoputa\/","name":"Satler: \u20ac150 miliona za nastavak gradnje autoputa - Europe House","isPartOf":{"@id":"https:\/\/www.evropskakuca.me\/me\/#website"},"primaryImageOfPage":{"@id":"https:\/\/www.evropskakuca.me\/me\/growth-plans\/satler-e150-miliona-za-nastavak-gradnje-autoputa\/#primaryimage"},"image":{"@id":"https:\/\/www.evropskakuca.me\/me\/growth-plans\/satler-e150-miliona-za-nastavak-gradnje-autoputa\/#primaryimage"},"thumbnailUrl":"https:\/\/www.evropskakuca.me\/wp-content\/uploads\/2025\/07\/Photo-4-2-e1753370537625.jpeg","datePublished":"2025-07-24T15:26:08+00:00","dateModified":"2025-07-24T15:26:10+00:00","breadcrumb":{"@id":"https:\/\/www.evropskakuca.me\/me\/growth-plans\/satler-e150-miliona-za-nastavak-gradnje-autoputa\/#breadcrumb"},"inLanguage":"me-ME","potentialAction":[{"@type":"ReadAction","target":["https:\/\/www.evropskakuca.me\/me\/growth-plans\/satler-e150-miliona-za-nastavak-gradnje-autoputa\/"]}]},{"@type":"ImageObject","inLanguage":"me-ME","@id":"https:\/\/www.evropskakuca.me\/me\/growth-plans\/satler-e150-miliona-za-nastavak-gradnje-autoputa\/#primaryimage","url":"https:\/\/www.evropskakuca.me\/wp-content\/uploads\/2025\/07\/Photo-4-2-e1753370537625.jpeg","contentUrl":"https:\/\/www.evropskakuca.me\/wp-content\/uploads\/2025\/07\/Photo-4-2-e1753370537625.jpeg","width":1280,"height":612},{"@type":"BreadcrumbList","@id":"https:\/\/www.evropskakuca.me\/me\/growth-plans\/satler-e150-miliona-za-nastavak-gradnje-autoputa\/#breadcrumb","itemListElement":[{"@type":"ListItem","position":1,"name":"Home","item":"https:\/\/www.evropskakuca.me\/me\/"},{"@type":"ListItem","position":2,"name":"Satler: \u20ac150 miliona za nastavak gradnje autoputa"}]},{"@type":"WebSite","@id":"https:\/\/www.evropskakuca.me\/me\/#website","url":"https:\/\/www.evropskakuca.me\/me\/","name":"Evropean house","description":"","publisher":{"@id":"https:\/\/www.evropskakuca.me\/me\/#organization"},"potentialAction":[{"@type":"SearchAction","target":{"@type":"EntryPoint","urlTemplate":"https:\/\/www.evropskakuca.me\/me\/?s={search_term_string}"},"query-input":{"@type":"PropertyValueSpecification","valueRequired":true,"valueName":"search_term_string"}}],"inLanguage":"me-ME"},{"@type":"Organization","@id":"https:\/\/www.evropskakuca.me\/me\/#organization","name":"Evropean house","url":"https:\/\/www.evropskakuca.me\/me\/","logo":{"@type":"ImageObject","inLanguage":"me-ME","@id":"https:\/\/www.evropskakuca.me\/me\/#\/schema\/logo\/image\/","url":"https:\/\/www.evropskakuca.me\/wp-content\/uploads\/2025\/01\/evropska-kuca-logo-1.png","contentUrl":"https:\/\/www.evropskakuca.me\/wp-content\/uploads\/2025\/01\/evropska-kuca-logo-1.png","width":425,"height":312,"caption":"Evropean house"},"image":{"@id":"https:\/\/www.evropskakuca.me\/me\/#\/schema\/logo\/image\/"},"sameAs":["https:\/\/www.facebook.com\/evropska.kuca","https:\/\/x.com\/evropska_kuca","https:\/\/www.instagram.com\/evropska_kuca"]}]}},"_links":{"self":[{"href":"https:\/\/www.evropskakuca.me\/me\/wp-json\/wp\/v2\/growth-plans\/45438","targetHints":{"allow":["GET"]}}],"collection":[{"href":"https:\/\/www.evropskakuca.me\/me\/wp-json\/wp\/v2\/growth-plans"}],"about":[{"href":"https:\/\/www.evropskakuca.me\/me\/wp-json\/wp\/v2\/types\/growth-plans"}],"version-history":[{"count":1,"href":"https:\/\/www.evropskakuca.me\/me\/wp-json\/wp\/v2\/growth-plans\/45438\/revisions"}],"predecessor-version":[{"id":45441,"href":"https:\/\/www.evropskakuca.me\/me\/wp-json\/wp\/v2\/growth-plans\/45438\/revisions\/45441"}],"wp:featuredmedia":[{"embeddable":true,"href":"https:\/\/www.evropskakuca.me\/me\/wp-json\/wp\/v2\/media\/45431"}],"wp:attachment":[{"href":"https:\/\/www.evropskakuca.me\/me\/wp-json\/wp\/v2\/media?parent=45438"}],"curies":[{"name":"wp","href":"https:\/\/api.w.org\/{rel}","templated":true}]}}