{"id":45427,"date":"2025-07-23T11:57:56","date_gmt":"2025-07-23T11:57:56","guid":{"rendered":"https:\/\/www.evropskakuca.me\/growth-plans\/first-investments-under-the-growth-plan-through-the-wbif\/"},"modified":"2025-07-23T12:17:31","modified_gmt":"2025-07-23T12:17:31","slug":"first-investments-under-the-growth-plan-through-the-wbif","status":"publish","type":"growth-plans","link":"https:\/\/www.evropskakuca.me\/me\/growth-plans\/first-investments-under-the-growth-plan-through-the-wbif\/","title":{"rendered":"Prve investicije u okviru Plana rasta kroz WBIF"},"content":{"rendered":"\n<p>Evropska komisija je predlo\u017eila Operativnom odboru WBIF-a paket podr\u0161ke u iznosu od <strong>87,7 miliona eura od ukupnih 487,3 miliona eura za investicije u \u010distu energiju na Zapadnom Balkanu.<\/strong> Ove investicije, usmjerene na elektri\u010dnu energiju, hidroenergiju i solarno grijanje, prve su koje \u0107e biti finansirane putem Instrumenta za reforme i rast u okviru Plana rasta EU za Zapadni Balkan. Bi\u0107e realizovane preko WBIF-a u saradnji sa partnerima sa Zapadnog Balkana i me\u0111unarodnim finansijskim institucijama.<\/p>\n\n\n\n<figure class=\"wp-block-image size-large\"><img fetchpriority=\"high\" decoding=\"async\" width=\"1024\" height=\"1024\" src=\"https:\/\/www.evropskakuca.me\/wp-content\/uploads\/2025\/07\/Growth-Plan-slider-visual-1-1024x1024.jpg\" alt=\"\" class=\"wp-image-45421\" srcset=\"https:\/\/www.evropskakuca.me\/wp-content\/uploads\/2025\/07\/Growth-Plan-slider-visual-1-1024x1024.jpg 1024w, https:\/\/www.evropskakuca.me\/wp-content\/uploads\/2025\/07\/Growth-Plan-slider-visual-1-300x300.jpg 300w, https:\/\/www.evropskakuca.me\/wp-content\/uploads\/2025\/07\/Growth-Plan-slider-visual-1-150x150.jpg 150w, https:\/\/www.evropskakuca.me\/wp-content\/uploads\/2025\/07\/Growth-Plan-slider-visual-1-768x768.jpg 768w, https:\/\/www.evropskakuca.me\/wp-content\/uploads\/2025\/07\/Growth-Plan-slider-visual-1.jpg 1440w\" sizes=\"(max-width: 1024px) 100vw, 1024px\" \/><\/figure>\n\n\n\n<p><strong>Novi investicioni projekti u Crnoj Gori:<\/strong><\/p>\n\n\n\n<p>\u2022 <strong>Herceg Novi \u2013 Vilusi nadzemni dalekovod<\/strong><br>Ovim projektom izgradi\u0107e se 38 km dug dalekovod od 110 kV izme\u0111u Vilusa i Herceg Novog, \u010dime \u0107e se pove\u0107ati prenosni kapacitet mre\u017ee i smanjiti gubici energije.<\/p>\n\n\n\n<p>\u2022 <strong>Uvo\u0111enje SCADA sistema u crnogorski distributivni sistem<\/strong><br>Ovaj projekat modernizuje elektroenergetsku mre\u017eu Crne Gore uz pomo\u0107 pametnih brojila i naprednog sistema upravljanja \u010dime \u0107e se pobolj\u0161ati efikasnost, smanjiti gubici za 30 GWh godi\u0161nje i pru\u017eiti podr\u0161ka obnovljivim izvorima energije.<\/p>\n\n\n\n<p>\u2022 <strong>Transbalkanski elektroenergetski koridor: Trafostanica Brezna<\/strong><br>Ovim projektom pove\u0107a\u0107e se kapacitet postrojenja trafostanice Brezna na 400\/110\/35 kV. Time \u010de se poja\u010dati mre\u017ea, pru\u017eiti podr\u0161ka investicijama u obnovljive izvore energije i smanjiti gubici energije za 13 GWh godi\u0161nje.<\/p>\n\n\n\n<p><strong>Pozadina<\/strong><\/p>\n\n\n\n<p><a href=\"https:\/\/enlargement.ec.europa.eu\/2023-communication-new-growth-plan-western-balkans_en\">Plan rasta za Zapadni Balkan<\/a>&nbsp;usvojila je Komisija 8. novembra 2023. godine. Plan ima za cilj integraciju partnera sa Zapadnog Balkana u Jedinstveno tr\u017ei\u0161te EU, unapre\u0111enje regionalne ekonomske saradnje, produbljivanje reformi vezanih za EU i pove\u0107anje pretpristupne pomo\u0107i kako bi se ubrzala socioekonomska konvergencija regiona sa EU.<\/p>\n\n\n\n<p>Plan rasta stimuli\u0161e pripreme za \u010dlanstvo u EU, pru\u017eaju\u0107i odre\u0111ene benefite ve\u0107 u pretpristupnoj fazi, \u010dime se ubrzava proces pro\u0161irenja i ekonomski rast.<\/p>\n\n\n\n<p>Plan ima potencijal da udvostru\u010di veli\u010dinu ekonomija Zapadnog Balkana u narednih deset godina. Kako bi se ovaj proces podr\u017eao, uspostavljen je novi instrument finansiranja u iznosu od 6 milijardi eura \u2013 Instrument za reforme i rast za Zapadni Balkan za period 2024\u20132027. Plan se oslanja na \u010detiri stuba:<\/p>\n\n\n\n<ol start=\"1\" class=\"wp-block-list\">\n<li>Ja\u010danje ekonomske integracije sa Jedinstvenim tr\u017ei\u0161tem EU;<\/li>\n\n\n\n<li>Podsticanje regionalne ekonomske integracije kroz Zajedni\u010dko regionalno tr\u017ei\u0161te, zasnovano na pravilima i standardima EU;<\/li>\n\n\n\n<li>Ubrzanje klju\u010dnih reformi, uklju\u010duju\u0107i reformski klaster, podr\u0161ka putu ka \u010dlanstvu, podsticanje odr\u017eivog ekonomskog rasta i ja\u010danje stabilnosti regiona;<\/li>\n\n\n\n<li>Podr\u0161ka konvergenciji sa EU kroz pove\u0107anu finansijsku pomo\u0107.<\/li>\n<\/ol>\n\n\n\n<p><strong>Za vi\u0161e informacija:<\/strong><\/p>\n\n\n\n<p><a href=\"https:\/\/european-digital-innovation-hubs.ec.europa.eu\/home\">Home | European Digital Innovation Hubs Network<\/a><\/p>\n\n\n\n<p><a href=\"https:\/\/enlargement.ec.europa.eu\/enlargement-policy\/growth-plan-western-balkans_en\">Growth Plan for the Western Balkans \u2013 European Commission<\/a><\/p>\n\n\n\n<p><a href=\"https:\/\/www.wbif.eu\/\">European Union and the Western Balkans<\/a><\/p>\n\n\n\n<p><a href=\"https:\/\/www.transport-community.org\/wp-content\/uploads\/2024\/10\/Green_Lanes_Comprehensive_Roadmap.pdf\">Green_Lanes_Comprehensive_Roadmap<\/a><\/p>\n\n\n\n<p><\/p>\n","protected":false},"excerpt":{"rendered":"<p>Evropska komisija je predlo\u017eila Operativnom odboru WBIF-a paket podr\u0161ke u iznosu od 87,7 miliona eura od ukupnih 487,3 miliona eura za investicije u \u010distu energiju na Zapadnom Balkanu. Ove investicije, usmjerene na elektri\u010dnu energiju, hidroenergiju i solarno grijanje, prve su koje \u0107e biti finansirane putem Instrumenta za reforme i rast u okviru Plana rasta EU [&hellip;]<\/p>\n","protected":false},"featured_media":45424,"template":"","meta":{"_acf_changed":false,"footnotes":""},"class_list":["post-45427","growth-plans","type-growth-plans","status-publish","has-post-thumbnail","hentry"],"acf":[],"yoast_head":"<!-- This site is optimized with the Yoast SEO plugin v27.3 - https:\/\/yoast.com\/product\/yoast-seo-wordpress\/ -->\n<title>Prve investicije u okviru Plana rasta kroz WBIF - Europe House<\/title>\n<meta name=\"robots\" content=\"index, follow, max-snippet:-1, max-image-preview:large, max-video-preview:-1\" \/>\n<link rel=\"canonical\" href=\"https:\/\/www.evropskakuca.me\/me\/growth-plans\/first-investments-under-the-growth-plan-through-the-wbif\/\" \/>\n<meta property=\"og:locale\" content=\"en_US\" \/>\n<meta property=\"og:type\" content=\"article\" \/>\n<meta property=\"og:title\" content=\"Prve investicije u okviru Plana rasta kroz WBIF - Europe House\" \/>\n<meta property=\"og:description\" content=\"Evropska komisija je predlo\u017eila Operativnom odboru WBIF-a paket podr\u0161ke u iznosu od 87,7 miliona eura od ukupnih 487,3 miliona eura za investicije u \u010distu energiju na Zapadnom Balkanu. Ove investicije, usmjerene na elektri\u010dnu energiju, hidroenergiju i solarno grijanje, prve su koje \u0107e biti finansirane putem Instrumenta za reforme i rast u okviru Plana rasta EU [&hellip;]\" \/>\n<meta property=\"og:url\" content=\"https:\/\/www.evropskakuca.me\/me\/growth-plans\/first-investments-under-the-growth-plan-through-the-wbif\/\" \/>\n<meta property=\"og:site_name\" content=\"Europe House\" \/>\n<meta property=\"article:publisher\" content=\"https:\/\/www.facebook.com\/evropska.kuca\" \/>\n<meta property=\"article:modified_time\" content=\"2025-07-23T12:17:31+00:00\" \/>\n<meta property=\"og:image\" content=\"https:\/\/www.evropskakuca.me\/wp-content\/uploads\/2025\/07\/wbif-sdfg-e1753271926687.png\" \/>\n\t<meta property=\"og:image:width\" content=\"1124\" \/>\n\t<meta property=\"og:image:height\" content=\"565\" \/>\n\t<meta property=\"og:image:type\" content=\"image\/png\" \/>\n<meta name=\"twitter:card\" content=\"summary_large_image\" \/>\n<meta name=\"twitter:site\" content=\"@evropska_kuca\" \/>\n<meta name=\"twitter:label1\" content=\"Est. reading time\" \/>\n\t<meta name=\"twitter:data1\" content=\"3 minutes\" \/>\n<script type=\"application\/ld+json\" class=\"yoast-schema-graph\">{\"@context\":\"https:\\\/\\\/schema.org\",\"@graph\":[{\"@type\":\"WebPage\",\"@id\":\"https:\\\/\\\/www.evropskakuca.me\\\/me\\\/growth-plans\\\/first-investments-under-the-growth-plan-through-the-wbif\\\/\",\"url\":\"https:\\\/\\\/www.evropskakuca.me\\\/me\\\/growth-plans\\\/first-investments-under-the-growth-plan-through-the-wbif\\\/\",\"name\":\"Prve investicije u okviru Plana rasta kroz WBIF - Europe House\",\"isPartOf\":{\"@id\":\"https:\\\/\\\/www.evropskakuca.me\\\/me\\\/#website\"},\"primaryImageOfPage\":{\"@id\":\"https:\\\/\\\/www.evropskakuca.me\\\/me\\\/growth-plans\\\/first-investments-under-the-growth-plan-through-the-wbif\\\/#primaryimage\"},\"image\":{\"@id\":\"https:\\\/\\\/www.evropskakuca.me\\\/me\\\/growth-plans\\\/first-investments-under-the-growth-plan-through-the-wbif\\\/#primaryimage\"},\"thumbnailUrl\":\"https:\\\/\\\/www.evropskakuca.me\\\/wp-content\\\/uploads\\\/2025\\\/07\\\/wbif-sdfg-e1753271926687.png\",\"datePublished\":\"2025-07-23T11:57:56+00:00\",\"dateModified\":\"2025-07-23T12:17:31+00:00\",\"breadcrumb\":{\"@id\":\"https:\\\/\\\/www.evropskakuca.me\\\/me\\\/growth-plans\\\/first-investments-under-the-growth-plan-through-the-wbif\\\/#breadcrumb\"},\"inLanguage\":\"me-ME\",\"potentialAction\":[{\"@type\":\"ReadAction\",\"target\":[\"https:\\\/\\\/www.evropskakuca.me\\\/me\\\/growth-plans\\\/first-investments-under-the-growth-plan-through-the-wbif\\\/\"]}]},{\"@type\":\"ImageObject\",\"inLanguage\":\"me-ME\",\"@id\":\"https:\\\/\\\/www.evropskakuca.me\\\/me\\\/growth-plans\\\/first-investments-under-the-growth-plan-through-the-wbif\\\/#primaryimage\",\"url\":\"https:\\\/\\\/www.evropskakuca.me\\\/wp-content\\\/uploads\\\/2025\\\/07\\\/wbif-sdfg-e1753271926687.png\",\"contentUrl\":\"https:\\\/\\\/www.evropskakuca.me\\\/wp-content\\\/uploads\\\/2025\\\/07\\\/wbif-sdfg-e1753271926687.png\",\"width\":1124,\"height\":565},{\"@type\":\"BreadcrumbList\",\"@id\":\"https:\\\/\\\/www.evropskakuca.me\\\/me\\\/growth-plans\\\/first-investments-under-the-growth-plan-through-the-wbif\\\/#breadcrumb\",\"itemListElement\":[{\"@type\":\"ListItem\",\"position\":1,\"name\":\"Home\",\"item\":\"https:\\\/\\\/www.evropskakuca.me\\\/me\\\/\"},{\"@type\":\"ListItem\",\"position\":2,\"name\":\"Prve investicije u okviru Plana rasta kroz WBIF\"}]},{\"@type\":\"WebSite\",\"@id\":\"https:\\\/\\\/www.evropskakuca.me\\\/me\\\/#website\",\"url\":\"https:\\\/\\\/www.evropskakuca.me\\\/me\\\/\",\"name\":\"Evropean house\",\"description\":\"\",\"publisher\":{\"@id\":\"https:\\\/\\\/www.evropskakuca.me\\\/me\\\/#organization\"},\"potentialAction\":[{\"@type\":\"SearchAction\",\"target\":{\"@type\":\"EntryPoint\",\"urlTemplate\":\"https:\\\/\\\/www.evropskakuca.me\\\/me\\\/?s={search_term_string}\"},\"query-input\":{\"@type\":\"PropertyValueSpecification\",\"valueRequired\":true,\"valueName\":\"search_term_string\"}}],\"inLanguage\":\"me-ME\"},{\"@type\":\"Organization\",\"@id\":\"https:\\\/\\\/www.evropskakuca.me\\\/me\\\/#organization\",\"name\":\"Evropean house\",\"url\":\"https:\\\/\\\/www.evropskakuca.me\\\/me\\\/\",\"logo\":{\"@type\":\"ImageObject\",\"inLanguage\":\"me-ME\",\"@id\":\"https:\\\/\\\/www.evropskakuca.me\\\/me\\\/#\\\/schema\\\/logo\\\/image\\\/\",\"url\":\"https:\\\/\\\/www.evropskakuca.me\\\/wp-content\\\/uploads\\\/2025\\\/01\\\/evropska-kuca-logo-1.png\",\"contentUrl\":\"https:\\\/\\\/www.evropskakuca.me\\\/wp-content\\\/uploads\\\/2025\\\/01\\\/evropska-kuca-logo-1.png\",\"width\":425,\"height\":312,\"caption\":\"Evropean house\"},\"image\":{\"@id\":\"https:\\\/\\\/www.evropskakuca.me\\\/me\\\/#\\\/schema\\\/logo\\\/image\\\/\"},\"sameAs\":[\"https:\\\/\\\/www.facebook.com\\\/evropska.kuca\",\"https:\\\/\\\/x.com\\\/evropska_kuca\",\"https:\\\/\\\/www.instagram.com\\\/evropska_kuca\"]}]}<\/script>\n<!-- \/ Yoast SEO plugin. -->","yoast_head_json":{"title":"Prve investicije u okviru Plana rasta kroz WBIF - Europe House","robots":{"index":"index","follow":"follow","max-snippet":"max-snippet:-1","max-image-preview":"max-image-preview:large","max-video-preview":"max-video-preview:-1"},"canonical":"https:\/\/www.evropskakuca.me\/me\/growth-plans\/first-investments-under-the-growth-plan-through-the-wbif\/","og_locale":"en_US","og_type":"article","og_title":"Prve investicije u okviru Plana rasta kroz WBIF - Europe House","og_description":"Evropska komisija je predlo\u017eila Operativnom odboru WBIF-a paket podr\u0161ke u iznosu od 87,7 miliona eura od ukupnih 487,3 miliona eura za investicije u \u010distu energiju na Zapadnom Balkanu. Ove investicije, usmjerene na elektri\u010dnu energiju, hidroenergiju i solarno grijanje, prve su koje \u0107e biti finansirane putem Instrumenta za reforme i rast u okviru Plana rasta EU [&hellip;]","og_url":"https:\/\/www.evropskakuca.me\/me\/growth-plans\/first-investments-under-the-growth-plan-through-the-wbif\/","og_site_name":"Europe House","article_publisher":"https:\/\/www.facebook.com\/evropska.kuca","article_modified_time":"2025-07-23T12:17:31+00:00","og_image":[{"width":1124,"height":565,"url":"https:\/\/www.evropskakuca.me\/wp-content\/uploads\/2025\/07\/wbif-sdfg-e1753271926687.png","type":"image\/png"}],"twitter_card":"summary_large_image","twitter_site":"@evropska_kuca","twitter_misc":{"Est. reading time":"3 minutes"},"schema":{"@context":"https:\/\/schema.org","@graph":[{"@type":"WebPage","@id":"https:\/\/www.evropskakuca.me\/me\/growth-plans\/first-investments-under-the-growth-plan-through-the-wbif\/","url":"https:\/\/www.evropskakuca.me\/me\/growth-plans\/first-investments-under-the-growth-plan-through-the-wbif\/","name":"Prve investicije u okviru Plana rasta kroz WBIF - Europe House","isPartOf":{"@id":"https:\/\/www.evropskakuca.me\/me\/#website"},"primaryImageOfPage":{"@id":"https:\/\/www.evropskakuca.me\/me\/growth-plans\/first-investments-under-the-growth-plan-through-the-wbif\/#primaryimage"},"image":{"@id":"https:\/\/www.evropskakuca.me\/me\/growth-plans\/first-investments-under-the-growth-plan-through-the-wbif\/#primaryimage"},"thumbnailUrl":"https:\/\/www.evropskakuca.me\/wp-content\/uploads\/2025\/07\/wbif-sdfg-e1753271926687.png","datePublished":"2025-07-23T11:57:56+00:00","dateModified":"2025-07-23T12:17:31+00:00","breadcrumb":{"@id":"https:\/\/www.evropskakuca.me\/me\/growth-plans\/first-investments-under-the-growth-plan-through-the-wbif\/#breadcrumb"},"inLanguage":"me-ME","potentialAction":[{"@type":"ReadAction","target":["https:\/\/www.evropskakuca.me\/me\/growth-plans\/first-investments-under-the-growth-plan-through-the-wbif\/"]}]},{"@type":"ImageObject","inLanguage":"me-ME","@id":"https:\/\/www.evropskakuca.me\/me\/growth-plans\/first-investments-under-the-growth-plan-through-the-wbif\/#primaryimage","url":"https:\/\/www.evropskakuca.me\/wp-content\/uploads\/2025\/07\/wbif-sdfg-e1753271926687.png","contentUrl":"https:\/\/www.evropskakuca.me\/wp-content\/uploads\/2025\/07\/wbif-sdfg-e1753271926687.png","width":1124,"height":565},{"@type":"BreadcrumbList","@id":"https:\/\/www.evropskakuca.me\/me\/growth-plans\/first-investments-under-the-growth-plan-through-the-wbif\/#breadcrumb","itemListElement":[{"@type":"ListItem","position":1,"name":"Home","item":"https:\/\/www.evropskakuca.me\/me\/"},{"@type":"ListItem","position":2,"name":"Prve investicije u okviru Plana rasta kroz WBIF"}]},{"@type":"WebSite","@id":"https:\/\/www.evropskakuca.me\/me\/#website","url":"https:\/\/www.evropskakuca.me\/me\/","name":"Evropean house","description":"","publisher":{"@id":"https:\/\/www.evropskakuca.me\/me\/#organization"},"potentialAction":[{"@type":"SearchAction","target":{"@type":"EntryPoint","urlTemplate":"https:\/\/www.evropskakuca.me\/me\/?s={search_term_string}"},"query-input":{"@type":"PropertyValueSpecification","valueRequired":true,"valueName":"search_term_string"}}],"inLanguage":"me-ME"},{"@type":"Organization","@id":"https:\/\/www.evropskakuca.me\/me\/#organization","name":"Evropean house","url":"https:\/\/www.evropskakuca.me\/me\/","logo":{"@type":"ImageObject","inLanguage":"me-ME","@id":"https:\/\/www.evropskakuca.me\/me\/#\/schema\/logo\/image\/","url":"https:\/\/www.evropskakuca.me\/wp-content\/uploads\/2025\/01\/evropska-kuca-logo-1.png","contentUrl":"https:\/\/www.evropskakuca.me\/wp-content\/uploads\/2025\/01\/evropska-kuca-logo-1.png","width":425,"height":312,"caption":"Evropean house"},"image":{"@id":"https:\/\/www.evropskakuca.me\/me\/#\/schema\/logo\/image\/"},"sameAs":["https:\/\/www.facebook.com\/evropska.kuca","https:\/\/x.com\/evropska_kuca","https:\/\/www.instagram.com\/evropska_kuca"]}]}},"_links":{"self":[{"href":"https:\/\/www.evropskakuca.me\/me\/wp-json\/wp\/v2\/growth-plans\/45427","targetHints":{"allow":["GET"]}}],"collection":[{"href":"https:\/\/www.evropskakuca.me\/me\/wp-json\/wp\/v2\/growth-plans"}],"about":[{"href":"https:\/\/www.evropskakuca.me\/me\/wp-json\/wp\/v2\/types\/growth-plans"}],"version-history":[{"count":1,"href":"https:\/\/www.evropskakuca.me\/me\/wp-json\/wp\/v2\/growth-plans\/45427\/revisions"}],"predecessor-version":[{"id":45429,"href":"https:\/\/www.evropskakuca.me\/me\/wp-json\/wp\/v2\/growth-plans\/45427\/revisions\/45429"}],"wp:featuredmedia":[{"embeddable":true,"href":"https:\/\/www.evropskakuca.me\/me\/wp-json\/wp\/v2\/media\/45424"}],"wp:attachment":[{"href":"https:\/\/www.evropskakuca.me\/me\/wp-json\/wp\/v2\/media?parent=45427"}],"curies":[{"name":"wp","href":"https:\/\/api.w.org\/{rel}","templated":true}]}}