{"id":45417,"date":"2025-07-23T11:00:00","date_gmt":"2025-07-23T11:00:00","guid":{"rendered":"https:\/\/www.evropskakuca.me\/?post_type=growth-plans&#038;p=45417"},"modified":"2025-07-23T11:04:05","modified_gmt":"2025-07-23T11:04:05","slug":"samit-u-skoplju-najavio-nove-investicije","status":"publish","type":"growth-plans","link":"https:\/\/www.evropskakuca.me\/me\/growth-plans\/samit-u-skoplju-najavio-nove-investicije\/","title":{"rendered":"Samit u Skoplju najavio nove investicije"},"content":{"rendered":"\n<p><em>Evropska komesarka za pro\u0161irenje, <strong>Marta Kos<\/strong>, i lideri sa Zapadnog Balkana sastali su se u Skoplju 30. juna i 1. jula 2025. godine na Samitu posve\u0107enomPlanu rasta. Tom prilikom analiziran je napredak Zapadnog Balkana u sprovo\u0111enju reformi. Lideri su ponovo potvrdili svoju posve\u0107enost realizaciji sveobuhvatnog Plana rasta EU, koji je osmi\u0161ljen tako da podstakne ekonomski rast, unaprijedi infrastrukturu i promovi\u0161e dru\u0161tveni razvoj u regionu, uz ubrzanje integracije Zapadnog Balkana u jedinstveno tr\u017ei\u0161te EU.<\/em><\/p>\n\n\n\n<p>Komesarka Kos je istakla nepokolebljivu posve\u0107enost Evropske unije podr\u0161ci Zapadnom Balkanu na putu ka dubljoj integraciji u jedinstveno tr\u017ei\u0161te EU: <em>\u201ePlan rasta ubrza\u0107e put Zapadnog Balkana ka evropskoj porodici \u2013 on je klju\u010dni element za ubrzanje i produbljivanje integracije sa EU. Za samo 20 mjeseci pre\u0161li smo iz ideje u konkretne rezultate \u2014 i nastavljamo da \u0161irimo saradnju. U svijetu koji se sve vi\u0161e dijeli, pro\u0161irenje ostaje na\u0161 projekat ujedinjenja \u2013 pozivam partnere da iskoriste ovu priliku i udvostru\u010de napore u reformama. Ja \u0107u u\u010diniti sve \u0161to mogu da pomognem partnerima da \u0161to br\u017ee ostvare klju\u010dne ciljeve. Tako da ljudi i preduze\u0107a u regionu osjete pune koristi Plana rasta i prije pristupanja EU.&#8221;<\/em><\/p>\n\n\n\n<figure class=\"wp-block-image size-large\"><img decoding=\"async\" src=\"https:\/\/www.evropskakuca.me\/wp-content\/uploads\/2025\/07\/GwDTF6PWUAAas78-1-scaled-e1753268562879-1024x594.jpeg\" alt=\"\" class=\"wp-image-45415\"\/><\/figure>\n\n\n\n<p><strong>Uloga WBIF-a u sprovo\u0111enju Instrumenta za reformu i rast<\/strong><\/p>\n\n\n\n<p>Investicioni okvir za Zapadni Balkan (WBIF) ima klju\u010dnu ulogu u pretvaranju ambicija Plana rasta u konkretne rezultate. Koriste\u0107i svoje bogato iskustvo i finansijske instrumente, WBIF je spreman da omogu\u0107i realizaciju Instrumenta za reformu i rast, koji predstavlja finansijski mehanizam Plana rasta. To uklju\u010duje mobilizaciju sredstava, tehni\u010dku pomo\u0107 i izgradnju partnerstava koja su neophodna za uspje\u0161no sprovo\u0111enje mjera predvi\u0111enih Planom rasta. Uklju\u010denost WBIF-a osigurava ne samo adekvatno finansiranje inicijativa, ve\u0107 i njihovo uskla\u0111ivanje sa \u0161irim strate\u0161kim ciljevima regionalnog razvoja i integracije u EU.<\/p>\n\n\n\n<p><strong>Nove investicije u \u010distu energiju<\/strong><\/p>\n\n\n\n<p>Jedan od klju\u010dnih momenata samita bila je najava novih investicija u oblast \u010diste energije, u ukupnom iznosu do 487 miliona eura. Ove investicije, koje je Komisija predlo\u017eila Operativnom odboru WBIF-a, uklju\u010duju:<\/p>\n\n\n\n<ul class=\"wp-block-list\">\n<li><strong>Elektroenergetska infrastruktura<\/strong>: Izgradnja nadzemnih vodova i trafostanica u Albaniji i Crnoj Gori.<\/li>\n\n\n\n<li><strong>Rehabilitacija hidroelektrana<\/strong>: Modernizacija hidroelektrana u Albaniji i Srbiji.<\/li>\n\n\n\n<li><strong>Solarno grijanje<\/strong>: Integracija obnovljivih izvora energije u sistem daljinskog grijanja Novog Sada u Srbiji.<\/li>\n<\/ul>\n\n\n\n<p>Ovi projekti bi\u0107e realizovani u bliskoj saradnji sa partnerima sa Zapadnog Balkana i me\u0111unarodnim finansijskim institucijama putem WBIF-a i predstavljaju zna\u010dajan korak ka odr\u017eivoj energiji u regionu.<\/p>\n\n\n\n<p>Na kraju samita, u\u010desnici su izrazili optimizam u pogledu budu\u0107nosti Zapadnog Balkana, nagla\u0161avaju\u0107i va\u017enost kontinuirane saradnje i istrajnosti u ostvarivanju ciljeva Plana rasta.<\/p>\n\n\n\n<p>Vi\u0161e informacija o Planu rasta mo\u017eete prona\u0107i <a href=\"https:\/\/www.evropskakuca.me\/me\/plan-rasta\/\">ovdje<\/a>.<\/p>\n","protected":false},"excerpt":{"rendered":"<p>Evropska komesarka za pro\u0161irenje, Marta Kos, i lideri sa Zapadnog Balkana sastali su se u Skoplju 30. juna i 1. jula 2025. godine na Samitu posve\u0107enomPlanu rasta. Tom prilikom analiziran je napredak Zapadnog Balkana u sprovo\u0111enju reformi. Lideri su ponovo potvrdili svoju posve\u0107enost realizaciji sveobuhvatnog Plana rasta EU, koji je osmi\u0161ljen tako da podstakne ekonomski [&hellip;]<\/p>\n","protected":false},"featured_media":45415,"template":"","meta":{"_acf_changed":false,"footnotes":""},"class_list":["post-45417","growth-plans","type-growth-plans","status-publish","has-post-thumbnail","hentry"],"acf":[],"yoast_head":"<!-- This site is optimized with the Yoast SEO plugin v27.3 - https:\/\/yoast.com\/product\/yoast-seo-wordpress\/ -->\n<title>Samit u Skoplju najavio nove investicije - Europe House<\/title>\n<meta name=\"robots\" content=\"index, follow, max-snippet:-1, max-image-preview:large, max-video-preview:-1\" \/>\n<link rel=\"canonical\" href=\"https:\/\/www.evropskakuca.me\/me\/growth-plans\/samit-u-skoplju-najavio-nove-investicije\/\" \/>\n<meta property=\"og:locale\" content=\"en_US\" \/>\n<meta property=\"og:type\" content=\"article\" \/>\n<meta property=\"og:title\" content=\"Samit u Skoplju najavio nove investicije - Europe House\" \/>\n<meta property=\"og:description\" content=\"Evropska komesarka za pro\u0161irenje, Marta Kos, i lideri sa Zapadnog Balkana sastali su se u Skoplju 30. juna i 1. jula 2025. godine na Samitu posve\u0107enomPlanu rasta. Tom prilikom analiziran je napredak Zapadnog Balkana u sprovo\u0111enju reformi. Lideri su ponovo potvrdili svoju posve\u0107enost realizaciji sveobuhvatnog Plana rasta EU, koji je osmi\u0161ljen tako da podstakne ekonomski [&hellip;]\" \/>\n<meta property=\"og:url\" content=\"https:\/\/www.evropskakuca.me\/me\/growth-plans\/samit-u-skoplju-najavio-nove-investicije\/\" \/>\n<meta property=\"og:site_name\" content=\"Europe House\" \/>\n<meta property=\"article:publisher\" content=\"https:\/\/www.facebook.com\/evropska.kuca\" \/>\n<meta property=\"article:modified_time\" content=\"2025-07-23T11:04:05+00:00\" \/>\n<meta property=\"og:image\" content=\"https:\/\/www.evropskakuca.me\/wp-content\/uploads\/2025\/07\/GwDTF6PWUAAas78-1-scaled-e1753268634947.jpeg\" \/>\n\t<meta property=\"og:image:width\" content=\"2560\" \/>\n\t<meta property=\"og:image:height\" content=\"1330\" \/>\n\t<meta property=\"og:image:type\" content=\"image\/jpeg\" \/>\n<meta name=\"twitter:card\" content=\"summary_large_image\" \/>\n<meta name=\"twitter:site\" content=\"@evropska_kuca\" \/>\n<meta name=\"twitter:label1\" content=\"Est. reading time\" \/>\n\t<meta name=\"twitter:data1\" content=\"3 minutes\" \/>\n<script type=\"application\/ld+json\" class=\"yoast-schema-graph\">{\"@context\":\"https:\\\/\\\/schema.org\",\"@graph\":[{\"@type\":\"WebPage\",\"@id\":\"https:\\\/\\\/www.evropskakuca.me\\\/me\\\/growth-plans\\\/samit-u-skoplju-najavio-nove-investicije\\\/\",\"url\":\"https:\\\/\\\/www.evropskakuca.me\\\/me\\\/growth-plans\\\/samit-u-skoplju-najavio-nove-investicije\\\/\",\"name\":\"Samit u Skoplju najavio nove investicije - Europe House\",\"isPartOf\":{\"@id\":\"https:\\\/\\\/www.evropskakuca.me\\\/me\\\/#website\"},\"primaryImageOfPage\":{\"@id\":\"https:\\\/\\\/www.evropskakuca.me\\\/me\\\/growth-plans\\\/samit-u-skoplju-najavio-nove-investicije\\\/#primaryimage\"},\"image\":{\"@id\":\"https:\\\/\\\/www.evropskakuca.me\\\/me\\\/growth-plans\\\/samit-u-skoplju-najavio-nove-investicije\\\/#primaryimage\"},\"thumbnailUrl\":\"https:\\\/\\\/www.evropskakuca.me\\\/wp-content\\\/uploads\\\/2025\\\/07\\\/GwDTF6PWUAAas78-1-scaled-e1753268634947.jpeg\",\"datePublished\":\"2025-07-23T11:00:00+00:00\",\"dateModified\":\"2025-07-23T11:04:05+00:00\",\"breadcrumb\":{\"@id\":\"https:\\\/\\\/www.evropskakuca.me\\\/me\\\/growth-plans\\\/samit-u-skoplju-najavio-nove-investicije\\\/#breadcrumb\"},\"inLanguage\":\"me-ME\",\"potentialAction\":[{\"@type\":\"ReadAction\",\"target\":[\"https:\\\/\\\/www.evropskakuca.me\\\/me\\\/growth-plans\\\/samit-u-skoplju-najavio-nove-investicije\\\/\"]}]},{\"@type\":\"ImageObject\",\"inLanguage\":\"me-ME\",\"@id\":\"https:\\\/\\\/www.evropskakuca.me\\\/me\\\/growth-plans\\\/samit-u-skoplju-najavio-nove-investicije\\\/#primaryimage\",\"url\":\"https:\\\/\\\/www.evropskakuca.me\\\/wp-content\\\/uploads\\\/2025\\\/07\\\/GwDTF6PWUAAas78-1-scaled-e1753268634947.jpeg\",\"contentUrl\":\"https:\\\/\\\/www.evropskakuca.me\\\/wp-content\\\/uploads\\\/2025\\\/07\\\/GwDTF6PWUAAas78-1-scaled-e1753268634947.jpeg\",\"width\":2560,\"height\":1330},{\"@type\":\"BreadcrumbList\",\"@id\":\"https:\\\/\\\/www.evropskakuca.me\\\/me\\\/growth-plans\\\/samit-u-skoplju-najavio-nove-investicije\\\/#breadcrumb\",\"itemListElement\":[{\"@type\":\"ListItem\",\"position\":1,\"name\":\"Home\",\"item\":\"https:\\\/\\\/www.evropskakuca.me\\\/me\\\/\"},{\"@type\":\"ListItem\",\"position\":2,\"name\":\"Samit u Skoplju najavio nove investicije\"}]},{\"@type\":\"WebSite\",\"@id\":\"https:\\\/\\\/www.evropskakuca.me\\\/me\\\/#website\",\"url\":\"https:\\\/\\\/www.evropskakuca.me\\\/me\\\/\",\"name\":\"Evropean house\",\"description\":\"\",\"publisher\":{\"@id\":\"https:\\\/\\\/www.evropskakuca.me\\\/me\\\/#organization\"},\"potentialAction\":[{\"@type\":\"SearchAction\",\"target\":{\"@type\":\"EntryPoint\",\"urlTemplate\":\"https:\\\/\\\/www.evropskakuca.me\\\/me\\\/?s={search_term_string}\"},\"query-input\":{\"@type\":\"PropertyValueSpecification\",\"valueRequired\":true,\"valueName\":\"search_term_string\"}}],\"inLanguage\":\"me-ME\"},{\"@type\":\"Organization\",\"@id\":\"https:\\\/\\\/www.evropskakuca.me\\\/me\\\/#organization\",\"name\":\"Evropean house\",\"url\":\"https:\\\/\\\/www.evropskakuca.me\\\/me\\\/\",\"logo\":{\"@type\":\"ImageObject\",\"inLanguage\":\"me-ME\",\"@id\":\"https:\\\/\\\/www.evropskakuca.me\\\/me\\\/#\\\/schema\\\/logo\\\/image\\\/\",\"url\":\"https:\\\/\\\/www.evropskakuca.me\\\/wp-content\\\/uploads\\\/2025\\\/01\\\/evropska-kuca-logo-1.png\",\"contentUrl\":\"https:\\\/\\\/www.evropskakuca.me\\\/wp-content\\\/uploads\\\/2025\\\/01\\\/evropska-kuca-logo-1.png\",\"width\":425,\"height\":312,\"caption\":\"Evropean house\"},\"image\":{\"@id\":\"https:\\\/\\\/www.evropskakuca.me\\\/me\\\/#\\\/schema\\\/logo\\\/image\\\/\"},\"sameAs\":[\"https:\\\/\\\/www.facebook.com\\\/evropska.kuca\",\"https:\\\/\\\/x.com\\\/evropska_kuca\",\"https:\\\/\\\/www.instagram.com\\\/evropska_kuca\"]}]}<\/script>\n<!-- \/ Yoast SEO plugin. -->","yoast_head_json":{"title":"Samit u Skoplju najavio nove investicije - Europe House","robots":{"index":"index","follow":"follow","max-snippet":"max-snippet:-1","max-image-preview":"max-image-preview:large","max-video-preview":"max-video-preview:-1"},"canonical":"https:\/\/www.evropskakuca.me\/me\/growth-plans\/samit-u-skoplju-najavio-nove-investicije\/","og_locale":"en_US","og_type":"article","og_title":"Samit u Skoplju najavio nove investicije - Europe House","og_description":"Evropska komesarka za pro\u0161irenje, Marta Kos, i lideri sa Zapadnog Balkana sastali su se u Skoplju 30. juna i 1. jula 2025. godine na Samitu posve\u0107enomPlanu rasta. Tom prilikom analiziran je napredak Zapadnog Balkana u sprovo\u0111enju reformi. Lideri su ponovo potvrdili svoju posve\u0107enost realizaciji sveobuhvatnog Plana rasta EU, koji je osmi\u0161ljen tako da podstakne ekonomski [&hellip;]","og_url":"https:\/\/www.evropskakuca.me\/me\/growth-plans\/samit-u-skoplju-najavio-nove-investicije\/","og_site_name":"Europe House","article_publisher":"https:\/\/www.facebook.com\/evropska.kuca","article_modified_time":"2025-07-23T11:04:05+00:00","og_image":[{"width":2560,"height":1330,"url":"https:\/\/www.evropskakuca.me\/wp-content\/uploads\/2025\/07\/GwDTF6PWUAAas78-1-scaled-e1753268634947.jpeg","type":"image\/jpeg"}],"twitter_card":"summary_large_image","twitter_site":"@evropska_kuca","twitter_misc":{"Est. reading time":"3 minutes"},"schema":{"@context":"https:\/\/schema.org","@graph":[{"@type":"WebPage","@id":"https:\/\/www.evropskakuca.me\/me\/growth-plans\/samit-u-skoplju-najavio-nove-investicije\/","url":"https:\/\/www.evropskakuca.me\/me\/growth-plans\/samit-u-skoplju-najavio-nove-investicije\/","name":"Samit u Skoplju najavio nove investicije - Europe House","isPartOf":{"@id":"https:\/\/www.evropskakuca.me\/me\/#website"},"primaryImageOfPage":{"@id":"https:\/\/www.evropskakuca.me\/me\/growth-plans\/samit-u-skoplju-najavio-nove-investicije\/#primaryimage"},"image":{"@id":"https:\/\/www.evropskakuca.me\/me\/growth-plans\/samit-u-skoplju-najavio-nove-investicije\/#primaryimage"},"thumbnailUrl":"https:\/\/www.evropskakuca.me\/wp-content\/uploads\/2025\/07\/GwDTF6PWUAAas78-1-scaled-e1753268634947.jpeg","datePublished":"2025-07-23T11:00:00+00:00","dateModified":"2025-07-23T11:04:05+00:00","breadcrumb":{"@id":"https:\/\/www.evropskakuca.me\/me\/growth-plans\/samit-u-skoplju-najavio-nove-investicije\/#breadcrumb"},"inLanguage":"me-ME","potentialAction":[{"@type":"ReadAction","target":["https:\/\/www.evropskakuca.me\/me\/growth-plans\/samit-u-skoplju-najavio-nove-investicije\/"]}]},{"@type":"ImageObject","inLanguage":"me-ME","@id":"https:\/\/www.evropskakuca.me\/me\/growth-plans\/samit-u-skoplju-najavio-nove-investicije\/#primaryimage","url":"https:\/\/www.evropskakuca.me\/wp-content\/uploads\/2025\/07\/GwDTF6PWUAAas78-1-scaled-e1753268634947.jpeg","contentUrl":"https:\/\/www.evropskakuca.me\/wp-content\/uploads\/2025\/07\/GwDTF6PWUAAas78-1-scaled-e1753268634947.jpeg","width":2560,"height":1330},{"@type":"BreadcrumbList","@id":"https:\/\/www.evropskakuca.me\/me\/growth-plans\/samit-u-skoplju-najavio-nove-investicije\/#breadcrumb","itemListElement":[{"@type":"ListItem","position":1,"name":"Home","item":"https:\/\/www.evropskakuca.me\/me\/"},{"@type":"ListItem","position":2,"name":"Samit u Skoplju najavio nove investicije"}]},{"@type":"WebSite","@id":"https:\/\/www.evropskakuca.me\/me\/#website","url":"https:\/\/www.evropskakuca.me\/me\/","name":"Evropean house","description":"","publisher":{"@id":"https:\/\/www.evropskakuca.me\/me\/#organization"},"potentialAction":[{"@type":"SearchAction","target":{"@type":"EntryPoint","urlTemplate":"https:\/\/www.evropskakuca.me\/me\/?s={search_term_string}"},"query-input":{"@type":"PropertyValueSpecification","valueRequired":true,"valueName":"search_term_string"}}],"inLanguage":"me-ME"},{"@type":"Organization","@id":"https:\/\/www.evropskakuca.me\/me\/#organization","name":"Evropean house","url":"https:\/\/www.evropskakuca.me\/me\/","logo":{"@type":"ImageObject","inLanguage":"me-ME","@id":"https:\/\/www.evropskakuca.me\/me\/#\/schema\/logo\/image\/","url":"https:\/\/www.evropskakuca.me\/wp-content\/uploads\/2025\/01\/evropska-kuca-logo-1.png","contentUrl":"https:\/\/www.evropskakuca.me\/wp-content\/uploads\/2025\/01\/evropska-kuca-logo-1.png","width":425,"height":312,"caption":"Evropean house"},"image":{"@id":"https:\/\/www.evropskakuca.me\/me\/#\/schema\/logo\/image\/"},"sameAs":["https:\/\/www.facebook.com\/evropska.kuca","https:\/\/x.com\/evropska_kuca","https:\/\/www.instagram.com\/evropska_kuca"]}]}},"_links":{"self":[{"href":"https:\/\/www.evropskakuca.me\/me\/wp-json\/wp\/v2\/growth-plans\/45417","targetHints":{"allow":["GET"]}}],"collection":[{"href":"https:\/\/www.evropskakuca.me\/me\/wp-json\/wp\/v2\/growth-plans"}],"about":[{"href":"https:\/\/www.evropskakuca.me\/me\/wp-json\/wp\/v2\/types\/growth-plans"}],"version-history":[{"count":2,"href":"https:\/\/www.evropskakuca.me\/me\/wp-json\/wp\/v2\/growth-plans\/45417\/revisions"}],"predecessor-version":[{"id":45419,"href":"https:\/\/www.evropskakuca.me\/me\/wp-json\/wp\/v2\/growth-plans\/45417\/revisions\/45419"}],"wp:featuredmedia":[{"embeddable":true,"href":"https:\/\/www.evropskakuca.me\/me\/wp-json\/wp\/v2\/media\/45415"}],"wp:attachment":[{"href":"https:\/\/www.evropskakuca.me\/me\/wp-json\/wp\/v2\/media?parent=45417"}],"curies":[{"name":"wp","href":"https:\/\/api.w.org\/{rel}","templated":true}]}}