{"id":44390,"date":"2025-05-15T11:44:48","date_gmt":"2025-05-15T11:44:48","guid":{"rendered":"https:\/\/www.evropskakuca.me\/?post_type=growth-plans&#038;p=44390"},"modified":"2025-05-15T12:24:38","modified_gmt":"2025-05-15T12:24:38","slug":"crna-gora-dobila-predfinansiranje-iz-eu-plana-rasta","status":"publish","type":"growth-plans","link":"https:\/\/www.evropskakuca.me\/me\/growth-plans\/crna-gora-dobila-predfinansiranje-iz-eu-plana-rasta\/","title":{"rendered":"Crna Gora dobila predfinansiranje iz EU Plana rasta"},"content":{"rendered":"\n<p>Crna Gora je dobila 26,8 miliona eura predfinansiranja iz Reformske agende \u2013 koja je dio Plana rasta za Zapadni Balkan \u2013 od \u010dega je 12,5 miliona eura povoljnog zajma danas upla\u0107eno u dr\u017eavni bud\u017eet. Dodatnih 14,3 miliona eura, u vidu grantova i zajmova, bi\u0107e usmjereno preko Investicionog okvira za Zapadni Balkan (WBIF) na unapre\u0111enje infrastrukture \u0161irom zemlje. Ova uplata predfinansiranja predstavlja 7% ukupne finansijske podr\u0161ke koja je predvi\u0111ena za Crnu Goru u okviru EU Plana rasta.<\/p>\n\n\n\n<p>Ambasador EU u Crnoj Gori, <strong>Johan Satler<\/strong>, kazao je da Plan rasta poma\u017ee Crnoj Gori u sprovo\u0111enju va\u017enih reformi i pribli\u017eavanju ekonomije i \u017eivotnog standarda onima u EU.&nbsp;\u201eZadovoljstvo mi je \u0161to je prvi paket podr\u0161ke EU Plana rasta za Crnu Goru isporu\u010den i \u0161to svjedo\u010dimo sprovo\u0111enju ovog va\u017enog programa. Uskoro \u0107e ovo postati redovna praksa \u2013 svakih \u0161est mjeseci EU \u0107e procjenjivati da li je Crna Gora sprovela neophodne reforme i sredstva \u0107e se ispla\u0107ivati na osnovu ostvarenih rezultata. Vjerujem da ovo predstavlja sna\u017ean podsticaj za crnogorske institucije da predano rade na reformskim mjerama, kako bi napredak u obrazovanju, infrastrukturi, digitalizaciji i mnogim drugim oblastima osjetio svaki gra\u0111anin, \u010dak i prije punopravnog \u010dlanstva u EU,&#8221; izjavio je Satler.<\/p>\n\n\n\n<figure class=\"wp-block-video\"><video height=\"1080\" style=\"aspect-ratio: 1920 \/ 1080;\" width=\"1920\" controls src=\"https:\/\/www.evropskakuca.me\/wp-content\/uploads\/2025\/05\/Johan-Satler-spot-TITTLE.mp4\"><\/video><\/figure>\n\n\n\n<p>Ministarka evropskih poslova, <strong>Maida Gor\u010devi\u0107<\/strong>, izjavila je da je Vlada ispunila sve neophodne korake kako bi omogu\u0107ila prvu isplatu \u2013 uklju\u010duju\u0107i usvajanje Sporazuma o Planu rasta u Skup\u0161tini i zaklju\u010divanje Sporazuma o zajmu sa Evropskom komisijom.<\/p>\n\n\n\n<p>Ona je pojasnila da \u0107e, od ukupnog iznosa predfinansiranja, 14,3 miliona eura bi\u0107e usmjereno ka infrastrukturnim projektima u oblasti energetike kroz Zapadnobalkanski investicioni okvir, dok \u0107e ostatak biti upla\u0107en kroz direktnu bud\u017eetsku podr\u0161ku za sprovo\u0111enje prioriteta iz Reformske agende do kraja 2027. godine.&nbsp;\u201eIsplata prve tran\u0161e nov\u010dane podr\u0161ke iz Plana rasta potvr\u0111uje da je Crna Gora pouzdan partner koji \u0107e posve\u0107eno raditi na ostvarenju svih zacrtanih reformi. Vlada je ispunila sve preduslove da bi ova sredstva postala dostupna, a to je sna\u017ean signal i prema na\u0161im gra\u0111anima i gra\u0111ankama i prema institucijama EU. Ovo je prvi konkretan pokazatelj da evropske integracije nisu apstraktna ideja, ve\u0107 donose opipljivu korist za gra\u0111ane i ekonomiju. Ulaganje u infrastrukturu i reformske politike bi\u0107e na\u0161a ulaznica u Evropsku uniju 2028. godine&#8221;, poru\u010dila je ministarka Gor\u010devi\u0107.<\/p>\n\n\n\n<p>Do 2027. godine, Crna Gora ima priliku da iz Instrumenta za reforme i rast za Zapadni Balkan dobije do 383 miliona eura ukupno, u zamjenu za napredak u reformama u oblastima vladavine prava i osnovnih prava, obnovljivih izvora energije, digitalne ekonomije, ljudskog kapitala i razvoja privatnog sektora.<\/p>\n\n\n\n<p>Budu\u0107e isplate iz ovog instrumenta bi\u0107e realizovane po ispunjenju reformskih koraka dogovorenih izme\u0111u Evropske komisije i Vlade Crne Gore kroz Reformsku agendu.<\/p>\n\n\n\n<p><strong>Pozadina<\/strong><\/p>\n\n\n\n<p>Plan rasta za Zapadni Balkan predstavlja mapu puta za pribli\u017eavanje ekonomija regiona Evropskoj uniji. Tako\u0111e omogu\u0107ava postepeni pristup Jedinstvenom tr\u017ei\u0161tu EU, omogu\u0107avaju\u0107i gra\u0111anima Zapadnog Balkana da osjete rane koristi evropskih integracija, uz podr\u0161ku daljoj regionalnoj ekonomskoj integraciji.&nbsp;Plan rasta obezbje\u0111uje dodatnih 6 milijardi eura finansijske pomo\u0107i za podr\u0161ku socio-ekonomskim i klju\u010dnim reformama, kao i povezanim investicijama. Isplate su uslovljene ostvarivanjem reformi definisanih u Reformskim agendama koje pripremaju korisnice sredstava. Evropska komisija trenutno procjenjuje ispunjenost prvog seta reformskih koraka.<\/p>\n","protected":false},"excerpt":{"rendered":"<p>Crna Gora je dobila 26,8 miliona eura predfinansiranja iz Reformske agende \u2013 koja je dio Plana rasta za Zapadni Balkan \u2013 od \u010dega je 12,5 miliona eura povoljnog zajma danas upla\u0107eno u dr\u017eavni bud\u017eet. Dodatnih 14,3 miliona eura, u vidu grantova i zajmova, bi\u0107e usmjereno preko Investicionog okvira za Zapadni Balkan (WBIF) na unapre\u0111enje infrastrukture [&hellip;]<\/p>\n","protected":false},"featured_media":44391,"template":"","meta":{"_acf_changed":false,"footnotes":""},"class_list":["post-44390","growth-plans","type-growth-plans","status-publish","has-post-thumbnail","hentry"],"acf":[],"yoast_head":"<!-- This site is optimized with the Yoast SEO plugin v27.3 - https:\/\/yoast.com\/product\/yoast-seo-wordpress\/ -->\n<title>Crna Gora dobila predfinansiranje iz EU Plana rasta - Europe House<\/title>\n<meta name=\"robots\" content=\"index, follow, max-snippet:-1, max-image-preview:large, max-video-preview:-1\" \/>\n<link rel=\"canonical\" href=\"https:\/\/www.evropskakuca.me\/me\/growth-plans\/crna-gora-dobila-predfinansiranje-iz-eu-plana-rasta\/\" \/>\n<meta property=\"og:locale\" content=\"en_US\" \/>\n<meta property=\"og:type\" content=\"article\" \/>\n<meta property=\"og:title\" content=\"Crna Gora dobila predfinansiranje iz EU Plana rasta - Europe House\" \/>\n<meta property=\"og:description\" content=\"Crna Gora je dobila 26,8 miliona eura predfinansiranja iz Reformske agende \u2013 koja je dio Plana rasta za Zapadni Balkan \u2013 od \u010dega je 12,5 miliona eura povoljnog zajma danas upla\u0107eno u dr\u017eavni bud\u017eet. Dodatnih 14,3 miliona eura, u vidu grantova i zajmova, bi\u0107e usmjereno preko Investicionog okvira za Zapadni Balkan (WBIF) na unapre\u0111enje infrastrukture [&hellip;]\" \/>\n<meta property=\"og:url\" content=\"https:\/\/www.evropskakuca.me\/me\/growth-plans\/crna-gora-dobila-predfinansiranje-iz-eu-plana-rasta\/\" \/>\n<meta property=\"og:site_name\" content=\"Europe House\" \/>\n<meta property=\"article:publisher\" content=\"https:\/\/www.facebook.com\/evropska.kuca\" \/>\n<meta property=\"article:modified_time\" content=\"2025-05-15T12:24:38+00:00\" \/>\n<meta property=\"og:image\" content=\"https:\/\/www.evropskakuca.me\/wp-content\/uploads\/2025\/05\/FRO_5227-scaled.jpg\" \/>\n\t<meta property=\"og:image:width\" content=\"2560\" \/>\n\t<meta property=\"og:image:height\" content=\"1707\" \/>\n\t<meta property=\"og:image:type\" content=\"image\/jpeg\" \/>\n<meta name=\"twitter:card\" content=\"summary_large_image\" \/>\n<meta name=\"twitter:site\" content=\"@evropska_kuca\" \/>\n<meta name=\"twitter:label1\" content=\"Est. reading time\" \/>\n\t<meta name=\"twitter:data1\" content=\"3 minutes\" \/>\n<script type=\"application\/ld+json\" class=\"yoast-schema-graph\">{\"@context\":\"https:\\\/\\\/schema.org\",\"@graph\":[{\"@type\":\"WebPage\",\"@id\":\"https:\\\/\\\/www.evropskakuca.me\\\/me\\\/growth-plans\\\/crna-gora-dobila-predfinansiranje-iz-eu-plana-rasta\\\/\",\"url\":\"https:\\\/\\\/www.evropskakuca.me\\\/me\\\/growth-plans\\\/crna-gora-dobila-predfinansiranje-iz-eu-plana-rasta\\\/\",\"name\":\"Crna Gora dobila predfinansiranje iz EU Plana rasta - Europe House\",\"isPartOf\":{\"@id\":\"https:\\\/\\\/www.evropskakuca.me\\\/me\\\/#website\"},\"primaryImageOfPage\":{\"@id\":\"https:\\\/\\\/www.evropskakuca.me\\\/me\\\/growth-plans\\\/crna-gora-dobila-predfinansiranje-iz-eu-plana-rasta\\\/#primaryimage\"},\"image\":{\"@id\":\"https:\\\/\\\/www.evropskakuca.me\\\/me\\\/growth-plans\\\/crna-gora-dobila-predfinansiranje-iz-eu-plana-rasta\\\/#primaryimage\"},\"thumbnailUrl\":\"https:\\\/\\\/www.evropskakuca.me\\\/wp-content\\\/uploads\\\/2025\\\/05\\\/FRO_5227-scaled.jpg\",\"datePublished\":\"2025-05-15T11:44:48+00:00\",\"dateModified\":\"2025-05-15T12:24:38+00:00\",\"breadcrumb\":{\"@id\":\"https:\\\/\\\/www.evropskakuca.me\\\/me\\\/growth-plans\\\/crna-gora-dobila-predfinansiranje-iz-eu-plana-rasta\\\/#breadcrumb\"},\"inLanguage\":\"me-ME\",\"potentialAction\":[{\"@type\":\"ReadAction\",\"target\":[\"https:\\\/\\\/www.evropskakuca.me\\\/me\\\/growth-plans\\\/crna-gora-dobila-predfinansiranje-iz-eu-plana-rasta\\\/\"]}]},{\"@type\":\"ImageObject\",\"inLanguage\":\"me-ME\",\"@id\":\"https:\\\/\\\/www.evropskakuca.me\\\/me\\\/growth-plans\\\/crna-gora-dobila-predfinansiranje-iz-eu-plana-rasta\\\/#primaryimage\",\"url\":\"https:\\\/\\\/www.evropskakuca.me\\\/wp-content\\\/uploads\\\/2025\\\/05\\\/FRO_5227-scaled.jpg\",\"contentUrl\":\"https:\\\/\\\/www.evropskakuca.me\\\/wp-content\\\/uploads\\\/2025\\\/05\\\/FRO_5227-scaled.jpg\",\"width\":2560,\"height\":1707},{\"@type\":\"BreadcrumbList\",\"@id\":\"https:\\\/\\\/www.evropskakuca.me\\\/me\\\/growth-plans\\\/crna-gora-dobila-predfinansiranje-iz-eu-plana-rasta\\\/#breadcrumb\",\"itemListElement\":[{\"@type\":\"ListItem\",\"position\":1,\"name\":\"Home\",\"item\":\"https:\\\/\\\/www.evropskakuca.me\\\/me\\\/\"},{\"@type\":\"ListItem\",\"position\":2,\"name\":\"Crna Gora dobila predfinansiranje iz EU Plana rasta\"}]},{\"@type\":\"WebSite\",\"@id\":\"https:\\\/\\\/www.evropskakuca.me\\\/me\\\/#website\",\"url\":\"https:\\\/\\\/www.evropskakuca.me\\\/me\\\/\",\"name\":\"Evropean house\",\"description\":\"\",\"publisher\":{\"@id\":\"https:\\\/\\\/www.evropskakuca.me\\\/me\\\/#organization\"},\"potentialAction\":[{\"@type\":\"SearchAction\",\"target\":{\"@type\":\"EntryPoint\",\"urlTemplate\":\"https:\\\/\\\/www.evropskakuca.me\\\/me\\\/?s={search_term_string}\"},\"query-input\":{\"@type\":\"PropertyValueSpecification\",\"valueRequired\":true,\"valueName\":\"search_term_string\"}}],\"inLanguage\":\"me-ME\"},{\"@type\":\"Organization\",\"@id\":\"https:\\\/\\\/www.evropskakuca.me\\\/me\\\/#organization\",\"name\":\"Evropean house\",\"url\":\"https:\\\/\\\/www.evropskakuca.me\\\/me\\\/\",\"logo\":{\"@type\":\"ImageObject\",\"inLanguage\":\"me-ME\",\"@id\":\"https:\\\/\\\/www.evropskakuca.me\\\/me\\\/#\\\/schema\\\/logo\\\/image\\\/\",\"url\":\"https:\\\/\\\/www.evropskakuca.me\\\/wp-content\\\/uploads\\\/2025\\\/01\\\/evropska-kuca-logo-1.png\",\"contentUrl\":\"https:\\\/\\\/www.evropskakuca.me\\\/wp-content\\\/uploads\\\/2025\\\/01\\\/evropska-kuca-logo-1.png\",\"width\":425,\"height\":312,\"caption\":\"Evropean house\"},\"image\":{\"@id\":\"https:\\\/\\\/www.evropskakuca.me\\\/me\\\/#\\\/schema\\\/logo\\\/image\\\/\"},\"sameAs\":[\"https:\\\/\\\/www.facebook.com\\\/evropska.kuca\",\"https:\\\/\\\/x.com\\\/evropska_kuca\",\"https:\\\/\\\/www.instagram.com\\\/evropska_kuca\"]}]}<\/script>\n<!-- \/ Yoast SEO plugin. -->","yoast_head_json":{"title":"Crna Gora dobila predfinansiranje iz EU Plana rasta - Europe House","robots":{"index":"index","follow":"follow","max-snippet":"max-snippet:-1","max-image-preview":"max-image-preview:large","max-video-preview":"max-video-preview:-1"},"canonical":"https:\/\/www.evropskakuca.me\/me\/growth-plans\/crna-gora-dobila-predfinansiranje-iz-eu-plana-rasta\/","og_locale":"en_US","og_type":"article","og_title":"Crna Gora dobila predfinansiranje iz EU Plana rasta - Europe House","og_description":"Crna Gora je dobila 26,8 miliona eura predfinansiranja iz Reformske agende \u2013 koja je dio Plana rasta za Zapadni Balkan \u2013 od \u010dega je 12,5 miliona eura povoljnog zajma danas upla\u0107eno u dr\u017eavni bud\u017eet. Dodatnih 14,3 miliona eura, u vidu grantova i zajmova, bi\u0107e usmjereno preko Investicionog okvira za Zapadni Balkan (WBIF) na unapre\u0111enje infrastrukture [&hellip;]","og_url":"https:\/\/www.evropskakuca.me\/me\/growth-plans\/crna-gora-dobila-predfinansiranje-iz-eu-plana-rasta\/","og_site_name":"Europe House","article_publisher":"https:\/\/www.facebook.com\/evropska.kuca","article_modified_time":"2025-05-15T12:24:38+00:00","og_image":[{"width":2560,"height":1707,"url":"https:\/\/www.evropskakuca.me\/wp-content\/uploads\/2025\/05\/FRO_5227-scaled.jpg","type":"image\/jpeg"}],"twitter_card":"summary_large_image","twitter_site":"@evropska_kuca","twitter_misc":{"Est. reading time":"3 minutes"},"schema":{"@context":"https:\/\/schema.org","@graph":[{"@type":"WebPage","@id":"https:\/\/www.evropskakuca.me\/me\/growth-plans\/crna-gora-dobila-predfinansiranje-iz-eu-plana-rasta\/","url":"https:\/\/www.evropskakuca.me\/me\/growth-plans\/crna-gora-dobila-predfinansiranje-iz-eu-plana-rasta\/","name":"Crna Gora dobila predfinansiranje iz EU Plana rasta - Europe House","isPartOf":{"@id":"https:\/\/www.evropskakuca.me\/me\/#website"},"primaryImageOfPage":{"@id":"https:\/\/www.evropskakuca.me\/me\/growth-plans\/crna-gora-dobila-predfinansiranje-iz-eu-plana-rasta\/#primaryimage"},"image":{"@id":"https:\/\/www.evropskakuca.me\/me\/growth-plans\/crna-gora-dobila-predfinansiranje-iz-eu-plana-rasta\/#primaryimage"},"thumbnailUrl":"https:\/\/www.evropskakuca.me\/wp-content\/uploads\/2025\/05\/FRO_5227-scaled.jpg","datePublished":"2025-05-15T11:44:48+00:00","dateModified":"2025-05-15T12:24:38+00:00","breadcrumb":{"@id":"https:\/\/www.evropskakuca.me\/me\/growth-plans\/crna-gora-dobila-predfinansiranje-iz-eu-plana-rasta\/#breadcrumb"},"inLanguage":"me-ME","potentialAction":[{"@type":"ReadAction","target":["https:\/\/www.evropskakuca.me\/me\/growth-plans\/crna-gora-dobila-predfinansiranje-iz-eu-plana-rasta\/"]}]},{"@type":"ImageObject","inLanguage":"me-ME","@id":"https:\/\/www.evropskakuca.me\/me\/growth-plans\/crna-gora-dobila-predfinansiranje-iz-eu-plana-rasta\/#primaryimage","url":"https:\/\/www.evropskakuca.me\/wp-content\/uploads\/2025\/05\/FRO_5227-scaled.jpg","contentUrl":"https:\/\/www.evropskakuca.me\/wp-content\/uploads\/2025\/05\/FRO_5227-scaled.jpg","width":2560,"height":1707},{"@type":"BreadcrumbList","@id":"https:\/\/www.evropskakuca.me\/me\/growth-plans\/crna-gora-dobila-predfinansiranje-iz-eu-plana-rasta\/#breadcrumb","itemListElement":[{"@type":"ListItem","position":1,"name":"Home","item":"https:\/\/www.evropskakuca.me\/me\/"},{"@type":"ListItem","position":2,"name":"Crna Gora dobila predfinansiranje iz EU Plana rasta"}]},{"@type":"WebSite","@id":"https:\/\/www.evropskakuca.me\/me\/#website","url":"https:\/\/www.evropskakuca.me\/me\/","name":"Evropean house","description":"","publisher":{"@id":"https:\/\/www.evropskakuca.me\/me\/#organization"},"potentialAction":[{"@type":"SearchAction","target":{"@type":"EntryPoint","urlTemplate":"https:\/\/www.evropskakuca.me\/me\/?s={search_term_string}"},"query-input":{"@type":"PropertyValueSpecification","valueRequired":true,"valueName":"search_term_string"}}],"inLanguage":"me-ME"},{"@type":"Organization","@id":"https:\/\/www.evropskakuca.me\/me\/#organization","name":"Evropean house","url":"https:\/\/www.evropskakuca.me\/me\/","logo":{"@type":"ImageObject","inLanguage":"me-ME","@id":"https:\/\/www.evropskakuca.me\/me\/#\/schema\/logo\/image\/","url":"https:\/\/www.evropskakuca.me\/wp-content\/uploads\/2025\/01\/evropska-kuca-logo-1.png","contentUrl":"https:\/\/www.evropskakuca.me\/wp-content\/uploads\/2025\/01\/evropska-kuca-logo-1.png","width":425,"height":312,"caption":"Evropean house"},"image":{"@id":"https:\/\/www.evropskakuca.me\/me\/#\/schema\/logo\/image\/"},"sameAs":["https:\/\/www.facebook.com\/evropska.kuca","https:\/\/x.com\/evropska_kuca","https:\/\/www.instagram.com\/evropska_kuca"]}]}},"_links":{"self":[{"href":"https:\/\/www.evropskakuca.me\/me\/wp-json\/wp\/v2\/growth-plans\/44390","targetHints":{"allow":["GET"]}}],"collection":[{"href":"https:\/\/www.evropskakuca.me\/me\/wp-json\/wp\/v2\/growth-plans"}],"about":[{"href":"https:\/\/www.evropskakuca.me\/me\/wp-json\/wp\/v2\/types\/growth-plans"}],"version-history":[{"count":2,"href":"https:\/\/www.evropskakuca.me\/me\/wp-json\/wp\/v2\/growth-plans\/44390\/revisions"}],"predecessor-version":[{"id":44408,"href":"https:\/\/www.evropskakuca.me\/me\/wp-json\/wp\/v2\/growth-plans\/44390\/revisions\/44408"}],"wp:featuredmedia":[{"embeddable":true,"href":"https:\/\/www.evropskakuca.me\/me\/wp-json\/wp\/v2\/media\/44391"}],"wp:attachment":[{"href":"https:\/\/www.evropskakuca.me\/me\/wp-json\/wp\/v2\/media?parent=44390"}],"curies":[{"name":"wp","href":"https:\/\/api.w.org\/{rel}","templated":true}]}}