{"id":43783,"date":"2024-11-21T12:57:23","date_gmt":"2024-11-21T12:57:23","guid":{"rendered":"https:\/\/www.evropskakuca.me\/?post_type=growth-plans&#038;p=43783"},"modified":"2025-03-28T09:30:36","modified_gmt":"2025-03-28T09:30:36","slug":"komisija-pozdravlja-ukljucivanje-albanije-i-crne-gore-u-sepa-sistem","status":"publish","type":"growth-plans","link":"https:\/\/www.evropskakuca.me\/me\/growth-plans\/komisija-pozdravlja-ukljucivanje-albanije-i-crne-gore-u-sepa-sistem\/","title":{"rendered":"Komisija pozdravlja uklju\u010divanje Albanije i Crne Gore u SEPA sistem"},"content":{"rendered":"\n<p>Crna Gora i Albanija napredovale su na svom evropskom putu postaju\u0107i prve zemlje kandidati koje su se pridru\u017eile SEPA geografskom podru\u010dju, nakon \u0161to je Evropski savjet za pla\u0107anja (EPC) dao zeleno svjetlo. Ovo predstavlja prakti\u010dan primjer uticaja Plana rasta, inicijative EU za ubrzanje socio-ekonomske integracije Zapadnog Balkana u EU, uklju\u010duju\u0107i progresivan pristup odre\u0111enim oblastima jedinstvenog tr\u017ei\u0161ta EU, na osnovu uskla\u0111ivanja sa zakonodavstvom EU (<em>acquis communautaire<\/em>).<\/p>\n\n\n\n<p>Kao rezultat odluke Evropskog savjeta za pla\u0107anja, pru\u017eaoci platnih usluga u ove dvije zemlje ima\u0107e mogu\u0107nost da se priklju\u010de raznim SEPA programima, nakon \u0161to pojedina\u010dne komercijalne institucije ispune uslove za pridru\u017eivanje tim programima. Ovaj proces je dio odvojene procedure kojom upravlja EPC.<\/p>\n\n\n\n<p>Ovaj korak otvara put za olak\u0161avanje finansijskih transfera u eurima i smanjenje tro\u0161kova ovih transakcija izme\u0111u Crne Gore, Albanije i drugih \u010dlanica SEPA. Evropska komisija, putem projekta finansiranog kroz IPA instrument i implementiranog od strane Svjetske banke, nastavi\u0107e da podr\u017eava pripremu pru\u017ealaca platnih usluga Crne Gore i Albanije, kao i drugih zemalja Zapadnog Balkana koje te\u017ee priklju\u010denju geografskom obuhvatu SEPA u bliskoj budu\u0107nosti.<\/p>\n\n\n\n<figure class=\"wp-block-image size-full\"><img fetchpriority=\"high\" decoding=\"async\" width=\"810\" height=\"540\" src=\"https:\/\/www.evropskakuca.me\/wp-content\/uploads\/2025\/03\/20241121_sepa_big-1.jpg\" alt=\"\" class=\"wp-image-43781\" srcset=\"https:\/\/www.evropskakuca.me\/wp-content\/uploads\/2025\/03\/20241121_sepa_big-1.jpg 810w, https:\/\/www.evropskakuca.me\/wp-content\/uploads\/2025\/03\/20241121_sepa_big-1-300x200.jpg 300w, https:\/\/www.evropskakuca.me\/wp-content\/uploads\/2025\/03\/20241121_sepa_big-1-768x512.jpg 768w\" sizes=\"(max-width: 810px) 100vw, 810px\" \/><\/figure>\n\n\n\n<p><strong>Pozadina<\/strong><br><br>Evropski savjet za pla\u0107anja (EPC) je nezavisna, me\u0111unarodna neprofitna asocijacija koja broji 79 \u010dlanova, payments service provajdera (PSP) ili njihovih udru\u017eenja. EPC je osnovan 2002. godine od strane evropske bankarske industrije radi razvoja evropskih instrumenata za elektronska pla\u0107anja u eurima. Danas skoro 4000 banaka i drugih payments service provajdera u\u010destvuje u SEPA programima.<\/p>\n\n\n\n<p>Od tada je, u bliskom dijalogu sa zainteresovanim stranama, EPC razvio, izme\u0111u ostalog, programe poput SEPA kreditnog transfera, SEPA Instant kreditnog transfera, SEPA direktnog zadu\u017eenja (SDD) za fizi\u010dka lica i SDD programa za poslovne transakcije. Ovi programi, omogu\u0107avaju vi\u0161e od 50 milijardi transakcija godi\u0161nje u 36 zemalja, EPC redovno a\u017eurira i unapre\u0111uje kako bi omogu\u0107io jednostavna prekograni\u010dna pla\u0107anja u eurima.<\/p>\n\n\n\n<p><strong>Vi\u0161e informacija:<\/strong><\/p>\n\n\n\n<ul class=\"wp-block-list\">\n<li><a href=\"https:\/\/neighbourhood-enlargement.ec.europa.eu\/factsheet-new-growth-plan-western-balkans_en\" target=\"_blank\" rel=\"noreferrer noopener\">Factsheet o Planu rasta<\/a><\/li>\n\n\n\n<li><a href=\"https:\/\/www.europeanpaymentscouncil.eu\/document-library\/press-releases\/montenegro-now-part-sepa-payment-schemes-geographical-scope\" target=\"_blank\" rel=\"noreferrer noopener\">EPC saop\u0161tenje za javnost o Crnoj Gori<\/a><\/li>\n\n\n\n<li><a href=\"https:\/\/www.europeanpaymentscouncil.eu\/document-library\/press-releases\/albania-now-part-sepa-payment-schemes-geographical-scope\" target=\"_blank\" rel=\"noreferrer noopener\">EPC saop\u0161tenje za javnost o Albaniji<\/a><\/li>\n<\/ul>\n","protected":false},"excerpt":{"rendered":"<p>Crna Gora i Albanija napredovale su na svom evropskom putu postaju\u0107i prve zemlje kandidati koje su se pridru\u017eile SEPA geografskom podru\u010dju, nakon \u0161to je Evropski savjet za pla\u0107anja (EPC) dao zeleno svjetlo. Ovo predstavlja prakti\u010dan primjer uticaja Plana rasta, inicijative EU za ubrzanje socio-ekonomske integracije Zapadnog Balkana u EU, uklju\u010duju\u0107i progresivan pristup odre\u0111enim oblastima jedinstvenog [&hellip;]<\/p>\n","protected":false},"featured_media":43781,"template":"","meta":{"_acf_changed":false,"footnotes":""},"class_list":["post-43783","growth-plans","type-growth-plans","status-publish","has-post-thumbnail","hentry"],"acf":[],"yoast_head":"<!-- This site is optimized with the Yoast SEO plugin v27.3 - https:\/\/yoast.com\/product\/yoast-seo-wordpress\/ -->\n<title>Komisija pozdravlja uklju\u010divanje Albanije i Crne Gore u SEPA sistem - Europe House<\/title>\n<meta name=\"robots\" content=\"index, follow, max-snippet:-1, max-image-preview:large, max-video-preview:-1\" \/>\n<link rel=\"canonical\" href=\"https:\/\/www.evropskakuca.me\/me\/growth-plans\/komisija-pozdravlja-ukljucivanje-albanije-i-crne-gore-u-sepa-sistem\/\" \/>\n<meta property=\"og:locale\" content=\"en_US\" \/>\n<meta property=\"og:type\" content=\"article\" \/>\n<meta property=\"og:title\" content=\"Komisija pozdravlja uklju\u010divanje Albanije i Crne Gore u SEPA sistem - Europe House\" \/>\n<meta property=\"og:description\" content=\"Crna Gora i Albanija napredovale su na svom evropskom putu postaju\u0107i prve zemlje kandidati koje su se pridru\u017eile SEPA geografskom podru\u010dju, nakon \u0161to je Evropski savjet za pla\u0107anja (EPC) dao zeleno svjetlo. Ovo predstavlja prakti\u010dan primjer uticaja Plana rasta, inicijative EU za ubrzanje socio-ekonomske integracije Zapadnog Balkana u EU, uklju\u010duju\u0107i progresivan pristup odre\u0111enim oblastima jedinstvenog [&hellip;]\" \/>\n<meta property=\"og:url\" content=\"https:\/\/www.evropskakuca.me\/me\/growth-plans\/komisija-pozdravlja-ukljucivanje-albanije-i-crne-gore-u-sepa-sistem\/\" \/>\n<meta property=\"og:site_name\" content=\"Europe House\" \/>\n<meta property=\"article:publisher\" content=\"https:\/\/www.facebook.com\/evropska.kuca\" \/>\n<meta property=\"article:modified_time\" content=\"2025-03-28T09:30:36+00:00\" \/>\n<meta property=\"og:image\" content=\"https:\/\/www.evropskakuca.me\/wp-content\/uploads\/2025\/03\/20241121_sepa_big-1.jpg\" \/>\n\t<meta property=\"og:image:width\" content=\"810\" \/>\n\t<meta property=\"og:image:height\" content=\"540\" \/>\n\t<meta property=\"og:image:type\" content=\"image\/jpeg\" \/>\n<meta name=\"twitter:card\" content=\"summary_large_image\" \/>\n<meta name=\"twitter:site\" content=\"@evropska_kuca\" \/>\n<meta name=\"twitter:label1\" content=\"Est. reading time\" \/>\n\t<meta name=\"twitter:data1\" content=\"2 minutes\" \/>\n<script type=\"application\/ld+json\" class=\"yoast-schema-graph\">{\"@context\":\"https:\\\/\\\/schema.org\",\"@graph\":[{\"@type\":\"WebPage\",\"@id\":\"https:\\\/\\\/www.evropskakuca.me\\\/me\\\/growth-plans\\\/komisija-pozdravlja-ukljucivanje-albanije-i-crne-gore-u-sepa-sistem\\\/\",\"url\":\"https:\\\/\\\/www.evropskakuca.me\\\/me\\\/growth-plans\\\/komisija-pozdravlja-ukljucivanje-albanije-i-crne-gore-u-sepa-sistem\\\/\",\"name\":\"Komisija pozdravlja uklju\u010divanje Albanije i Crne Gore u SEPA sistem - Europe House\",\"isPartOf\":{\"@id\":\"https:\\\/\\\/www.evropskakuca.me\\\/me\\\/#website\"},\"primaryImageOfPage\":{\"@id\":\"https:\\\/\\\/www.evropskakuca.me\\\/me\\\/growth-plans\\\/komisija-pozdravlja-ukljucivanje-albanije-i-crne-gore-u-sepa-sistem\\\/#primaryimage\"},\"image\":{\"@id\":\"https:\\\/\\\/www.evropskakuca.me\\\/me\\\/growth-plans\\\/komisija-pozdravlja-ukljucivanje-albanije-i-crne-gore-u-sepa-sistem\\\/#primaryimage\"},\"thumbnailUrl\":\"https:\\\/\\\/www.evropskakuca.me\\\/wp-content\\\/uploads\\\/2025\\\/03\\\/20241121_sepa_big-1.jpg\",\"datePublished\":\"2024-11-21T12:57:23+00:00\",\"dateModified\":\"2025-03-28T09:30:36+00:00\",\"breadcrumb\":{\"@id\":\"https:\\\/\\\/www.evropskakuca.me\\\/me\\\/growth-plans\\\/komisija-pozdravlja-ukljucivanje-albanije-i-crne-gore-u-sepa-sistem\\\/#breadcrumb\"},\"inLanguage\":\"me-ME\",\"potentialAction\":[{\"@type\":\"ReadAction\",\"target\":[\"https:\\\/\\\/www.evropskakuca.me\\\/me\\\/growth-plans\\\/komisija-pozdravlja-ukljucivanje-albanije-i-crne-gore-u-sepa-sistem\\\/\"]}]},{\"@type\":\"ImageObject\",\"inLanguage\":\"me-ME\",\"@id\":\"https:\\\/\\\/www.evropskakuca.me\\\/me\\\/growth-plans\\\/komisija-pozdravlja-ukljucivanje-albanije-i-crne-gore-u-sepa-sistem\\\/#primaryimage\",\"url\":\"https:\\\/\\\/www.evropskakuca.me\\\/wp-content\\\/uploads\\\/2025\\\/03\\\/20241121_sepa_big-1.jpg\",\"contentUrl\":\"https:\\\/\\\/www.evropskakuca.me\\\/wp-content\\\/uploads\\\/2025\\\/03\\\/20241121_sepa_big-1.jpg\",\"width\":810,\"height\":540},{\"@type\":\"BreadcrumbList\",\"@id\":\"https:\\\/\\\/www.evropskakuca.me\\\/me\\\/growth-plans\\\/komisija-pozdravlja-ukljucivanje-albanije-i-crne-gore-u-sepa-sistem\\\/#breadcrumb\",\"itemListElement\":[{\"@type\":\"ListItem\",\"position\":1,\"name\":\"Home\",\"item\":\"https:\\\/\\\/www.evropskakuca.me\\\/me\\\/\"},{\"@type\":\"ListItem\",\"position\":2,\"name\":\"Komisija pozdravlja uklju\u010divanje Albanije i Crne Gore u SEPA sistem\"}]},{\"@type\":\"WebSite\",\"@id\":\"https:\\\/\\\/www.evropskakuca.me\\\/me\\\/#website\",\"url\":\"https:\\\/\\\/www.evropskakuca.me\\\/me\\\/\",\"name\":\"Evropean house\",\"description\":\"\",\"publisher\":{\"@id\":\"https:\\\/\\\/www.evropskakuca.me\\\/me\\\/#organization\"},\"potentialAction\":[{\"@type\":\"SearchAction\",\"target\":{\"@type\":\"EntryPoint\",\"urlTemplate\":\"https:\\\/\\\/www.evropskakuca.me\\\/me\\\/?s={search_term_string}\"},\"query-input\":{\"@type\":\"PropertyValueSpecification\",\"valueRequired\":true,\"valueName\":\"search_term_string\"}}],\"inLanguage\":\"me-ME\"},{\"@type\":\"Organization\",\"@id\":\"https:\\\/\\\/www.evropskakuca.me\\\/me\\\/#organization\",\"name\":\"Evropean house\",\"url\":\"https:\\\/\\\/www.evropskakuca.me\\\/me\\\/\",\"logo\":{\"@type\":\"ImageObject\",\"inLanguage\":\"me-ME\",\"@id\":\"https:\\\/\\\/www.evropskakuca.me\\\/me\\\/#\\\/schema\\\/logo\\\/image\\\/\",\"url\":\"https:\\\/\\\/www.evropskakuca.me\\\/wp-content\\\/uploads\\\/2025\\\/01\\\/evropska-kuca-logo-1.png\",\"contentUrl\":\"https:\\\/\\\/www.evropskakuca.me\\\/wp-content\\\/uploads\\\/2025\\\/01\\\/evropska-kuca-logo-1.png\",\"width\":425,\"height\":312,\"caption\":\"Evropean house\"},\"image\":{\"@id\":\"https:\\\/\\\/www.evropskakuca.me\\\/me\\\/#\\\/schema\\\/logo\\\/image\\\/\"},\"sameAs\":[\"https:\\\/\\\/www.facebook.com\\\/evropska.kuca\",\"https:\\\/\\\/x.com\\\/evropska_kuca\",\"https:\\\/\\\/www.instagram.com\\\/evropska_kuca\"]}]}<\/script>\n<!-- \/ Yoast SEO plugin. -->","yoast_head_json":{"title":"Komisija pozdravlja uklju\u010divanje Albanije i Crne Gore u SEPA sistem - Europe House","robots":{"index":"index","follow":"follow","max-snippet":"max-snippet:-1","max-image-preview":"max-image-preview:large","max-video-preview":"max-video-preview:-1"},"canonical":"https:\/\/www.evropskakuca.me\/me\/growth-plans\/komisija-pozdravlja-ukljucivanje-albanije-i-crne-gore-u-sepa-sistem\/","og_locale":"en_US","og_type":"article","og_title":"Komisija pozdravlja uklju\u010divanje Albanije i Crne Gore u SEPA sistem - Europe House","og_description":"Crna Gora i Albanija napredovale su na svom evropskom putu postaju\u0107i prve zemlje kandidati koje su se pridru\u017eile SEPA geografskom podru\u010dju, nakon \u0161to je Evropski savjet za pla\u0107anja (EPC) dao zeleno svjetlo. Ovo predstavlja prakti\u010dan primjer uticaja Plana rasta, inicijative EU za ubrzanje socio-ekonomske integracije Zapadnog Balkana u EU, uklju\u010duju\u0107i progresivan pristup odre\u0111enim oblastima jedinstvenog [&hellip;]","og_url":"https:\/\/www.evropskakuca.me\/me\/growth-plans\/komisija-pozdravlja-ukljucivanje-albanije-i-crne-gore-u-sepa-sistem\/","og_site_name":"Europe House","article_publisher":"https:\/\/www.facebook.com\/evropska.kuca","article_modified_time":"2025-03-28T09:30:36+00:00","og_image":[{"width":810,"height":540,"url":"https:\/\/www.evropskakuca.me\/wp-content\/uploads\/2025\/03\/20241121_sepa_big-1.jpg","type":"image\/jpeg"}],"twitter_card":"summary_large_image","twitter_site":"@evropska_kuca","twitter_misc":{"Est. reading time":"2 minutes"},"schema":{"@context":"https:\/\/schema.org","@graph":[{"@type":"WebPage","@id":"https:\/\/www.evropskakuca.me\/me\/growth-plans\/komisija-pozdravlja-ukljucivanje-albanije-i-crne-gore-u-sepa-sistem\/","url":"https:\/\/www.evropskakuca.me\/me\/growth-plans\/komisija-pozdravlja-ukljucivanje-albanije-i-crne-gore-u-sepa-sistem\/","name":"Komisija pozdravlja uklju\u010divanje Albanije i Crne Gore u SEPA sistem - Europe House","isPartOf":{"@id":"https:\/\/www.evropskakuca.me\/me\/#website"},"primaryImageOfPage":{"@id":"https:\/\/www.evropskakuca.me\/me\/growth-plans\/komisija-pozdravlja-ukljucivanje-albanije-i-crne-gore-u-sepa-sistem\/#primaryimage"},"image":{"@id":"https:\/\/www.evropskakuca.me\/me\/growth-plans\/komisija-pozdravlja-ukljucivanje-albanije-i-crne-gore-u-sepa-sistem\/#primaryimage"},"thumbnailUrl":"https:\/\/www.evropskakuca.me\/wp-content\/uploads\/2025\/03\/20241121_sepa_big-1.jpg","datePublished":"2024-11-21T12:57:23+00:00","dateModified":"2025-03-28T09:30:36+00:00","breadcrumb":{"@id":"https:\/\/www.evropskakuca.me\/me\/growth-plans\/komisija-pozdravlja-ukljucivanje-albanije-i-crne-gore-u-sepa-sistem\/#breadcrumb"},"inLanguage":"me-ME","potentialAction":[{"@type":"ReadAction","target":["https:\/\/www.evropskakuca.me\/me\/growth-plans\/komisija-pozdravlja-ukljucivanje-albanije-i-crne-gore-u-sepa-sistem\/"]}]},{"@type":"ImageObject","inLanguage":"me-ME","@id":"https:\/\/www.evropskakuca.me\/me\/growth-plans\/komisija-pozdravlja-ukljucivanje-albanije-i-crne-gore-u-sepa-sistem\/#primaryimage","url":"https:\/\/www.evropskakuca.me\/wp-content\/uploads\/2025\/03\/20241121_sepa_big-1.jpg","contentUrl":"https:\/\/www.evropskakuca.me\/wp-content\/uploads\/2025\/03\/20241121_sepa_big-1.jpg","width":810,"height":540},{"@type":"BreadcrumbList","@id":"https:\/\/www.evropskakuca.me\/me\/growth-plans\/komisija-pozdravlja-ukljucivanje-albanije-i-crne-gore-u-sepa-sistem\/#breadcrumb","itemListElement":[{"@type":"ListItem","position":1,"name":"Home","item":"https:\/\/www.evropskakuca.me\/me\/"},{"@type":"ListItem","position":2,"name":"Komisija pozdravlja uklju\u010divanje Albanije i Crne Gore u SEPA sistem"}]},{"@type":"WebSite","@id":"https:\/\/www.evropskakuca.me\/me\/#website","url":"https:\/\/www.evropskakuca.me\/me\/","name":"Evropean house","description":"","publisher":{"@id":"https:\/\/www.evropskakuca.me\/me\/#organization"},"potentialAction":[{"@type":"SearchAction","target":{"@type":"EntryPoint","urlTemplate":"https:\/\/www.evropskakuca.me\/me\/?s={search_term_string}"},"query-input":{"@type":"PropertyValueSpecification","valueRequired":true,"valueName":"search_term_string"}}],"inLanguage":"me-ME"},{"@type":"Organization","@id":"https:\/\/www.evropskakuca.me\/me\/#organization","name":"Evropean house","url":"https:\/\/www.evropskakuca.me\/me\/","logo":{"@type":"ImageObject","inLanguage":"me-ME","@id":"https:\/\/www.evropskakuca.me\/me\/#\/schema\/logo\/image\/","url":"https:\/\/www.evropskakuca.me\/wp-content\/uploads\/2025\/01\/evropska-kuca-logo-1.png","contentUrl":"https:\/\/www.evropskakuca.me\/wp-content\/uploads\/2025\/01\/evropska-kuca-logo-1.png","width":425,"height":312,"caption":"Evropean house"},"image":{"@id":"https:\/\/www.evropskakuca.me\/me\/#\/schema\/logo\/image\/"},"sameAs":["https:\/\/www.facebook.com\/evropska.kuca","https:\/\/x.com\/evropska_kuca","https:\/\/www.instagram.com\/evropska_kuca"]}]}},"_links":{"self":[{"href":"https:\/\/www.evropskakuca.me\/me\/wp-json\/wp\/v2\/growth-plans\/43783","targetHints":{"allow":["GET"]}}],"collection":[{"href":"https:\/\/www.evropskakuca.me\/me\/wp-json\/wp\/v2\/growth-plans"}],"about":[{"href":"https:\/\/www.evropskakuca.me\/me\/wp-json\/wp\/v2\/types\/growth-plans"}],"version-history":[{"count":2,"href":"https:\/\/www.evropskakuca.me\/me\/wp-json\/wp\/v2\/growth-plans\/43783\/revisions"}],"predecessor-version":[{"id":43968,"href":"https:\/\/www.evropskakuca.me\/me\/wp-json\/wp\/v2\/growth-plans\/43783\/revisions\/43968"}],"wp:featuredmedia":[{"embeddable":true,"href":"https:\/\/www.evropskakuca.me\/me\/wp-json\/wp\/v2\/media\/43781"}],"wp:attachment":[{"href":"https:\/\/www.evropskakuca.me\/me\/wp-json\/wp\/v2\/media?parent=43783"}],"curies":[{"name":"wp","href":"https:\/\/api.w.org\/{rel}","templated":true}]}}