{"id":43776,"date":"2024-10-23T12:52:26","date_gmt":"2024-10-23T12:52:26","guid":{"rendered":"https:\/\/www.evropskakuca.me\/?post_type=growth-plans&#038;p=43776"},"modified":"2025-03-28T09:32:12","modified_gmt":"2025-03-28T09:32:12","slug":"komisija-je-odobrila-reformsku-agendu-crne-gore","status":"publish","type":"growth-plans","link":"https:\/\/www.evropskakuca.me\/me\/growth-plans\/komisija-je-odobrila-reformsku-agendu-crne-gore\/","title":{"rendered":"Komisija je odobrila Reformsku agendu Crne Gore"},"content":{"rendered":"\n<p>Komisija je odobrila Reformske agende Albanije, Kosova, Crne Gore, Sjeverne Makedonije i Srbije, nakon pozitivnog mi\u0161ljenja dr\u017eava \u010dlanica EU. U svojim ambicioznim Reformskim agendama, Vlade pet zemalja Zapadnog Balkana obavezale su se na sprovo\u0111enje niza socio-ekonomskih i temeljnih reformi koje \u0107e podsta\u0107i rast i pribli\u017eavanje EU u okviru Plana rasta tokom perioda od 2024. do 2027. godine.<\/p>\n\n\n\n<p>Ovaj korak je bio klju\u010dan za omogu\u0107avanje isplata iz EU Instrumenta za reforme i rast u vrijednosti od 6 milijardi eura, koje \u0107e biti izvr\u0161ene nakon \u0161to budu zavr\u0161eni dogovoreni koraci reformi.<\/p>\n\n\n\n<p>Predsjednica Komisije&nbsp;<strong>Ursula fon der Lajen<\/strong>&nbsp;je izjavila: \u201e<em>Impresionirana sam radom na\u0161ih partnera sa Zapadnog Balkana na njihovim Reformskim agendama. To pokazuje da su posve\u0107eni uspjehu Plana rasta. To je na\u0161a mapa puta za pribli\u017eavanje ekonomija Zapadnog Balkana na\u0161oj ekonomiji. Tako<\/em><em>\u0111e ovim se omogu\u0107ava pristup i stredstva kompanijama Zapadnog Balkana da budu dio na\u0161eg jedinstvenog tr\u017ei\u0161ta. Svi imaju koristi, a ovo je veliki korak naprijed ka Evropskoj uniji<\/em>.\u201c<\/p>\n\n\n\n<figure class=\"wp-block-image size-full\"><img fetchpriority=\"high\" decoding=\"async\" width=\"730\" height=\"410\" src=\"https:\/\/www.evropskakuca.me\/wp-content\/uploads\/2025\/03\/Commission-approving-Reform-Agendas-1.png\" alt=\"\" class=\"wp-image-43773\" srcset=\"https:\/\/www.evropskakuca.me\/wp-content\/uploads\/2025\/03\/Commission-approving-Reform-Agendas-1.png 730w, https:\/\/www.evropskakuca.me\/wp-content\/uploads\/2025\/03\/Commission-approving-Reform-Agendas-1-300x168.png 300w\" sizes=\"(max-width: 730px) 100vw, 730px\" \/><\/figure>\n\n\n\n<p><strong>Reformske agende<\/strong>&nbsp;fokusiraju se na reforme u prioritetnim oblastima vladavine prava i drugih temeljnih pitanja, upravljanja, digitalne i zelene tranzicije, razvoja ljudskih resursa i poslovnog okru\u017eenja. Pored toga, svaki korisnik predlo\u017eio je listu indikativnih investicija koje \u0107e biti finansirane kroz Instrument, a koje su klju\u010dne za otklju\u010davanje socio-ekonomskog rasta, a koje \u0107e biti odobrene u kontekstu Investicionog okvira za Zapadni Balkan.<\/p>\n\n\n\n<p><strong>Komisija je procijenila<\/strong>&nbsp;svaku Reformsku agendu na osnovu kriterijuma utvr\u0111enih Uredbom o Instrumentu za reforme i rast. Komisija je zaklju\u010dila da Reformske agende ispunjavaju ciljeve Instrumenta, uklju\u010duju\u0107i ubrzanje zatvaranja socio-ekonomskog jaza izme\u0111u korisnika i Unije, kao i dalje ja\u010danje temeljnih elemenata procesa pro\u0161irenja.<\/p>\n\n\n\n<p><strong>Isplate<\/strong>&nbsp;\u0107e se vr\u0161iti dva puta godi\u0161nje do 2027. godine, na osnovu zahtjeva koje podnesu partneri sa Zapadnog Balkana i provjere od strane Komisije tri seta uslova:<\/p>\n\n\n\n<ul class=\"wp-block-list\">\n<li><strong>Preduslovi<\/strong>, kao \u0161to su o\u010duvanje demokratskih mehanizama, vladavina prava i po\u0161tovanje ljudskih prava. Specifi\u010dan preduslov va\u017ei za Srbiju i Kosovo, koji moraju konstruktivno u\u010destvovati u normalizaciji svojih odnosa, uklju\u010duju\u0107i sprovo\u0111enje svih dogovora iz Dijaloga, \u0161to \u0107e biti procijenjeno uzimaju\u0107i u obzir ulogu i doprinos Evropske slu\u017ebe za spoljne poslove.<\/li>\n\n\n\n<li><strong>Op\u0161ti uslovi<\/strong>, poput makroekonomske stabilnosti i dobrog upravljanja javnim finansijama, moraju biti ispunjeni prije isplate sredstava.<\/li>\n\n\n\n<li><strong>Uslovi isplate<\/strong>, tj. ispunjavanje kvantitativnih i kvalitativnih koraka na koje su reforme podijeljene.<\/li>\n<\/ul>\n\n\n\n<p>Komisija sa nestrpljenjem o\u010dekuje da Bosna i Hercegovina formalno podnese svoju Reformsku agendu kako bi se nastavila procjena. Komisija tako\u0111e nastavlja pru\u017eati podr\u0161ku vlastima da je finalizuju, na dobrobit svih gra\u0111ana.<\/p>\n\n\n\n<p><strong>Sljede\u0107i koraci<\/strong><\/p>\n\n\n\n<p>Komisija \u0107e sada nastaviti sa potpisivanjem sporazuma o zajmu i instrumentu sa korisnicima, koji \u0107e uklju\u010divati obaveze korisnika da preduzmu odgovaraju\u0107e mjere za spre\u010davanje, otkrivanje i ispravljanje prevara, korupcije, sukoba interesa i nepravilnosti koje uti\u010du na finansijske interese Unije, kako bi se izbjeglo dvostruko finansiranje i preduzimale pravne radnje za povrat sredstava koja su nepravilno dodijeljena, prikupljanje adekvatnih podataka o primaocima sredstava iz Instrumenta i prava koja \u0107e biti dodijeljena Komisiji, Evropskoj slu\u017ebi za suzbijanje prevara (OLAF) i Evropskom javnom tu\u017eila\u0161tvu (EPPO) gdje je to primjenjivo.<\/p>\n\n\n\n<p>Paralelno, korisnici mogu zatra\u017eiti osloba\u0111anje predfinansiranja do 7% svoje ukupne indikativne alokacije predvi\u0111ene Instrumentom.<\/p>\n\n\n\n<p>Isplata predfinansiranja \u0107e biti uslovljena stupanjem na snagu sporazuma o instrumentu i zajmu, i po\u0161tovanjem preduslova koje \u0107e Komisija pratiti prije svake isplate.<\/p>\n\n\n\n<p><strong>Pozadina<\/strong><\/p>\n\n\n\n<p>Komisija je 8. novembra 2023. godine, usvojila Plan rasta za Zapadni Balkan. Ovaj ambiciozni plan ima za cilj ubrzanje socio-ekonomskog pribli\u017eavanja regiona EU i otvaranje puta ka \u010dlanstvu u EU. Plan je podr\u017ean pove\u0107anjem finansijske pomo\u0107i kroz novi Instrument za reforme i rast, koji je stupio na snagu 25. maja 2024. godine. Ovaj Instrument \u0107e dopunjavati trenutnu finansijsku pomo\u0107 kroz Instrument za pretpristupnu pomo\u0107 (IPA III).<\/p>\n\n\n\n<p>Instrument ima finansijski okvir od 6 milijardi eura, uklju\u010duju\u0107i 2 milijarde u grantovima i 4 milijarde u visoko povoljnim kreditima. Najmanje polovina ukupnog iznosa (grantovi i krediti) bi\u0107e usmjerena na investicije kroz Okvir za investicije na Zapadnom Balkanu (WBIF).<\/p>\n\n\n\n<p>Preostali dio kredita bi\u0107e dodijeljen trezorima vlada Zapadnog Balkana za ubrzanje rasta zasnovanog na socio-ekonomskim reformama.<\/p>\n\n\n\n<p><strong>Za vi\u0161e informacija:<\/strong><\/p>\n\n\n\n<ul class=\"wp-block-list\">\n<li><a href=\"https:\/\/neighbourhood-enlargement.ec.europa.eu\/commission-staff-working-document-albania_en\" target=\"_blank\" rel=\"noreferrer noopener\">Radni dokument osoblja Komisije \u2013 Albanija<\/a><\/li>\n\n\n\n<li><a href=\"https:\/\/neighbourhood-enlargement.ec.europa.eu\/commission-staff-working-document-kosovo_en\" target=\"_blank\" rel=\"noreferrer noopener\">Radni dokument osoblja Komisije \u2013 Kosovo<\/a><\/li>\n\n\n\n<li><a href=\"https:\/\/neighbourhood-enlargement.ec.europa.eu\/commission-staff-working-document-montenegro_en\" target=\"_blank\" rel=\"noreferrer noopener\">Radni dokument osoblja Komisije \u2013 Crna Gora<\/a><\/li>\n\n\n\n<li><a href=\"https:\/\/neighbourhood-enlargement.ec.europa.eu\/commission-staff-working-document-north-macedonia_en\" target=\"_blank\" rel=\"noreferrer noopener\">Radni dokument osoblja Komisije \u2013 Sjeverna Makedonija<\/a><\/li>\n\n\n\n<li><a href=\"https:\/\/neighbourhood-enlargement.ec.europa.eu\/commission-staff-working-document-serbia_en\" target=\"_blank\" rel=\"noreferrer noopener\">Radni dokument osoblja Komisije \u2013 Srbija<\/a><\/li>\n\n\n\n<li><a href=\"https:\/\/eur-lex.europa.eu\/legal-content\/EN\/TXT\/?uri=OJ%3AL_202401449\" target=\"_blank\" rel=\"noreferrer noopener\">Uredba o Instrumentu za reforme i rast<\/a><\/li>\n\n\n\n<li><a href=\"https:\/\/neighbourhood-enlargement.ec.europa.eu\/factsheet-new-growth-plan-western-balkans_en\" target=\"_blank\" rel=\"noreferrer noopener\">Factsheet o Planu rasta<\/a><\/li>\n\n\n\n<li><a href=\"https:\/\/neighbourhood-enlargement.ec.europa.eu\/commission-implementing-decision-approving-reform-agendas-and-multiannual-work-programme-under_en\" target=\"_blank\" rel=\"noreferrer noopener\">Odluka o sprovo\u0111enju Komisije<\/a><\/li>\n<\/ul>\n\n\n\n<p><\/p>\n","protected":false},"excerpt":{"rendered":"<p>Komisija je odobrila Reformske agende Albanije, Kosova, Crne Gore, Sjeverne Makedonije i Srbije, nakon pozitivnog mi\u0161ljenja dr\u017eava \u010dlanica EU. U svojim ambicioznim Reformskim agendama, Vlade pet zemalja Zapadnog Balkana obavezale su se na sprovo\u0111enje niza socio-ekonomskih i temeljnih reformi koje \u0107e podsta\u0107i rast i pribli\u017eavanje EU u okviru Plana rasta tokom perioda od 2024. do [&hellip;]<\/p>\n","protected":false},"featured_media":43773,"template":"","meta":{"_acf_changed":false,"footnotes":""},"class_list":["post-43776","growth-plans","type-growth-plans","status-publish","has-post-thumbnail","hentry"],"acf":[],"yoast_head":"<!-- This site is optimized with the Yoast SEO plugin v27.3 - https:\/\/yoast.com\/product\/yoast-seo-wordpress\/ -->\n<title>Komisija je odobrila Reformsku agendu Crne Gore - Europe House<\/title>\n<meta name=\"robots\" content=\"index, follow, max-snippet:-1, max-image-preview:large, max-video-preview:-1\" \/>\n<link rel=\"canonical\" href=\"https:\/\/www.evropskakuca.me\/me\/growth-plans\/komisija-je-odobrila-reformsku-agendu-crne-gore\/\" \/>\n<meta property=\"og:locale\" content=\"en_US\" \/>\n<meta property=\"og:type\" content=\"article\" \/>\n<meta property=\"og:title\" content=\"Komisija je odobrila Reformsku agendu Crne Gore - Europe House\" \/>\n<meta property=\"og:description\" content=\"Komisija je odobrila Reformske agende Albanije, Kosova, Crne Gore, Sjeverne Makedonije i Srbije, nakon pozitivnog mi\u0161ljenja dr\u017eava \u010dlanica EU. U svojim ambicioznim Reformskim agendama, Vlade pet zemalja Zapadnog Balkana obavezale su se na sprovo\u0111enje niza socio-ekonomskih i temeljnih reformi koje \u0107e podsta\u0107i rast i pribli\u017eavanje EU u okviru Plana rasta tokom perioda od 2024. do [&hellip;]\" \/>\n<meta property=\"og:url\" content=\"https:\/\/www.evropskakuca.me\/me\/growth-plans\/komisija-je-odobrila-reformsku-agendu-crne-gore\/\" \/>\n<meta property=\"og:site_name\" content=\"Europe House\" \/>\n<meta property=\"article:publisher\" content=\"https:\/\/www.facebook.com\/evropska.kuca\" \/>\n<meta property=\"article:modified_time\" content=\"2025-03-28T09:32:12+00:00\" \/>\n<meta property=\"og:image\" content=\"https:\/\/www.evropskakuca.me\/wp-content\/uploads\/2025\/03\/Commission-approving-Reform-Agendas-1.png\" \/>\n\t<meta property=\"og:image:width\" content=\"730\" \/>\n\t<meta property=\"og:image:height\" content=\"410\" \/>\n\t<meta property=\"og:image:type\" content=\"image\/png\" \/>\n<meta name=\"twitter:card\" content=\"summary_large_image\" \/>\n<meta name=\"twitter:site\" content=\"@evropska_kuca\" \/>\n<meta name=\"twitter:label1\" content=\"Est. reading time\" \/>\n\t<meta name=\"twitter:data1\" content=\"4 minutes\" \/>\n<script type=\"application\/ld+json\" class=\"yoast-schema-graph\">{\"@context\":\"https:\\\/\\\/schema.org\",\"@graph\":[{\"@type\":\"WebPage\",\"@id\":\"https:\\\/\\\/www.evropskakuca.me\\\/me\\\/growth-plans\\\/komisija-je-odobrila-reformsku-agendu-crne-gore\\\/\",\"url\":\"https:\\\/\\\/www.evropskakuca.me\\\/me\\\/growth-plans\\\/komisija-je-odobrila-reformsku-agendu-crne-gore\\\/\",\"name\":\"Komisija je odobrila Reformsku agendu Crne Gore - Europe House\",\"isPartOf\":{\"@id\":\"https:\\\/\\\/www.evropskakuca.me\\\/me\\\/#website\"},\"primaryImageOfPage\":{\"@id\":\"https:\\\/\\\/www.evropskakuca.me\\\/me\\\/growth-plans\\\/komisija-je-odobrila-reformsku-agendu-crne-gore\\\/#primaryimage\"},\"image\":{\"@id\":\"https:\\\/\\\/www.evropskakuca.me\\\/me\\\/growth-plans\\\/komisija-je-odobrila-reformsku-agendu-crne-gore\\\/#primaryimage\"},\"thumbnailUrl\":\"https:\\\/\\\/www.evropskakuca.me\\\/wp-content\\\/uploads\\\/2025\\\/03\\\/Commission-approving-Reform-Agendas-1.png\",\"datePublished\":\"2024-10-23T12:52:26+00:00\",\"dateModified\":\"2025-03-28T09:32:12+00:00\",\"breadcrumb\":{\"@id\":\"https:\\\/\\\/www.evropskakuca.me\\\/me\\\/growth-plans\\\/komisija-je-odobrila-reformsku-agendu-crne-gore\\\/#breadcrumb\"},\"inLanguage\":\"me-ME\",\"potentialAction\":[{\"@type\":\"ReadAction\",\"target\":[\"https:\\\/\\\/www.evropskakuca.me\\\/me\\\/growth-plans\\\/komisija-je-odobrila-reformsku-agendu-crne-gore\\\/\"]}]},{\"@type\":\"ImageObject\",\"inLanguage\":\"me-ME\",\"@id\":\"https:\\\/\\\/www.evropskakuca.me\\\/me\\\/growth-plans\\\/komisija-je-odobrila-reformsku-agendu-crne-gore\\\/#primaryimage\",\"url\":\"https:\\\/\\\/www.evropskakuca.me\\\/wp-content\\\/uploads\\\/2025\\\/03\\\/Commission-approving-Reform-Agendas-1.png\",\"contentUrl\":\"https:\\\/\\\/www.evropskakuca.me\\\/wp-content\\\/uploads\\\/2025\\\/03\\\/Commission-approving-Reform-Agendas-1.png\",\"width\":730,\"height\":410},{\"@type\":\"BreadcrumbList\",\"@id\":\"https:\\\/\\\/www.evropskakuca.me\\\/me\\\/growth-plans\\\/komisija-je-odobrila-reformsku-agendu-crne-gore\\\/#breadcrumb\",\"itemListElement\":[{\"@type\":\"ListItem\",\"position\":1,\"name\":\"Home\",\"item\":\"https:\\\/\\\/www.evropskakuca.me\\\/me\\\/\"},{\"@type\":\"ListItem\",\"position\":2,\"name\":\"Komisija je odobrila Reformsku agendu Crne Gore\"}]},{\"@type\":\"WebSite\",\"@id\":\"https:\\\/\\\/www.evropskakuca.me\\\/me\\\/#website\",\"url\":\"https:\\\/\\\/www.evropskakuca.me\\\/me\\\/\",\"name\":\"Evropean house\",\"description\":\"\",\"publisher\":{\"@id\":\"https:\\\/\\\/www.evropskakuca.me\\\/me\\\/#organization\"},\"potentialAction\":[{\"@type\":\"SearchAction\",\"target\":{\"@type\":\"EntryPoint\",\"urlTemplate\":\"https:\\\/\\\/www.evropskakuca.me\\\/me\\\/?s={search_term_string}\"},\"query-input\":{\"@type\":\"PropertyValueSpecification\",\"valueRequired\":true,\"valueName\":\"search_term_string\"}}],\"inLanguage\":\"me-ME\"},{\"@type\":\"Organization\",\"@id\":\"https:\\\/\\\/www.evropskakuca.me\\\/me\\\/#organization\",\"name\":\"Evropean house\",\"url\":\"https:\\\/\\\/www.evropskakuca.me\\\/me\\\/\",\"logo\":{\"@type\":\"ImageObject\",\"inLanguage\":\"me-ME\",\"@id\":\"https:\\\/\\\/www.evropskakuca.me\\\/me\\\/#\\\/schema\\\/logo\\\/image\\\/\",\"url\":\"https:\\\/\\\/www.evropskakuca.me\\\/wp-content\\\/uploads\\\/2025\\\/01\\\/evropska-kuca-logo-1.png\",\"contentUrl\":\"https:\\\/\\\/www.evropskakuca.me\\\/wp-content\\\/uploads\\\/2025\\\/01\\\/evropska-kuca-logo-1.png\",\"width\":425,\"height\":312,\"caption\":\"Evropean house\"},\"image\":{\"@id\":\"https:\\\/\\\/www.evropskakuca.me\\\/me\\\/#\\\/schema\\\/logo\\\/image\\\/\"},\"sameAs\":[\"https:\\\/\\\/www.facebook.com\\\/evropska.kuca\",\"https:\\\/\\\/x.com\\\/evropska_kuca\",\"https:\\\/\\\/www.instagram.com\\\/evropska_kuca\"]}]}<\/script>\n<!-- \/ Yoast SEO plugin. -->","yoast_head_json":{"title":"Komisija je odobrila Reformsku agendu Crne Gore - Europe House","robots":{"index":"index","follow":"follow","max-snippet":"max-snippet:-1","max-image-preview":"max-image-preview:large","max-video-preview":"max-video-preview:-1"},"canonical":"https:\/\/www.evropskakuca.me\/me\/growth-plans\/komisija-je-odobrila-reformsku-agendu-crne-gore\/","og_locale":"en_US","og_type":"article","og_title":"Komisija je odobrila Reformsku agendu Crne Gore - Europe House","og_description":"Komisija je odobrila Reformske agende Albanije, Kosova, Crne Gore, Sjeverne Makedonije i Srbije, nakon pozitivnog mi\u0161ljenja dr\u017eava \u010dlanica EU. U svojim ambicioznim Reformskim agendama, Vlade pet zemalja Zapadnog Balkana obavezale su se na sprovo\u0111enje niza socio-ekonomskih i temeljnih reformi koje \u0107e podsta\u0107i rast i pribli\u017eavanje EU u okviru Plana rasta tokom perioda od 2024. do [&hellip;]","og_url":"https:\/\/www.evropskakuca.me\/me\/growth-plans\/komisija-je-odobrila-reformsku-agendu-crne-gore\/","og_site_name":"Europe House","article_publisher":"https:\/\/www.facebook.com\/evropska.kuca","article_modified_time":"2025-03-28T09:32:12+00:00","og_image":[{"width":730,"height":410,"url":"https:\/\/www.evropskakuca.me\/wp-content\/uploads\/2025\/03\/Commission-approving-Reform-Agendas-1.png","type":"image\/png"}],"twitter_card":"summary_large_image","twitter_site":"@evropska_kuca","twitter_misc":{"Est. reading time":"4 minutes"},"schema":{"@context":"https:\/\/schema.org","@graph":[{"@type":"WebPage","@id":"https:\/\/www.evropskakuca.me\/me\/growth-plans\/komisija-je-odobrila-reformsku-agendu-crne-gore\/","url":"https:\/\/www.evropskakuca.me\/me\/growth-plans\/komisija-je-odobrila-reformsku-agendu-crne-gore\/","name":"Komisija je odobrila Reformsku agendu Crne Gore - Europe House","isPartOf":{"@id":"https:\/\/www.evropskakuca.me\/me\/#website"},"primaryImageOfPage":{"@id":"https:\/\/www.evropskakuca.me\/me\/growth-plans\/komisija-je-odobrila-reformsku-agendu-crne-gore\/#primaryimage"},"image":{"@id":"https:\/\/www.evropskakuca.me\/me\/growth-plans\/komisija-je-odobrila-reformsku-agendu-crne-gore\/#primaryimage"},"thumbnailUrl":"https:\/\/www.evropskakuca.me\/wp-content\/uploads\/2025\/03\/Commission-approving-Reform-Agendas-1.png","datePublished":"2024-10-23T12:52:26+00:00","dateModified":"2025-03-28T09:32:12+00:00","breadcrumb":{"@id":"https:\/\/www.evropskakuca.me\/me\/growth-plans\/komisija-je-odobrila-reformsku-agendu-crne-gore\/#breadcrumb"},"inLanguage":"me-ME","potentialAction":[{"@type":"ReadAction","target":["https:\/\/www.evropskakuca.me\/me\/growth-plans\/komisija-je-odobrila-reformsku-agendu-crne-gore\/"]}]},{"@type":"ImageObject","inLanguage":"me-ME","@id":"https:\/\/www.evropskakuca.me\/me\/growth-plans\/komisija-je-odobrila-reformsku-agendu-crne-gore\/#primaryimage","url":"https:\/\/www.evropskakuca.me\/wp-content\/uploads\/2025\/03\/Commission-approving-Reform-Agendas-1.png","contentUrl":"https:\/\/www.evropskakuca.me\/wp-content\/uploads\/2025\/03\/Commission-approving-Reform-Agendas-1.png","width":730,"height":410},{"@type":"BreadcrumbList","@id":"https:\/\/www.evropskakuca.me\/me\/growth-plans\/komisija-je-odobrila-reformsku-agendu-crne-gore\/#breadcrumb","itemListElement":[{"@type":"ListItem","position":1,"name":"Home","item":"https:\/\/www.evropskakuca.me\/me\/"},{"@type":"ListItem","position":2,"name":"Komisija je odobrila Reformsku agendu Crne Gore"}]},{"@type":"WebSite","@id":"https:\/\/www.evropskakuca.me\/me\/#website","url":"https:\/\/www.evropskakuca.me\/me\/","name":"Evropean house","description":"","publisher":{"@id":"https:\/\/www.evropskakuca.me\/me\/#organization"},"potentialAction":[{"@type":"SearchAction","target":{"@type":"EntryPoint","urlTemplate":"https:\/\/www.evropskakuca.me\/me\/?s={search_term_string}"},"query-input":{"@type":"PropertyValueSpecification","valueRequired":true,"valueName":"search_term_string"}}],"inLanguage":"me-ME"},{"@type":"Organization","@id":"https:\/\/www.evropskakuca.me\/me\/#organization","name":"Evropean house","url":"https:\/\/www.evropskakuca.me\/me\/","logo":{"@type":"ImageObject","inLanguage":"me-ME","@id":"https:\/\/www.evropskakuca.me\/me\/#\/schema\/logo\/image\/","url":"https:\/\/www.evropskakuca.me\/wp-content\/uploads\/2025\/01\/evropska-kuca-logo-1.png","contentUrl":"https:\/\/www.evropskakuca.me\/wp-content\/uploads\/2025\/01\/evropska-kuca-logo-1.png","width":425,"height":312,"caption":"Evropean house"},"image":{"@id":"https:\/\/www.evropskakuca.me\/me\/#\/schema\/logo\/image\/"},"sameAs":["https:\/\/www.facebook.com\/evropska.kuca","https:\/\/x.com\/evropska_kuca","https:\/\/www.instagram.com\/evropska_kuca"]}]}},"_links":{"self":[{"href":"https:\/\/www.evropskakuca.me\/me\/wp-json\/wp\/v2\/growth-plans\/43776","targetHints":{"allow":["GET"]}}],"collection":[{"href":"https:\/\/www.evropskakuca.me\/me\/wp-json\/wp\/v2\/growth-plans"}],"about":[{"href":"https:\/\/www.evropskakuca.me\/me\/wp-json\/wp\/v2\/types\/growth-plans"}],"version-history":[{"count":3,"href":"https:\/\/www.evropskakuca.me\/me\/wp-json\/wp\/v2\/growth-plans\/43776\/revisions"}],"predecessor-version":[{"id":43970,"href":"https:\/\/www.evropskakuca.me\/me\/wp-json\/wp\/v2\/growth-plans\/43776\/revisions\/43970"}],"wp:featuredmedia":[{"embeddable":true,"href":"https:\/\/www.evropskakuca.me\/me\/wp-json\/wp\/v2\/media\/43773"}],"wp:attachment":[{"href":"https:\/\/www.evropskakuca.me\/me\/wp-json\/wp\/v2\/media?parent=43776"}],"curies":[{"name":"wp","href":"https:\/\/api.w.org\/{rel}","templated":true}]}}