{"id":43769,"date":"2025-02-24T12:33:59","date_gmt":"2025-02-24T12:33:59","guid":{"rendered":"https:\/\/www.evropskakuca.me\/?post_type=growth-plans&#038;p=43769"},"modified":"2025-03-18T12:56:58","modified_gmt":"2025-03-18T12:56:58","slug":"crna-gora-na-korak-do-prve-isplate-iz-plana-rasta","status":"publish","type":"growth-plans","link":"https:\/\/www.evropskakuca.me\/me\/growth-plans\/crna-gora-na-korak-do-prve-isplate-iz-plana-rasta\/","title":{"rendered":"Crna Gora na korak do prve isplate iz Plana rasta"},"content":{"rendered":"\n<p>Skup\u0161tina Crne Gore je usvojila Predlog zakona o potvr\u0111ivanju Sporazuma o pristupanju Instrumentu izme\u0111u Evropske unije i Crne Gore o posebnim aran\u017emanima za sprovo\u0111enje podr\u0161ke Unije Crnoj Gori u okviru Instrumenta za reforme i rast, \u010dime je ispunjen jedan od klju\u010dnih koraka u implementaciji Plana rasta za Zapadni Balkan za period 2024-2027.<\/p>\n\n\n\n<p>\u201eDanas smo upravo na pragu finalizacije pravnog okvira kojim \u0107e omogu\u0107iti implementacija Plana rasta te osigurati ubrzani ekonomski rast i br\u017ea konvergencija klju\u010dnih makroekonomskih indikatora ka prosje\u010dnim vrijednostima u dr\u017eavama \u010dlanicama EU. Upravo kroz potvr\u0111ivanje ovog sporazuma i njegovo stupanje na snagu omogu\u0107i\u0107emo operativno kori\u0161\u0107enje sredstava koja su za Crnu Goru predvi\u0111ena u okviru Instrumenta za reforme i rast i njegovog va\u017enog segmenta \u2013 Reformske agende\u201c, kazala je ministarka evropskih poslova&nbsp;<strong>Maida Gor\u010devi\u0107<\/strong>&nbsp;u obra\u0107anju poslanicima.<\/p>\n\n\n\n<p>Sredstva iz Plana rasta za Zapadni Balkan alociraju se kroz sedam redovnih polugodi\u0161njih tran\u0161i podr\u0161ke, pri \u010demu isplata svake tran\u0161e zavisi od uspje\u0161ne realizacije planiranih reformi. Dodatno, osma tran\u0161a je fiksna i predvi\u0111ena za predfinansiranje, u iznosu od 7% ukupno dostupnih sredstava.<\/p>\n\n\n\n<figure class=\"wp-block-image size-large\"><img fetchpriority=\"high\" decoding=\"async\" width=\"1024\" height=\"682\" src=\"https:\/\/www.evropskakuca.me\/wp-content\/uploads\/2025\/02\/IMG_0210-scaled-1-1024x682.jpeg\" alt=\"\" class=\"wp-image-43261\" srcset=\"https:\/\/www.evropskakuca.me\/wp-content\/uploads\/2025\/02\/IMG_0210-scaled-1-1024x682.jpeg 1024w, https:\/\/www.evropskakuca.me\/wp-content\/uploads\/2025\/02\/IMG_0210-scaled-1-300x200.jpeg 300w, https:\/\/www.evropskakuca.me\/wp-content\/uploads\/2025\/02\/IMG_0210-scaled-1-768x512.jpeg 768w, https:\/\/www.evropskakuca.me\/wp-content\/uploads\/2025\/02\/IMG_0210-scaled-1-1536x1024.jpeg 1536w, https:\/\/www.evropskakuca.me\/wp-content\/uploads\/2025\/02\/IMG_0210-scaled-1-2048x1365.jpeg 2048w\" sizes=\"(max-width: 1024px) 100vw, 1024px\" \/><\/figure>\n\n\n\n<p>\u201eNjena realizacija, u iznosu od 26,85 miliona eura, o\u010dekuje se nakon ratifikovanja Sporazuma o pristupanju Instrumentu i potpisivanja Sporazuma o zajmu sa Evropskom komisijom. Sedam redovnih polugodi\u0161njih tran\u0161i ispla\u0107uje se na osnovu ispunjenja specifi\u010dnih kvantitativnih i kvalitativnih koraka, koji su detaljno opisani u Reformskoj agendi\u201c, pojasnila je Gor\u010devi\u0107.<\/p>\n\n\n\n<p>Gor\u010devi\u0107 je podsjetila da o posve\u0107enosti reformama i prilago\u0111avanju evropskim standardima najbolje govore dosada\u0161nji rezultati koji se ogledaju u realizaciji zna\u010dajnih koraka iz Reformske agende.<\/p>\n\n\n\n<p>\u201eIako rok za zavr\u0161etak implementacije 14 prvih koraka iz Reformske agende nije jo\u0161 istekao, na\u0161a administracija ula\u017ee dodatne napore da sve aktivnosti dovede do kraja, izuzetno sam ponosna \u0161to ve\u0107 sad mogu izvijestiti da smo ostvarili zna\u010dajan napredak u mnogim oblastima\u201c, naglasila je Gor\u010devi\u0107.<\/p>\n\n\n\n<p>O Predlogu zakona o potvr\u0111ivanju Sporazuma o pristupanju Instrumentu izme\u0111u Evropske unije i Crne Gore o posebnim aran\u017emanima za sprovo\u0111enje podr\u0161ke Unije Crnoj Gori u okviru Instrumenta za reforme i rast raspravljalo se i na Zakonodavnom odboru i Odboru za me\u0111unarodne odnose i iseljenike.<\/p>\n","protected":false},"excerpt":{"rendered":"<p>Skup\u0161tina Crne Gore je usvojila Predlog zakona o potvr\u0111ivanju Sporazuma o pristupanju Instrumentu izme\u0111u Evropske unije i Crne Gore o posebnim aran\u017emanima za sprovo\u0111enje podr\u0161ke Unije Crnoj Gori u okviru Instrumenta za reforme i rast, \u010dime je ispunjen jedan od klju\u010dnih koraka u implementaciji Plana rasta za Zapadni Balkan za period 2024-2027. \u201eDanas smo upravo [&hellip;]<\/p>\n","protected":false},"featured_media":43259,"template":"","meta":{"_acf_changed":false,"footnotes":""},"class_list":["post-43769","growth-plans","type-growth-plans","status-publish","has-post-thumbnail","hentry"],"acf":[],"yoast_head":"<!-- This site is optimized with the Yoast SEO plugin v27.3 - https:\/\/yoast.com\/product\/yoast-seo-wordpress\/ -->\n<title>Crna Gora na korak do prve isplate iz Plana rasta - Europe House<\/title>\n<meta name=\"robots\" content=\"index, follow, max-snippet:-1, max-image-preview:large, max-video-preview:-1\" \/>\n<link rel=\"canonical\" href=\"https:\/\/www.evropskakuca.me\/me\/growth-plans\/crna-gora-na-korak-do-prve-isplate-iz-plana-rasta\/\" \/>\n<meta property=\"og:locale\" content=\"en_US\" \/>\n<meta property=\"og:type\" content=\"article\" \/>\n<meta property=\"og:title\" content=\"Crna Gora na korak do prve isplate iz Plana rasta - Europe House\" \/>\n<meta property=\"og:description\" content=\"Skup\u0161tina Crne Gore je usvojila Predlog zakona o potvr\u0111ivanju Sporazuma o pristupanju Instrumentu izme\u0111u Evropske unije i Crne Gore o posebnim aran\u017emanima za sprovo\u0111enje podr\u0161ke Unije Crnoj Gori u okviru Instrumenta za reforme i rast, \u010dime je ispunjen jedan od klju\u010dnih koraka u implementaciji Plana rasta za Zapadni Balkan za period 2024-2027. \u201eDanas smo upravo [&hellip;]\" \/>\n<meta property=\"og:url\" content=\"https:\/\/www.evropskakuca.me\/me\/growth-plans\/crna-gora-na-korak-do-prve-isplate-iz-plana-rasta\/\" \/>\n<meta property=\"og:site_name\" content=\"Europe House\" \/>\n<meta property=\"article:publisher\" content=\"https:\/\/www.facebook.com\/evropska.kuca\" \/>\n<meta property=\"article:modified_time\" content=\"2025-03-18T12:56:58+00:00\" \/>\n<meta property=\"og:image\" content=\"https:\/\/www.evropskakuca.me\/wp-content\/uploads\/2025\/02\/IMG_0212-1068x712-1-e1740397533328.jpeg\" \/>\n\t<meta property=\"og:image:width\" content=\"1068\" \/>\n\t<meta property=\"og:image:height\" content=\"520\" \/>\n\t<meta property=\"og:image:type\" content=\"image\/jpeg\" \/>\n<meta name=\"twitter:card\" content=\"summary_large_image\" \/>\n<meta name=\"twitter:site\" content=\"@evropska_kuca\" \/>\n<meta name=\"twitter:label1\" content=\"Est. reading time\" \/>\n\t<meta name=\"twitter:data1\" content=\"2 minutes\" \/>\n<script type=\"application\/ld+json\" class=\"yoast-schema-graph\">{\"@context\":\"https:\\\/\\\/schema.org\",\"@graph\":[{\"@type\":\"WebPage\",\"@id\":\"https:\\\/\\\/www.evropskakuca.me\\\/me\\\/growth-plans\\\/crna-gora-na-korak-do-prve-isplate-iz-plana-rasta\\\/\",\"url\":\"https:\\\/\\\/www.evropskakuca.me\\\/me\\\/growth-plans\\\/crna-gora-na-korak-do-prve-isplate-iz-plana-rasta\\\/\",\"name\":\"Crna Gora na korak do prve isplate iz Plana rasta - Europe House\",\"isPartOf\":{\"@id\":\"https:\\\/\\\/www.evropskakuca.me\\\/me\\\/#website\"},\"primaryImageOfPage\":{\"@id\":\"https:\\\/\\\/www.evropskakuca.me\\\/me\\\/growth-plans\\\/crna-gora-na-korak-do-prve-isplate-iz-plana-rasta\\\/#primaryimage\"},\"image\":{\"@id\":\"https:\\\/\\\/www.evropskakuca.me\\\/me\\\/growth-plans\\\/crna-gora-na-korak-do-prve-isplate-iz-plana-rasta\\\/#primaryimage\"},\"thumbnailUrl\":\"https:\\\/\\\/www.evropskakuca.me\\\/wp-content\\\/uploads\\\/2025\\\/02\\\/IMG_0212-1068x712-1-e1740397533328.jpeg\",\"datePublished\":\"2025-02-24T12:33:59+00:00\",\"dateModified\":\"2025-03-18T12:56:58+00:00\",\"breadcrumb\":{\"@id\":\"https:\\\/\\\/www.evropskakuca.me\\\/me\\\/growth-plans\\\/crna-gora-na-korak-do-prve-isplate-iz-plana-rasta\\\/#breadcrumb\"},\"inLanguage\":\"me-ME\",\"potentialAction\":[{\"@type\":\"ReadAction\",\"target\":[\"https:\\\/\\\/www.evropskakuca.me\\\/me\\\/growth-plans\\\/crna-gora-na-korak-do-prve-isplate-iz-plana-rasta\\\/\"]}]},{\"@type\":\"ImageObject\",\"inLanguage\":\"me-ME\",\"@id\":\"https:\\\/\\\/www.evropskakuca.me\\\/me\\\/growth-plans\\\/crna-gora-na-korak-do-prve-isplate-iz-plana-rasta\\\/#primaryimage\",\"url\":\"https:\\\/\\\/www.evropskakuca.me\\\/wp-content\\\/uploads\\\/2025\\\/02\\\/IMG_0212-1068x712-1-e1740397533328.jpeg\",\"contentUrl\":\"https:\\\/\\\/www.evropskakuca.me\\\/wp-content\\\/uploads\\\/2025\\\/02\\\/IMG_0212-1068x712-1-e1740397533328.jpeg\",\"width\":1068,\"height\":520},{\"@type\":\"BreadcrumbList\",\"@id\":\"https:\\\/\\\/www.evropskakuca.me\\\/me\\\/growth-plans\\\/crna-gora-na-korak-do-prve-isplate-iz-plana-rasta\\\/#breadcrumb\",\"itemListElement\":[{\"@type\":\"ListItem\",\"position\":1,\"name\":\"Home\",\"item\":\"https:\\\/\\\/www.evropskakuca.me\\\/me\\\/\"},{\"@type\":\"ListItem\",\"position\":2,\"name\":\"Crna Gora na korak do prve isplate iz Plana rasta\"}]},{\"@type\":\"WebSite\",\"@id\":\"https:\\\/\\\/www.evropskakuca.me\\\/me\\\/#website\",\"url\":\"https:\\\/\\\/www.evropskakuca.me\\\/me\\\/\",\"name\":\"Evropean house\",\"description\":\"\",\"publisher\":{\"@id\":\"https:\\\/\\\/www.evropskakuca.me\\\/me\\\/#organization\"},\"potentialAction\":[{\"@type\":\"SearchAction\",\"target\":{\"@type\":\"EntryPoint\",\"urlTemplate\":\"https:\\\/\\\/www.evropskakuca.me\\\/me\\\/?s={search_term_string}\"},\"query-input\":{\"@type\":\"PropertyValueSpecification\",\"valueRequired\":true,\"valueName\":\"search_term_string\"}}],\"inLanguage\":\"me-ME\"},{\"@type\":\"Organization\",\"@id\":\"https:\\\/\\\/www.evropskakuca.me\\\/me\\\/#organization\",\"name\":\"Evropean house\",\"url\":\"https:\\\/\\\/www.evropskakuca.me\\\/me\\\/\",\"logo\":{\"@type\":\"ImageObject\",\"inLanguage\":\"me-ME\",\"@id\":\"https:\\\/\\\/www.evropskakuca.me\\\/me\\\/#\\\/schema\\\/logo\\\/image\\\/\",\"url\":\"https:\\\/\\\/www.evropskakuca.me\\\/wp-content\\\/uploads\\\/2025\\\/01\\\/evropska-kuca-logo-1.png\",\"contentUrl\":\"https:\\\/\\\/www.evropskakuca.me\\\/wp-content\\\/uploads\\\/2025\\\/01\\\/evropska-kuca-logo-1.png\",\"width\":425,\"height\":312,\"caption\":\"Evropean house\"},\"image\":{\"@id\":\"https:\\\/\\\/www.evropskakuca.me\\\/me\\\/#\\\/schema\\\/logo\\\/image\\\/\"},\"sameAs\":[\"https:\\\/\\\/www.facebook.com\\\/evropska.kuca\",\"https:\\\/\\\/x.com\\\/evropska_kuca\",\"https:\\\/\\\/www.instagram.com\\\/evropska_kuca\"]}]}<\/script>\n<!-- \/ Yoast SEO plugin. -->","yoast_head_json":{"title":"Crna Gora na korak do prve isplate iz Plana rasta - Europe House","robots":{"index":"index","follow":"follow","max-snippet":"max-snippet:-1","max-image-preview":"max-image-preview:large","max-video-preview":"max-video-preview:-1"},"canonical":"https:\/\/www.evropskakuca.me\/me\/growth-plans\/crna-gora-na-korak-do-prve-isplate-iz-plana-rasta\/","og_locale":"en_US","og_type":"article","og_title":"Crna Gora na korak do prve isplate iz Plana rasta - Europe House","og_description":"Skup\u0161tina Crne Gore je usvojila Predlog zakona o potvr\u0111ivanju Sporazuma o pristupanju Instrumentu izme\u0111u Evropske unije i Crne Gore o posebnim aran\u017emanima za sprovo\u0111enje podr\u0161ke Unije Crnoj Gori u okviru Instrumenta za reforme i rast, \u010dime je ispunjen jedan od klju\u010dnih koraka u implementaciji Plana rasta za Zapadni Balkan za period 2024-2027. \u201eDanas smo upravo [&hellip;]","og_url":"https:\/\/www.evropskakuca.me\/me\/growth-plans\/crna-gora-na-korak-do-prve-isplate-iz-plana-rasta\/","og_site_name":"Europe House","article_publisher":"https:\/\/www.facebook.com\/evropska.kuca","article_modified_time":"2025-03-18T12:56:58+00:00","og_image":[{"width":1068,"height":520,"url":"https:\/\/www.evropskakuca.me\/wp-content\/uploads\/2025\/02\/IMG_0212-1068x712-1-e1740397533328.jpeg","type":"image\/jpeg"}],"twitter_card":"summary_large_image","twitter_site":"@evropska_kuca","twitter_misc":{"Est. reading time":"2 minutes"},"schema":{"@context":"https:\/\/schema.org","@graph":[{"@type":"WebPage","@id":"https:\/\/www.evropskakuca.me\/me\/growth-plans\/crna-gora-na-korak-do-prve-isplate-iz-plana-rasta\/","url":"https:\/\/www.evropskakuca.me\/me\/growth-plans\/crna-gora-na-korak-do-prve-isplate-iz-plana-rasta\/","name":"Crna Gora na korak do prve isplate iz Plana rasta - Europe House","isPartOf":{"@id":"https:\/\/www.evropskakuca.me\/me\/#website"},"primaryImageOfPage":{"@id":"https:\/\/www.evropskakuca.me\/me\/growth-plans\/crna-gora-na-korak-do-prve-isplate-iz-plana-rasta\/#primaryimage"},"image":{"@id":"https:\/\/www.evropskakuca.me\/me\/growth-plans\/crna-gora-na-korak-do-prve-isplate-iz-plana-rasta\/#primaryimage"},"thumbnailUrl":"https:\/\/www.evropskakuca.me\/wp-content\/uploads\/2025\/02\/IMG_0212-1068x712-1-e1740397533328.jpeg","datePublished":"2025-02-24T12:33:59+00:00","dateModified":"2025-03-18T12:56:58+00:00","breadcrumb":{"@id":"https:\/\/www.evropskakuca.me\/me\/growth-plans\/crna-gora-na-korak-do-prve-isplate-iz-plana-rasta\/#breadcrumb"},"inLanguage":"me-ME","potentialAction":[{"@type":"ReadAction","target":["https:\/\/www.evropskakuca.me\/me\/growth-plans\/crna-gora-na-korak-do-prve-isplate-iz-plana-rasta\/"]}]},{"@type":"ImageObject","inLanguage":"me-ME","@id":"https:\/\/www.evropskakuca.me\/me\/growth-plans\/crna-gora-na-korak-do-prve-isplate-iz-plana-rasta\/#primaryimage","url":"https:\/\/www.evropskakuca.me\/wp-content\/uploads\/2025\/02\/IMG_0212-1068x712-1-e1740397533328.jpeg","contentUrl":"https:\/\/www.evropskakuca.me\/wp-content\/uploads\/2025\/02\/IMG_0212-1068x712-1-e1740397533328.jpeg","width":1068,"height":520},{"@type":"BreadcrumbList","@id":"https:\/\/www.evropskakuca.me\/me\/growth-plans\/crna-gora-na-korak-do-prve-isplate-iz-plana-rasta\/#breadcrumb","itemListElement":[{"@type":"ListItem","position":1,"name":"Home","item":"https:\/\/www.evropskakuca.me\/me\/"},{"@type":"ListItem","position":2,"name":"Crna Gora na korak do prve isplate iz Plana rasta"}]},{"@type":"WebSite","@id":"https:\/\/www.evropskakuca.me\/me\/#website","url":"https:\/\/www.evropskakuca.me\/me\/","name":"Evropean house","description":"","publisher":{"@id":"https:\/\/www.evropskakuca.me\/me\/#organization"},"potentialAction":[{"@type":"SearchAction","target":{"@type":"EntryPoint","urlTemplate":"https:\/\/www.evropskakuca.me\/me\/?s={search_term_string}"},"query-input":{"@type":"PropertyValueSpecification","valueRequired":true,"valueName":"search_term_string"}}],"inLanguage":"me-ME"},{"@type":"Organization","@id":"https:\/\/www.evropskakuca.me\/me\/#organization","name":"Evropean house","url":"https:\/\/www.evropskakuca.me\/me\/","logo":{"@type":"ImageObject","inLanguage":"me-ME","@id":"https:\/\/www.evropskakuca.me\/me\/#\/schema\/logo\/image\/","url":"https:\/\/www.evropskakuca.me\/wp-content\/uploads\/2025\/01\/evropska-kuca-logo-1.png","contentUrl":"https:\/\/www.evropskakuca.me\/wp-content\/uploads\/2025\/01\/evropska-kuca-logo-1.png","width":425,"height":312,"caption":"Evropean house"},"image":{"@id":"https:\/\/www.evropskakuca.me\/me\/#\/schema\/logo\/image\/"},"sameAs":["https:\/\/www.facebook.com\/evropska.kuca","https:\/\/x.com\/evropska_kuca","https:\/\/www.instagram.com\/evropska_kuca"]}]}},"_links":{"self":[{"href":"https:\/\/www.evropskakuca.me\/me\/wp-json\/wp\/v2\/growth-plans\/43769","targetHints":{"allow":["GET"]}}],"collection":[{"href":"https:\/\/www.evropskakuca.me\/me\/wp-json\/wp\/v2\/growth-plans"}],"about":[{"href":"https:\/\/www.evropskakuca.me\/me\/wp-json\/wp\/v2\/types\/growth-plans"}],"version-history":[{"count":1,"href":"https:\/\/www.evropskakuca.me\/me\/wp-json\/wp\/v2\/growth-plans\/43769\/revisions"}],"predecessor-version":[{"id":43770,"href":"https:\/\/www.evropskakuca.me\/me\/wp-json\/wp\/v2\/growth-plans\/43769\/revisions\/43770"}],"wp:featuredmedia":[{"embeddable":true,"href":"https:\/\/www.evropskakuca.me\/me\/wp-json\/wp\/v2\/media\/43259"}],"wp:attachment":[{"href":"https:\/\/www.evropskakuca.me\/me\/wp-json\/wp\/v2\/media?parent=43769"}],"curies":[{"name":"wp","href":"https:\/\/api.w.org\/{rel}","templated":true}]}}