{"version":"1.0","provider_name":" Europe House","provider_url":"https:\/\/www.evropskakuca.me\/me\/","title":"Koje su boje ljudska prava i kako ih djeca zami\u0161ljaju - Europe House","type":"rich","width":600,"height":338,"html":"<blockquote class=\"wp-embedded-content\" data-secret=\"B4XttihHrp\"><a href=\"https:\/\/www.evropskakuca.me\/me\/what-colours-are-human-rights\/\">Koje su boje ljudska prava i kako ih djeca zami\u0161ljaju<\/a><\/blockquote><iframe sandbox=\"allow-scripts\" security=\"restricted\" src=\"https:\/\/www.evropskakuca.me\/me\/what-colours-are-human-rights\/embed\/#?secret=B4XttihHrp\" width=\"600\" height=\"338\" title=\"&#8220;Koje su boje ljudska prava i kako ih djeca zami\u0161ljaju&#8221; &#8212;  Europe House\" data-secret=\"B4XttihHrp\" frameborder=\"0\" marginwidth=\"0\" marginheight=\"0\" scrolling=\"no\" class=\"wp-embedded-content\"><\/iframe><script>\n\/*! This file is auto-generated *\/\n!function(d,l){\"use strict\";l.querySelector&&d.addEventListener&&\"undefined\"!=typeof URL&&(d.wp=d.wp||{},d.wp.receiveEmbedMessage||(d.wp.receiveEmbedMessage=function(e){var t=e.data;if((t||t.secret||t.message||t.value)&&!\/[^a-zA-Z0-9]\/.test(t.secret)){for(var s,r,n,a=l.querySelectorAll('iframe[data-secret=\"'+t.secret+'\"]'),o=l.querySelectorAll('blockquote[data-secret=\"'+t.secret+'\"]'),c=new RegExp(\"^https?:$\",\"i\"),i=0;i<o.length;i++)o[i].style.display=\"none\";for(i=0;i<a.length;i++)s=a[i],e.source===s.contentWindow&&(s.removeAttribute(\"style\"),\"height\"===t.message?(1e3<(r=parseInt(t.value,10))?r=1e3:~~r<200&&(r=200),s.height=r):\"link\"===t.message&&(r=new URL(s.getAttribute(\"src\")),n=new URL(t.value),c.test(n.protocol))&&n.host===r.host&&l.activeElement===s&&(d.top.location.href=t.value))}},d.addEventListener(\"message\",d.wp.receiveEmbedMessage,!1),l.addEventListener(\"DOMContentLoaded\",function(){for(var e,t,s=l.querySelectorAll(\"iframe.wp-embedded-content\"),r=0;r<s.length;r++)(t=(e=s[r]).getAttribute(\"data-secret\"))||(t=Math.random().toString(36).substring(2,12),e.src+=\"#?secret=\"+t,e.setAttribute(\"data-secret\",t)),e.contentWindow.postMessage({message:\"ready\",secret:t},\"*\")},!1)))}(window,document);\n\/\/# sourceURL=https:\/\/www.evropskakuca.me\/wp-includes\/js\/wp-embed.min.js\n<\/script>\n","thumbnail_url":"https:\/\/www.evropskakuca.me\/wp-content\/uploads\/2025\/12\/FRO_8863-scaled.jpg","thumbnail_width":2560,"thumbnail_height":1707,"description":"Kako izgleda pravo na ljubav? Koje je boje pravo na slobodu govora? Odgovore na ova pitanja dala su djeca, u\u010denici Osnovne \u0161kole \u201cSutjeska\u201d iz Podgorica tokom doga\u0111aja kojim je Evropska ku\u0107a u saradnji sa mre\u017eom Mladih evropskih ambasadora i \u0161kolicom crtanja Moj imaginarijum, obilje\u017eila Me\u0111unarodni dan ljudskih prava. Na po\u010detku, djecu je pozdravila mlada evropska [&hellip;]"}