{"version":"1.0","provider_name":" Europe House","provider_url":"https:\/\/www.evropskakuca.me\/me\/","title":"\u201cRazgovori u dru\u0161tvu\u201d - Socijalni dijalog za bolju budu\u0107nost - Europe House","type":"rich","width":600,"height":338,"html":"<blockquote class=\"wp-embedded-content\" data-secret=\"a4lcfCva9Y\"><a href=\"https:\/\/www.evropskakuca.me\/me\/project\/razgovori-u-drustvu-socijalni-dijalog-za-bolju-buducnost\/\">\u201cRazgovori u dru\u0161tvu\u201d &#8211; Socijalni dijalog za bolju budu\u0107nost<\/a><\/blockquote><iframe sandbox=\"allow-scripts\" security=\"restricted\" src=\"https:\/\/www.evropskakuca.me\/me\/project\/razgovori-u-drustvu-socijalni-dijalog-za-bolju-buducnost\/embed\/#?secret=a4lcfCva9Y\" width=\"600\" height=\"338\" title=\"&#8220;\u201cRazgovori u dru\u0161tvu\u201d &#8211; Socijalni dijalog za bolju budu\u0107nost&#8221; &#8212;  Europe House\" data-secret=\"a4lcfCva9Y\" frameborder=\"0\" marginwidth=\"0\" marginheight=\"0\" scrolling=\"no\" class=\"wp-embedded-content\"><\/iframe><script>\n\/*! This file is auto-generated *\/\n!function(d,l){\"use strict\";l.querySelector&&d.addEventListener&&\"undefined\"!=typeof URL&&(d.wp=d.wp||{},d.wp.receiveEmbedMessage||(d.wp.receiveEmbedMessage=function(e){var t=e.data;if((t||t.secret||t.message||t.value)&&!\/[^a-zA-Z0-9]\/.test(t.secret)){for(var s,r,n,a=l.querySelectorAll('iframe[data-secret=\"'+t.secret+'\"]'),o=l.querySelectorAll('blockquote[data-secret=\"'+t.secret+'\"]'),c=new RegExp(\"^https?:$\",\"i\"),i=0;i<o.length;i++)o[i].style.display=\"none\";for(i=0;i<a.length;i++)s=a[i],e.source===s.contentWindow&&(s.removeAttribute(\"style\"),\"height\"===t.message?(1e3<(r=parseInt(t.value,10))?r=1e3:~~r<200&&(r=200),s.height=r):\"link\"===t.message&&(r=new URL(s.getAttribute(\"src\")),n=new URL(t.value),c.test(n.protocol))&&n.host===r.host&&l.activeElement===s&&(d.top.location.href=t.value))}},d.addEventListener(\"message\",d.wp.receiveEmbedMessage,!1),l.addEventListener(\"DOMContentLoaded\",function(){for(var e,t,s=l.querySelectorAll(\"iframe.wp-embedded-content\"),r=0;r<s.length;r++)(t=(e=s[r]).getAttribute(\"data-secret\"))||(t=Math.random().toString(36).substring(2,12),e.src+=\"#?secret=\"+t,e.setAttribute(\"data-secret\",t)),e.contentWindow.postMessage({message:\"ready\",secret:t},\"*\")},!1)))}(window,document);\n\/\/# sourceURL=https:\/\/www.evropskakuca.me\/wp-includes\/js\/wp-embed.min.js\n<\/script>\n","description":"Transparentnost i socijalni dijalog su stubovi demokratskog dru\u0161tva. Zbog toga je va\u017eno promovisati i razvijati socijalni dijalog i na lokalnom i na nacionalnom nivou. Ovim projektom je potpomognut socijalni dijalog za bolju budu\u0107nost i unaprije\u0111en dru\u0161tveni i ekonomski polo\u017eaj ljekara u Crnoj Gori. Konkretno, projekat je bio usmjeren na slede\u0107a dva cilja: Osna\u017eivanje i ve\u0107a [&hellip;]","thumbnail_url":"http:\/\/www.evropskakuca.me\/wp-content\/uploads\/2021\/06\/covid-u-brojkama-300x212.jpg"}