{"version":"1.0","provider_name":" Europe House","provider_url":"https:\/\/www.evropskakuca.me\/me\/","title":"Primjeri \u017eenstva i juna\u0161tva \u2013 Stana Toma\u0161evi\u0107 Arnesen - Europe House","type":"rich","width":600,"height":338,"html":"<blockquote class=\"wp-embedded-content\" data-secret=\"naPczwQCAj\"><a href=\"https:\/\/www.evropskakuca.me\/me\/primjeri-zenstva-i-junastva-stana-tomasevic-arnesen\/\">Primjeri \u017eenstva i juna\u0161tva \u2013 Stana Toma\u0161evi\u0107 Arnesen<\/a><\/blockquote><iframe sandbox=\"allow-scripts\" security=\"restricted\" src=\"https:\/\/www.evropskakuca.me\/me\/primjeri-zenstva-i-junastva-stana-tomasevic-arnesen\/embed\/#?secret=naPczwQCAj\" width=\"600\" height=\"338\" title=\"&#8220;Primjeri \u017eenstva i juna\u0161tva \u2013 Stana Toma\u0161evi\u0107 Arnesen&#8221; &#8212;  Europe House\" data-secret=\"naPczwQCAj\" frameborder=\"0\" marginwidth=\"0\" marginheight=\"0\" scrolling=\"no\" class=\"wp-embedded-content\"><\/iframe><script>\n\/*! This file is auto-generated *\/\n!function(d,l){\"use strict\";l.querySelector&&d.addEventListener&&\"undefined\"!=typeof URL&&(d.wp=d.wp||{},d.wp.receiveEmbedMessage||(d.wp.receiveEmbedMessage=function(e){var t=e.data;if((t||t.secret||t.message||t.value)&&!\/[^a-zA-Z0-9]\/.test(t.secret)){for(var s,r,n,a=l.querySelectorAll('iframe[data-secret=\"'+t.secret+'\"]'),o=l.querySelectorAll('blockquote[data-secret=\"'+t.secret+'\"]'),c=new RegExp(\"^https?:$\",\"i\"),i=0;i<o.length;i++)o[i].style.display=\"none\";for(i=0;i<a.length;i++)s=a[i],e.source===s.contentWindow&&(s.removeAttribute(\"style\"),\"height\"===t.message?(1e3<(r=parseInt(t.value,10))?r=1e3:~~r<200&&(r=200),s.height=r):\"link\"===t.message&&(r=new URL(s.getAttribute(\"src\")),n=new URL(t.value),c.test(n.protocol))&&n.host===r.host&&l.activeElement===s&&(d.top.location.href=t.value))}},d.addEventListener(\"message\",d.wp.receiveEmbedMessage,!1),l.addEventListener(\"DOMContentLoaded\",function(){for(var e,t,s=l.querySelectorAll(\"iframe.wp-embedded-content\"),r=0;r<s.length;r++)(t=(e=s[r]).getAttribute(\"data-secret\"))||(t=Math.random().toString(36).substring(2,12),e.src+=\"#?secret=\"+t,e.setAttribute(\"data-secret\",t)),e.contentWindow.postMessage({message:\"ready\",secret:t},\"*\")},!1)))}(window,document);\n\/\/# sourceURL=https:\/\/www.evropskakuca.me\/wp-includes\/js\/wp-embed.min.js\n<\/script>\n","thumbnail_url":"https:\/\/www.evropskakuca.me\/wp-content\/uploads\/2022\/03\/STANA_feed.jpg","thumbnail_width":1080,"thumbnail_height":1080,"description":"\u201eDobro do\u0161li po drugi put u Norve\u0161ku&#8221; pisalo je u novinama, kada je Stana Toma\u0161evi\u0107 stupila na du\u017enost jugoslovenskog ambasadora u Oslu, kao prva \u017eena na toj funkciji. Kako, onda, po drugi put? Norve\u017eani su znali Stanin lik. Engleski avioni izbacivali su 1944. godine iznad Norve\u0161ke letke pozivaju\u0107i omladinu da slijedi primjer hrabre partizanke na [&hellip;]"}