{"version":"1.0","provider_name":" Europe House","provider_url":"https:\/\/www.evropskakuca.me\/me\/","title":"''Kafom'' sa ambasadorkom \u0160vedske po\u010dela proslava Dana Evrope - Europe House","type":"rich","width":600,"height":338,"html":"<blockquote class=\"wp-embedded-content\" data-secret=\"bCCGCZKbDs\"><a href=\"https:\/\/www.evropskakuca.me\/me\/kafom-sa-ambasadorkom-svedske-pocela-proslava-dana-evrope\/\">&#8221;Kafom&#8221; sa ambasadorkom \u0160vedske po\u010dela proslava Dana Evrope<\/a><\/blockquote><iframe sandbox=\"allow-scripts\" security=\"restricted\" src=\"https:\/\/www.evropskakuca.me\/me\/kafom-sa-ambasadorkom-svedske-pocela-proslava-dana-evrope\/embed\/#?secret=bCCGCZKbDs\" width=\"600\" height=\"338\" title=\"&#8220;&#8221;Kafom&#8221; sa ambasadorkom \u0160vedske po\u010dela proslava Dana Evrope&#8221; &#8212;  Europe House\" data-secret=\"bCCGCZKbDs\" frameborder=\"0\" marginwidth=\"0\" marginheight=\"0\" scrolling=\"no\" class=\"wp-embedded-content\"><\/iframe><script>\n\/*! This file is auto-generated *\/\n!function(d,l){\"use strict\";l.querySelector&&d.addEventListener&&\"undefined\"!=typeof URL&&(d.wp=d.wp||{},d.wp.receiveEmbedMessage||(d.wp.receiveEmbedMessage=function(e){var t=e.data;if((t||t.secret||t.message||t.value)&&!\/[^a-zA-Z0-9]\/.test(t.secret)){for(var s,r,n,a=l.querySelectorAll('iframe[data-secret=\"'+t.secret+'\"]'),o=l.querySelectorAll('blockquote[data-secret=\"'+t.secret+'\"]'),c=new RegExp(\"^https?:$\",\"i\"),i=0;i<o.length;i++)o[i].style.display=\"none\";for(i=0;i<a.length;i++)s=a[i],e.source===s.contentWindow&&(s.removeAttribute(\"style\"),\"height\"===t.message?(1e3<(r=parseInt(t.value,10))?r=1e3:~~r<200&&(r=200),s.height=r):\"link\"===t.message&&(r=new URL(s.getAttribute(\"src\")),n=new URL(t.value),c.test(n.protocol))&&n.host===r.host&&l.activeElement===s&&(d.top.location.href=t.value))}},d.addEventListener(\"message\",d.wp.receiveEmbedMessage,!1),l.addEventListener(\"DOMContentLoaded\",function(){for(var e,t,s=l.querySelectorAll(\"iframe.wp-embedded-content\"),r=0;r<s.length;r++)(t=(e=s[r]).getAttribute(\"data-secret\"))||(t=Math.random().toString(36).substring(2,12),e.src+=\"#?secret=\"+t,e.setAttribute(\"data-secret\",t)),e.contentWindow.postMessage({message:\"ready\",secret:t},\"*\")},!1)))}(window,document);\n\/\/# sourceURL=https:\/\/www.evropskakuca.me\/wp-includes\/js\/wp-embed.min.js\n<\/script>\n","thumbnail_url":"https:\/\/www.evropskakuca.me\/wp-content\/uploads\/2023\/05\/Ambasadorka-Svedske.jpg","thumbnail_width":2000,"thumbnail_height":1333,"description":"Abba, Pipi Duga \u010carapa, mirisi i ukusi \u0160vedske &#8221;uselili&#8221; su se u Evropsku ku\u0107u. Mladi evropski ambasadori, studenti Fakulteta politi\u010dkih nauka i Ekonomskog fakulteta, mladi in\u017eenjeri imali su priliku da u Evropskoj ku\u0107i popiju &#8221;kafu&#8221; sa ambasadorkom \u0160vedske, Anikom Ben David i saznaju vi\u0161e o ovoj zemlji. &#8221;Kafa sa ambasadorima&#8221; naziv je na\u0161e nove aktivnosti, [&hellip;]"}