{"version":"1.0","provider_name":" Europe House","provider_url":"https:\/\/www.evropskakuca.me\/me\/","title":"Intervju sa LGBTIQ+ osobama u kreativnim industrijama - Europe House","type":"rich","width":600,"height":338,"html":"<blockquote class=\"wp-embedded-content\" data-secret=\"EMDf23J9wC\"><a href=\"https:\/\/www.evropskakuca.me\/me\/interview-with-lgbtiq-persons-in-the-creative-industries\/\">Intervju sa LGBTIQ+ osobama u kreativnim industrijama<\/a><\/blockquote><iframe sandbox=\"allow-scripts\" security=\"restricted\" src=\"https:\/\/www.evropskakuca.me\/me\/interview-with-lgbtiq-persons-in-the-creative-industries\/embed\/#?secret=EMDf23J9wC\" width=\"600\" height=\"338\" title=\"&#8220;Intervju sa LGBTIQ+ osobama u kreativnim industrijama&#8221; &#8212;  Europe House\" data-secret=\"EMDf23J9wC\" frameborder=\"0\" marginwidth=\"0\" marginheight=\"0\" scrolling=\"no\" class=\"wp-embedded-content\"><\/iframe><script>\n\/*! This file is auto-generated *\/\n!function(d,l){\"use strict\";l.querySelector&&d.addEventListener&&\"undefined\"!=typeof URL&&(d.wp=d.wp||{},d.wp.receiveEmbedMessage||(d.wp.receiveEmbedMessage=function(e){var t=e.data;if((t||t.secret||t.message||t.value)&&!\/[^a-zA-Z0-9]\/.test(t.secret)){for(var s,r,n,a=l.querySelectorAll('iframe[data-secret=\"'+t.secret+'\"]'),o=l.querySelectorAll('blockquote[data-secret=\"'+t.secret+'\"]'),c=new RegExp(\"^https?:$\",\"i\"),i=0;i<o.length;i++)o[i].style.display=\"none\";for(i=0;i<a.length;i++)s=a[i],e.source===s.contentWindow&&(s.removeAttribute(\"style\"),\"height\"===t.message?(1e3<(r=parseInt(t.value,10))?r=1e3:~~r<200&&(r=200),s.height=r):\"link\"===t.message&&(r=new URL(s.getAttribute(\"src\")),n=new URL(t.value),c.test(n.protocol))&&n.host===r.host&&l.activeElement===s&&(d.top.location.href=t.value))}},d.addEventListener(\"message\",d.wp.receiveEmbedMessage,!1),l.addEventListener(\"DOMContentLoaded\",function(){for(var e,t,s=l.querySelectorAll(\"iframe.wp-embedded-content\"),r=0;r<s.length;r++)(t=(e=s[r]).getAttribute(\"data-secret\"))||(t=Math.random().toString(36).substring(2,12),e.src+=\"#?secret=\"+t,e.setAttribute(\"data-secret\",t)),e.contentWindow.postMessage({message:\"ready\",secret:t},\"*\")},!1)))}(window,document);\n\/\/# sourceURL=https:\/\/www.evropskakuca.me\/wp-includes\/js\/wp-embed.min.js\n<\/script>\n","thumbnail_url":"https:\/\/www.evropskakuca.me\/wp-content\/uploads\/2025\/10\/Objava_Post-1-scaled-e1761212767513.jpg","thumbnail_width":2048,"thumbnail_height":2560,"description":"U skladu sa ovogodi\u0161njom globalnom IDAHOT temom \u201eSnaga zajednica\u201c, Evropska ku\u0107a je pripremila intervju sa grafi\u010dkim dizajnerom i fotografom Ivanom Velimirovi\u0107em Inovijem. 1. Kako na tebe uti\u010de slogan \u201eKreativnost nas zajedno osna\u017euje\u201c? Moj rad mo\u017eda najbolje opisuje slogan \u201eKreativnost nas zajedno osna\u017euje\u201c. Koriste\u0107i fotografiju poku\u0161avam da pove\u017eem ljude koji osje\u0107aju, misle ili prolaze kroz sli\u010dne [&hellip;]"}