{"version":"1.0","provider_name":" Europe House","provider_url":"https:\/\/www.evropskakuca.me\/me\/","title":"OSVRNIMO SE: EVROPSKA GODINA VJE\u0160TINA - Europe House","type":"rich","width":600,"height":338,"html":"<blockquote class=\"wp-embedded-content\" data-secret=\"Afc68mQtOu\"><a href=\"https:\/\/www.evropskakuca.me\/me\/evropska-godina-vjestina\/\">OSVRNIMO SE: EVROPSKA GODINA VJE\u0160TINA<\/a><\/blockquote><iframe sandbox=\"allow-scripts\" security=\"restricted\" src=\"https:\/\/www.evropskakuca.me\/me\/evropska-godina-vjestina\/embed\/#?secret=Afc68mQtOu\" width=\"600\" height=\"338\" title=\"&#8220;OSVRNIMO SE: EVROPSKA GODINA VJE\u0160TINA&#8221; &#8212;  Europe House\" data-secret=\"Afc68mQtOu\" frameborder=\"0\" marginwidth=\"0\" marginheight=\"0\" scrolling=\"no\" class=\"wp-embedded-content\"><\/iframe><script>\n\/*! This file is auto-generated *\/\n!function(d,l){\"use strict\";l.querySelector&&d.addEventListener&&\"undefined\"!=typeof URL&&(d.wp=d.wp||{},d.wp.receiveEmbedMessage||(d.wp.receiveEmbedMessage=function(e){var t=e.data;if((t||t.secret||t.message||t.value)&&!\/[^a-zA-Z0-9]\/.test(t.secret)){for(var s,r,n,a=l.querySelectorAll('iframe[data-secret=\"'+t.secret+'\"]'),o=l.querySelectorAll('blockquote[data-secret=\"'+t.secret+'\"]'),c=new RegExp(\"^https?:$\",\"i\"),i=0;i<o.length;i++)o[i].style.display=\"none\";for(i=0;i<a.length;i++)s=a[i],e.source===s.contentWindow&&(s.removeAttribute(\"style\"),\"height\"===t.message?(1e3<(r=parseInt(t.value,10))?r=1e3:~~r<200&&(r=200),s.height=r):\"link\"===t.message&&(r=new URL(s.getAttribute(\"src\")),n=new URL(t.value),c.test(n.protocol))&&n.host===r.host&&l.activeElement===s&&(d.top.location.href=t.value))}},d.addEventListener(\"message\",d.wp.receiveEmbedMessage,!1),l.addEventListener(\"DOMContentLoaded\",function(){for(var e,t,s=l.querySelectorAll(\"iframe.wp-embedded-content\"),r=0;r<s.length;r++)(t=(e=s[r]).getAttribute(\"data-secret\"))||(t=Math.random().toString(36).substring(2,12),e.src+=\"#?secret=\"+t,e.setAttribute(\"data-secret\",t)),e.contentWindow.postMessage({message:\"ready\",secret:t},\"*\")},!1)))}(window,document);\n\/\/# sourceURL=https:\/\/www.evropskakuca.me\/wp-includes\/js\/wp-embed.min.js\n<\/script>\n","thumbnail_url":"https:\/\/www.evropskakuca.me\/wp-content\/uploads\/2024\/01\/230210_DGEMPL_EYS_banner_9.jpg","thumbnail_width":1640,"thumbnail_height":624,"description":"Inspiri\u0161i se, uklju\u010di se, obu\u010di se. Evropska godina vje\u0161tina ima za cilj rje\u0161avanje nedostatka vje\u0161tina u Evropskoj uniji i podr\u017eavanje strategije EU za vje\u0161tine, time \u0107e se pomo\u0107i pojedincima da se prekvalifikuju kroz fokus na vje\u0161tine digitalne i zelene tehnologije. U srcu ove dinami\u010dne inicijative koja podsti\u010de obrazovanje i razvoj vje\u0161tina, Evropska ku\u0107a organizovala je [&hellip;]"}